{"id":10480,"date":"2021-04-29T12:59:58","date_gmt":"2021-04-29T11:59:58","guid":{"rendered":"https:\/\/www.aribau.es\/?page_id=10480"},"modified":"2021-04-29T13:04:26","modified_gmt":"2021-04-29T12:04:26","slug":"finca-valpiedra-reserva","status":"publish","type":"page","link":"https:\/\/www.aribau.es\/ca\/bodegas-2\/finca-valpiedra-2\/finca-valpiedra-reserva\/","title":{"rendered":"FINCA VALPIEDRA RESERVA"},"content":{"rendered":"<div data-elementor-type=\"wp-page\" data-elementor-id=\"10480\" class=\"elementor elementor-10480\">\n\t\t\t\t\t\t<section class=\"elementor-section elementor-top-section elementor-element elementor-element-34bb1d90 elementor-section-boxed elementor-section-height-default elementor-section-height-default elementor-invisible\" data-id=\"34bb1d90\" data-element_type=\"section\" data-settings=\"{&quot;animation&quot;:&quot;fadeInUp&quot;}\">\n\t\t\t\t\t\t<div class=\"elementor-container elementor-column-gap-default\">\n\t\t\t\t\t<div class=\"elementor-column elementor-col-100 elementor-top-column elementor-element elementor-element-38c83b7b\" data-id=\"38c83b7b\" data-element_type=\"column\">\n\t\t\t<div class=\"elementor-widget-wrap elementor-element-populated\">\n\t\t\t\t\t\t<div class=\"elementor-element elementor-element-7a8f954c elementor-widget elementor-widget-text-editor\" data-id=\"7a8f954c\" data-element_type=\"widget\" data-widget_type=\"text-editor.default\">\n\t\t\t\t<div class=\"elementor-widget-container\">\n\t\t\t\t\t\t\t\t\t<p>FINCA VALPIEDRA RESERVA<\/p>\t\t\t\t\t\t\t\t<\/div>\n\t\t\t\t<\/div>\n\t\t\t\t\t<\/div>\n\t\t<\/div>\n\t\t\t\t\t<\/div>\n\t\t<\/section>\n\t\t\t\t<section class=\"elementor-section elementor-top-section elementor-element elementor-element-7256771e elementor-section-boxed elementor-section-height-default elementor-section-height-default elementor-invisible\" data-id=\"7256771e\" data-element_type=\"section\" data-settings=\"{&quot;animation&quot;:&quot;fadeInUp&quot;}\">\n\t\t\t\t\t\t<div class=\"elementor-container elementor-column-gap-default\">\n\t\t\t\t\t<div class=\"elementor-column elementor-col-50 elementor-top-column elementor-element elementor-element-19847e12\" data-id=\"19847e12\" data-element_type=\"column\">\n\t\t\t<div class=\"elementor-widget-wrap elementor-element-populated\">\n\t\t\t\t\t\t<div class=\"elementor-element elementor-element-521626b1 elementor-widget elementor-widget-image\" data-id=\"521626b1\" data-element_type=\"widget\" data-widget_type=\"image.default\">\n\t\t\t\t<div class=\"elementor-widget-container\">\n\t\t\t\t\t\t\t\t\t\t\t\t\t\t\t<img fetchpriority=\"high\" decoding=\"async\" width=\"294\" height=\"1024\" src=\"https:\/\/www.aribau.es\/wp-content\/uploads\/2021\/03\/FINCA-VALPIEDRA-RESERVA-min-294x1024.jpg\" class=\"elementor-animation-grow attachment-large size-large wp-image-7828\" alt=\"\" srcset=\"https:\/\/www.aribau.es\/wp-content\/uploads\/2021\/03\/FINCA-VALPIEDRA-RESERVA-min-294x1024.jpg 294w, https:\/\/www.aribau.es\/wp-content\/uploads\/2021\/03\/FINCA-VALPIEDRA-RESERVA-min-86x300.jpg 86w, https:\/\/www.aribau.es\/wp-content\/uploads\/2021\/03\/FINCA-VALPIEDRA-RESERVA-min-768x2676.jpg 768w, https:\/\/www.aribau.es\/wp-content\/uploads\/2021\/03\/FINCA-VALPIEDRA-RESERVA-min-441x1536.jpg 441w, https:\/\/www.aribau.es\/wp-content\/uploads\/2021\/03\/FINCA-VALPIEDRA-RESERVA-min-588x2048.jpg 588w, https:\/\/www.aribau.es\/wp-content\/uploads\/2021\/03\/FINCA-VALPIEDRA-RESERVA-min-scaled.jpg 735w\" sizes=\"(max-width: 294px) 100vw, 294px\" \/>\t\t\t\t\t\t\t\t\t\t\t\t\t\t\t<\/div>\n\t\t\t\t<\/div>\n\t\t\t\t\t<\/div>\n\t\t<\/div>\n\t\t\t\t<div class=\"elementor-column elementor-col-50 elementor-top-column elementor-element elementor-element-7e06de0b\" data-id=\"7e06de0b\" data-element_type=\"column\">\n\t\t\t<div class=\"elementor-widget-wrap elementor-element-populated\">\n\t\t\t\t\t\t<div class=\"elementor-element elementor-element-6e986f90 elementor-widget elementor-widget-text-editor\" data-id=\"6e986f90\" data-element_type=\"widget\" data-widget_type=\"text-editor.default\">\n\t\t\t\t<div class=\"elementor-widget-container\">\n\t\t\t\t\t\t\t\t\t<p>VARIETATS DE RA\u00cfM<\/p>\t\t\t\t\t\t\t\t<\/div>\n\t\t\t\t<\/div>\n\t\t\t\t<div class=\"elementor-element elementor-element-1c93281f elementor-widget elementor-widget-text-editor\" data-id=\"1c93281f\" data-element_type=\"widget\" data-widget_type=\"text-editor.default\">\n\t\t\t\t<div class=\"elementor-widget-container\">\n\t\t\t\t\t\t\t\t\t<p>Ull de llebre, graciano, maturana tinta<\/p>\t\t\t\t\t\t\t\t<\/div>\n\t\t\t\t<\/div>\n\t\t\t\t<div class=\"elementor-element elementor-element-1852b4de elementor-widget elementor-widget-text-editor\" data-id=\"1852b4de\" data-element_type=\"widget\" data-widget_type=\"text-editor.default\">\n\t\t\t\t<div class=\"elementor-widget-container\">\n\t\t\t\t\t\t\t\t\t<p>CRIAN\u00c7A<\/p>\t\t\t\t\t\t\t\t<\/div>\n\t\t\t\t<\/div>\n\t\t\t\t<div class=\"elementor-element elementor-element-1122acba elementor-widget elementor-widget-text-editor\" data-id=\"1122acba\" data-element_type=\"widget\" data-widget_type=\"text-editor.default\">\n\t\t\t\t<div class=\"elementor-widget-container\">\n\t\t\t\t\t\t\t\t\t<p>24 mesos<\/p>\t\t\t\t\t\t\t\t<\/div>\n\t\t\t\t<\/div>\n\t\t\t\t<div class=\"elementor-element elementor-element-13e85a35 elementor-widget elementor-widget-text-editor\" data-id=\"13e85a35\" data-element_type=\"widget\" data-widget_type=\"text-editor.default\">\n\t\t\t\t<div class=\"elementor-widget-container\">\n\t\t\t\t\t\t\t\t\t<p>DENOMINACI\u00d3 D'ORIGEN<\/p>\t\t\t\t\t\t\t\t<\/div>\n\t\t\t\t<\/div>\n\t\t\t\t<div class=\"elementor-element elementor-element-2c27b207 elementor-widget elementor-widget-image\" data-id=\"2c27b207\" data-element_type=\"widget\" data-widget_type=\"image.default\">\n\t\t\t\t<div class=\"elementor-widget-container\">\n\t\t\t\t\t\t\t\t\t\t\t\t\t\t\t<img decoding=\"async\" width=\"1920\" height=\"1718\" src=\"https:\/\/www.aribau.es\/wp-content\/uploads\/2021\/04\/DOCA-RIOJA.jpg\" class=\"attachment-full size-full wp-image-10475\" alt=\"\" srcset=\"https:\/\/www.aribau.es\/wp-content\/uploads\/2021\/04\/DOCA-RIOJA.jpg 1920w, https:\/\/www.aribau.es\/wp-content\/uploads\/2021\/04\/DOCA-RIOJA-300x268.jpg 300w, https:\/\/www.aribau.es\/wp-content\/uploads\/2021\/04\/DOCA-RIOJA-1024x916.jpg 1024w, https:\/\/www.aribau.es\/wp-content\/uploads\/2021\/04\/DOCA-RIOJA-768x687.jpg 768w, https:\/\/www.aribau.es\/wp-content\/uploads\/2021\/04\/DOCA-RIOJA-1536x1374.jpg 1536w\" sizes=\"(max-width: 1920px) 100vw, 1920px\" \/>\t\t\t\t\t\t\t\t\t\t\t\t\t\t\t<\/div>\n\t\t\t\t<\/div>\n\t\t\t\t<div class=\"elementor-element elementor-element-192695c1 elementor-widget elementor-widget-text-editor\" data-id=\"192695c1\" data-element_type=\"widget\" data-widget_type=\"text-editor.default\">\n\t\t\t\t<div class=\"elementor-widget-container\">\n\t\t\t\t\t\t\t\t\t<p>DESCRIPCI\u00d3<\/p>\t\t\t\t\t\t\t\t<\/div>\n\t\t\t\t<\/div>\n\t\t\t\t<div class=\"elementor-element elementor-element-102e2d81 elementor-widget elementor-widget-text-editor\" data-id=\"102e2d81\" data-element_type=\"widget\" data-widget_type=\"text-editor.default\">\n\t\t\t\t<div class=\"elementor-widget-container\">\n\t\t\t\t\t\t\t\t\t<p class=\"MsoNormal\">Color: Intensitat alta, de color cirera i ribet cardenalici. Ll\u00e0grima abundant, densa i tenyida.<o:p><\/o:p><\/p><p class=\"MsoNormal\">Nas: Alta intensitat, amb gran complexitat i eleg\u00e0ncia en la matriu arom\u00e0tica, destacant les notes minerals i de fruits vermells i negres, records d'encens. Tot aix\u00f2 amb aromes com la vainilla i tabac ros.<o:p><\/o:p><\/p><p>\n\n\n\n<\/p><p class=\"MsoNormal\">Gust: Excel\u00b7lent suavitat i volum. La frescor que li aporta el graciano, el fa m\u00e9s equilibrat pel que fa a l'alcohol.<o:p><\/o:p><\/p>\t\t\t\t\t\t\t\t<\/div>\n\t\t\t\t<\/div>\n\t\t\t\t\t<\/div>\n\t\t<\/div>\n\t\t\t\t\t<\/div>\n\t\t<\/section>\n\t\t\t\t<section class=\"elementor-section elementor-top-section elementor-element elementor-element-5cd395f elementor-section-boxed elementor-section-height-default elementor-section-height-default\" data-id=\"5cd395f\" data-element_type=\"section\">\n\t\t\t\t\t\t<div class=\"elementor-container elementor-column-gap-default\">\n\t\t\t\t\t<div class=\"elementor-column elementor-col-100 elementor-top-column elementor-element elementor-element-e0e63e2\" data-id=\"e0e63e2\" data-element_type=\"column\">\n\t\t\t<div class=\"elementor-widget-wrap elementor-element-populated\">\n\t\t\t\t\t\t<div class=\"elementor-element elementor-element-40a36bf elementor-widget elementor-widget-spacer\" data-id=\"40a36bf\" data-element_type=\"widget\" data-widget_type=\"spacer.default\">\n\t\t\t\t<div class=\"elementor-widget-container\">\n\t\t\t\t\t\t\t<div class=\"elementor-spacer\">\n\t\t\t<div class=\"elementor-spacer-inner\"><\/div>\n\t\t<\/div>\n\t\t\t\t\t\t<\/div>\n\t\t\t\t<\/div>\n\t\t\t\t\t<\/div>\n\t\t<\/div>\n\t\t\t\t\t<\/div>\n\t\t<\/section>\n\t\t\t\t<\/div>","protected":false},"excerpt":{"rendered":"<p>FINCA VALPIEDRA RESERVA variedades de uva Tempranillo, Graciano, Maturana Tinta Crianza 24 meses Denominaci\u00f3n de origen descripci\u00f3n Color: Intensidad alta, de color cereza y ribete cardenalicio. L\u00e1grima abundante, densa y te\u00f1ida. Nariz: Alta intensidad, con gran complejidad y elegancia en la matriz arom\u00e1tica, destacando las notas minerales y de frutos rojos y negros, recuerdos de &#8230; <a title=\"FINCA VALPIEDRA RESERVA\" class=\"read-more\" href=\"https:\/\/www.aribau.es\/ca\/bodegas-2\/finca-valpiedra-2\/finca-valpiedra-reserva\/\" aria-label=\"M\u00e9s informaci\u00f3 sobre FINCA VALPIEDRA RESERVA\">Llegiu m\u00e9s<\/a><\/p>","protected":false},"author":3,"featured_media":0,"parent":8165,"menu_order":0,"comment_status":"closed","ping_status":"closed","template":"elementor_header_footer","meta":{"footnotes":""},"class_list":["post-10480","page","type-page","status-publish"],"yoast_head":"<!-- This site is optimized with the Yoast SEO plugin v26.7 - https:\/\/yoast.com\/wordpress\/plugins\/seo\/ -->\n<title>FINCA VALPIEDRA RESERVA - Aribau<\/title>\n<meta name=\"robots\" content=\"index, follow, max-snippet:-1, max-image-preview:large, max-video-preview:-1\" \/>\n<link rel=\"canonical\" href=\"https:\/\/www.aribau.es\/ca\/bodegas-2\/finca-valpiedra-2\/finca-valpiedra-reserva\/\" \/>\n<meta property=\"og:locale\" content=\"ca_ES\" \/>\n<meta property=\"og:type\" content=\"article\" \/>\n<meta property=\"og:title\" content=\"FINCA VALPIEDRA RESERVA - Aribau\" \/>\n<meta property=\"og:description\" content=\"FINCA VALPIEDRA RESERVA variedades de uva Tempranillo, Graciano, Maturana Tinta Crianza 24 meses Denominaci\u00f3n de origen descripci\u00f3n Color: Intensidad alta, de color cereza y ribete cardenalicio. L\u00e1grima abundante, densa y te\u00f1ida. Nariz: Alta intensidad, con gran complejidad y elegancia en la matriz arom\u00e1tica, destacando las notas minerales y de frutos rojos y negros, recuerdos de ... Llegiu m\u00e9s\" \/>\n<meta property=\"og:url\" content=\"https:\/\/www.aribau.es\/ca\/bodegas-2\/finca-valpiedra-2\/finca-valpiedra-reserva\/\" \/>\n<meta property=\"og:site_name\" content=\"Aribau\" \/>\n<meta property=\"article:publisher\" content=\"https:\/\/www.facebook.com\/aribau1964\/\" \/>\n<meta property=\"article:modified_time\" content=\"2021-04-29T12:04:26+00:00\" \/>\n<meta property=\"og:image\" content=\"https:\/\/www.aribau.es\/wp-content\/uploads\/2021\/03\/FINCA-VALPIEDRA-RESERVA-min-294x1024.jpg\" \/>\n<meta name=\"twitter:card\" content=\"summary_large_image\" \/>\n<meta name=\"twitter:site\" content=\"@aribau1964\" \/>\n<script type=\"application\/ld+json\" class=\"yoast-schema-graph\">{\"@context\":\"https:\/\/schema.org\",\"@graph\":[{\"@type\":\"WebPage\",\"@id\":\"https:\/\/www.aribau.es\/bodegas-2\/finca-valpiedra-2\/finca-valpiedra-reserva\/\",\"url\":\"https:\/\/www.aribau.es\/bodegas-2\/finca-valpiedra-2\/finca-valpiedra-reserva\/\",\"name\":\"FINCA VALPIEDRA RESERVA - Aribau\",\"isPartOf\":{\"@id\":\"https:\/\/www.aribau.es\/#website\"},\"primaryImageOfPage\":{\"@id\":\"https:\/\/www.aribau.es\/bodegas-2\/finca-valpiedra-2\/finca-valpiedra-reserva\/#primaryimage\"},\"image\":{\"@id\":\"https:\/\/www.aribau.es\/bodegas-2\/finca-valpiedra-2\/finca-valpiedra-reserva\/#primaryimage\"},\"thumbnailUrl\":\"https:\/\/www.aribau.es\/wp-content\/uploads\/2021\/03\/FINCA-VALPIEDRA-RESERVA-min-294x1024.jpg\",\"datePublished\":\"2021-04-29T11:59:58+00:00\",\"dateModified\":\"2021-04-29T12:04:26+00:00\",\"breadcrumb\":{\"@id\":\"https:\/\/www.aribau.es\/bodegas-2\/finca-valpiedra-2\/finca-valpiedra-reserva\/#breadcrumb\"},\"inLanguage\":\"ca\",\"potentialAction\":[{\"@type\":\"ReadAction\",\"target\":[\"https:\/\/www.aribau.es\/bodegas-2\/finca-valpiedra-2\/finca-valpiedra-reserva\/\"]}]},{\"@type\":\"ImageObject\",\"inLanguage\":\"ca\",\"@id\":\"https:\/\/www.aribau.es\/bodegas-2\/finca-valpiedra-2\/finca-valpiedra-reserva\/#primaryimage\",\"url\":\"https:\/\/www.aribau.es\/wp-content\/uploads\/2021\/03\/FINCA-VALPIEDRA-RESERVA-min-294x1024.jpg\",\"contentUrl\":\"https:\/\/www.aribau.es\/wp-content\/uploads\/2021\/03\/FINCA-VALPIEDRA-RESERVA-min-294x1024.jpg\"},{\"@type\":\"BreadcrumbList\",\"@id\":\"https:\/\/www.aribau.es\/bodegas-2\/finca-valpiedra-2\/finca-valpiedra-reserva\/#breadcrumb\",\"itemListElement\":[{\"@type\":\"ListItem\",\"position\":1,\"name\":\"Portada\",\"item\":\"https:\/\/www.aribau.es\/\"},{\"@type\":\"ListItem\",\"position\":2,\"name\":\"BODEGAS\",\"item\":\"https:\/\/www.aribau.es\/bodegas-2\/\"},{\"@type\":\"ListItem\",\"position\":3,\"name\":\"FINCA VALPIEDRA\",\"item\":\"https:\/\/www.aribau.es\/bodegas-2\/finca-valpiedra-2\/\"},{\"@type\":\"ListItem\",\"position\":4,\"name\":\"FINCA VALPIEDRA RESERVA\"}]},{\"@type\":\"WebSite\",\"@id\":\"https:\/\/www.aribau.es\/#website\",\"url\":\"https:\/\/www.aribau.es\/\",\"name\":\"Aribau\",\"description\":\"VINOS Y BODEGAS\",\"publisher\":{\"@id\":\"https:\/\/www.aribau.es\/#organization\"},\"potentialAction\":[{\"@type\":\"SearchAction\",\"target\":{\"@type\":\"EntryPoint\",\"urlTemplate\":\"https:\/\/www.aribau.es\/?s={search_term_string}\"},\"query-input\":{\"@type\":\"PropertyValueSpecification\",\"valueRequired\":true,\"valueName\":\"search_term_string\"}}],\"inLanguage\":\"ca\"},{\"@type\":\"Organization\",\"@id\":\"https:\/\/www.aribau.es\/#organization\",\"name\":\"Aribau\",\"url\":\"https:\/\/www.aribau.es\/\",\"logo\":{\"@type\":\"ImageObject\",\"inLanguage\":\"ca\",\"@id\":\"https:\/\/www.aribau.es\/#\/schema\/logo\/image\/\",\"url\":\"https:\/\/www.aribau.es\/wp-content\/uploads\/2022\/03\/logo.png\",\"contentUrl\":\"https:\/\/www.aribau.es\/wp-content\/uploads\/2022\/03\/logo.png\",\"width\":300,\"height\":300,\"caption\":\"Aribau\"},\"image\":{\"@id\":\"https:\/\/www.aribau.es\/#\/schema\/logo\/image\/\"},\"sameAs\":[\"https:\/\/www.facebook.com\/aribau1964\/\",\"https:\/\/x.com\/aribau1964\",\"https:\/\/www.instagram.com\/aribau1964\/\"]}]}<\/script>\n<!-- \/ Yoast SEO plugin. -->","yoast_head_json":{"title":"FINCA VALPIEDRA RESERVA - Aribau","robots":{"index":"index","follow":"follow","max-snippet":"max-snippet:-1","max-image-preview":"max-image-preview:large","max-video-preview":"max-video-preview:-1"},"canonical":"https:\/\/www.aribau.es\/ca\/bodegas-2\/finca-valpiedra-2\/finca-valpiedra-reserva\/","og_locale":"ca_ES","og_type":"article","og_title":"FINCA VALPIEDRA RESERVA - Aribau","og_description":"FINCA VALPIEDRA RESERVA variedades de uva Tempranillo, Graciano, Maturana Tinta Crianza 24 meses Denominaci\u00f3n de origen descripci\u00f3n Color: Intensidad alta, de color cereza y ribete cardenalicio. L\u00e1grima abundante, densa y te\u00f1ida. Nariz: Alta intensidad, con gran complejidad y elegancia en la matriz arom\u00e1tica, destacando las notas minerales y de frutos rojos y negros, recuerdos de ... Llegiu m\u00e9s","og_url":"https:\/\/www.aribau.es\/ca\/bodegas-2\/finca-valpiedra-2\/finca-valpiedra-reserva\/","og_site_name":"Aribau","article_publisher":"https:\/\/www.facebook.com\/aribau1964\/","article_modified_time":"2021-04-29T12:04:26+00:00","og_image":[{"url":"https:\/\/www.aribau.es\/wp-content\/uploads\/2021\/03\/FINCA-VALPIEDRA-RESERVA-min-294x1024.jpg","type":"","width":"","height":""}],"twitter_card":"summary_large_image","twitter_site":"@aribau1964","schema":{"@context":"https:\/\/schema.org","@graph":[{"@type":"WebPage","@id":"https:\/\/www.aribau.es\/bodegas-2\/finca-valpiedra-2\/finca-valpiedra-reserva\/","url":"https:\/\/www.aribau.es\/bodegas-2\/finca-valpiedra-2\/finca-valpiedra-reserva\/","name":"FINCA VALPIEDRA RESERVA - Aribau","isPartOf":{"@id":"https:\/\/www.aribau.es\/#website"},"primaryImageOfPage":{"@id":"https:\/\/www.aribau.es\/bodegas-2\/finca-valpiedra-2\/finca-valpiedra-reserva\/#primaryimage"},"image":{"@id":"https:\/\/www.aribau.es\/bodegas-2\/finca-valpiedra-2\/finca-valpiedra-reserva\/#primaryimage"},"thumbnailUrl":"https:\/\/www.aribau.es\/wp-content\/uploads\/2021\/03\/FINCA-VALPIEDRA-RESERVA-min-294x1024.jpg","datePublished":"2021-04-29T11:59:58+00:00","dateModified":"2021-04-29T12:04:26+00:00","breadcrumb":{"@id":"https:\/\/www.aribau.es\/bodegas-2\/finca-valpiedra-2\/finca-valpiedra-reserva\/#breadcrumb"},"inLanguage":"ca","potentialAction":[{"@type":"ReadAction","target":["https:\/\/www.aribau.es\/bodegas-2\/finca-valpiedra-2\/finca-valpiedra-reserva\/"]}]},{"@type":"ImageObject","inLanguage":"ca","@id":"https:\/\/www.aribau.es\/bodegas-2\/finca-valpiedra-2\/finca-valpiedra-reserva\/#primaryimage","url":"https:\/\/www.aribau.es\/wp-content\/uploads\/2021\/03\/FINCA-VALPIEDRA-RESERVA-min-294x1024.jpg","contentUrl":"https:\/\/www.aribau.es\/wp-content\/uploads\/2021\/03\/FINCA-VALPIEDRA-RESERVA-min-294x1024.jpg"},{"@type":"BreadcrumbList","@id":"https:\/\/www.aribau.es\/bodegas-2\/finca-valpiedra-2\/finca-valpiedra-reserva\/#breadcrumb","itemListElement":[{"@type":"ListItem","position":1,"name":"Portada","item":"https:\/\/www.aribau.es\/"},{"@type":"ListItem","position":2,"name":"BODEGAS","item":"https:\/\/www.aribau.es\/bodegas-2\/"},{"@type":"ListItem","position":3,"name":"FINCA VALPIEDRA","item":"https:\/\/www.aribau.es\/bodegas-2\/finca-valpiedra-2\/"},{"@type":"ListItem","position":4,"name":"FINCA VALPIEDRA RESERVA"}]},{"@type":"WebSite","@id":"https:\/\/www.aribau.es\/#website","url":"https:\/\/www.aribau.es\/","name":"Aribau","description":"VINOS Y BODEGAS","publisher":{"@id":"https:\/\/www.aribau.es\/#organization"},"potentialAction":[{"@type":"SearchAction","target":{"@type":"EntryPoint","urlTemplate":"https:\/\/www.aribau.es\/?s={search_term_string}"},"query-input":{"@type":"PropertyValueSpecification","valueRequired":true,"valueName":"search_term_string"}}],"inLanguage":"ca"},{"@type":"Organization","@id":"https:\/\/www.aribau.es\/#organization","name":"Aribau","url":"https:\/\/www.aribau.es\/","logo":{"@type":"ImageObject","inLanguage":"ca","@id":"https:\/\/www.aribau.es\/#\/schema\/logo\/image\/","url":"https:\/\/www.aribau.es\/wp-content\/uploads\/2022\/03\/logo.png","contentUrl":"https:\/\/www.aribau.es\/wp-content\/uploads\/2022\/03\/logo.png","width":300,"height":300,"caption":"Aribau"},"image":{"@id":"https:\/\/www.aribau.es\/#\/schema\/logo\/image\/"},"sameAs":["https:\/\/www.facebook.com\/aribau1964\/","https:\/\/x.com\/aribau1964","https:\/\/www.instagram.com\/aribau1964\/"]}]}},"_links":{"self":[{"href":"https:\/\/www.aribau.es\/ca\/wp-json\/wp\/v2\/pages\/10480","targetHints":{"allow":["GET"]}}],"collection":[{"href":"https:\/\/www.aribau.es\/ca\/wp-json\/wp\/v2\/pages"}],"about":[{"href":"https:\/\/www.aribau.es\/ca\/wp-json\/wp\/v2\/types\/page"}],"author":[{"embeddable":true,"href":"https:\/\/www.aribau.es\/ca\/wp-json\/wp\/v2\/users\/3"}],"replies":[{"embeddable":true,"href":"https:\/\/www.aribau.es\/ca\/wp-json\/wp\/v2\/comments?post=10480"}],"version-history":[{"count":4,"href":"https:\/\/www.aribau.es\/ca\/wp-json\/wp\/v2\/pages\/10480\/revisions"}],"predecessor-version":[{"id":10484,"href":"https:\/\/www.aribau.es\/ca\/wp-json\/wp\/v2\/pages\/10480\/revisions\/10484"}],"up":[{"embeddable":true,"href":"https:\/\/www.aribau.es\/ca\/wp-json\/wp\/v2\/pages\/8165"}],"wp:attachment":[{"href":"https:\/\/www.aribau.es\/ca\/wp-json\/wp\/v2\/media?parent=10480"}],"curies":[{"name":"wp","href":"https:\/\/api.w.org\/{rel}","templated":true}]}}