{"id":10615,"date":"2021-04-29T17:30:26","date_gmt":"2021-04-29T16:30:26","guid":{"rendered":"https:\/\/www.aribau.es\/?page_id=10615"},"modified":"2021-04-29T17:35:43","modified_gmt":"2021-04-29T16:35:43","slug":"v-colorado","status":"publish","type":"page","link":"https:\/\/www.aribau.es\/ca\/bodegas-2\/javier-sanz\/v-colorado\/","title":{"rendered":"V COLORADO"},"content":{"rendered":"<div data-elementor-type=\"wp-page\" data-elementor-id=\"10615\" class=\"elementor elementor-10615\">\n\t\t\t\t\t\t<section class=\"elementor-section elementor-top-section elementor-element elementor-element-5ccb80b4 elementor-section-boxed elementor-section-height-default elementor-section-height-default elementor-invisible\" data-id=\"5ccb80b4\" data-element_type=\"section\" data-settings=\"{&quot;animation&quot;:&quot;fadeInUp&quot;}\">\n\t\t\t\t\t\t<div class=\"elementor-container elementor-column-gap-default\">\n\t\t\t\t\t<div class=\"elementor-column elementor-col-100 elementor-top-column elementor-element elementor-element-35564803\" data-id=\"35564803\" data-element_type=\"column\">\n\t\t\t<div class=\"elementor-widget-wrap elementor-element-populated\">\n\t\t\t\t\t\t<div class=\"elementor-element elementor-element-2fee346d elementor-widget elementor-widget-text-editor\" data-id=\"2fee346d\" data-element_type=\"widget\" data-widget_type=\"text-editor.default\">\n\t\t\t\t<div class=\"elementor-widget-container\">\n\t\t\t\t\t\t\t\t\t<p>v colorado<\/p>\t\t\t\t\t\t\t\t<\/div>\n\t\t\t\t<\/div>\n\t\t\t\t\t<\/div>\n\t\t<\/div>\n\t\t\t\t\t<\/div>\n\t\t<\/section>\n\t\t\t\t<section class=\"elementor-section elementor-top-section elementor-element elementor-element-1526cbcb elementor-section-boxed elementor-section-height-default elementor-section-height-default elementor-invisible\" data-id=\"1526cbcb\" data-element_type=\"section\" data-settings=\"{&quot;animation&quot;:&quot;fadeInUp&quot;}\">\n\t\t\t\t\t\t<div class=\"elementor-container elementor-column-gap-default\">\n\t\t\t\t\t<div class=\"elementor-column elementor-col-50 elementor-top-column elementor-element elementor-element-3114082d\" data-id=\"3114082d\" data-element_type=\"column\">\n\t\t\t<div class=\"elementor-widget-wrap elementor-element-populated\">\n\t\t\t\t\t\t<div class=\"elementor-element elementor-element-2895bcdf elementor-widget elementor-widget-image\" data-id=\"2895bcdf\" data-element_type=\"widget\" data-widget_type=\"image.default\">\n\t\t\t\t<div class=\"elementor-widget-container\">\n\t\t\t\t\t\t\t\t\t\t\t\t\t\t\t<img fetchpriority=\"high\" decoding=\"async\" width=\"362\" height=\"1024\" src=\"https:\/\/www.aribau.es\/wp-content\/uploads\/2021\/02\/V-COLORADO-362x1024.png\" class=\"elementor-animation-grow attachment-large size-large wp-image-7434\" alt=\"\" srcset=\"https:\/\/www.aribau.es\/wp-content\/uploads\/2021\/02\/V-COLORADO-362x1024.png 362w, https:\/\/www.aribau.es\/wp-content\/uploads\/2021\/02\/V-COLORADO-106x300.png 106w, https:\/\/www.aribau.es\/wp-content\/uploads\/2021\/02\/V-COLORADO-768x2170.png 768w, https:\/\/www.aribau.es\/wp-content\/uploads\/2021\/02\/V-COLORADO-725x2048.png 725w, https:\/\/www.aribau.es\/wp-content\/uploads\/2021\/02\/V-COLORADO.png 1113w\" sizes=\"(max-width: 362px) 100vw, 362px\" \/>\t\t\t\t\t\t\t\t\t\t\t\t\t\t\t<\/div>\n\t\t\t\t<\/div>\n\t\t\t\t\t<\/div>\n\t\t<\/div>\n\t\t\t\t<div class=\"elementor-column elementor-col-50 elementor-top-column elementor-element elementor-element-2c16faf3\" data-id=\"2c16faf3\" data-element_type=\"column\">\n\t\t\t<div class=\"elementor-widget-wrap elementor-element-populated\">\n\t\t\t\t\t\t<div class=\"elementor-element elementor-element-2cff9041 elementor-widget elementor-widget-text-editor\" data-id=\"2cff9041\" data-element_type=\"widget\" data-widget_type=\"text-editor.default\">\n\t\t\t\t<div class=\"elementor-widget-container\">\n\t\t\t\t\t\t\t\t\t<p>VARIETATS DE RA\u00cfM<\/p>\t\t\t\t\t\t\t\t<\/div>\n\t\t\t\t<\/div>\n\t\t\t\t<div class=\"elementor-element elementor-element-49df6d21 elementor-widget elementor-widget-text-editor\" data-id=\"49df6d21\" data-element_type=\"widget\" data-widget_type=\"text-editor.default\">\n\t\t\t\t<div class=\"elementor-widget-container\">\n\t\t\t\t\t\t\t\t\t<p>Colorado: gen\u00e8tica \u00fanica<\/p>\t\t\t\t\t\t\t\t<\/div>\n\t\t\t\t<\/div>\n\t\t\t\t<div class=\"elementor-element elementor-element-6be706e5 elementor-widget elementor-widget-text-editor\" data-id=\"6be706e5\" data-element_type=\"widget\" data-widget_type=\"text-editor.default\">\n\t\t\t\t<div class=\"elementor-widget-container\">\n\t\t\t\t\t\t\t\t\t<p>CRIAN\u00c7A<\/p>\t\t\t\t\t\t\t\t<\/div>\n\t\t\t\t<\/div>\n\t\t\t\t<div class=\"elementor-element elementor-element-1008dc17 elementor-widget elementor-widget-text-editor\" data-id=\"1008dc17\" data-element_type=\"widget\" data-widget_type=\"text-editor.default\">\n\t\t\t\t<div class=\"elementor-widget-container\">\n\t\t\t\t\t\t\t\t\t<p>10 mesos<\/p>\t\t\t\t\t\t\t\t<\/div>\n\t\t\t\t<\/div>\n\t\t\t\t<div class=\"elementor-element elementor-element-4a87ef1c elementor-widget elementor-widget-text-editor\" data-id=\"4a87ef1c\" data-element_type=\"widget\" data-widget_type=\"text-editor.default\">\n\t\t\t\t<div class=\"elementor-widget-container\">\n\t\t\t\t\t\t\t\t\t<p>DENOMINACI\u00d3 D'ORIGEN<\/p>\t\t\t\t\t\t\t\t<\/div>\n\t\t\t\t<\/div>\n\t\t\t\t<div class=\"elementor-element elementor-element-64a09e4 elementor-widget elementor-widget-image\" data-id=\"64a09e4\" data-element_type=\"widget\" data-widget_type=\"image.default\">\n\t\t\t\t<div class=\"elementor-widget-container\">\n\t\t\t\t\t\t\t\t\t\t\t\t\t\t\t<img decoding=\"async\" width=\"225\" height=\"225\" src=\"https:\/\/www.aribau.es\/wp-content\/uploads\/2021\/03\/DO-RUEDA.png\" class=\"attachment-full size-full wp-image-8623\" alt=\"\" srcset=\"https:\/\/www.aribau.es\/wp-content\/uploads\/2021\/03\/DO-RUEDA.png 225w, https:\/\/www.aribau.es\/wp-content\/uploads\/2021\/03\/DO-RUEDA-150x150.png 150w\" sizes=\"(max-width: 225px) 100vw, 225px\" \/>\t\t\t\t\t\t\t\t\t\t\t\t\t\t\t<\/div>\n\t\t\t\t<\/div>\n\t\t\t\t<div class=\"elementor-element elementor-element-7737d480 elementor-widget elementor-widget-text-editor\" data-id=\"7737d480\" data-element_type=\"widget\" data-widget_type=\"text-editor.default\">\n\t\t\t\t<div class=\"elementor-widget-container\">\n\t\t\t\t\t\t\t\t\t<p>DESCRIPCI\u00d3<\/p>\t\t\t\t\t\t\t\t<\/div>\n\t\t\t\t<\/div>\n\t\t\t\t<div class=\"elementor-element elementor-element-5826278a elementor-widget elementor-widget-text-editor\" data-id=\"5826278a\" data-element_type=\"widget\" data-widget_type=\"text-editor.default\">\n\t\t\t\t<div class=\"elementor-widget-container\">\n\t\t\t\t\t\t\t\t\t<p>Aquest vi destaca per la seva originalitat. En nas, \u00e9s un vi complex que evoluciona mostrant una gran diversitat arom\u00e0tica. <o:p><\/o:p><\/p><p>Especiat, bals\u00e0mic, ofereix notes de muntanya baixa, sempre amb un fons n\u00edtid de fruita (mora, gerd i pruna). Sorpr\u00e8n per la gran personalitat i amplitud dels seus registres arom\u00e0tics. <o:p><\/o:p><\/p><p>\n\n\n\n<\/p><p>En boca, \u00e9s un vi sabor\u00f3s, fresc, amb una agradable acidesa, que destaca sobretot per la seva post gust molt sabor\u00f3s i la seva extraordin\u00e0ria persist\u00e8ncia.<o:p><\/o:p><\/p>\t\t\t\t\t\t\t\t<\/div>\n\t\t\t\t<\/div>\n\t\t\t\t\t<\/div>\n\t\t<\/div>\n\t\t\t\t\t<\/div>\n\t\t<\/section>\n\t\t\t\t<\/div>","protected":false},"excerpt":{"rendered":"<p>v colorado variedades de uva Colorado: gen\u00e9tica \u00fanica Crianza 10 meses Denominaci\u00f3n de origen descripci\u00f3n Este vino destaca por su originalidad. En nariz, es un vino complejo que evoluciona mostrando una gran diversidad arom\u00e1tica. Especiado, bals\u00e1mico, ofrece notas de monte bajo, siempre con un fondo n\u00edtido de fruta (mora, frambuesa y ciruela). Sorprende por la &#8230; <a title=\"V COLORADO\" class=\"read-more\" href=\"https:\/\/www.aribau.es\/ca\/bodegas-2\/javier-sanz\/v-colorado\/\" aria-label=\"M\u00e9s informaci\u00f3 sobre V COLORADO\">Llegiu m\u00e9s<\/a><\/p>","protected":false},"author":3,"featured_media":0,"parent":8177,"menu_order":0,"comment_status":"closed","ping_status":"closed","template":"elementor_header_footer","meta":{"footnotes":""},"class_list":["post-10615","page","type-page","status-publish"],"yoast_head":"<!-- This site is optimized with the Yoast SEO plugin v26.7 - https:\/\/yoast.com\/wordpress\/plugins\/seo\/ -->\n<title>V COLORADO - Aribau<\/title>\n<meta name=\"robots\" content=\"index, follow, max-snippet:-1, max-image-preview:large, max-video-preview:-1\" \/>\n<link rel=\"canonical\" href=\"https:\/\/www.aribau.es\/ca\/bodegas-2\/javier-sanz\/v-colorado\/\" \/>\n<meta property=\"og:locale\" content=\"ca_ES\" \/>\n<meta property=\"og:type\" content=\"article\" \/>\n<meta property=\"og:title\" content=\"V COLORADO - Aribau\" \/>\n<meta property=\"og:description\" content=\"v colorado variedades de uva Colorado: gen\u00e9tica \u00fanica Crianza 10 meses Denominaci\u00f3n de origen descripci\u00f3n Este vino destaca por su originalidad. En nariz, es un vino complejo que evoluciona mostrando una gran diversidad arom\u00e1tica. Especiado, bals\u00e1mico, ofrece notas de monte bajo, siempre con un fondo n\u00edtido de fruta (mora, frambuesa y ciruela). Sorprende por la ... Llegiu m\u00e9s\" \/>\n<meta property=\"og:url\" content=\"https:\/\/www.aribau.es\/ca\/bodegas-2\/javier-sanz\/v-colorado\/\" \/>\n<meta property=\"og:site_name\" content=\"Aribau\" \/>\n<meta property=\"article:publisher\" content=\"https:\/\/www.facebook.com\/aribau1964\/\" \/>\n<meta property=\"article:modified_time\" content=\"2021-04-29T16:35:43+00:00\" \/>\n<meta property=\"og:image\" content=\"https:\/\/www.aribau.es\/wp-content\/uploads\/2021\/02\/V-COLORADO-362x1024.png\" \/>\n<meta name=\"twitter:card\" content=\"summary_large_image\" \/>\n<meta name=\"twitter:site\" content=\"@aribau1964\" \/>\n<script type=\"application\/ld+json\" class=\"yoast-schema-graph\">{\"@context\":\"https:\/\/schema.org\",\"@graph\":[{\"@type\":\"WebPage\",\"@id\":\"https:\/\/www.aribau.es\/bodegas-2\/javier-sanz\/v-colorado\/\",\"url\":\"https:\/\/www.aribau.es\/bodegas-2\/javier-sanz\/v-colorado\/\",\"name\":\"V COLORADO - Aribau\",\"isPartOf\":{\"@id\":\"https:\/\/www.aribau.es\/#website\"},\"primaryImageOfPage\":{\"@id\":\"https:\/\/www.aribau.es\/bodegas-2\/javier-sanz\/v-colorado\/#primaryimage\"},\"image\":{\"@id\":\"https:\/\/www.aribau.es\/bodegas-2\/javier-sanz\/v-colorado\/#primaryimage\"},\"thumbnailUrl\":\"https:\/\/www.aribau.es\/wp-content\/uploads\/2021\/02\/V-COLORADO-362x1024.png\",\"datePublished\":\"2021-04-29T16:30:26+00:00\",\"dateModified\":\"2021-04-29T16:35:43+00:00\",\"breadcrumb\":{\"@id\":\"https:\/\/www.aribau.es\/bodegas-2\/javier-sanz\/v-colorado\/#breadcrumb\"},\"inLanguage\":\"ca\",\"potentialAction\":[{\"@type\":\"ReadAction\",\"target\":[\"https:\/\/www.aribau.es\/bodegas-2\/javier-sanz\/v-colorado\/\"]}]},{\"@type\":\"ImageObject\",\"inLanguage\":\"ca\",\"@id\":\"https:\/\/www.aribau.es\/bodegas-2\/javier-sanz\/v-colorado\/#primaryimage\",\"url\":\"https:\/\/www.aribau.es\/wp-content\/uploads\/2021\/02\/V-COLORADO-362x1024.png\",\"contentUrl\":\"https:\/\/www.aribau.es\/wp-content\/uploads\/2021\/02\/V-COLORADO-362x1024.png\"},{\"@type\":\"BreadcrumbList\",\"@id\":\"https:\/\/www.aribau.es\/bodegas-2\/javier-sanz\/v-colorado\/#breadcrumb\",\"itemListElement\":[{\"@type\":\"ListItem\",\"position\":1,\"name\":\"Portada\",\"item\":\"https:\/\/www.aribau.es\/\"},{\"@type\":\"ListItem\",\"position\":2,\"name\":\"BODEGAS\",\"item\":\"https:\/\/www.aribau.es\/bodegas-2\/\"},{\"@type\":\"ListItem\",\"position\":3,\"name\":\"JAVIER SANZ\",\"item\":\"https:\/\/www.aribau.es\/bodegas-2\/javier-sanz\/\"},{\"@type\":\"ListItem\",\"position\":4,\"name\":\"V COLORADO\"}]},{\"@type\":\"WebSite\",\"@id\":\"https:\/\/www.aribau.es\/#website\",\"url\":\"https:\/\/www.aribau.es\/\",\"name\":\"Aribau\",\"description\":\"VINOS Y BODEGAS\",\"publisher\":{\"@id\":\"https:\/\/www.aribau.es\/#organization\"},\"potentialAction\":[{\"@type\":\"SearchAction\",\"target\":{\"@type\":\"EntryPoint\",\"urlTemplate\":\"https:\/\/www.aribau.es\/?s={search_term_string}\"},\"query-input\":{\"@type\":\"PropertyValueSpecification\",\"valueRequired\":true,\"valueName\":\"search_term_string\"}}],\"inLanguage\":\"ca\"},{\"@type\":\"Organization\",\"@id\":\"https:\/\/www.aribau.es\/#organization\",\"name\":\"Aribau\",\"url\":\"https:\/\/www.aribau.es\/\",\"logo\":{\"@type\":\"ImageObject\",\"inLanguage\":\"ca\",\"@id\":\"https:\/\/www.aribau.es\/#\/schema\/logo\/image\/\",\"url\":\"https:\/\/www.aribau.es\/wp-content\/uploads\/2022\/03\/logo.png\",\"contentUrl\":\"https:\/\/www.aribau.es\/wp-content\/uploads\/2022\/03\/logo.png\",\"width\":300,\"height\":300,\"caption\":\"Aribau\"},\"image\":{\"@id\":\"https:\/\/www.aribau.es\/#\/schema\/logo\/image\/\"},\"sameAs\":[\"https:\/\/www.facebook.com\/aribau1964\/\",\"https:\/\/x.com\/aribau1964\",\"https:\/\/www.instagram.com\/aribau1964\/\"]}]}<\/script>\n<!-- \/ Yoast SEO plugin. -->","yoast_head_json":{"title":"V COLORADO - Aribau","robots":{"index":"index","follow":"follow","max-snippet":"max-snippet:-1","max-image-preview":"max-image-preview:large","max-video-preview":"max-video-preview:-1"},"canonical":"https:\/\/www.aribau.es\/ca\/bodegas-2\/javier-sanz\/v-colorado\/","og_locale":"ca_ES","og_type":"article","og_title":"V COLORADO - Aribau","og_description":"v colorado variedades de uva Colorado: gen\u00e9tica \u00fanica Crianza 10 meses Denominaci\u00f3n de origen descripci\u00f3n Este vino destaca por su originalidad. En nariz, es un vino complejo que evoluciona mostrando una gran diversidad arom\u00e1tica. Especiado, bals\u00e1mico, ofrece notas de monte bajo, siempre con un fondo n\u00edtido de fruta (mora, frambuesa y ciruela). Sorprende por la ... Llegiu m\u00e9s","og_url":"https:\/\/www.aribau.es\/ca\/bodegas-2\/javier-sanz\/v-colorado\/","og_site_name":"Aribau","article_publisher":"https:\/\/www.facebook.com\/aribau1964\/","article_modified_time":"2021-04-29T16:35:43+00:00","og_image":[{"url":"https:\/\/www.aribau.es\/wp-content\/uploads\/2021\/02\/V-COLORADO-362x1024.png","type":"","width":"","height":""}],"twitter_card":"summary_large_image","twitter_site":"@aribau1964","schema":{"@context":"https:\/\/schema.org","@graph":[{"@type":"WebPage","@id":"https:\/\/www.aribau.es\/bodegas-2\/javier-sanz\/v-colorado\/","url":"https:\/\/www.aribau.es\/bodegas-2\/javier-sanz\/v-colorado\/","name":"V COLORADO - Aribau","isPartOf":{"@id":"https:\/\/www.aribau.es\/#website"},"primaryImageOfPage":{"@id":"https:\/\/www.aribau.es\/bodegas-2\/javier-sanz\/v-colorado\/#primaryimage"},"image":{"@id":"https:\/\/www.aribau.es\/bodegas-2\/javier-sanz\/v-colorado\/#primaryimage"},"thumbnailUrl":"https:\/\/www.aribau.es\/wp-content\/uploads\/2021\/02\/V-COLORADO-362x1024.png","datePublished":"2021-04-29T16:30:26+00:00","dateModified":"2021-04-29T16:35:43+00:00","breadcrumb":{"@id":"https:\/\/www.aribau.es\/bodegas-2\/javier-sanz\/v-colorado\/#breadcrumb"},"inLanguage":"ca","potentialAction":[{"@type":"ReadAction","target":["https:\/\/www.aribau.es\/bodegas-2\/javier-sanz\/v-colorado\/"]}]},{"@type":"ImageObject","inLanguage":"ca","@id":"https:\/\/www.aribau.es\/bodegas-2\/javier-sanz\/v-colorado\/#primaryimage","url":"https:\/\/www.aribau.es\/wp-content\/uploads\/2021\/02\/V-COLORADO-362x1024.png","contentUrl":"https:\/\/www.aribau.es\/wp-content\/uploads\/2021\/02\/V-COLORADO-362x1024.png"},{"@type":"BreadcrumbList","@id":"https:\/\/www.aribau.es\/bodegas-2\/javier-sanz\/v-colorado\/#breadcrumb","itemListElement":[{"@type":"ListItem","position":1,"name":"Portada","item":"https:\/\/www.aribau.es\/"},{"@type":"ListItem","position":2,"name":"BODEGAS","item":"https:\/\/www.aribau.es\/bodegas-2\/"},{"@type":"ListItem","position":3,"name":"JAVIER SANZ","item":"https:\/\/www.aribau.es\/bodegas-2\/javier-sanz\/"},{"@type":"ListItem","position":4,"name":"V COLORADO"}]},{"@type":"WebSite","@id":"https:\/\/www.aribau.es\/#website","url":"https:\/\/www.aribau.es\/","name":"Aribau","description":"VINOS Y BODEGAS","publisher":{"@id":"https:\/\/www.aribau.es\/#organization"},"potentialAction":[{"@type":"SearchAction","target":{"@type":"EntryPoint","urlTemplate":"https:\/\/www.aribau.es\/?s={search_term_string}"},"query-input":{"@type":"PropertyValueSpecification","valueRequired":true,"valueName":"search_term_string"}}],"inLanguage":"ca"},{"@type":"Organization","@id":"https:\/\/www.aribau.es\/#organization","name":"Aribau","url":"https:\/\/www.aribau.es\/","logo":{"@type":"ImageObject","inLanguage":"ca","@id":"https:\/\/www.aribau.es\/#\/schema\/logo\/image\/","url":"https:\/\/www.aribau.es\/wp-content\/uploads\/2022\/03\/logo.png","contentUrl":"https:\/\/www.aribau.es\/wp-content\/uploads\/2022\/03\/logo.png","width":300,"height":300,"caption":"Aribau"},"image":{"@id":"https:\/\/www.aribau.es\/#\/schema\/logo\/image\/"},"sameAs":["https:\/\/www.facebook.com\/aribau1964\/","https:\/\/x.com\/aribau1964","https:\/\/www.instagram.com\/aribau1964\/"]}]}},"_links":{"self":[{"href":"https:\/\/www.aribau.es\/ca\/wp-json\/wp\/v2\/pages\/10615","targetHints":{"allow":["GET"]}}],"collection":[{"href":"https:\/\/www.aribau.es\/ca\/wp-json\/wp\/v2\/pages"}],"about":[{"href":"https:\/\/www.aribau.es\/ca\/wp-json\/wp\/v2\/types\/page"}],"author":[{"embeddable":true,"href":"https:\/\/www.aribau.es\/ca\/wp-json\/wp\/v2\/users\/3"}],"replies":[{"embeddable":true,"href":"https:\/\/www.aribau.es\/ca\/wp-json\/wp\/v2\/comments?post=10615"}],"version-history":[{"count":4,"href":"https:\/\/www.aribau.es\/ca\/wp-json\/wp\/v2\/pages\/10615\/revisions"}],"predecessor-version":[{"id":10619,"href":"https:\/\/www.aribau.es\/ca\/wp-json\/wp\/v2\/pages\/10615\/revisions\/10619"}],"up":[{"embeddable":true,"href":"https:\/\/www.aribau.es\/ca\/wp-json\/wp\/v2\/pages\/8177"}],"wp:attachment":[{"href":"https:\/\/www.aribau.es\/ca\/wp-json\/wp\/v2\/media?parent=10615"}],"curies":[{"name":"wp","href":"https:\/\/api.w.org\/{rel}","templated":true}]}}