{"id":10620,"date":"2021-04-29T17:36:25","date_gmt":"2021-04-29T16:36:25","guid":{"rendered":"https:\/\/www.aribau.es\/?page_id=10620"},"modified":"2021-04-29T17:40:01","modified_gmt":"2021-04-29T16:40:01","slug":"v-dulce-de-invierno","status":"publish","type":"page","link":"https:\/\/www.aribau.es\/ca\/bodegas-2\/javier-sanz\/v-dulce-de-invierno\/","title":{"rendered":"V DULCE DE INVIERNO"},"content":{"rendered":"<div data-elementor-type=\"wp-page\" data-elementor-id=\"10620\" class=\"elementor elementor-10620\">\n\t\t\t\t\t\t<section class=\"elementor-section elementor-top-section elementor-element elementor-element-1b730759 elementor-section-boxed elementor-section-height-default elementor-section-height-default elementor-invisible\" data-id=\"1b730759\" data-element_type=\"section\" data-settings=\"{&quot;animation&quot;:&quot;fadeInUp&quot;}\">\n\t\t\t\t\t\t<div class=\"elementor-container elementor-column-gap-default\">\n\t\t\t\t\t<div class=\"elementor-column elementor-col-100 elementor-top-column elementor-element elementor-element-585d4903\" data-id=\"585d4903\" data-element_type=\"column\">\n\t\t\t<div class=\"elementor-widget-wrap elementor-element-populated\">\n\t\t\t\t\t\t<div class=\"elementor-element elementor-element-58b6d855 elementor-widget elementor-widget-text-editor\" data-id=\"58b6d855\" data-element_type=\"widget\" data-widget_type=\"text-editor.default\">\n\t\t\t\t<div class=\"elementor-widget-container\">\n\t\t\t\t\t\t\t\t\t<p>v dulce de invierno<\/p>\t\t\t\t\t\t\t\t<\/div>\n\t\t\t\t<\/div>\n\t\t\t\t\t<\/div>\n\t\t<\/div>\n\t\t\t\t\t<\/div>\n\t\t<\/section>\n\t\t\t\t<section class=\"elementor-section elementor-top-section elementor-element elementor-element-4baf3e7a elementor-section-boxed elementor-section-height-default elementor-section-height-default elementor-invisible\" data-id=\"4baf3e7a\" data-element_type=\"section\" data-settings=\"{&quot;animation&quot;:&quot;fadeInUp&quot;}\">\n\t\t\t\t\t\t<div class=\"elementor-container elementor-column-gap-default\">\n\t\t\t\t\t<div class=\"elementor-column elementor-col-50 elementor-top-column elementor-element elementor-element-7fd6c588\" data-id=\"7fd6c588\" data-element_type=\"column\">\n\t\t\t<div class=\"elementor-widget-wrap elementor-element-populated\">\n\t\t\t\t\t\t<div class=\"elementor-element elementor-element-1b0592ea elementor-widget elementor-widget-image\" data-id=\"1b0592ea\" data-element_type=\"widget\" data-widget_type=\"image.default\">\n\t\t\t\t<div class=\"elementor-widget-container\">\n\t\t\t\t\t\t\t\t\t\t\t\t\t\t\t<img fetchpriority=\"high\" decoding=\"async\" width=\"367\" height=\"1024\" src=\"https:\/\/www.aribau.es\/wp-content\/uploads\/2021\/02\/V-DULCE-DE-INVIERNO-367x1024.png\" class=\"elementor-animation-grow attachment-large size-large wp-image-7436\" alt=\"\" srcset=\"https:\/\/www.aribau.es\/wp-content\/uploads\/2021\/02\/V-DULCE-DE-INVIERNO-367x1024.png 367w, https:\/\/www.aribau.es\/wp-content\/uploads\/2021\/02\/V-DULCE-DE-INVIERNO-108x300.png 108w, https:\/\/www.aribau.es\/wp-content\/uploads\/2021\/02\/V-DULCE-DE-INVIERNO-768x2142.png 768w, https:\/\/www.aribau.es\/wp-content\/uploads\/2021\/02\/V-DULCE-DE-INVIERNO-551x1536.png 551w, https:\/\/www.aribau.es\/wp-content\/uploads\/2021\/02\/V-DULCE-DE-INVIERNO-734x2048.png 734w, https:\/\/www.aribau.es\/wp-content\/uploads\/2021\/02\/V-DULCE-DE-INVIERNO.png 957w\" sizes=\"(max-width: 367px) 100vw, 367px\" \/>\t\t\t\t\t\t\t\t\t\t\t\t\t\t\t<\/div>\n\t\t\t\t<\/div>\n\t\t\t\t\t<\/div>\n\t\t<\/div>\n\t\t\t\t<div class=\"elementor-column elementor-col-50 elementor-top-column elementor-element elementor-element-511d300b\" data-id=\"511d300b\" data-element_type=\"column\">\n\t\t\t<div class=\"elementor-widget-wrap elementor-element-populated\">\n\t\t\t\t\t\t<div class=\"elementor-element elementor-element-5b25a1fb elementor-widget elementor-widget-text-editor\" data-id=\"5b25a1fb\" data-element_type=\"widget\" data-widget_type=\"text-editor.default\">\n\t\t\t\t<div class=\"elementor-widget-container\">\n\t\t\t\t\t\t\t\t\t<p>VARIETATS DE RA\u00cfM<\/p>\t\t\t\t\t\t\t\t<\/div>\n\t\t\t\t<\/div>\n\t\t\t\t<div class=\"elementor-element elementor-element-569bfa8f elementor-widget elementor-widget-text-editor\" data-id=\"569bfa8f\" data-element_type=\"widget\" data-widget_type=\"text-editor.default\">\n\t\t\t\t<div class=\"elementor-widget-container\">\n\t\t\t\t\t\t\t\t\t<p>Verdejo, moscatell<\/p>\t\t\t\t\t\t\t\t<\/div>\n\t\t\t\t<\/div>\n\t\t\t\t<div class=\"elementor-element elementor-element-1b0f95b4 elementor-widget elementor-widget-text-editor\" data-id=\"1b0f95b4\" data-element_type=\"widget\" data-widget_type=\"text-editor.default\">\n\t\t\t\t<div class=\"elementor-widget-container\">\n\t\t\t\t\t\t\t\t\t<p>CRIAN\u00c7A<\/p>\t\t\t\t\t\t\t\t<\/div>\n\t\t\t\t<\/div>\n\t\t\t\t<div class=\"elementor-element elementor-element-34efd307 elementor-widget elementor-widget-text-editor\" data-id=\"34efd307\" data-element_type=\"widget\" data-widget_type=\"text-editor.default\">\n\t\t\t\t<div class=\"elementor-widget-container\">\n\t\t\t\t\t\t\t\t\t<p>Roure franc\u00e8s<\/p>\t\t\t\t\t\t\t\t<\/div>\n\t\t\t\t<\/div>\n\t\t\t\t<div class=\"elementor-element elementor-element-2e1283fc elementor-widget elementor-widget-text-editor\" data-id=\"2e1283fc\" data-element_type=\"widget\" data-widget_type=\"text-editor.default\">\n\t\t\t\t<div class=\"elementor-widget-container\">\n\t\t\t\t\t\t\t\t\t<p>DENOMINACI\u00d3 D'ORIGEN<\/p>\t\t\t\t\t\t\t\t<\/div>\n\t\t\t\t<\/div>\n\t\t\t\t<div class=\"elementor-element elementor-element-3de8d81b elementor-widget elementor-widget-image\" data-id=\"3de8d81b\" data-element_type=\"widget\" data-widget_type=\"image.default\">\n\t\t\t\t<div class=\"elementor-widget-container\">\n\t\t\t\t\t\t\t\t\t\t\t\t\t\t\t<img decoding=\"async\" width=\"225\" height=\"225\" src=\"https:\/\/www.aribau.es\/wp-content\/uploads\/2021\/03\/DO-RUEDA.png\" class=\"attachment-full size-full wp-image-8623\" alt=\"\" srcset=\"https:\/\/www.aribau.es\/wp-content\/uploads\/2021\/03\/DO-RUEDA.png 225w, https:\/\/www.aribau.es\/wp-content\/uploads\/2021\/03\/DO-RUEDA-150x150.png 150w\" sizes=\"(max-width: 225px) 100vw, 225px\" \/>\t\t\t\t\t\t\t\t\t\t\t\t\t\t\t<\/div>\n\t\t\t\t<\/div>\n\t\t\t\t<div class=\"elementor-element elementor-element-4f503fc0 elementor-widget elementor-widget-text-editor\" data-id=\"4f503fc0\" data-element_type=\"widget\" data-widget_type=\"text-editor.default\">\n\t\t\t\t<div class=\"elementor-widget-container\">\n\t\t\t\t\t\t\t\t\t<p>DESCRIPCI\u00d3<\/p>\t\t\t\t\t\t\t\t<\/div>\n\t\t\t\t<\/div>\n\t\t\t\t<div class=\"elementor-element elementor-element-a37e2cf elementor-widget elementor-widget-text-editor\" data-id=\"a37e2cf\" data-element_type=\"widget\" data-widget_type=\"text-editor.default\">\n\t\t\t\t<div class=\"elementor-widget-container\">\n\t\t\t\t\t\t\t\t\t<p class=\"MsoNormal\">Mostra un preci\u00f3s color or viu i en nas reflecteix una incre\u00efble varietat d'aromes a orellanes, figues, pell de taronja.<o:p><\/o:p><\/p><p>\n\n<\/p><p class=\"MsoNormal\">En boca \u00e9s definitivament dol\u00e7a, amb un cos ampli i sed\u00f3s que recobreix el paladar de dol\u00e7or i d'una acidesa elegant i equilibrada, amb un record subtil de fusta<o:p><\/o:p><\/p>\t\t\t\t\t\t\t\t<\/div>\n\t\t\t\t<\/div>\n\t\t\t\t\t<\/div>\n\t\t<\/div>\n\t\t\t\t\t<\/div>\n\t\t<\/section>\n\t\t\t\t<section class=\"elementor-section elementor-top-section elementor-element elementor-element-15fa285 elementor-section-boxed elementor-section-height-default elementor-section-height-default\" data-id=\"15fa285\" data-element_type=\"section\">\n\t\t\t\t\t\t<div class=\"elementor-container elementor-column-gap-default\">\n\t\t\t\t\t<div class=\"elementor-column elementor-col-100 elementor-top-column elementor-element elementor-element-80d19b0\" data-id=\"80d19b0\" data-element_type=\"column\">\n\t\t\t<div class=\"elementor-widget-wrap elementor-element-populated\">\n\t\t\t\t\t\t<div class=\"elementor-element elementor-element-668927e elementor-widget elementor-widget-spacer\" data-id=\"668927e\" data-element_type=\"widget\" data-widget_type=\"spacer.default\">\n\t\t\t\t<div class=\"elementor-widget-container\">\n\t\t\t\t\t\t\t<div class=\"elementor-spacer\">\n\t\t\t<div class=\"elementor-spacer-inner\"><\/div>\n\t\t<\/div>\n\t\t\t\t\t\t<\/div>\n\t\t\t\t<\/div>\n\t\t\t\t\t<\/div>\n\t\t<\/div>\n\t\t\t\t\t<\/div>\n\t\t<\/section>\n\t\t\t\t<\/div>","protected":false},"excerpt":{"rendered":"<p>v dulce de invierno variedades de uva Verdejo, Moscatel Crianza Roble franc\u00e9s Denominaci\u00f3n de origen descripci\u00f3n Muestra un precioso color oro vivo y en nariz refleja una incre\u00edble variedad de aromas a orejones, higos, piel de naranja. En boca resulta definitivamente dulce, con un cuerpo amplio y sedoso que recubre el paladar de dulzor y &#8230; <a title=\"V DULCE DE INVIERNO\" class=\"read-more\" href=\"https:\/\/www.aribau.es\/ca\/bodegas-2\/javier-sanz\/v-dulce-de-invierno\/\" aria-label=\"M\u00e9s informaci\u00f3 sobre V DULCE DE INVIERNO\">Llegiu m\u00e9s<\/a><\/p>","protected":false},"author":3,"featured_media":0,"parent":8177,"menu_order":0,"comment_status":"closed","ping_status":"closed","template":"elementor_header_footer","meta":{"footnotes":""},"class_list":["post-10620","page","type-page","status-publish"],"yoast_head":"<!-- This site is optimized with the Yoast SEO plugin v26.7 - https:\/\/yoast.com\/wordpress\/plugins\/seo\/ -->\n<title>V DULCE DE INVIERNO - Aribau<\/title>\n<meta name=\"robots\" content=\"index, follow, max-snippet:-1, max-image-preview:large, max-video-preview:-1\" \/>\n<link rel=\"canonical\" href=\"https:\/\/www.aribau.es\/ca\/bodegas-2\/javier-sanz\/v-dulce-de-invierno\/\" \/>\n<meta property=\"og:locale\" content=\"ca_ES\" \/>\n<meta property=\"og:type\" content=\"article\" \/>\n<meta property=\"og:title\" content=\"V DULCE DE INVIERNO - Aribau\" \/>\n<meta property=\"og:description\" content=\"v dulce de invierno variedades de uva Verdejo, Moscatel Crianza Roble franc\u00e9s Denominaci\u00f3n de origen descripci\u00f3n Muestra un precioso color oro vivo y en nariz refleja una incre\u00edble variedad de aromas a orejones, higos, piel de naranja. En boca resulta definitivamente dulce, con un cuerpo amplio y sedoso que recubre el paladar de dulzor y ... Llegiu m\u00e9s\" \/>\n<meta property=\"og:url\" content=\"https:\/\/www.aribau.es\/ca\/bodegas-2\/javier-sanz\/v-dulce-de-invierno\/\" \/>\n<meta property=\"og:site_name\" content=\"Aribau\" \/>\n<meta property=\"article:publisher\" content=\"https:\/\/www.facebook.com\/aribau1964\/\" \/>\n<meta property=\"article:modified_time\" content=\"2021-04-29T16:40:01+00:00\" \/>\n<meta property=\"og:image\" content=\"https:\/\/www.aribau.es\/wp-content\/uploads\/2021\/02\/V-DULCE-DE-INVIERNO-367x1024.png\" \/>\n<meta name=\"twitter:card\" content=\"summary_large_image\" \/>\n<meta name=\"twitter:site\" content=\"@aribau1964\" \/>\n<script type=\"application\/ld+json\" class=\"yoast-schema-graph\">{\"@context\":\"https:\/\/schema.org\",\"@graph\":[{\"@type\":\"WebPage\",\"@id\":\"https:\/\/www.aribau.es\/bodegas-2\/javier-sanz\/v-dulce-de-invierno\/\",\"url\":\"https:\/\/www.aribau.es\/bodegas-2\/javier-sanz\/v-dulce-de-invierno\/\",\"name\":\"V DULCE DE INVIERNO - Aribau\",\"isPartOf\":{\"@id\":\"https:\/\/www.aribau.es\/#website\"},\"primaryImageOfPage\":{\"@id\":\"https:\/\/www.aribau.es\/bodegas-2\/javier-sanz\/v-dulce-de-invierno\/#primaryimage\"},\"image\":{\"@id\":\"https:\/\/www.aribau.es\/bodegas-2\/javier-sanz\/v-dulce-de-invierno\/#primaryimage\"},\"thumbnailUrl\":\"https:\/\/www.aribau.es\/wp-content\/uploads\/2021\/02\/V-DULCE-DE-INVIERNO-367x1024.png\",\"datePublished\":\"2021-04-29T16:36:25+00:00\",\"dateModified\":\"2021-04-29T16:40:01+00:00\",\"breadcrumb\":{\"@id\":\"https:\/\/www.aribau.es\/bodegas-2\/javier-sanz\/v-dulce-de-invierno\/#breadcrumb\"},\"inLanguage\":\"ca\",\"potentialAction\":[{\"@type\":\"ReadAction\",\"target\":[\"https:\/\/www.aribau.es\/bodegas-2\/javier-sanz\/v-dulce-de-invierno\/\"]}]},{\"@type\":\"ImageObject\",\"inLanguage\":\"ca\",\"@id\":\"https:\/\/www.aribau.es\/bodegas-2\/javier-sanz\/v-dulce-de-invierno\/#primaryimage\",\"url\":\"https:\/\/www.aribau.es\/wp-content\/uploads\/2021\/02\/V-DULCE-DE-INVIERNO-367x1024.png\",\"contentUrl\":\"https:\/\/www.aribau.es\/wp-content\/uploads\/2021\/02\/V-DULCE-DE-INVIERNO-367x1024.png\"},{\"@type\":\"BreadcrumbList\",\"@id\":\"https:\/\/www.aribau.es\/bodegas-2\/javier-sanz\/v-dulce-de-invierno\/#breadcrumb\",\"itemListElement\":[{\"@type\":\"ListItem\",\"position\":1,\"name\":\"Portada\",\"item\":\"https:\/\/www.aribau.es\/\"},{\"@type\":\"ListItem\",\"position\":2,\"name\":\"BODEGAS\",\"item\":\"https:\/\/www.aribau.es\/bodegas-2\/\"},{\"@type\":\"ListItem\",\"position\":3,\"name\":\"JAVIER SANZ\",\"item\":\"https:\/\/www.aribau.es\/bodegas-2\/javier-sanz\/\"},{\"@type\":\"ListItem\",\"position\":4,\"name\":\"V DULCE DE INVIERNO\"}]},{\"@type\":\"WebSite\",\"@id\":\"https:\/\/www.aribau.es\/#website\",\"url\":\"https:\/\/www.aribau.es\/\",\"name\":\"Aribau\",\"description\":\"VINOS Y BODEGAS\",\"publisher\":{\"@id\":\"https:\/\/www.aribau.es\/#organization\"},\"potentialAction\":[{\"@type\":\"SearchAction\",\"target\":{\"@type\":\"EntryPoint\",\"urlTemplate\":\"https:\/\/www.aribau.es\/?s={search_term_string}\"},\"query-input\":{\"@type\":\"PropertyValueSpecification\",\"valueRequired\":true,\"valueName\":\"search_term_string\"}}],\"inLanguage\":\"ca\"},{\"@type\":\"Organization\",\"@id\":\"https:\/\/www.aribau.es\/#organization\",\"name\":\"Aribau\",\"url\":\"https:\/\/www.aribau.es\/\",\"logo\":{\"@type\":\"ImageObject\",\"inLanguage\":\"ca\",\"@id\":\"https:\/\/www.aribau.es\/#\/schema\/logo\/image\/\",\"url\":\"https:\/\/www.aribau.es\/wp-content\/uploads\/2022\/03\/logo.png\",\"contentUrl\":\"https:\/\/www.aribau.es\/wp-content\/uploads\/2022\/03\/logo.png\",\"width\":300,\"height\":300,\"caption\":\"Aribau\"},\"image\":{\"@id\":\"https:\/\/www.aribau.es\/#\/schema\/logo\/image\/\"},\"sameAs\":[\"https:\/\/www.facebook.com\/aribau1964\/\",\"https:\/\/x.com\/aribau1964\",\"https:\/\/www.instagram.com\/aribau1964\/\"]}]}<\/script>\n<!-- \/ Yoast SEO plugin. -->","yoast_head_json":{"title":"V DULCE DE INVIERNO - Aribau","robots":{"index":"index","follow":"follow","max-snippet":"max-snippet:-1","max-image-preview":"max-image-preview:large","max-video-preview":"max-video-preview:-1"},"canonical":"https:\/\/www.aribau.es\/ca\/bodegas-2\/javier-sanz\/v-dulce-de-invierno\/","og_locale":"ca_ES","og_type":"article","og_title":"V DULCE DE INVIERNO - Aribau","og_description":"v dulce de invierno variedades de uva Verdejo, Moscatel Crianza Roble franc\u00e9s Denominaci\u00f3n de origen descripci\u00f3n Muestra un precioso color oro vivo y en nariz refleja una incre\u00edble variedad de aromas a orejones, higos, piel de naranja. En boca resulta definitivamente dulce, con un cuerpo amplio y sedoso que recubre el paladar de dulzor y ... Llegiu m\u00e9s","og_url":"https:\/\/www.aribau.es\/ca\/bodegas-2\/javier-sanz\/v-dulce-de-invierno\/","og_site_name":"Aribau","article_publisher":"https:\/\/www.facebook.com\/aribau1964\/","article_modified_time":"2021-04-29T16:40:01+00:00","og_image":[{"url":"https:\/\/www.aribau.es\/wp-content\/uploads\/2021\/02\/V-DULCE-DE-INVIERNO-367x1024.png","type":"","width":"","height":""}],"twitter_card":"summary_large_image","twitter_site":"@aribau1964","schema":{"@context":"https:\/\/schema.org","@graph":[{"@type":"WebPage","@id":"https:\/\/www.aribau.es\/bodegas-2\/javier-sanz\/v-dulce-de-invierno\/","url":"https:\/\/www.aribau.es\/bodegas-2\/javier-sanz\/v-dulce-de-invierno\/","name":"V DULCE DE INVIERNO - Aribau","isPartOf":{"@id":"https:\/\/www.aribau.es\/#website"},"primaryImageOfPage":{"@id":"https:\/\/www.aribau.es\/bodegas-2\/javier-sanz\/v-dulce-de-invierno\/#primaryimage"},"image":{"@id":"https:\/\/www.aribau.es\/bodegas-2\/javier-sanz\/v-dulce-de-invierno\/#primaryimage"},"thumbnailUrl":"https:\/\/www.aribau.es\/wp-content\/uploads\/2021\/02\/V-DULCE-DE-INVIERNO-367x1024.png","datePublished":"2021-04-29T16:36:25+00:00","dateModified":"2021-04-29T16:40:01+00:00","breadcrumb":{"@id":"https:\/\/www.aribau.es\/bodegas-2\/javier-sanz\/v-dulce-de-invierno\/#breadcrumb"},"inLanguage":"ca","potentialAction":[{"@type":"ReadAction","target":["https:\/\/www.aribau.es\/bodegas-2\/javier-sanz\/v-dulce-de-invierno\/"]}]},{"@type":"ImageObject","inLanguage":"ca","@id":"https:\/\/www.aribau.es\/bodegas-2\/javier-sanz\/v-dulce-de-invierno\/#primaryimage","url":"https:\/\/www.aribau.es\/wp-content\/uploads\/2021\/02\/V-DULCE-DE-INVIERNO-367x1024.png","contentUrl":"https:\/\/www.aribau.es\/wp-content\/uploads\/2021\/02\/V-DULCE-DE-INVIERNO-367x1024.png"},{"@type":"BreadcrumbList","@id":"https:\/\/www.aribau.es\/bodegas-2\/javier-sanz\/v-dulce-de-invierno\/#breadcrumb","itemListElement":[{"@type":"ListItem","position":1,"name":"Portada","item":"https:\/\/www.aribau.es\/"},{"@type":"ListItem","position":2,"name":"BODEGAS","item":"https:\/\/www.aribau.es\/bodegas-2\/"},{"@type":"ListItem","position":3,"name":"JAVIER SANZ","item":"https:\/\/www.aribau.es\/bodegas-2\/javier-sanz\/"},{"@type":"ListItem","position":4,"name":"V DULCE DE INVIERNO"}]},{"@type":"WebSite","@id":"https:\/\/www.aribau.es\/#website","url":"https:\/\/www.aribau.es\/","name":"Aribau","description":"VINOS Y BODEGAS","publisher":{"@id":"https:\/\/www.aribau.es\/#organization"},"potentialAction":[{"@type":"SearchAction","target":{"@type":"EntryPoint","urlTemplate":"https:\/\/www.aribau.es\/?s={search_term_string}"},"query-input":{"@type":"PropertyValueSpecification","valueRequired":true,"valueName":"search_term_string"}}],"inLanguage":"ca"},{"@type":"Organization","@id":"https:\/\/www.aribau.es\/#organization","name":"Aribau","url":"https:\/\/www.aribau.es\/","logo":{"@type":"ImageObject","inLanguage":"ca","@id":"https:\/\/www.aribau.es\/#\/schema\/logo\/image\/","url":"https:\/\/www.aribau.es\/wp-content\/uploads\/2022\/03\/logo.png","contentUrl":"https:\/\/www.aribau.es\/wp-content\/uploads\/2022\/03\/logo.png","width":300,"height":300,"caption":"Aribau"},"image":{"@id":"https:\/\/www.aribau.es\/#\/schema\/logo\/image\/"},"sameAs":["https:\/\/www.facebook.com\/aribau1964\/","https:\/\/x.com\/aribau1964","https:\/\/www.instagram.com\/aribau1964\/"]}]}},"_links":{"self":[{"href":"https:\/\/www.aribau.es\/ca\/wp-json\/wp\/v2\/pages\/10620","targetHints":{"allow":["GET"]}}],"collection":[{"href":"https:\/\/www.aribau.es\/ca\/wp-json\/wp\/v2\/pages"}],"about":[{"href":"https:\/\/www.aribau.es\/ca\/wp-json\/wp\/v2\/types\/page"}],"author":[{"embeddable":true,"href":"https:\/\/www.aribau.es\/ca\/wp-json\/wp\/v2\/users\/3"}],"replies":[{"embeddable":true,"href":"https:\/\/www.aribau.es\/ca\/wp-json\/wp\/v2\/comments?post=10620"}],"version-history":[{"count":4,"href":"https:\/\/www.aribau.es\/ca\/wp-json\/wp\/v2\/pages\/10620\/revisions"}],"predecessor-version":[{"id":10624,"href":"https:\/\/www.aribau.es\/ca\/wp-json\/wp\/v2\/pages\/10620\/revisions\/10624"}],"up":[{"embeddable":true,"href":"https:\/\/www.aribau.es\/ca\/wp-json\/wp\/v2\/pages\/8177"}],"wp:attachment":[{"href":"https:\/\/www.aribau.es\/ca\/wp-json\/wp\/v2\/media?parent=10620"}],"curies":[{"name":"wp","href":"https:\/\/api.w.org\/{rel}","templated":true}]}}