{"id":11079,"date":"2021-05-07T12:06:03","date_gmt":"2021-05-07T11:06:03","guid":{"rendered":"https:\/\/www.aribau.es\/?page_id=11079"},"modified":"2021-05-07T12:09:04","modified_gmt":"2021-05-07T11:09:04","slug":"vina-bujanda-tempranillo","status":"publish","type":"page","link":"https:\/\/www.aribau.es\/ca\/bodegas-2\/vina-bujanda\/vina-bujanda-tempranillo\/","title":{"rendered":"VI\u00d1A BUJANDA TEMPRANILLO"},"content":{"rendered":"<div data-elementor-type=\"wp-page\" data-elementor-id=\"11079\" class=\"elementor elementor-11079\">\n\t\t\t\t\t\t<section class=\"elementor-section elementor-top-section elementor-element elementor-element-399176e5 elementor-section-boxed elementor-section-height-default elementor-section-height-default elementor-invisible\" data-id=\"399176e5\" data-element_type=\"section\" data-settings=\"{&quot;animation&quot;:&quot;fadeInUp&quot;}\">\n\t\t\t\t\t\t<div class=\"elementor-container elementor-column-gap-default\">\n\t\t\t\t\t<div class=\"elementor-column elementor-col-100 elementor-top-column elementor-element elementor-element-7aec8acc\" data-id=\"7aec8acc\" data-element_type=\"column\">\n\t\t\t<div class=\"elementor-widget-wrap elementor-element-populated\">\n\t\t\t\t\t\t<div class=\"elementor-element elementor-element-689ef80 elementor-widget elementor-widget-text-editor\" data-id=\"689ef80\" data-element_type=\"widget\" data-widget_type=\"text-editor.default\">\n\t\t\t\t<div class=\"elementor-widget-container\">\n\t\t\t\t\t\t\t\t\t<p>VI\u00d1A BUJANDA TEMPRANILLO<\/p>\t\t\t\t\t\t\t\t<\/div>\n\t\t\t\t<\/div>\n\t\t\t\t\t<\/div>\n\t\t<\/div>\n\t\t\t\t\t<\/div>\n\t\t<\/section>\n\t\t\t\t<section class=\"elementor-section elementor-top-section elementor-element elementor-element-7e55f241 elementor-section-boxed elementor-section-height-default elementor-section-height-default elementor-invisible\" data-id=\"7e55f241\" data-element_type=\"section\" data-settings=\"{&quot;animation&quot;:&quot;fadeInUp&quot;}\">\n\t\t\t\t\t\t<div class=\"elementor-container elementor-column-gap-default\">\n\t\t\t\t\t<div class=\"elementor-column elementor-col-50 elementor-top-column elementor-element elementor-element-5bd92a75\" data-id=\"5bd92a75\" data-element_type=\"column\">\n\t\t\t<div class=\"elementor-widget-wrap elementor-element-populated\">\n\t\t\t\t\t\t<div class=\"elementor-element elementor-element-6e681b8c elementor-widget elementor-widget-image\" data-id=\"6e681b8c\" data-element_type=\"widget\" data-widget_type=\"image.default\">\n\t\t\t\t<div class=\"elementor-widget-container\">\n\t\t\t\t\t\t\t\t\t\t\t\t\t\t\t<img fetchpriority=\"high\" decoding=\"async\" width=\"280\" height=\"1024\" src=\"https:\/\/www.aribau.es\/wp-content\/uploads\/2021\/02\/VINA-BUJANDA-TEMPRANILLO-NUEVA-280x1024.jpg\" class=\"elementor-animation-grow attachment-large size-large wp-image-7410\" alt=\"\" srcset=\"https:\/\/www.aribau.es\/wp-content\/uploads\/2021\/02\/VINA-BUJANDA-TEMPRANILLO-NUEVA-280x1024.jpg 280w, https:\/\/www.aribau.es\/wp-content\/uploads\/2021\/02\/VINA-BUJANDA-TEMPRANILLO-NUEVA-82x300.jpg 82w\" sizes=\"(max-width: 280px) 100vw, 280px\" \/>\t\t\t\t\t\t\t\t\t\t\t\t\t\t\t<\/div>\n\t\t\t\t<\/div>\n\t\t\t\t\t<\/div>\n\t\t<\/div>\n\t\t\t\t<div class=\"elementor-column elementor-col-50 elementor-top-column elementor-element elementor-element-1220d71e\" data-id=\"1220d71e\" data-element_type=\"column\">\n\t\t\t<div class=\"elementor-widget-wrap elementor-element-populated\">\n\t\t\t\t\t\t<div class=\"elementor-element elementor-element-74ef9591 elementor-widget elementor-widget-text-editor\" data-id=\"74ef9591\" data-element_type=\"widget\" data-widget_type=\"text-editor.default\">\n\t\t\t\t<div class=\"elementor-widget-container\">\n\t\t\t\t\t\t\t\t\t<p>VARIETATS DE RA\u00cfM<\/p>\t\t\t\t\t\t\t\t<\/div>\n\t\t\t\t<\/div>\n\t\t\t\t<div class=\"elementor-element elementor-element-302a4133 elementor-widget elementor-widget-text-editor\" data-id=\"302a4133\" data-element_type=\"widget\" data-widget_type=\"text-editor.default\">\n\t\t\t\t<div class=\"elementor-widget-container\">\n\t\t\t\t\t\t\t\t\t<p>Ull de llebre<\/p>\t\t\t\t\t\t\t\t<\/div>\n\t\t\t\t<\/div>\n\t\t\t\t<div class=\"elementor-element elementor-element-6e56f2a elementor-widget elementor-widget-text-editor\" data-id=\"6e56f2a\" data-element_type=\"widget\" data-widget_type=\"text-editor.default\">\n\t\t\t\t<div class=\"elementor-widget-container\">\n\t\t\t\t\t\t\t\t\t<p>CRIAN\u00c7A<\/p>\t\t\t\t\t\t\t\t<\/div>\n\t\t\t\t<\/div>\n\t\t\t\t<div class=\"elementor-element elementor-element-28d149e4 elementor-widget elementor-widget-text-editor\" data-id=\"28d149e4\" data-element_type=\"widget\" data-widget_type=\"text-editor.default\">\n\t\t\t\t<div class=\"elementor-widget-container\">\n\t\t\t\t\t\t\t\t\t<p>Sense crian\u00e7a<\/p>\t\t\t\t\t\t\t\t<\/div>\n\t\t\t\t<\/div>\n\t\t\t\t<div class=\"elementor-element elementor-element-5121bf5a elementor-widget elementor-widget-text-editor\" data-id=\"5121bf5a\" data-element_type=\"widget\" data-widget_type=\"text-editor.default\">\n\t\t\t\t<div class=\"elementor-widget-container\">\n\t\t\t\t\t\t\t\t\t<p>DENOMINACI\u00d3 D'ORIGEN<\/p>\t\t\t\t\t\t\t\t<\/div>\n\t\t\t\t<\/div>\n\t\t\t\t<div class=\"elementor-element elementor-element-60e1a536 elementor-widget elementor-widget-image\" data-id=\"60e1a536\" data-element_type=\"widget\" data-widget_type=\"image.default\">\n\t\t\t\t<div class=\"elementor-widget-container\">\n\t\t\t\t\t\t\t\t\t\t\t\t\t\t\t<img decoding=\"async\" width=\"1920\" height=\"1718\" src=\"https:\/\/www.aribau.es\/wp-content\/uploads\/2021\/04\/DOCA-RIOJA.jpg\" class=\"attachment-full size-full wp-image-10475\" alt=\"\" srcset=\"https:\/\/www.aribau.es\/wp-content\/uploads\/2021\/04\/DOCA-RIOJA.jpg 1920w, https:\/\/www.aribau.es\/wp-content\/uploads\/2021\/04\/DOCA-RIOJA-300x268.jpg 300w, https:\/\/www.aribau.es\/wp-content\/uploads\/2021\/04\/DOCA-RIOJA-1024x916.jpg 1024w, https:\/\/www.aribau.es\/wp-content\/uploads\/2021\/04\/DOCA-RIOJA-768x687.jpg 768w, https:\/\/www.aribau.es\/wp-content\/uploads\/2021\/04\/DOCA-RIOJA-1536x1374.jpg 1536w\" sizes=\"(max-width: 1920px) 100vw, 1920px\" \/>\t\t\t\t\t\t\t\t\t\t\t\t\t\t\t<\/div>\n\t\t\t\t<\/div>\n\t\t\t\t<div class=\"elementor-element elementor-element-3904e6c7 elementor-widget elementor-widget-text-editor\" data-id=\"3904e6c7\" data-element_type=\"widget\" data-widget_type=\"text-editor.default\">\n\t\t\t\t<div class=\"elementor-widget-container\">\n\t\t\t\t\t\t\t\t\t<p>DESCRIPCI\u00d3<\/p>\t\t\t\t\t\t\t\t<\/div>\n\t\t\t\t<\/div>\n\t\t\t\t<div class=\"elementor-element elementor-element-73b5f97b elementor-widget elementor-widget-text-editor\" data-id=\"73b5f97b\" data-element_type=\"widget\" data-widget_type=\"text-editor.default\">\n\t\t\t\t<div class=\"elementor-widget-container\">\n\t\t\t\t\t\t\t\t\t<p class=\"MsoNormal\">Color: Intensitat mitjana alta, de tonalitat blavosa i viol\u00e0cia. Ll\u00e0grima tenyida abundant i densa.<\/p><p class=\"MsoNormal\">Nas: Intensitat alta, amb prec\u00eds car\u00e0cter d'ull de llebre Rioja, destacant les aromes de fruits negres i vermells com el gerd, el cassis i la mora, barrejats amb aromes lactis i lleugers records de caramel de nata.<\/p><p>\u00a0<\/p><p class=\"MsoNormal\">Gust: Atac en boca molt suau, amb envoltant desenvolupament mostrant una gran c\u00e0rrega glic\u00e8rica que li permet desenvolupar un conjunt final molt llarg.<\/p>\t\t\t\t\t\t\t\t<\/div>\n\t\t\t\t<\/div>\n\t\t\t\t\t<\/div>\n\t\t<\/div>\n\t\t\t\t\t<\/div>\n\t\t<\/section>\n\t\t\t\t<section class=\"elementor-section elementor-top-section elementor-element elementor-element-43a31b6 elementor-section-boxed elementor-section-height-default elementor-section-height-default\" data-id=\"43a31b6\" data-element_type=\"section\">\n\t\t\t\t\t\t<div class=\"elementor-container elementor-column-gap-default\">\n\t\t\t\t\t<div class=\"elementor-column elementor-col-100 elementor-top-column elementor-element elementor-element-b3b4c43\" data-id=\"b3b4c43\" data-element_type=\"column\">\n\t\t\t<div class=\"elementor-widget-wrap elementor-element-populated\">\n\t\t\t\t\t\t<div class=\"elementor-element elementor-element-032599e elementor-widget elementor-widget-spacer\" data-id=\"032599e\" data-element_type=\"widget\" data-widget_type=\"spacer.default\">\n\t\t\t\t<div class=\"elementor-widget-container\">\n\t\t\t\t\t\t\t<div class=\"elementor-spacer\">\n\t\t\t<div class=\"elementor-spacer-inner\"><\/div>\n\t\t<\/div>\n\t\t\t\t\t\t<\/div>\n\t\t\t\t<\/div>\n\t\t\t\t\t<\/div>\n\t\t<\/div>\n\t\t\t\t\t<\/div>\n\t\t<\/section>\n\t\t\t\t<\/div>","protected":false},"excerpt":{"rendered":"<p>VI\u00d1A BUJANDA TEMPRANILLO variedades de uva Tempranillo Crianza Sin crianza Denominaci\u00f3n de origen descripci\u00f3n Color: Intensidad media alta, de tonalidad azulada y viol\u00e1cea. L\u00e1grima te\u00f1ida abundante y densa. Nariz: Intensidad alta, con preciso car\u00e1cter de tempranillo riojano, destacando los aromas de frutos negros y rojos como la frambuesa, el casis y la mora, mezclados con &#8230; <a title=\"VI\u00d1A BUJANDA TEMPRANILLO\" class=\"read-more\" href=\"https:\/\/www.aribau.es\/ca\/bodegas-2\/vina-bujanda\/vina-bujanda-tempranillo\/\" aria-label=\"M\u00e9s informaci\u00f3 sobre VI\u00d1A BUJANDA TEMPRANILLO\">Llegiu m\u00e9s<\/a><\/p>","protected":false},"author":3,"featured_media":0,"parent":8232,"menu_order":0,"comment_status":"closed","ping_status":"closed","template":"elementor_header_footer","meta":{"footnotes":""},"class_list":["post-11079","page","type-page","status-publish"],"yoast_head":"<!-- This site is optimized with the Yoast SEO plugin v26.7 - https:\/\/yoast.com\/wordpress\/plugins\/seo\/ -->\n<title>VI\u00d1A BUJANDA TEMPRANILLO - Aribau<\/title>\n<meta name=\"robots\" content=\"index, follow, max-snippet:-1, max-image-preview:large, max-video-preview:-1\" \/>\n<link rel=\"canonical\" href=\"https:\/\/www.aribau.es\/ca\/bodegas-2\/vina-bujanda\/vina-bujanda-tempranillo\/\" \/>\n<meta property=\"og:locale\" content=\"ca_ES\" \/>\n<meta property=\"og:type\" content=\"article\" \/>\n<meta property=\"og:title\" content=\"VI\u00d1A BUJANDA TEMPRANILLO - Aribau\" \/>\n<meta property=\"og:description\" content=\"VI\u00d1A BUJANDA TEMPRANILLO variedades de uva Tempranillo Crianza Sin crianza Denominaci\u00f3n de origen descripci\u00f3n Color: Intensidad media alta, de tonalidad azulada y viol\u00e1cea. L\u00e1grima te\u00f1ida abundante y densa. Nariz: Intensidad alta, con preciso car\u00e1cter de tempranillo riojano, destacando los aromas de frutos negros y rojos como la frambuesa, el casis y la mora, mezclados con ... Llegiu m\u00e9s\" \/>\n<meta property=\"og:url\" content=\"https:\/\/www.aribau.es\/ca\/bodegas-2\/vina-bujanda\/vina-bujanda-tempranillo\/\" \/>\n<meta property=\"og:site_name\" content=\"Aribau\" \/>\n<meta property=\"article:publisher\" content=\"https:\/\/www.facebook.com\/aribau1964\/\" \/>\n<meta property=\"article:modified_time\" content=\"2021-05-07T11:09:04+00:00\" \/>\n<meta property=\"og:image\" content=\"https:\/\/www.aribau.es\/wp-content\/uploads\/2021\/02\/VINA-BUJANDA-TEMPRANILLO-NUEVA-280x1024.jpg\" \/>\n<meta name=\"twitter:card\" content=\"summary_large_image\" \/>\n<meta name=\"twitter:site\" content=\"@aribau1964\" \/>\n<script type=\"application\/ld+json\" class=\"yoast-schema-graph\">{\"@context\":\"https:\/\/schema.org\",\"@graph\":[{\"@type\":\"WebPage\",\"@id\":\"https:\/\/www.aribau.es\/bodegas-2\/vina-bujanda\/vina-bujanda-tempranillo\/\",\"url\":\"https:\/\/www.aribau.es\/bodegas-2\/vina-bujanda\/vina-bujanda-tempranillo\/\",\"name\":\"VI\u00d1A BUJANDA TEMPRANILLO - Aribau\",\"isPartOf\":{\"@id\":\"https:\/\/www.aribau.es\/#website\"},\"primaryImageOfPage\":{\"@id\":\"https:\/\/www.aribau.es\/bodegas-2\/vina-bujanda\/vina-bujanda-tempranillo\/#primaryimage\"},\"image\":{\"@id\":\"https:\/\/www.aribau.es\/bodegas-2\/vina-bujanda\/vina-bujanda-tempranillo\/#primaryimage\"},\"thumbnailUrl\":\"https:\/\/www.aribau.es\/wp-content\/uploads\/2021\/02\/VINA-BUJANDA-TEMPRANILLO-NUEVA-280x1024.jpg\",\"datePublished\":\"2021-05-07T11:06:03+00:00\",\"dateModified\":\"2021-05-07T11:09:04+00:00\",\"breadcrumb\":{\"@id\":\"https:\/\/www.aribau.es\/bodegas-2\/vina-bujanda\/vina-bujanda-tempranillo\/#breadcrumb\"},\"inLanguage\":\"ca\",\"potentialAction\":[{\"@type\":\"ReadAction\",\"target\":[\"https:\/\/www.aribau.es\/bodegas-2\/vina-bujanda\/vina-bujanda-tempranillo\/\"]}]},{\"@type\":\"ImageObject\",\"inLanguage\":\"ca\",\"@id\":\"https:\/\/www.aribau.es\/bodegas-2\/vina-bujanda\/vina-bujanda-tempranillo\/#primaryimage\",\"url\":\"https:\/\/www.aribau.es\/wp-content\/uploads\/2021\/02\/VINA-BUJANDA-TEMPRANILLO-NUEVA-280x1024.jpg\",\"contentUrl\":\"https:\/\/www.aribau.es\/wp-content\/uploads\/2021\/02\/VINA-BUJANDA-TEMPRANILLO-NUEVA-280x1024.jpg\"},{\"@type\":\"BreadcrumbList\",\"@id\":\"https:\/\/www.aribau.es\/bodegas-2\/vina-bujanda\/vina-bujanda-tempranillo\/#breadcrumb\",\"itemListElement\":[{\"@type\":\"ListItem\",\"position\":1,\"name\":\"Portada\",\"item\":\"https:\/\/www.aribau.es\/\"},{\"@type\":\"ListItem\",\"position\":2,\"name\":\"BODEGAS\",\"item\":\"https:\/\/www.aribau.es\/bodegas-2\/\"},{\"@type\":\"ListItem\",\"position\":3,\"name\":\"VI\u00d1A BUJANDA\",\"item\":\"https:\/\/www.aribau.es\/bodegas-2\/vina-bujanda\/\"},{\"@type\":\"ListItem\",\"position\":4,\"name\":\"VI\u00d1A BUJANDA TEMPRANILLO\"}]},{\"@type\":\"WebSite\",\"@id\":\"https:\/\/www.aribau.es\/#website\",\"url\":\"https:\/\/www.aribau.es\/\",\"name\":\"Aribau\",\"description\":\"VINOS Y BODEGAS\",\"publisher\":{\"@id\":\"https:\/\/www.aribau.es\/#organization\"},\"potentialAction\":[{\"@type\":\"SearchAction\",\"target\":{\"@type\":\"EntryPoint\",\"urlTemplate\":\"https:\/\/www.aribau.es\/?s={search_term_string}\"},\"query-input\":{\"@type\":\"PropertyValueSpecification\",\"valueRequired\":true,\"valueName\":\"search_term_string\"}}],\"inLanguage\":\"ca\"},{\"@type\":\"Organization\",\"@id\":\"https:\/\/www.aribau.es\/#organization\",\"name\":\"Aribau\",\"url\":\"https:\/\/www.aribau.es\/\",\"logo\":{\"@type\":\"ImageObject\",\"inLanguage\":\"ca\",\"@id\":\"https:\/\/www.aribau.es\/#\/schema\/logo\/image\/\",\"url\":\"https:\/\/www.aribau.es\/wp-content\/uploads\/2022\/03\/logo.png\",\"contentUrl\":\"https:\/\/www.aribau.es\/wp-content\/uploads\/2022\/03\/logo.png\",\"width\":300,\"height\":300,\"caption\":\"Aribau\"},\"image\":{\"@id\":\"https:\/\/www.aribau.es\/#\/schema\/logo\/image\/\"},\"sameAs\":[\"https:\/\/www.facebook.com\/aribau1964\/\",\"https:\/\/x.com\/aribau1964\",\"https:\/\/www.instagram.com\/aribau1964\/\"]}]}<\/script>\n<!-- \/ Yoast SEO plugin. -->","yoast_head_json":{"title":"VI\u00d1A BUJANDA TEMPRANILLO - Aribau","robots":{"index":"index","follow":"follow","max-snippet":"max-snippet:-1","max-image-preview":"max-image-preview:large","max-video-preview":"max-video-preview:-1"},"canonical":"https:\/\/www.aribau.es\/ca\/bodegas-2\/vina-bujanda\/vina-bujanda-tempranillo\/","og_locale":"ca_ES","og_type":"article","og_title":"VI\u00d1A BUJANDA TEMPRANILLO - Aribau","og_description":"VI\u00d1A BUJANDA TEMPRANILLO variedades de uva Tempranillo Crianza Sin crianza Denominaci\u00f3n de origen descripci\u00f3n Color: Intensidad media alta, de tonalidad azulada y viol\u00e1cea. L\u00e1grima te\u00f1ida abundante y densa. Nariz: Intensidad alta, con preciso car\u00e1cter de tempranillo riojano, destacando los aromas de frutos negros y rojos como la frambuesa, el casis y la mora, mezclados con ... Llegiu m\u00e9s","og_url":"https:\/\/www.aribau.es\/ca\/bodegas-2\/vina-bujanda\/vina-bujanda-tempranillo\/","og_site_name":"Aribau","article_publisher":"https:\/\/www.facebook.com\/aribau1964\/","article_modified_time":"2021-05-07T11:09:04+00:00","og_image":[{"url":"https:\/\/www.aribau.es\/wp-content\/uploads\/2021\/02\/VINA-BUJANDA-TEMPRANILLO-NUEVA-280x1024.jpg","type":"","width":"","height":""}],"twitter_card":"summary_large_image","twitter_site":"@aribau1964","schema":{"@context":"https:\/\/schema.org","@graph":[{"@type":"WebPage","@id":"https:\/\/www.aribau.es\/bodegas-2\/vina-bujanda\/vina-bujanda-tempranillo\/","url":"https:\/\/www.aribau.es\/bodegas-2\/vina-bujanda\/vina-bujanda-tempranillo\/","name":"VI\u00d1A BUJANDA TEMPRANILLO - Aribau","isPartOf":{"@id":"https:\/\/www.aribau.es\/#website"},"primaryImageOfPage":{"@id":"https:\/\/www.aribau.es\/bodegas-2\/vina-bujanda\/vina-bujanda-tempranillo\/#primaryimage"},"image":{"@id":"https:\/\/www.aribau.es\/bodegas-2\/vina-bujanda\/vina-bujanda-tempranillo\/#primaryimage"},"thumbnailUrl":"https:\/\/www.aribau.es\/wp-content\/uploads\/2021\/02\/VINA-BUJANDA-TEMPRANILLO-NUEVA-280x1024.jpg","datePublished":"2021-05-07T11:06:03+00:00","dateModified":"2021-05-07T11:09:04+00:00","breadcrumb":{"@id":"https:\/\/www.aribau.es\/bodegas-2\/vina-bujanda\/vina-bujanda-tempranillo\/#breadcrumb"},"inLanguage":"ca","potentialAction":[{"@type":"ReadAction","target":["https:\/\/www.aribau.es\/bodegas-2\/vina-bujanda\/vina-bujanda-tempranillo\/"]}]},{"@type":"ImageObject","inLanguage":"ca","@id":"https:\/\/www.aribau.es\/bodegas-2\/vina-bujanda\/vina-bujanda-tempranillo\/#primaryimage","url":"https:\/\/www.aribau.es\/wp-content\/uploads\/2021\/02\/VINA-BUJANDA-TEMPRANILLO-NUEVA-280x1024.jpg","contentUrl":"https:\/\/www.aribau.es\/wp-content\/uploads\/2021\/02\/VINA-BUJANDA-TEMPRANILLO-NUEVA-280x1024.jpg"},{"@type":"BreadcrumbList","@id":"https:\/\/www.aribau.es\/bodegas-2\/vina-bujanda\/vina-bujanda-tempranillo\/#breadcrumb","itemListElement":[{"@type":"ListItem","position":1,"name":"Portada","item":"https:\/\/www.aribau.es\/"},{"@type":"ListItem","position":2,"name":"BODEGAS","item":"https:\/\/www.aribau.es\/bodegas-2\/"},{"@type":"ListItem","position":3,"name":"VI\u00d1A BUJANDA","item":"https:\/\/www.aribau.es\/bodegas-2\/vina-bujanda\/"},{"@type":"ListItem","position":4,"name":"VI\u00d1A BUJANDA TEMPRANILLO"}]},{"@type":"WebSite","@id":"https:\/\/www.aribau.es\/#website","url":"https:\/\/www.aribau.es\/","name":"Aribau","description":"VINOS Y BODEGAS","publisher":{"@id":"https:\/\/www.aribau.es\/#organization"},"potentialAction":[{"@type":"SearchAction","target":{"@type":"EntryPoint","urlTemplate":"https:\/\/www.aribau.es\/?s={search_term_string}"},"query-input":{"@type":"PropertyValueSpecification","valueRequired":true,"valueName":"search_term_string"}}],"inLanguage":"ca"},{"@type":"Organization","@id":"https:\/\/www.aribau.es\/#organization","name":"Aribau","url":"https:\/\/www.aribau.es\/","logo":{"@type":"ImageObject","inLanguage":"ca","@id":"https:\/\/www.aribau.es\/#\/schema\/logo\/image\/","url":"https:\/\/www.aribau.es\/wp-content\/uploads\/2022\/03\/logo.png","contentUrl":"https:\/\/www.aribau.es\/wp-content\/uploads\/2022\/03\/logo.png","width":300,"height":300,"caption":"Aribau"},"image":{"@id":"https:\/\/www.aribau.es\/#\/schema\/logo\/image\/"},"sameAs":["https:\/\/www.facebook.com\/aribau1964\/","https:\/\/x.com\/aribau1964","https:\/\/www.instagram.com\/aribau1964\/"]}]}},"_links":{"self":[{"href":"https:\/\/www.aribau.es\/ca\/wp-json\/wp\/v2\/pages\/11079","targetHints":{"allow":["GET"]}}],"collection":[{"href":"https:\/\/www.aribau.es\/ca\/wp-json\/wp\/v2\/pages"}],"about":[{"href":"https:\/\/www.aribau.es\/ca\/wp-json\/wp\/v2\/types\/page"}],"author":[{"embeddable":true,"href":"https:\/\/www.aribau.es\/ca\/wp-json\/wp\/v2\/users\/3"}],"replies":[{"embeddable":true,"href":"https:\/\/www.aribau.es\/ca\/wp-json\/wp\/v2\/comments?post=11079"}],"version-history":[{"count":4,"href":"https:\/\/www.aribau.es\/ca\/wp-json\/wp\/v2\/pages\/11079\/revisions"}],"predecessor-version":[{"id":11083,"href":"https:\/\/www.aribau.es\/ca\/wp-json\/wp\/v2\/pages\/11079\/revisions\/11083"}],"up":[{"embeddable":true,"href":"https:\/\/www.aribau.es\/ca\/wp-json\/wp\/v2\/pages\/8232"}],"wp:attachment":[{"href":"https:\/\/www.aribau.es\/ca\/wp-json\/wp\/v2\/media?parent=11079"}],"curies":[{"name":"wp","href":"https:\/\/api.w.org\/{rel}","templated":true}]}}