{"id":11084,"date":"2021-05-07T12:09:36","date_gmt":"2021-05-07T11:09:36","guid":{"rendered":"https:\/\/www.aribau.es\/?page_id=11084"},"modified":"2021-05-07T12:12:35","modified_gmt":"2021-05-07T11:12:35","slug":"vina-bujanda-organic-wine","status":"publish","type":"page","link":"https:\/\/www.aribau.es\/ca\/bodegas-2\/vina-bujanda\/vina-bujanda-organic-wine\/","title":{"rendered":"VI\u00d1A BUJANDA ORGANIC WINE"},"content":{"rendered":"<div data-elementor-type=\"wp-page\" data-elementor-id=\"11084\" class=\"elementor elementor-11084\">\n\t\t\t\t\t\t<section class=\"elementor-section elementor-top-section elementor-element elementor-element-3ade7c1 elementor-section-boxed elementor-section-height-default elementor-section-height-default elementor-invisible\" data-id=\"3ade7c1\" data-element_type=\"section\" data-settings=\"{&quot;animation&quot;:&quot;fadeInUp&quot;}\">\n\t\t\t\t\t\t<div class=\"elementor-container elementor-column-gap-default\">\n\t\t\t\t\t<div class=\"elementor-column elementor-col-100 elementor-top-column elementor-element elementor-element-7693ec45\" data-id=\"7693ec45\" data-element_type=\"column\">\n\t\t\t<div class=\"elementor-widget-wrap elementor-element-populated\">\n\t\t\t\t\t\t<div class=\"elementor-element elementor-element-23d3786a elementor-widget elementor-widget-text-editor\" data-id=\"23d3786a\" data-element_type=\"widget\" data-widget_type=\"text-editor.default\">\n\t\t\t\t<div class=\"elementor-widget-container\">\n\t\t\t\t\t\t\t\t\t<p>vi\u00f1a bujanda organic wine<\/p>\t\t\t\t\t\t\t\t<\/div>\n\t\t\t\t<\/div>\n\t\t\t\t\t<\/div>\n\t\t<\/div>\n\t\t\t\t\t<\/div>\n\t\t<\/section>\n\t\t\t\t<section class=\"elementor-section elementor-top-section elementor-element elementor-element-75a13e81 elementor-section-boxed elementor-section-height-default elementor-section-height-default elementor-invisible\" data-id=\"75a13e81\" data-element_type=\"section\" data-settings=\"{&quot;animation&quot;:&quot;fadeInUp&quot;}\">\n\t\t\t\t\t\t<div class=\"elementor-container elementor-column-gap-default\">\n\t\t\t\t\t<div class=\"elementor-column elementor-col-50 elementor-top-column elementor-element elementor-element-6e34c784\" data-id=\"6e34c784\" data-element_type=\"column\">\n\t\t\t<div class=\"elementor-widget-wrap elementor-element-populated\">\n\t\t\t\t\t\t<div class=\"elementor-element elementor-element-d6b9ca5 elementor-widget elementor-widget-image\" data-id=\"d6b9ca5\" data-element_type=\"widget\" data-widget_type=\"image.default\">\n\t\t\t\t<div class=\"elementor-widget-container\">\n\t\t\t\t\t\t\t\t\t\t\t\t\t\t\t<img fetchpriority=\"high\" decoding=\"async\" width=\"280\" height=\"1024\" src=\"https:\/\/www.aribau.es\/wp-content\/uploads\/2021\/02\/VINA-BUJANDA-ORGANIC-WINE-280x1024.jpg\" class=\"elementor-animation-grow attachment-large size-large wp-image-7407\" alt=\"\" srcset=\"https:\/\/www.aribau.es\/wp-content\/uploads\/2021\/02\/VINA-BUJANDA-ORGANIC-WINE-280x1024.jpg 280w, https:\/\/www.aribau.es\/wp-content\/uploads\/2021\/02\/VINA-BUJANDA-ORGANIC-WINE-82x300.jpg 82w\" sizes=\"(max-width: 280px) 100vw, 280px\" \/>\t\t\t\t\t\t\t\t\t\t\t\t\t\t\t<\/div>\n\t\t\t\t<\/div>\n\t\t\t\t\t<\/div>\n\t\t<\/div>\n\t\t\t\t<div class=\"elementor-column elementor-col-50 elementor-top-column elementor-element elementor-element-1cf6583d\" data-id=\"1cf6583d\" data-element_type=\"column\">\n\t\t\t<div class=\"elementor-widget-wrap elementor-element-populated\">\n\t\t\t\t\t\t<div class=\"elementor-element elementor-element-578ef72c elementor-widget elementor-widget-text-editor\" data-id=\"578ef72c\" data-element_type=\"widget\" data-widget_type=\"text-editor.default\">\n\t\t\t\t<div class=\"elementor-widget-container\">\n\t\t\t\t\t\t\t\t\t<p>VARIETATS DE RA\u00cfM<\/p>\t\t\t\t\t\t\t\t<\/div>\n\t\t\t\t<\/div>\n\t\t\t\t<div class=\"elementor-element elementor-element-60594f56 elementor-widget elementor-widget-text-editor\" data-id=\"60594f56\" data-element_type=\"widget\" data-widget_type=\"text-editor.default\">\n\t\t\t\t<div class=\"elementor-widget-container\">\n\t\t\t\t\t\t\t\t\t<p>Ull de llebre<\/p>\t\t\t\t\t\t\t\t<\/div>\n\t\t\t\t<\/div>\n\t\t\t\t<div class=\"elementor-element elementor-element-40e3ed2e elementor-widget elementor-widget-text-editor\" data-id=\"40e3ed2e\" data-element_type=\"widget\" data-widget_type=\"text-editor.default\">\n\t\t\t\t<div class=\"elementor-widget-container\">\n\t\t\t\t\t\t\t\t\t<p>CRIAN\u00c7A<\/p>\t\t\t\t\t\t\t\t<\/div>\n\t\t\t\t<\/div>\n\t\t\t\t<div class=\"elementor-element elementor-element-1c2d158e elementor-widget elementor-widget-text-editor\" data-id=\"1c2d158e\" data-element_type=\"widget\" data-widget_type=\"text-editor.default\">\n\t\t\t\t<div class=\"elementor-widget-container\">\n\t\t\t\t\t\t\t\t\t<p>3 mesos<\/p>\t\t\t\t\t\t\t\t<\/div>\n\t\t\t\t<\/div>\n\t\t\t\t<div class=\"elementor-element elementor-element-3ab23f08 elementor-widget elementor-widget-text-editor\" data-id=\"3ab23f08\" data-element_type=\"widget\" data-widget_type=\"text-editor.default\">\n\t\t\t\t<div class=\"elementor-widget-container\">\n\t\t\t\t\t\t\t\t\t<p>DENOMINACI\u00d3 D'ORIGEN<\/p>\t\t\t\t\t\t\t\t<\/div>\n\t\t\t\t<\/div>\n\t\t\t\t<div class=\"elementor-element elementor-element-7a8482a6 elementor-widget elementor-widget-image\" data-id=\"7a8482a6\" data-element_type=\"widget\" data-widget_type=\"image.default\">\n\t\t\t\t<div class=\"elementor-widget-container\">\n\t\t\t\t\t\t\t\t\t\t\t\t\t\t\t<img decoding=\"async\" width=\"1920\" height=\"1718\" src=\"https:\/\/www.aribau.es\/wp-content\/uploads\/2021\/04\/DOCA-RIOJA.jpg\" class=\"attachment-full size-full wp-image-10475\" alt=\"\" srcset=\"https:\/\/www.aribau.es\/wp-content\/uploads\/2021\/04\/DOCA-RIOJA.jpg 1920w, https:\/\/www.aribau.es\/wp-content\/uploads\/2021\/04\/DOCA-RIOJA-300x268.jpg 300w, https:\/\/www.aribau.es\/wp-content\/uploads\/2021\/04\/DOCA-RIOJA-1024x916.jpg 1024w, https:\/\/www.aribau.es\/wp-content\/uploads\/2021\/04\/DOCA-RIOJA-768x687.jpg 768w, https:\/\/www.aribau.es\/wp-content\/uploads\/2021\/04\/DOCA-RIOJA-1536x1374.jpg 1536w\" sizes=\"(max-width: 1920px) 100vw, 1920px\" \/>\t\t\t\t\t\t\t\t\t\t\t\t\t\t\t<\/div>\n\t\t\t\t<\/div>\n\t\t\t\t<div class=\"elementor-element elementor-element-3a67d86e elementor-widget elementor-widget-text-editor\" data-id=\"3a67d86e\" data-element_type=\"widget\" data-widget_type=\"text-editor.default\">\n\t\t\t\t<div class=\"elementor-widget-container\">\n\t\t\t\t\t\t\t\t\t<p>DESCRIPCI\u00d3<\/p>\t\t\t\t\t\t\t\t<\/div>\n\t\t\t\t<\/div>\n\t\t\t\t<div class=\"elementor-element elementor-element-3e3048a1 elementor-widget elementor-widget-text-editor\" data-id=\"3e3048a1\" data-element_type=\"widget\" data-widget_type=\"text-editor.default\">\n\t\t\t\t<div class=\"elementor-widget-container\">\n\t\t\t\t\t\t\t\t\t<p class=\"MsoNormal\">Color: Net, brillant, amb una intensitat mitjana-alta, presenta preciosos tons blaus i violacis.<o:p><\/o:p><\/p><p class=\"MsoNormal\">Nas: Aromes de fruits vermells i negres (groselles, mores i gerds) barrejats amb amables aromes l\u00e0ctics.<o:p><\/o:p><\/p><p>\n\n\n\n<\/p><p class=\"MsoNormal\">Gust: Entrada en boca suau, molt amable de gran recorregut i rod\u00f3, llarg record en el postgust.<o:p><\/o:p><\/p>\t\t\t\t\t\t\t\t<\/div>\n\t\t\t\t<\/div>\n\t\t\t\t\t<\/div>\n\t\t<\/div>\n\t\t\t\t\t<\/div>\n\t\t<\/section>\n\t\t\t\t<section class=\"elementor-section elementor-top-section elementor-element elementor-element-a37722b elementor-section-boxed elementor-section-height-default elementor-section-height-default\" data-id=\"a37722b\" data-element_type=\"section\">\n\t\t\t\t\t\t<div class=\"elementor-container elementor-column-gap-default\">\n\t\t\t\t\t<div class=\"elementor-column elementor-col-100 elementor-top-column elementor-element elementor-element-3b18f50\" data-id=\"3b18f50\" data-element_type=\"column\">\n\t\t\t<div class=\"elementor-widget-wrap elementor-element-populated\">\n\t\t\t\t\t\t<div class=\"elementor-element elementor-element-b5e1085 elementor-widget elementor-widget-spacer\" data-id=\"b5e1085\" data-element_type=\"widget\" data-widget_type=\"spacer.default\">\n\t\t\t\t<div class=\"elementor-widget-container\">\n\t\t\t\t\t\t\t<div class=\"elementor-spacer\">\n\t\t\t<div class=\"elementor-spacer-inner\"><\/div>\n\t\t<\/div>\n\t\t\t\t\t\t<\/div>\n\t\t\t\t<\/div>\n\t\t\t\t\t<\/div>\n\t\t<\/div>\n\t\t\t\t\t<\/div>\n\t\t<\/section>\n\t\t\t\t<\/div>","protected":false},"excerpt":{"rendered":"<p>vi\u00f1a bujanda organic wine variedades de uva Tempranillo Crianza 3 meses Denominaci\u00f3n de origen descripci\u00f3n Color: Limpio, brillante, con una intensidad media-alta, presenta preciosos tonos azulados y viol\u00e1ceos. Nariz: Aromas de frutos rojos y negros (grosellas, moras y frambuesas) mezclados con amables aromas l\u00e1cteos. Gusto: Entrada en boca suave, muy amable de gran recorrido y &#8230; <a title=\"VI\u00d1A BUJANDA ORGANIC WINE\" class=\"read-more\" href=\"https:\/\/www.aribau.es\/ca\/bodegas-2\/vina-bujanda\/vina-bujanda-organic-wine\/\" aria-label=\"M\u00e9s informaci\u00f3 sobre VI\u00d1A BUJANDA ORGANIC WINE\">Llegiu m\u00e9s<\/a><\/p>","protected":false},"author":3,"featured_media":0,"parent":8232,"menu_order":0,"comment_status":"closed","ping_status":"closed","template":"elementor_header_footer","meta":{"footnotes":""},"class_list":["post-11084","page","type-page","status-publish"],"yoast_head":"<!-- This site is optimized with the Yoast SEO plugin v26.7 - https:\/\/yoast.com\/wordpress\/plugins\/seo\/ -->\n<title>VI\u00d1A BUJANDA ORGANIC WINE - Aribau<\/title>\n<meta name=\"robots\" content=\"index, follow, max-snippet:-1, max-image-preview:large, max-video-preview:-1\" \/>\n<link rel=\"canonical\" href=\"https:\/\/www.aribau.es\/ca\/bodegas-2\/vina-bujanda\/vina-bujanda-organic-wine\/\" \/>\n<meta property=\"og:locale\" content=\"ca_ES\" \/>\n<meta property=\"og:type\" content=\"article\" \/>\n<meta property=\"og:title\" content=\"VI\u00d1A BUJANDA ORGANIC WINE - Aribau\" \/>\n<meta property=\"og:description\" content=\"vi\u00f1a bujanda organic wine variedades de uva Tempranillo Crianza 3 meses Denominaci\u00f3n de origen descripci\u00f3n Color: Limpio, brillante, con una intensidad media-alta, presenta preciosos tonos azulados y viol\u00e1ceos. Nariz: Aromas de frutos rojos y negros (grosellas, moras y frambuesas) mezclados con amables aromas l\u00e1cteos. Gusto: Entrada en boca suave, muy amable de gran recorrido y ... Llegiu m\u00e9s\" \/>\n<meta property=\"og:url\" content=\"https:\/\/www.aribau.es\/ca\/bodegas-2\/vina-bujanda\/vina-bujanda-organic-wine\/\" \/>\n<meta property=\"og:site_name\" content=\"Aribau\" \/>\n<meta property=\"article:publisher\" content=\"https:\/\/www.facebook.com\/aribau1964\/\" \/>\n<meta property=\"article:modified_time\" content=\"2021-05-07T11:12:35+00:00\" \/>\n<meta property=\"og:image\" content=\"https:\/\/www.aribau.es\/wp-content\/uploads\/2021\/02\/VINA-BUJANDA-ORGANIC-WINE-280x1024.jpg\" \/>\n<meta name=\"twitter:card\" content=\"summary_large_image\" \/>\n<meta name=\"twitter:site\" content=\"@aribau1964\" \/>\n<script type=\"application\/ld+json\" class=\"yoast-schema-graph\">{\"@context\":\"https:\/\/schema.org\",\"@graph\":[{\"@type\":\"WebPage\",\"@id\":\"https:\/\/www.aribau.es\/bodegas-2\/vina-bujanda\/vina-bujanda-organic-wine\/\",\"url\":\"https:\/\/www.aribau.es\/bodegas-2\/vina-bujanda\/vina-bujanda-organic-wine\/\",\"name\":\"VI\u00d1A BUJANDA ORGANIC WINE - Aribau\",\"isPartOf\":{\"@id\":\"https:\/\/www.aribau.es\/#website\"},\"primaryImageOfPage\":{\"@id\":\"https:\/\/www.aribau.es\/bodegas-2\/vina-bujanda\/vina-bujanda-organic-wine\/#primaryimage\"},\"image\":{\"@id\":\"https:\/\/www.aribau.es\/bodegas-2\/vina-bujanda\/vina-bujanda-organic-wine\/#primaryimage\"},\"thumbnailUrl\":\"https:\/\/www.aribau.es\/wp-content\/uploads\/2021\/02\/VINA-BUJANDA-ORGANIC-WINE-280x1024.jpg\",\"datePublished\":\"2021-05-07T11:09:36+00:00\",\"dateModified\":\"2021-05-07T11:12:35+00:00\",\"breadcrumb\":{\"@id\":\"https:\/\/www.aribau.es\/bodegas-2\/vina-bujanda\/vina-bujanda-organic-wine\/#breadcrumb\"},\"inLanguage\":\"ca\",\"potentialAction\":[{\"@type\":\"ReadAction\",\"target\":[\"https:\/\/www.aribau.es\/bodegas-2\/vina-bujanda\/vina-bujanda-organic-wine\/\"]}]},{\"@type\":\"ImageObject\",\"inLanguage\":\"ca\",\"@id\":\"https:\/\/www.aribau.es\/bodegas-2\/vina-bujanda\/vina-bujanda-organic-wine\/#primaryimage\",\"url\":\"https:\/\/www.aribau.es\/wp-content\/uploads\/2021\/02\/VINA-BUJANDA-ORGANIC-WINE-280x1024.jpg\",\"contentUrl\":\"https:\/\/www.aribau.es\/wp-content\/uploads\/2021\/02\/VINA-BUJANDA-ORGANIC-WINE-280x1024.jpg\"},{\"@type\":\"BreadcrumbList\",\"@id\":\"https:\/\/www.aribau.es\/bodegas-2\/vina-bujanda\/vina-bujanda-organic-wine\/#breadcrumb\",\"itemListElement\":[{\"@type\":\"ListItem\",\"position\":1,\"name\":\"Portada\",\"item\":\"https:\/\/www.aribau.es\/\"},{\"@type\":\"ListItem\",\"position\":2,\"name\":\"BODEGAS\",\"item\":\"https:\/\/www.aribau.es\/bodegas-2\/\"},{\"@type\":\"ListItem\",\"position\":3,\"name\":\"VI\u00d1A BUJANDA\",\"item\":\"https:\/\/www.aribau.es\/bodegas-2\/vina-bujanda\/\"},{\"@type\":\"ListItem\",\"position\":4,\"name\":\"VI\u00d1A BUJANDA ORGANIC WINE\"}]},{\"@type\":\"WebSite\",\"@id\":\"https:\/\/www.aribau.es\/#website\",\"url\":\"https:\/\/www.aribau.es\/\",\"name\":\"Aribau\",\"description\":\"VINOS Y BODEGAS\",\"publisher\":{\"@id\":\"https:\/\/www.aribau.es\/#organization\"},\"potentialAction\":[{\"@type\":\"SearchAction\",\"target\":{\"@type\":\"EntryPoint\",\"urlTemplate\":\"https:\/\/www.aribau.es\/?s={search_term_string}\"},\"query-input\":{\"@type\":\"PropertyValueSpecification\",\"valueRequired\":true,\"valueName\":\"search_term_string\"}}],\"inLanguage\":\"ca\"},{\"@type\":\"Organization\",\"@id\":\"https:\/\/www.aribau.es\/#organization\",\"name\":\"Aribau\",\"url\":\"https:\/\/www.aribau.es\/\",\"logo\":{\"@type\":\"ImageObject\",\"inLanguage\":\"ca\",\"@id\":\"https:\/\/www.aribau.es\/#\/schema\/logo\/image\/\",\"url\":\"https:\/\/www.aribau.es\/wp-content\/uploads\/2022\/03\/logo.png\",\"contentUrl\":\"https:\/\/www.aribau.es\/wp-content\/uploads\/2022\/03\/logo.png\",\"width\":300,\"height\":300,\"caption\":\"Aribau\"},\"image\":{\"@id\":\"https:\/\/www.aribau.es\/#\/schema\/logo\/image\/\"},\"sameAs\":[\"https:\/\/www.facebook.com\/aribau1964\/\",\"https:\/\/x.com\/aribau1964\",\"https:\/\/www.instagram.com\/aribau1964\/\"]}]}<\/script>\n<!-- \/ Yoast SEO plugin. -->","yoast_head_json":{"title":"VI\u00d1A BUJANDA ORGANIC WINE - Aribau","robots":{"index":"index","follow":"follow","max-snippet":"max-snippet:-1","max-image-preview":"max-image-preview:large","max-video-preview":"max-video-preview:-1"},"canonical":"https:\/\/www.aribau.es\/ca\/bodegas-2\/vina-bujanda\/vina-bujanda-organic-wine\/","og_locale":"ca_ES","og_type":"article","og_title":"VI\u00d1A BUJANDA ORGANIC WINE - Aribau","og_description":"vi\u00f1a bujanda organic wine variedades de uva Tempranillo Crianza 3 meses Denominaci\u00f3n de origen descripci\u00f3n Color: Limpio, brillante, con una intensidad media-alta, presenta preciosos tonos azulados y viol\u00e1ceos. Nariz: Aromas de frutos rojos y negros (grosellas, moras y frambuesas) mezclados con amables aromas l\u00e1cteos. Gusto: Entrada en boca suave, muy amable de gran recorrido y ... Llegiu m\u00e9s","og_url":"https:\/\/www.aribau.es\/ca\/bodegas-2\/vina-bujanda\/vina-bujanda-organic-wine\/","og_site_name":"Aribau","article_publisher":"https:\/\/www.facebook.com\/aribau1964\/","article_modified_time":"2021-05-07T11:12:35+00:00","og_image":[{"url":"https:\/\/www.aribau.es\/wp-content\/uploads\/2021\/02\/VINA-BUJANDA-ORGANIC-WINE-280x1024.jpg","type":"","width":"","height":""}],"twitter_card":"summary_large_image","twitter_site":"@aribau1964","schema":{"@context":"https:\/\/schema.org","@graph":[{"@type":"WebPage","@id":"https:\/\/www.aribau.es\/bodegas-2\/vina-bujanda\/vina-bujanda-organic-wine\/","url":"https:\/\/www.aribau.es\/bodegas-2\/vina-bujanda\/vina-bujanda-organic-wine\/","name":"VI\u00d1A BUJANDA ORGANIC WINE - Aribau","isPartOf":{"@id":"https:\/\/www.aribau.es\/#website"},"primaryImageOfPage":{"@id":"https:\/\/www.aribau.es\/bodegas-2\/vina-bujanda\/vina-bujanda-organic-wine\/#primaryimage"},"image":{"@id":"https:\/\/www.aribau.es\/bodegas-2\/vina-bujanda\/vina-bujanda-organic-wine\/#primaryimage"},"thumbnailUrl":"https:\/\/www.aribau.es\/wp-content\/uploads\/2021\/02\/VINA-BUJANDA-ORGANIC-WINE-280x1024.jpg","datePublished":"2021-05-07T11:09:36+00:00","dateModified":"2021-05-07T11:12:35+00:00","breadcrumb":{"@id":"https:\/\/www.aribau.es\/bodegas-2\/vina-bujanda\/vina-bujanda-organic-wine\/#breadcrumb"},"inLanguage":"ca","potentialAction":[{"@type":"ReadAction","target":["https:\/\/www.aribau.es\/bodegas-2\/vina-bujanda\/vina-bujanda-organic-wine\/"]}]},{"@type":"ImageObject","inLanguage":"ca","@id":"https:\/\/www.aribau.es\/bodegas-2\/vina-bujanda\/vina-bujanda-organic-wine\/#primaryimage","url":"https:\/\/www.aribau.es\/wp-content\/uploads\/2021\/02\/VINA-BUJANDA-ORGANIC-WINE-280x1024.jpg","contentUrl":"https:\/\/www.aribau.es\/wp-content\/uploads\/2021\/02\/VINA-BUJANDA-ORGANIC-WINE-280x1024.jpg"},{"@type":"BreadcrumbList","@id":"https:\/\/www.aribau.es\/bodegas-2\/vina-bujanda\/vina-bujanda-organic-wine\/#breadcrumb","itemListElement":[{"@type":"ListItem","position":1,"name":"Portada","item":"https:\/\/www.aribau.es\/"},{"@type":"ListItem","position":2,"name":"BODEGAS","item":"https:\/\/www.aribau.es\/bodegas-2\/"},{"@type":"ListItem","position":3,"name":"VI\u00d1A BUJANDA","item":"https:\/\/www.aribau.es\/bodegas-2\/vina-bujanda\/"},{"@type":"ListItem","position":4,"name":"VI\u00d1A BUJANDA ORGANIC WINE"}]},{"@type":"WebSite","@id":"https:\/\/www.aribau.es\/#website","url":"https:\/\/www.aribau.es\/","name":"Aribau","description":"VINOS Y BODEGAS","publisher":{"@id":"https:\/\/www.aribau.es\/#organization"},"potentialAction":[{"@type":"SearchAction","target":{"@type":"EntryPoint","urlTemplate":"https:\/\/www.aribau.es\/?s={search_term_string}"},"query-input":{"@type":"PropertyValueSpecification","valueRequired":true,"valueName":"search_term_string"}}],"inLanguage":"ca"},{"@type":"Organization","@id":"https:\/\/www.aribau.es\/#organization","name":"Aribau","url":"https:\/\/www.aribau.es\/","logo":{"@type":"ImageObject","inLanguage":"ca","@id":"https:\/\/www.aribau.es\/#\/schema\/logo\/image\/","url":"https:\/\/www.aribau.es\/wp-content\/uploads\/2022\/03\/logo.png","contentUrl":"https:\/\/www.aribau.es\/wp-content\/uploads\/2022\/03\/logo.png","width":300,"height":300,"caption":"Aribau"},"image":{"@id":"https:\/\/www.aribau.es\/#\/schema\/logo\/image\/"},"sameAs":["https:\/\/www.facebook.com\/aribau1964\/","https:\/\/x.com\/aribau1964","https:\/\/www.instagram.com\/aribau1964\/"]}]}},"_links":{"self":[{"href":"https:\/\/www.aribau.es\/ca\/wp-json\/wp\/v2\/pages\/11084","targetHints":{"allow":["GET"]}}],"collection":[{"href":"https:\/\/www.aribau.es\/ca\/wp-json\/wp\/v2\/pages"}],"about":[{"href":"https:\/\/www.aribau.es\/ca\/wp-json\/wp\/v2\/types\/page"}],"author":[{"embeddable":true,"href":"https:\/\/www.aribau.es\/ca\/wp-json\/wp\/v2\/users\/3"}],"replies":[{"embeddable":true,"href":"https:\/\/www.aribau.es\/ca\/wp-json\/wp\/v2\/comments?post=11084"}],"version-history":[{"count":4,"href":"https:\/\/www.aribau.es\/ca\/wp-json\/wp\/v2\/pages\/11084\/revisions"}],"predecessor-version":[{"id":11088,"href":"https:\/\/www.aribau.es\/ca\/wp-json\/wp\/v2\/pages\/11084\/revisions\/11088"}],"up":[{"embeddable":true,"href":"https:\/\/www.aribau.es\/ca\/wp-json\/wp\/v2\/pages\/8232"}],"wp:attachment":[{"href":"https:\/\/www.aribau.es\/ca\/wp-json\/wp\/v2\/media?parent=11084"}],"curies":[{"name":"wp","href":"https:\/\/api.w.org\/{rel}","templated":true}]}}