{"id":11089,"date":"2021-05-07T12:13:21","date_gmt":"2021-05-07T11:13:21","guid":{"rendered":"https:\/\/www.aribau.es\/?page_id=11089"},"modified":"2021-05-07T12:45:12","modified_gmt":"2021-05-07T11:45:12","slug":"vina-bujanda-crianza","status":"publish","type":"page","link":"https:\/\/www.aribau.es\/ca\/bodegas-2\/vina-bujanda\/vina-bujanda-crianza\/","title":{"rendered":"VI\u00d1A BUJANDA CRIAN\u00c7A"},"content":{"rendered":"<div data-elementor-type=\"wp-page\" data-elementor-id=\"11089\" class=\"elementor elementor-11089\">\n\t\t\t\t\t\t<section class=\"elementor-section elementor-top-section elementor-element elementor-element-291caad1 elementor-section-boxed elementor-section-height-default elementor-section-height-default elementor-invisible\" data-id=\"291caad1\" data-element_type=\"section\" data-settings=\"{&quot;animation&quot;:&quot;fadeInUp&quot;}\">\n\t\t\t\t\t\t<div class=\"elementor-container elementor-column-gap-default\">\n\t\t\t\t\t<div class=\"elementor-column elementor-col-100 elementor-top-column elementor-element elementor-element-7202034a\" data-id=\"7202034a\" data-element_type=\"column\">\n\t\t\t<div class=\"elementor-widget-wrap elementor-element-populated\">\n\t\t\t\t\t\t<div class=\"elementor-element elementor-element-6d1e26bf elementor-widget elementor-widget-text-editor\" data-id=\"6d1e26bf\" data-element_type=\"widget\" data-widget_type=\"text-editor.default\">\n\t\t\t\t<div class=\"elementor-widget-container\">\n\t\t\t\t\t\t\t\t\t<p>VI\u00d1A BUJANDA CRIAN\u00c7A<\/p>\t\t\t\t\t\t\t\t<\/div>\n\t\t\t\t<\/div>\n\t\t\t\t\t<\/div>\n\t\t<\/div>\n\t\t\t\t\t<\/div>\n\t\t<\/section>\n\t\t\t\t<section class=\"elementor-section elementor-top-section elementor-element elementor-element-7856e613 elementor-section-boxed elementor-section-height-default elementor-section-height-default elementor-invisible\" data-id=\"7856e613\" data-element_type=\"section\" data-settings=\"{&quot;animation&quot;:&quot;fadeInUp&quot;}\">\n\t\t\t\t\t\t<div class=\"elementor-container elementor-column-gap-default\">\n\t\t\t\t\t<div class=\"elementor-column elementor-col-50 elementor-top-column elementor-element elementor-element-39e69de8\" data-id=\"39e69de8\" data-element_type=\"column\">\n\t\t\t<div class=\"elementor-widget-wrap elementor-element-populated\">\n\t\t\t\t\t\t<div class=\"elementor-element elementor-element-37d5b4a8 elementor-widget elementor-widget-image\" data-id=\"37d5b4a8\" data-element_type=\"widget\" data-widget_type=\"image.default\">\n\t\t\t\t<div class=\"elementor-widget-container\">\n\t\t\t\t\t\t\t\t\t\t\t\t\t\t\t<img fetchpriority=\"high\" decoding=\"async\" width=\"280\" height=\"1024\" src=\"https:\/\/www.aribau.es\/wp-content\/uploads\/2021\/02\/VINA-BUJANDA-CRIANZA-NUEVA-280x1024.jpg\" class=\"elementor-animation-grow attachment-large size-large wp-image-7404\" alt=\"\" srcset=\"https:\/\/www.aribau.es\/wp-content\/uploads\/2021\/02\/VINA-BUJANDA-CRIANZA-NUEVA-280x1024.jpg 280w, https:\/\/www.aribau.es\/wp-content\/uploads\/2021\/02\/VINA-BUJANDA-CRIANZA-NUEVA-82x300.jpg 82w\" sizes=\"(max-width: 280px) 100vw, 280px\" \/>\t\t\t\t\t\t\t\t\t\t\t\t\t\t\t<\/div>\n\t\t\t\t<\/div>\n\t\t\t\t\t<\/div>\n\t\t<\/div>\n\t\t\t\t<div class=\"elementor-column elementor-col-50 elementor-top-column elementor-element elementor-element-6653222a\" data-id=\"6653222a\" data-element_type=\"column\">\n\t\t\t<div class=\"elementor-widget-wrap elementor-element-populated\">\n\t\t\t\t\t\t<div class=\"elementor-element elementor-element-48271078 elementor-widget elementor-widget-text-editor\" data-id=\"48271078\" data-element_type=\"widget\" data-widget_type=\"text-editor.default\">\n\t\t\t\t<div class=\"elementor-widget-container\">\n\t\t\t\t\t\t\t\t\t<p>VARIETATS DE RA\u00cfM<\/p>\t\t\t\t\t\t\t\t<\/div>\n\t\t\t\t<\/div>\n\t\t\t\t<div class=\"elementor-element elementor-element-708b660d elementor-widget elementor-widget-text-editor\" data-id=\"708b660d\" data-element_type=\"widget\" data-widget_type=\"text-editor.default\">\n\t\t\t\t<div class=\"elementor-widget-container\">\n\t\t\t\t\t\t\t\t\t<p>Ull de llebre<\/p>\t\t\t\t\t\t\t\t<\/div>\n\t\t\t\t<\/div>\n\t\t\t\t<div class=\"elementor-element elementor-element-331ebe0f elementor-widget elementor-widget-text-editor\" data-id=\"331ebe0f\" data-element_type=\"widget\" data-widget_type=\"text-editor.default\">\n\t\t\t\t<div class=\"elementor-widget-container\">\n\t\t\t\t\t\t\t\t\t<p>CRIAN\u00c7A<\/p>\t\t\t\t\t\t\t\t<\/div>\n\t\t\t\t<\/div>\n\t\t\t\t<div class=\"elementor-element elementor-element-a4d333f elementor-widget elementor-widget-text-editor\" data-id=\"a4d333f\" data-element_type=\"widget\" data-widget_type=\"text-editor.default\">\n\t\t\t\t<div class=\"elementor-widget-container\">\n\t\t\t\t\t\t\t\t\t<p>12 mesos<\/p>\t\t\t\t\t\t\t\t<\/div>\n\t\t\t\t<\/div>\n\t\t\t\t<div class=\"elementor-element elementor-element-7a94165f elementor-widget elementor-widget-text-editor\" data-id=\"7a94165f\" data-element_type=\"widget\" data-widget_type=\"text-editor.default\">\n\t\t\t\t<div class=\"elementor-widget-container\">\n\t\t\t\t\t\t\t\t\t<p>DENOMINACI\u00d3 D'ORIGEN<\/p>\t\t\t\t\t\t\t\t<\/div>\n\t\t\t\t<\/div>\n\t\t\t\t<div class=\"elementor-element elementor-element-2bb87c3a elementor-widget elementor-widget-image\" data-id=\"2bb87c3a\" data-element_type=\"widget\" data-widget_type=\"image.default\">\n\t\t\t\t<div class=\"elementor-widget-container\">\n\t\t\t\t\t\t\t\t\t\t\t\t\t\t\t<img decoding=\"async\" width=\"1920\" height=\"1718\" src=\"https:\/\/www.aribau.es\/wp-content\/uploads\/2021\/04\/DOCA-RIOJA.jpg\" class=\"attachment-full size-full wp-image-10475\" alt=\"\" srcset=\"https:\/\/www.aribau.es\/wp-content\/uploads\/2021\/04\/DOCA-RIOJA.jpg 1920w, https:\/\/www.aribau.es\/wp-content\/uploads\/2021\/04\/DOCA-RIOJA-300x268.jpg 300w, https:\/\/www.aribau.es\/wp-content\/uploads\/2021\/04\/DOCA-RIOJA-1024x916.jpg 1024w, https:\/\/www.aribau.es\/wp-content\/uploads\/2021\/04\/DOCA-RIOJA-768x687.jpg 768w, https:\/\/www.aribau.es\/wp-content\/uploads\/2021\/04\/DOCA-RIOJA-1536x1374.jpg 1536w\" sizes=\"(max-width: 1920px) 100vw, 1920px\" \/>\t\t\t\t\t\t\t\t\t\t\t\t\t\t\t<\/div>\n\t\t\t\t<\/div>\n\t\t\t\t<div class=\"elementor-element elementor-element-40e10493 elementor-widget elementor-widget-text-editor\" data-id=\"40e10493\" data-element_type=\"widget\" data-widget_type=\"text-editor.default\">\n\t\t\t\t<div class=\"elementor-widget-container\">\n\t\t\t\t\t\t\t\t\t<p>DESCRIPCI\u00d3<\/p>\t\t\t\t\t\t\t\t<\/div>\n\t\t\t\t<\/div>\n\t\t\t\t<div class=\"elementor-element elementor-element-519377b9 elementor-widget elementor-widget-text-editor\" data-id=\"519377b9\" data-element_type=\"widget\" data-widget_type=\"text-editor.default\">\n\t\t\t\t<div class=\"elementor-widget-container\">\n\t\t\t\t\t\t\t\t\t<p class=\"MsoNormal\">Color: Intensitat mitjana alta, de color vermell porpra i rivet de menisc blav\u00f3s. Ll\u00e0grima densa i acolorida.<o:p><\/o:p><\/p><p class=\"MsoNormal\">Nas: Aromes de fruits negres (mora i nabius) units als especiats provinents del roure americ\u00e0.<o:p><\/o:p><\/p><p>\n\n\n\n<\/p><p class=\"MsoNormal\">Gust: De les tres fases del tast \u00e9s aquesta, la que frega la m\u00e0xima puntuaci\u00f3, mostrant una entrada \u00e0mplia, fresca i sedosa. Desenvolupant-se durant el seu recorregut un gran volum i estructura. Final llarg, gust\u00f3s i d'un extraordinari aroma en retronasal.<o:p><\/o:p><\/p>\t\t\t\t\t\t\t\t<\/div>\n\t\t\t\t<\/div>\n\t\t\t\t\t<\/div>\n\t\t<\/div>\n\t\t\t\t\t<\/div>\n\t\t<\/section>\n\t\t\t\t<section class=\"elementor-section elementor-top-section elementor-element elementor-element-1c83d72 elementor-section-boxed elementor-section-height-default elementor-section-height-default\" data-id=\"1c83d72\" data-element_type=\"section\">\n\t\t\t\t\t\t<div class=\"elementor-container elementor-column-gap-default\">\n\t\t\t\t\t<div class=\"elementor-column elementor-col-100 elementor-top-column elementor-element elementor-element-da0dee7\" data-id=\"da0dee7\" data-element_type=\"column\">\n\t\t\t<div class=\"elementor-widget-wrap elementor-element-populated\">\n\t\t\t\t\t\t<div class=\"elementor-element elementor-element-017ccf8 elementor-widget elementor-widget-spacer\" data-id=\"017ccf8\" data-element_type=\"widget\" data-widget_type=\"spacer.default\">\n\t\t\t\t<div class=\"elementor-widget-container\">\n\t\t\t\t\t\t\t<div class=\"elementor-spacer\">\n\t\t\t<div class=\"elementor-spacer-inner\"><\/div>\n\t\t<\/div>\n\t\t\t\t\t\t<\/div>\n\t\t\t\t<\/div>\n\t\t\t\t\t<\/div>\n\t\t<\/div>\n\t\t\t\t\t<\/div>\n\t\t<\/section>\n\t\t\t\t<\/div>","protected":false},"excerpt":{"rendered":"<p>VI\u00d1A BUJANDA CRIANZA variedades de uva Tempranillo Crianza 12 meses Denominaci\u00f3n de origen descripci\u00f3n Color: Intensidad media alta, de color rojo p\u00farpura y ribete de menisco azulado. L\u00e1grima densa y coloreada. Nariz: Aromas de frutos negros (mora y ar\u00e1ndanos) unidos a los especiados provenientes del roble americano. Gusto: De las tres fases de la cata &#8230; <a title=\"VI\u00d1A BUJANDA CRIAN\u00c7A\" class=\"read-more\" href=\"https:\/\/www.aribau.es\/ca\/bodegas-2\/vina-bujanda\/vina-bujanda-crianza\/\" aria-label=\"M\u00e9s informaci\u00f3 sobre VI\u00d1A BUJANDA CRIANZA\">Llegiu m\u00e9s<\/a><\/p>","protected":false},"author":3,"featured_media":0,"parent":8232,"menu_order":0,"comment_status":"closed","ping_status":"closed","template":"elementor_header_footer","meta":{"footnotes":""},"class_list":["post-11089","page","type-page","status-publish"],"yoast_head":"<!-- This site is optimized with the Yoast SEO plugin v26.7 - https:\/\/yoast.com\/wordpress\/plugins\/seo\/ -->\n<title>VI\u00d1A BUJANDA CRIANZA - Aribau<\/title>\n<meta name=\"robots\" content=\"index, follow, max-snippet:-1, max-image-preview:large, max-video-preview:-1\" \/>\n<link rel=\"canonical\" href=\"https:\/\/www.aribau.es\/ca\/bodegas-2\/vina-bujanda\/vina-bujanda-crianza\/\" \/>\n<meta property=\"og:locale\" content=\"ca_ES\" \/>\n<meta property=\"og:type\" content=\"article\" \/>\n<meta property=\"og:title\" content=\"VI\u00d1A BUJANDA CRIANZA - Aribau\" \/>\n<meta property=\"og:description\" content=\"VI\u00d1A BUJANDA CRIANZA variedades de uva Tempranillo Crianza 12 meses Denominaci\u00f3n de origen descripci\u00f3n Color: Intensidad media alta, de color rojo p\u00farpura y ribete de menisco azulado. L\u00e1grima densa y coloreada. Nariz: Aromas de frutos negros (mora y ar\u00e1ndanos) unidos a los especiados provenientes del roble americano. Gusto: De las tres fases de la cata ... Llegiu m\u00e9s\" \/>\n<meta property=\"og:url\" content=\"https:\/\/www.aribau.es\/ca\/bodegas-2\/vina-bujanda\/vina-bujanda-crianza\/\" \/>\n<meta property=\"og:site_name\" content=\"Aribau\" \/>\n<meta property=\"article:publisher\" content=\"https:\/\/www.facebook.com\/aribau1964\/\" \/>\n<meta property=\"article:modified_time\" content=\"2021-05-07T11:45:12+00:00\" \/>\n<meta property=\"og:image\" content=\"https:\/\/www.aribau.es\/wp-content\/uploads\/2021\/02\/VINA-BUJANDA-CRIANZA-NUEVA-280x1024.jpg\" \/>\n<meta name=\"twitter:card\" content=\"summary_large_image\" \/>\n<meta name=\"twitter:site\" content=\"@aribau1964\" \/>\n<script type=\"application\/ld+json\" class=\"yoast-schema-graph\">{\"@context\":\"https:\/\/schema.org\",\"@graph\":[{\"@type\":\"WebPage\",\"@id\":\"https:\/\/www.aribau.es\/bodegas-2\/vina-bujanda\/vina-bujanda-crianza\/\",\"url\":\"https:\/\/www.aribau.es\/bodegas-2\/vina-bujanda\/vina-bujanda-crianza\/\",\"name\":\"VI\u00d1A BUJANDA CRIANZA - Aribau\",\"isPartOf\":{\"@id\":\"https:\/\/www.aribau.es\/#website\"},\"primaryImageOfPage\":{\"@id\":\"https:\/\/www.aribau.es\/bodegas-2\/vina-bujanda\/vina-bujanda-crianza\/#primaryimage\"},\"image\":{\"@id\":\"https:\/\/www.aribau.es\/bodegas-2\/vina-bujanda\/vina-bujanda-crianza\/#primaryimage\"},\"thumbnailUrl\":\"https:\/\/www.aribau.es\/wp-content\/uploads\/2021\/02\/VINA-BUJANDA-CRIANZA-NUEVA-280x1024.jpg\",\"datePublished\":\"2021-05-07T11:13:21+00:00\",\"dateModified\":\"2021-05-07T11:45:12+00:00\",\"breadcrumb\":{\"@id\":\"https:\/\/www.aribau.es\/bodegas-2\/vina-bujanda\/vina-bujanda-crianza\/#breadcrumb\"},\"inLanguage\":\"ca\",\"potentialAction\":[{\"@type\":\"ReadAction\",\"target\":[\"https:\/\/www.aribau.es\/bodegas-2\/vina-bujanda\/vina-bujanda-crianza\/\"]}]},{\"@type\":\"ImageObject\",\"inLanguage\":\"ca\",\"@id\":\"https:\/\/www.aribau.es\/bodegas-2\/vina-bujanda\/vina-bujanda-crianza\/#primaryimage\",\"url\":\"https:\/\/www.aribau.es\/wp-content\/uploads\/2021\/02\/VINA-BUJANDA-CRIANZA-NUEVA-280x1024.jpg\",\"contentUrl\":\"https:\/\/www.aribau.es\/wp-content\/uploads\/2021\/02\/VINA-BUJANDA-CRIANZA-NUEVA-280x1024.jpg\"},{\"@type\":\"BreadcrumbList\",\"@id\":\"https:\/\/www.aribau.es\/bodegas-2\/vina-bujanda\/vina-bujanda-crianza\/#breadcrumb\",\"itemListElement\":[{\"@type\":\"ListItem\",\"position\":1,\"name\":\"Portada\",\"item\":\"https:\/\/www.aribau.es\/\"},{\"@type\":\"ListItem\",\"position\":2,\"name\":\"BODEGAS\",\"item\":\"https:\/\/www.aribau.es\/bodegas-2\/\"},{\"@type\":\"ListItem\",\"position\":3,\"name\":\"VI\u00d1A BUJANDA\",\"item\":\"https:\/\/www.aribau.es\/bodegas-2\/vina-bujanda\/\"},{\"@type\":\"ListItem\",\"position\":4,\"name\":\"VI\u00d1A BUJANDA CRIANZA\"}]},{\"@type\":\"WebSite\",\"@id\":\"https:\/\/www.aribau.es\/#website\",\"url\":\"https:\/\/www.aribau.es\/\",\"name\":\"Aribau\",\"description\":\"VINOS Y BODEGAS\",\"publisher\":{\"@id\":\"https:\/\/www.aribau.es\/#organization\"},\"potentialAction\":[{\"@type\":\"SearchAction\",\"target\":{\"@type\":\"EntryPoint\",\"urlTemplate\":\"https:\/\/www.aribau.es\/?s={search_term_string}\"},\"query-input\":{\"@type\":\"PropertyValueSpecification\",\"valueRequired\":true,\"valueName\":\"search_term_string\"}}],\"inLanguage\":\"ca\"},{\"@type\":\"Organization\",\"@id\":\"https:\/\/www.aribau.es\/#organization\",\"name\":\"Aribau\",\"url\":\"https:\/\/www.aribau.es\/\",\"logo\":{\"@type\":\"ImageObject\",\"inLanguage\":\"ca\",\"@id\":\"https:\/\/www.aribau.es\/#\/schema\/logo\/image\/\",\"url\":\"https:\/\/www.aribau.es\/wp-content\/uploads\/2022\/03\/logo.png\",\"contentUrl\":\"https:\/\/www.aribau.es\/wp-content\/uploads\/2022\/03\/logo.png\",\"width\":300,\"height\":300,\"caption\":\"Aribau\"},\"image\":{\"@id\":\"https:\/\/www.aribau.es\/#\/schema\/logo\/image\/\"},\"sameAs\":[\"https:\/\/www.facebook.com\/aribau1964\/\",\"https:\/\/x.com\/aribau1964\",\"https:\/\/www.instagram.com\/aribau1964\/\"]}]}<\/script>\n<!-- \/ Yoast SEO plugin. -->","yoast_head_json":{"title":"VI\u00d1A BUJANDA CRIANZA - Aribau","robots":{"index":"index","follow":"follow","max-snippet":"max-snippet:-1","max-image-preview":"max-image-preview:large","max-video-preview":"max-video-preview:-1"},"canonical":"https:\/\/www.aribau.es\/ca\/bodegas-2\/vina-bujanda\/vina-bujanda-crianza\/","og_locale":"ca_ES","og_type":"article","og_title":"VI\u00d1A BUJANDA CRIANZA - Aribau","og_description":"VI\u00d1A BUJANDA CRIANZA variedades de uva Tempranillo Crianza 12 meses Denominaci\u00f3n de origen descripci\u00f3n Color: Intensidad media alta, de color rojo p\u00farpura y ribete de menisco azulado. L\u00e1grima densa y coloreada. Nariz: Aromas de frutos negros (mora y ar\u00e1ndanos) unidos a los especiados provenientes del roble americano. Gusto: De las tres fases de la cata ... Llegiu m\u00e9s","og_url":"https:\/\/www.aribau.es\/ca\/bodegas-2\/vina-bujanda\/vina-bujanda-crianza\/","og_site_name":"Aribau","article_publisher":"https:\/\/www.facebook.com\/aribau1964\/","article_modified_time":"2021-05-07T11:45:12+00:00","og_image":[{"url":"https:\/\/www.aribau.es\/wp-content\/uploads\/2021\/02\/VINA-BUJANDA-CRIANZA-NUEVA-280x1024.jpg","type":"","width":"","height":""}],"twitter_card":"summary_large_image","twitter_site":"@aribau1964","schema":{"@context":"https:\/\/schema.org","@graph":[{"@type":"WebPage","@id":"https:\/\/www.aribau.es\/bodegas-2\/vina-bujanda\/vina-bujanda-crianza\/","url":"https:\/\/www.aribau.es\/bodegas-2\/vina-bujanda\/vina-bujanda-crianza\/","name":"VI\u00d1A BUJANDA CRIANZA - Aribau","isPartOf":{"@id":"https:\/\/www.aribau.es\/#website"},"primaryImageOfPage":{"@id":"https:\/\/www.aribau.es\/bodegas-2\/vina-bujanda\/vina-bujanda-crianza\/#primaryimage"},"image":{"@id":"https:\/\/www.aribau.es\/bodegas-2\/vina-bujanda\/vina-bujanda-crianza\/#primaryimage"},"thumbnailUrl":"https:\/\/www.aribau.es\/wp-content\/uploads\/2021\/02\/VINA-BUJANDA-CRIANZA-NUEVA-280x1024.jpg","datePublished":"2021-05-07T11:13:21+00:00","dateModified":"2021-05-07T11:45:12+00:00","breadcrumb":{"@id":"https:\/\/www.aribau.es\/bodegas-2\/vina-bujanda\/vina-bujanda-crianza\/#breadcrumb"},"inLanguage":"ca","potentialAction":[{"@type":"ReadAction","target":["https:\/\/www.aribau.es\/bodegas-2\/vina-bujanda\/vina-bujanda-crianza\/"]}]},{"@type":"ImageObject","inLanguage":"ca","@id":"https:\/\/www.aribau.es\/bodegas-2\/vina-bujanda\/vina-bujanda-crianza\/#primaryimage","url":"https:\/\/www.aribau.es\/wp-content\/uploads\/2021\/02\/VINA-BUJANDA-CRIANZA-NUEVA-280x1024.jpg","contentUrl":"https:\/\/www.aribau.es\/wp-content\/uploads\/2021\/02\/VINA-BUJANDA-CRIANZA-NUEVA-280x1024.jpg"},{"@type":"BreadcrumbList","@id":"https:\/\/www.aribau.es\/bodegas-2\/vina-bujanda\/vina-bujanda-crianza\/#breadcrumb","itemListElement":[{"@type":"ListItem","position":1,"name":"Portada","item":"https:\/\/www.aribau.es\/"},{"@type":"ListItem","position":2,"name":"BODEGAS","item":"https:\/\/www.aribau.es\/bodegas-2\/"},{"@type":"ListItem","position":3,"name":"VI\u00d1A BUJANDA","item":"https:\/\/www.aribau.es\/bodegas-2\/vina-bujanda\/"},{"@type":"ListItem","position":4,"name":"VI\u00d1A BUJANDA CRIANZA"}]},{"@type":"WebSite","@id":"https:\/\/www.aribau.es\/#website","url":"https:\/\/www.aribau.es\/","name":"Aribau","description":"VINOS Y BODEGAS","publisher":{"@id":"https:\/\/www.aribau.es\/#organization"},"potentialAction":[{"@type":"SearchAction","target":{"@type":"EntryPoint","urlTemplate":"https:\/\/www.aribau.es\/?s={search_term_string}"},"query-input":{"@type":"PropertyValueSpecification","valueRequired":true,"valueName":"search_term_string"}}],"inLanguage":"ca"},{"@type":"Organization","@id":"https:\/\/www.aribau.es\/#organization","name":"Aribau","url":"https:\/\/www.aribau.es\/","logo":{"@type":"ImageObject","inLanguage":"ca","@id":"https:\/\/www.aribau.es\/#\/schema\/logo\/image\/","url":"https:\/\/www.aribau.es\/wp-content\/uploads\/2022\/03\/logo.png","contentUrl":"https:\/\/www.aribau.es\/wp-content\/uploads\/2022\/03\/logo.png","width":300,"height":300,"caption":"Aribau"},"image":{"@id":"https:\/\/www.aribau.es\/#\/schema\/logo\/image\/"},"sameAs":["https:\/\/www.facebook.com\/aribau1964\/","https:\/\/x.com\/aribau1964","https:\/\/www.instagram.com\/aribau1964\/"]}]}},"_links":{"self":[{"href":"https:\/\/www.aribau.es\/ca\/wp-json\/wp\/v2\/pages\/11089","targetHints":{"allow":["GET"]}}],"collection":[{"href":"https:\/\/www.aribau.es\/ca\/wp-json\/wp\/v2\/pages"}],"about":[{"href":"https:\/\/www.aribau.es\/ca\/wp-json\/wp\/v2\/types\/page"}],"author":[{"embeddable":true,"href":"https:\/\/www.aribau.es\/ca\/wp-json\/wp\/v2\/users\/3"}],"replies":[{"embeddable":true,"href":"https:\/\/www.aribau.es\/ca\/wp-json\/wp\/v2\/comments?post=11089"}],"version-history":[{"count":7,"href":"https:\/\/www.aribau.es\/ca\/wp-json\/wp\/v2\/pages\/11089\/revisions"}],"predecessor-version":[{"id":11118,"href":"https:\/\/www.aribau.es\/ca\/wp-json\/wp\/v2\/pages\/11089\/revisions\/11118"}],"up":[{"embeddable":true,"href":"https:\/\/www.aribau.es\/ca\/wp-json\/wp\/v2\/pages\/8232"}],"wp:attachment":[{"href":"https:\/\/www.aribau.es\/ca\/wp-json\/wp\/v2\/media?parent=11089"}],"curies":[{"name":"wp","href":"https:\/\/api.w.org\/{rel}","templated":true}]}}