{"id":11101,"date":"2021-05-07T12:24:46","date_gmt":"2021-05-07T11:24:46","guid":{"rendered":"https:\/\/www.aribau.es\/?page_id=11101"},"modified":"2021-05-07T12:31:47","modified_gmt":"2021-05-07T11:31:47","slug":"vina-bujanda-gran-reserva","status":"publish","type":"page","link":"https:\/\/www.aribau.es\/ca\/bodegas-2\/vina-bujanda\/vina-bujanda-gran-reserva\/","title":{"rendered":"VI\u00d1A BUJANDA GRAN RESERVA"},"content":{"rendered":"<div data-elementor-type=\"wp-page\" data-elementor-id=\"11101\" class=\"elementor elementor-11101\">\n\t\t\t\t\t\t<section class=\"elementor-section elementor-top-section elementor-element elementor-element-ec71a12 elementor-section-boxed elementor-section-height-default elementor-section-height-default elementor-invisible\" data-id=\"ec71a12\" data-element_type=\"section\" data-settings=\"{&quot;animation&quot;:&quot;fadeInUp&quot;}\">\n\t\t\t\t\t\t<div class=\"elementor-container elementor-column-gap-default\">\n\t\t\t\t\t<div class=\"elementor-column elementor-col-100 elementor-top-column elementor-element elementor-element-2c56d5a2\" data-id=\"2c56d5a2\" data-element_type=\"column\">\n\t\t\t<div class=\"elementor-widget-wrap elementor-element-populated\">\n\t\t\t\t\t\t<div class=\"elementor-element elementor-element-2404f7d9 elementor-widget elementor-widget-text-editor\" data-id=\"2404f7d9\" data-element_type=\"widget\" data-widget_type=\"text-editor.default\">\n\t\t\t\t<div class=\"elementor-widget-container\">\n\t\t\t\t\t\t\t\t\t<p>vi\u00f1a bujanda gran reserva<\/p>\t\t\t\t\t\t\t\t<\/div>\n\t\t\t\t<\/div>\n\t\t\t\t\t<\/div>\n\t\t<\/div>\n\t\t\t\t\t<\/div>\n\t\t<\/section>\n\t\t\t\t<section class=\"elementor-section elementor-top-section elementor-element elementor-element-5793aa3b elementor-section-boxed elementor-section-height-default elementor-section-height-default elementor-invisible\" data-id=\"5793aa3b\" data-element_type=\"section\" data-settings=\"{&quot;animation&quot;:&quot;fadeInUp&quot;}\">\n\t\t\t\t\t\t<div class=\"elementor-container elementor-column-gap-default\">\n\t\t\t\t\t<div class=\"elementor-column elementor-col-50 elementor-top-column elementor-element elementor-element-2486b4e5\" data-id=\"2486b4e5\" data-element_type=\"column\">\n\t\t\t<div class=\"elementor-widget-wrap elementor-element-populated\">\n\t\t\t\t\t\t<div class=\"elementor-element elementor-element-4a400c64 elementor-widget elementor-widget-image\" data-id=\"4a400c64\" data-element_type=\"widget\" data-widget_type=\"image.default\">\n\t\t\t\t<div class=\"elementor-widget-container\">\n\t\t\t\t\t\t\t\t\t\t\t\t\t\t\t<img fetchpriority=\"high\" decoding=\"async\" width=\"280\" height=\"1024\" src=\"https:\/\/www.aribau.es\/wp-content\/uploads\/2021\/02\/VINA-BUJANDA-GRAN-RESERVA-280x1024.jpg\" class=\"elementor-animation-grow attachment-large size-large wp-image-7406\" alt=\"\" srcset=\"https:\/\/www.aribau.es\/wp-content\/uploads\/2021\/02\/VINA-BUJANDA-GRAN-RESERVA-280x1024.jpg 280w, https:\/\/www.aribau.es\/wp-content\/uploads\/2021\/02\/VINA-BUJANDA-GRAN-RESERVA-82x300.jpg 82w\" sizes=\"(max-width: 280px) 100vw, 280px\" \/>\t\t\t\t\t\t\t\t\t\t\t\t\t\t\t<\/div>\n\t\t\t\t<\/div>\n\t\t\t\t\t<\/div>\n\t\t<\/div>\n\t\t\t\t<div class=\"elementor-column elementor-col-50 elementor-top-column elementor-element elementor-element-6a13c567\" data-id=\"6a13c567\" data-element_type=\"column\">\n\t\t\t<div class=\"elementor-widget-wrap elementor-element-populated\">\n\t\t\t\t\t\t<div class=\"elementor-element elementor-element-2209582 elementor-widget elementor-widget-text-editor\" data-id=\"2209582\" data-element_type=\"widget\" data-widget_type=\"text-editor.default\">\n\t\t\t\t<div class=\"elementor-widget-container\">\n\t\t\t\t\t\t\t\t\t<p>VARIETATS DE RA\u00cfM<\/p>\t\t\t\t\t\t\t\t<\/div>\n\t\t\t\t<\/div>\n\t\t\t\t<div class=\"elementor-element elementor-element-3a58168c elementor-widget elementor-widget-text-editor\" data-id=\"3a58168c\" data-element_type=\"widget\" data-widget_type=\"text-editor.default\">\n\t\t\t\t<div class=\"elementor-widget-container\">\n\t\t\t\t\t\t\t\t\t<p>Ull de llebre<\/p>\t\t\t\t\t\t\t\t<\/div>\n\t\t\t\t<\/div>\n\t\t\t\t<div class=\"elementor-element elementor-element-25a6e384 elementor-widget elementor-widget-text-editor\" data-id=\"25a6e384\" data-element_type=\"widget\" data-widget_type=\"text-editor.default\">\n\t\t\t\t<div class=\"elementor-widget-container\">\n\t\t\t\t\t\t\t\t\t<p>CRIAN\u00c7A<\/p>\t\t\t\t\t\t\t\t<\/div>\n\t\t\t\t<\/div>\n\t\t\t\t<div class=\"elementor-element elementor-element-75a6e532 elementor-widget elementor-widget-text-editor\" data-id=\"75a6e532\" data-element_type=\"widget\" data-widget_type=\"text-editor.default\">\n\t\t\t\t<div class=\"elementor-widget-container\">\n\t\t\t\t\t\t\t\t\t<p>24 mesos<\/p>\t\t\t\t\t\t\t\t<\/div>\n\t\t\t\t<\/div>\n\t\t\t\t<div class=\"elementor-element elementor-element-7d5ad9e7 elementor-widget elementor-widget-text-editor\" data-id=\"7d5ad9e7\" data-element_type=\"widget\" data-widget_type=\"text-editor.default\">\n\t\t\t\t<div class=\"elementor-widget-container\">\n\t\t\t\t\t\t\t\t\t<p>DENOMINACI\u00d3 D'ORIGEN<\/p>\t\t\t\t\t\t\t\t<\/div>\n\t\t\t\t<\/div>\n\t\t\t\t<div class=\"elementor-element elementor-element-5d789e1e elementor-widget elementor-widget-image\" data-id=\"5d789e1e\" data-element_type=\"widget\" data-widget_type=\"image.default\">\n\t\t\t\t<div class=\"elementor-widget-container\">\n\t\t\t\t\t\t\t\t\t\t\t\t\t\t\t<img decoding=\"async\" width=\"1920\" height=\"1718\" src=\"https:\/\/www.aribau.es\/wp-content\/uploads\/2021\/04\/DOCA-RIOJA.jpg\" class=\"attachment-full size-full wp-image-10475\" alt=\"\" srcset=\"https:\/\/www.aribau.es\/wp-content\/uploads\/2021\/04\/DOCA-RIOJA.jpg 1920w, https:\/\/www.aribau.es\/wp-content\/uploads\/2021\/04\/DOCA-RIOJA-300x268.jpg 300w, https:\/\/www.aribau.es\/wp-content\/uploads\/2021\/04\/DOCA-RIOJA-1024x916.jpg 1024w, https:\/\/www.aribau.es\/wp-content\/uploads\/2021\/04\/DOCA-RIOJA-768x687.jpg 768w, https:\/\/www.aribau.es\/wp-content\/uploads\/2021\/04\/DOCA-RIOJA-1536x1374.jpg 1536w\" sizes=\"(max-width: 1920px) 100vw, 1920px\" \/>\t\t\t\t\t\t\t\t\t\t\t\t\t\t\t<\/div>\n\t\t\t\t<\/div>\n\t\t\t\t<div class=\"elementor-element elementor-element-23a3ca1d elementor-widget elementor-widget-text-editor\" data-id=\"23a3ca1d\" data-element_type=\"widget\" data-widget_type=\"text-editor.default\">\n\t\t\t\t<div class=\"elementor-widget-container\">\n\t\t\t\t\t\t\t\t\t<p>DESCRIPCI\u00d3<\/p>\t\t\t\t\t\t\t\t<\/div>\n\t\t\t\t<\/div>\n\t\t\t\t<div class=\"elementor-element elementor-element-2350fa72 elementor-widget elementor-widget-text-editor\" data-id=\"2350fa72\" data-element_type=\"widget\" data-widget_type=\"text-editor.default\">\n\t\t\t\t<div class=\"elementor-widget-container\">\n\t\t\t\t\t\t\t\t\t<p>Color: Cirera intens amb ribet blav\u00f3s i cristal\u00b7l\u00ed.<\/p><p>Nas: Elegant i complex amb notes de fusta, vainilla, caixa de cigars i esp\u00e8cies. Records de esbarzer, prunes en licor i aranyons<\/p><p>Gust: Atac intens desenvolupant un gran volum en boca es mostra fresc i elegant. Acidesa equilibrada amb l'alcohol. Rod\u00f3 i ric. Molt llarg.\u00a0<\/p><p>\u00a0<\/p>\t\t\t\t\t\t\t\t<\/div>\n\t\t\t\t<\/div>\n\t\t\t\t\t<\/div>\n\t\t<\/div>\n\t\t\t\t\t<\/div>\n\t\t<\/section>\n\t\t\t\t<section class=\"elementor-section elementor-top-section elementor-element elementor-element-f55ef8c elementor-section-boxed elementor-section-height-default elementor-section-height-default\" data-id=\"f55ef8c\" data-element_type=\"section\">\n\t\t\t\t\t\t<div class=\"elementor-container elementor-column-gap-default\">\n\t\t\t\t\t<div class=\"elementor-column elementor-col-100 elementor-top-column elementor-element elementor-element-7e4088d\" data-id=\"7e4088d\" data-element_type=\"column\">\n\t\t\t<div class=\"elementor-widget-wrap elementor-element-populated\">\n\t\t\t\t\t\t<div class=\"elementor-element elementor-element-ec471ec elementor-widget elementor-widget-spacer\" data-id=\"ec471ec\" data-element_type=\"widget\" data-widget_type=\"spacer.default\">\n\t\t\t\t<div class=\"elementor-widget-container\">\n\t\t\t\t\t\t\t<div class=\"elementor-spacer\">\n\t\t\t<div class=\"elementor-spacer-inner\"><\/div>\n\t\t<\/div>\n\t\t\t\t\t\t<\/div>\n\t\t\t\t<\/div>\n\t\t\t\t\t<\/div>\n\t\t<\/div>\n\t\t\t\t\t<\/div>\n\t\t<\/section>\n\t\t\t\t<\/div>","protected":false},"excerpt":{"rendered":"<p>vi\u00f1a bujanda gran reserva variedades de uva Tempranillo Crianza 24 meses Denominaci\u00f3n de origen descripci\u00f3n Color: Cereza intenso con ribete azulado y cristalino. Nariz: Elegante y complejo con notas de madera, vainilla, caja de puros y especias. Recuerdos de zarzamora, ciruelas en licor y endrinas. Gusto: Ataque intenso desarrollando un gran volumen en boca se &#8230; <a title=\"VI\u00d1A BUJANDA GRAN RESERVA\" class=\"read-more\" href=\"https:\/\/www.aribau.es\/ca\/bodegas-2\/vina-bujanda\/vina-bujanda-gran-reserva\/\" aria-label=\"M\u00e9s informaci\u00f3 sobre VI\u00d1A BUJANDA GRAN RESERVA\">Llegiu m\u00e9s<\/a><\/p>","protected":false},"author":3,"featured_media":0,"parent":8232,"menu_order":0,"comment_status":"closed","ping_status":"closed","template":"elementor_header_footer","meta":{"footnotes":""},"class_list":["post-11101","page","type-page","status-publish"],"yoast_head":"<!-- This site is optimized with the Yoast SEO plugin v26.7 - https:\/\/yoast.com\/wordpress\/plugins\/seo\/ -->\n<title>VI\u00d1A BUJANDA GRAN RESERVA - Aribau<\/title>\n<meta name=\"robots\" content=\"index, follow, max-snippet:-1, max-image-preview:large, max-video-preview:-1\" \/>\n<link rel=\"canonical\" href=\"https:\/\/www.aribau.es\/ca\/bodegas-2\/vina-bujanda\/vina-bujanda-gran-reserva\/\" \/>\n<meta property=\"og:locale\" content=\"ca_ES\" \/>\n<meta property=\"og:type\" content=\"article\" \/>\n<meta property=\"og:title\" content=\"VI\u00d1A BUJANDA GRAN RESERVA - Aribau\" \/>\n<meta property=\"og:description\" content=\"vi\u00f1a bujanda gran reserva variedades de uva Tempranillo Crianza 24 meses Denominaci\u00f3n de origen descripci\u00f3n Color: Cereza intenso con ribete azulado y cristalino. Nariz: Elegante y complejo con notas de madera, vainilla, caja de puros y especias. Recuerdos de zarzamora, ciruelas en licor y endrinas. Gusto: Ataque intenso desarrollando un gran volumen en boca se ... Llegiu m\u00e9s\" \/>\n<meta property=\"og:url\" content=\"https:\/\/www.aribau.es\/ca\/bodegas-2\/vina-bujanda\/vina-bujanda-gran-reserva\/\" \/>\n<meta property=\"og:site_name\" content=\"Aribau\" \/>\n<meta property=\"article:publisher\" content=\"https:\/\/www.facebook.com\/aribau1964\/\" \/>\n<meta property=\"article:modified_time\" content=\"2021-05-07T11:31:47+00:00\" \/>\n<meta property=\"og:image\" content=\"https:\/\/www.aribau.es\/wp-content\/uploads\/2021\/02\/VINA-BUJANDA-GRAN-RESERVA-280x1024.jpg\" \/>\n<meta name=\"twitter:card\" content=\"summary_large_image\" \/>\n<meta name=\"twitter:site\" content=\"@aribau1964\" \/>\n<script type=\"application\/ld+json\" class=\"yoast-schema-graph\">{\"@context\":\"https:\/\/schema.org\",\"@graph\":[{\"@type\":\"WebPage\",\"@id\":\"https:\/\/www.aribau.es\/bodegas-2\/vina-bujanda\/vina-bujanda-gran-reserva\/\",\"url\":\"https:\/\/www.aribau.es\/bodegas-2\/vina-bujanda\/vina-bujanda-gran-reserva\/\",\"name\":\"VI\u00d1A BUJANDA GRAN RESERVA - Aribau\",\"isPartOf\":{\"@id\":\"https:\/\/www.aribau.es\/#website\"},\"primaryImageOfPage\":{\"@id\":\"https:\/\/www.aribau.es\/bodegas-2\/vina-bujanda\/vina-bujanda-gran-reserva\/#primaryimage\"},\"image\":{\"@id\":\"https:\/\/www.aribau.es\/bodegas-2\/vina-bujanda\/vina-bujanda-gran-reserva\/#primaryimage\"},\"thumbnailUrl\":\"https:\/\/www.aribau.es\/wp-content\/uploads\/2021\/02\/VINA-BUJANDA-GRAN-RESERVA-280x1024.jpg\",\"datePublished\":\"2021-05-07T11:24:46+00:00\",\"dateModified\":\"2021-05-07T11:31:47+00:00\",\"breadcrumb\":{\"@id\":\"https:\/\/www.aribau.es\/bodegas-2\/vina-bujanda\/vina-bujanda-gran-reserva\/#breadcrumb\"},\"inLanguage\":\"ca\",\"potentialAction\":[{\"@type\":\"ReadAction\",\"target\":[\"https:\/\/www.aribau.es\/bodegas-2\/vina-bujanda\/vina-bujanda-gran-reserva\/\"]}]},{\"@type\":\"ImageObject\",\"inLanguage\":\"ca\",\"@id\":\"https:\/\/www.aribau.es\/bodegas-2\/vina-bujanda\/vina-bujanda-gran-reserva\/#primaryimage\",\"url\":\"https:\/\/www.aribau.es\/wp-content\/uploads\/2021\/02\/VINA-BUJANDA-GRAN-RESERVA-280x1024.jpg\",\"contentUrl\":\"https:\/\/www.aribau.es\/wp-content\/uploads\/2021\/02\/VINA-BUJANDA-GRAN-RESERVA-280x1024.jpg\"},{\"@type\":\"BreadcrumbList\",\"@id\":\"https:\/\/www.aribau.es\/bodegas-2\/vina-bujanda\/vina-bujanda-gran-reserva\/#breadcrumb\",\"itemListElement\":[{\"@type\":\"ListItem\",\"position\":1,\"name\":\"Portada\",\"item\":\"https:\/\/www.aribau.es\/\"},{\"@type\":\"ListItem\",\"position\":2,\"name\":\"BODEGAS\",\"item\":\"https:\/\/www.aribau.es\/bodegas-2\/\"},{\"@type\":\"ListItem\",\"position\":3,\"name\":\"VI\u00d1A BUJANDA\",\"item\":\"https:\/\/www.aribau.es\/bodegas-2\/vina-bujanda\/\"},{\"@type\":\"ListItem\",\"position\":4,\"name\":\"VI\u00d1A BUJANDA GRAN RESERVA\"}]},{\"@type\":\"WebSite\",\"@id\":\"https:\/\/www.aribau.es\/#website\",\"url\":\"https:\/\/www.aribau.es\/\",\"name\":\"Aribau\",\"description\":\"VINOS Y BODEGAS\",\"publisher\":{\"@id\":\"https:\/\/www.aribau.es\/#organization\"},\"potentialAction\":[{\"@type\":\"SearchAction\",\"target\":{\"@type\":\"EntryPoint\",\"urlTemplate\":\"https:\/\/www.aribau.es\/?s={search_term_string}\"},\"query-input\":{\"@type\":\"PropertyValueSpecification\",\"valueRequired\":true,\"valueName\":\"search_term_string\"}}],\"inLanguage\":\"ca\"},{\"@type\":\"Organization\",\"@id\":\"https:\/\/www.aribau.es\/#organization\",\"name\":\"Aribau\",\"url\":\"https:\/\/www.aribau.es\/\",\"logo\":{\"@type\":\"ImageObject\",\"inLanguage\":\"ca\",\"@id\":\"https:\/\/www.aribau.es\/#\/schema\/logo\/image\/\",\"url\":\"https:\/\/www.aribau.es\/wp-content\/uploads\/2022\/03\/logo.png\",\"contentUrl\":\"https:\/\/www.aribau.es\/wp-content\/uploads\/2022\/03\/logo.png\",\"width\":300,\"height\":300,\"caption\":\"Aribau\"},\"image\":{\"@id\":\"https:\/\/www.aribau.es\/#\/schema\/logo\/image\/\"},\"sameAs\":[\"https:\/\/www.facebook.com\/aribau1964\/\",\"https:\/\/x.com\/aribau1964\",\"https:\/\/www.instagram.com\/aribau1964\/\"]}]}<\/script>\n<!-- \/ Yoast SEO plugin. -->","yoast_head_json":{"title":"VI\u00d1A BUJANDA GRAN RESERVA - Aribau","robots":{"index":"index","follow":"follow","max-snippet":"max-snippet:-1","max-image-preview":"max-image-preview:large","max-video-preview":"max-video-preview:-1"},"canonical":"https:\/\/www.aribau.es\/ca\/bodegas-2\/vina-bujanda\/vina-bujanda-gran-reserva\/","og_locale":"ca_ES","og_type":"article","og_title":"VI\u00d1A BUJANDA GRAN RESERVA - Aribau","og_description":"vi\u00f1a bujanda gran reserva variedades de uva Tempranillo Crianza 24 meses Denominaci\u00f3n de origen descripci\u00f3n Color: Cereza intenso con ribete azulado y cristalino. Nariz: Elegante y complejo con notas de madera, vainilla, caja de puros y especias. Recuerdos de zarzamora, ciruelas en licor y endrinas. Gusto: Ataque intenso desarrollando un gran volumen en boca se ... Llegiu m\u00e9s","og_url":"https:\/\/www.aribau.es\/ca\/bodegas-2\/vina-bujanda\/vina-bujanda-gran-reserva\/","og_site_name":"Aribau","article_publisher":"https:\/\/www.facebook.com\/aribau1964\/","article_modified_time":"2021-05-07T11:31:47+00:00","og_image":[{"url":"https:\/\/www.aribau.es\/wp-content\/uploads\/2021\/02\/VINA-BUJANDA-GRAN-RESERVA-280x1024.jpg","type":"","width":"","height":""}],"twitter_card":"summary_large_image","twitter_site":"@aribau1964","schema":{"@context":"https:\/\/schema.org","@graph":[{"@type":"WebPage","@id":"https:\/\/www.aribau.es\/bodegas-2\/vina-bujanda\/vina-bujanda-gran-reserva\/","url":"https:\/\/www.aribau.es\/bodegas-2\/vina-bujanda\/vina-bujanda-gran-reserva\/","name":"VI\u00d1A BUJANDA GRAN RESERVA - Aribau","isPartOf":{"@id":"https:\/\/www.aribau.es\/#website"},"primaryImageOfPage":{"@id":"https:\/\/www.aribau.es\/bodegas-2\/vina-bujanda\/vina-bujanda-gran-reserva\/#primaryimage"},"image":{"@id":"https:\/\/www.aribau.es\/bodegas-2\/vina-bujanda\/vina-bujanda-gran-reserva\/#primaryimage"},"thumbnailUrl":"https:\/\/www.aribau.es\/wp-content\/uploads\/2021\/02\/VINA-BUJANDA-GRAN-RESERVA-280x1024.jpg","datePublished":"2021-05-07T11:24:46+00:00","dateModified":"2021-05-07T11:31:47+00:00","breadcrumb":{"@id":"https:\/\/www.aribau.es\/bodegas-2\/vina-bujanda\/vina-bujanda-gran-reserva\/#breadcrumb"},"inLanguage":"ca","potentialAction":[{"@type":"ReadAction","target":["https:\/\/www.aribau.es\/bodegas-2\/vina-bujanda\/vina-bujanda-gran-reserva\/"]}]},{"@type":"ImageObject","inLanguage":"ca","@id":"https:\/\/www.aribau.es\/bodegas-2\/vina-bujanda\/vina-bujanda-gran-reserva\/#primaryimage","url":"https:\/\/www.aribau.es\/wp-content\/uploads\/2021\/02\/VINA-BUJANDA-GRAN-RESERVA-280x1024.jpg","contentUrl":"https:\/\/www.aribau.es\/wp-content\/uploads\/2021\/02\/VINA-BUJANDA-GRAN-RESERVA-280x1024.jpg"},{"@type":"BreadcrumbList","@id":"https:\/\/www.aribau.es\/bodegas-2\/vina-bujanda\/vina-bujanda-gran-reserva\/#breadcrumb","itemListElement":[{"@type":"ListItem","position":1,"name":"Portada","item":"https:\/\/www.aribau.es\/"},{"@type":"ListItem","position":2,"name":"BODEGAS","item":"https:\/\/www.aribau.es\/bodegas-2\/"},{"@type":"ListItem","position":3,"name":"VI\u00d1A BUJANDA","item":"https:\/\/www.aribau.es\/bodegas-2\/vina-bujanda\/"},{"@type":"ListItem","position":4,"name":"VI\u00d1A BUJANDA GRAN RESERVA"}]},{"@type":"WebSite","@id":"https:\/\/www.aribau.es\/#website","url":"https:\/\/www.aribau.es\/","name":"Aribau","description":"VINOS Y BODEGAS","publisher":{"@id":"https:\/\/www.aribau.es\/#organization"},"potentialAction":[{"@type":"SearchAction","target":{"@type":"EntryPoint","urlTemplate":"https:\/\/www.aribau.es\/?s={search_term_string}"},"query-input":{"@type":"PropertyValueSpecification","valueRequired":true,"valueName":"search_term_string"}}],"inLanguage":"ca"},{"@type":"Organization","@id":"https:\/\/www.aribau.es\/#organization","name":"Aribau","url":"https:\/\/www.aribau.es\/","logo":{"@type":"ImageObject","inLanguage":"ca","@id":"https:\/\/www.aribau.es\/#\/schema\/logo\/image\/","url":"https:\/\/www.aribau.es\/wp-content\/uploads\/2022\/03\/logo.png","contentUrl":"https:\/\/www.aribau.es\/wp-content\/uploads\/2022\/03\/logo.png","width":300,"height":300,"caption":"Aribau"},"image":{"@id":"https:\/\/www.aribau.es\/#\/schema\/logo\/image\/"},"sameAs":["https:\/\/www.facebook.com\/aribau1964\/","https:\/\/x.com\/aribau1964","https:\/\/www.instagram.com\/aribau1964\/"]}]}},"_links":{"self":[{"href":"https:\/\/www.aribau.es\/ca\/wp-json\/wp\/v2\/pages\/11101","targetHints":{"allow":["GET"]}}],"collection":[{"href":"https:\/\/www.aribau.es\/ca\/wp-json\/wp\/v2\/pages"}],"about":[{"href":"https:\/\/www.aribau.es\/ca\/wp-json\/wp\/v2\/types\/page"}],"author":[{"embeddable":true,"href":"https:\/\/www.aribau.es\/ca\/wp-json\/wp\/v2\/users\/3"}],"replies":[{"embeddable":true,"href":"https:\/\/www.aribau.es\/ca\/wp-json\/wp\/v2\/comments?post=11101"}],"version-history":[{"count":4,"href":"https:\/\/www.aribau.es\/ca\/wp-json\/wp\/v2\/pages\/11101\/revisions"}],"predecessor-version":[{"id":11106,"href":"https:\/\/www.aribau.es\/ca\/wp-json\/wp\/v2\/pages\/11101\/revisions\/11106"}],"up":[{"embeddable":true,"href":"https:\/\/www.aribau.es\/ca\/wp-json\/wp\/v2\/pages\/8232"}],"wp:attachment":[{"href":"https:\/\/www.aribau.es\/ca\/wp-json\/wp\/v2\/media?parent=11101"}],"curies":[{"name":"wp","href":"https:\/\/api.w.org\/{rel}","templated":true}]}}