{"id":11222,"date":"2021-05-08T20:24:32","date_gmt":"2021-05-08T19:24:32","guid":{"rendered":"https:\/\/www.aribau.es\/?page_id=11222"},"modified":"2021-05-08T20:26:36","modified_gmt":"2021-05-08T19:26:36","slug":"pasion-de-monastrell","status":"publish","type":"page","link":"https:\/\/www.aribau.es\/ca\/bodegas-2\/sierra-norte\/pasion-de-monastrell\/","title":{"rendered":"PASI\u00d3N DE MONASTRELL"},"content":{"rendered":"<div data-elementor-type=\"wp-page\" data-elementor-id=\"11222\" class=\"elementor elementor-11222\">\n\t\t\t\t\t\t<section class=\"elementor-section elementor-top-section elementor-element elementor-element-2e16dd27 elementor-section-boxed elementor-section-height-default elementor-section-height-default elementor-invisible\" data-id=\"2e16dd27\" data-element_type=\"section\" data-settings=\"{&quot;animation&quot;:&quot;fadeInUp&quot;}\">\n\t\t\t\t\t\t<div class=\"elementor-container elementor-column-gap-default\">\n\t\t\t\t\t<div class=\"elementor-column elementor-col-100 elementor-top-column elementor-element elementor-element-400bad6f\" data-id=\"400bad6f\" data-element_type=\"column\">\n\t\t\t<div class=\"elementor-widget-wrap elementor-element-populated\">\n\t\t\t\t\t\t<div class=\"elementor-element elementor-element-54e6c1db elementor-widget elementor-widget-text-editor\" data-id=\"54e6c1db\" data-element_type=\"widget\" data-widget_type=\"text-editor.default\">\n\t\t\t\t<div class=\"elementor-widget-container\">\n\t\t\t\t\t\t\t\t\t<p>PASI\u00d3N DE MONASTRELL<\/p>\t\t\t\t\t\t\t\t<\/div>\n\t\t\t\t<\/div>\n\t\t\t\t\t<\/div>\n\t\t<\/div>\n\t\t\t\t\t<\/div>\n\t\t<\/section>\n\t\t\t\t<section class=\"elementor-section elementor-top-section elementor-element elementor-element-377e50f4 elementor-section-boxed elementor-section-height-default elementor-section-height-default elementor-invisible\" data-id=\"377e50f4\" data-element_type=\"section\" data-settings=\"{&quot;animation&quot;:&quot;fadeInUp&quot;}\">\n\t\t\t\t\t\t<div class=\"elementor-container elementor-column-gap-default\">\n\t\t\t\t\t<div class=\"elementor-column elementor-col-50 elementor-top-column elementor-element elementor-element-1b36ccfb\" data-id=\"1b36ccfb\" data-element_type=\"column\">\n\t\t\t<div class=\"elementor-widget-wrap elementor-element-populated\">\n\t\t\t\t\t\t<div class=\"elementor-element elementor-element-77f37571 elementor-widget elementor-widget-image\" data-id=\"77f37571\" data-element_type=\"widget\" data-widget_type=\"image.default\">\n\t\t\t\t<div class=\"elementor-widget-container\">\n\t\t\t\t\t\t\t\t\t\t\t\t\t\t\t<img fetchpriority=\"high\" decoding=\"async\" width=\"682\" height=\"1024\" src=\"https:\/\/www.aribau.es\/wp-content\/uploads\/2021\/03\/PASION-DE-MONASTREL-min-1-1-682x1024.jpg\" class=\"elementor-animation-grow attachment-large size-large wp-image-7947\" alt=\"\" srcset=\"https:\/\/www.aribau.es\/wp-content\/uploads\/2021\/03\/PASION-DE-MONASTREL-min-1-1-682x1024.jpg 682w, https:\/\/www.aribau.es\/wp-content\/uploads\/2021\/03\/PASION-DE-MONASTREL-min-1-1-200x300.jpg 200w, https:\/\/www.aribau.es\/wp-content\/uploads\/2021\/03\/PASION-DE-MONASTREL-min-1-1-768x1152.jpg 768w, https:\/\/www.aribau.es\/wp-content\/uploads\/2021\/03\/PASION-DE-MONASTREL-min-1-1-1024x1536.jpg 1024w, https:\/\/www.aribau.es\/wp-content\/uploads\/2021\/03\/PASION-DE-MONASTREL-min-1-1-1365x2048.jpg 1365w, https:\/\/www.aribau.es\/wp-content\/uploads\/2021\/03\/PASION-DE-MONASTREL-min-1-1-scaled.jpg 1706w\" sizes=\"(max-width: 682px) 100vw, 682px\" \/>\t\t\t\t\t\t\t\t\t\t\t\t\t\t\t<\/div>\n\t\t\t\t<\/div>\n\t\t\t\t\t<\/div>\n\t\t<\/div>\n\t\t\t\t<div class=\"elementor-column elementor-col-50 elementor-top-column elementor-element elementor-element-4b43247c\" data-id=\"4b43247c\" data-element_type=\"column\">\n\t\t\t<div class=\"elementor-widget-wrap elementor-element-populated\">\n\t\t\t\t\t\t<div class=\"elementor-element elementor-element-5908c3f1 elementor-widget elementor-widget-text-editor\" data-id=\"5908c3f1\" data-element_type=\"widget\" data-widget_type=\"text-editor.default\">\n\t\t\t\t<div class=\"elementor-widget-container\">\n\t\t\t\t\t\t\t\t\t<p>VARIETATS DE RA\u00cfM<\/p>\t\t\t\t\t\t\t\t<\/div>\n\t\t\t\t<\/div>\n\t\t\t\t<div class=\"elementor-element elementor-element-67b18c85 elementor-widget elementor-widget-text-editor\" data-id=\"67b18c85\" data-element_type=\"widget\" data-widget_type=\"text-editor.default\">\n\t\t\t\t<div class=\"elementor-widget-container\">\n\t\t\t\t\t\t\t\t\t<p>Monastrell<\/p>\t\t\t\t\t\t\t\t<\/div>\n\t\t\t\t<\/div>\n\t\t\t\t<div class=\"elementor-element elementor-element-728d3aac elementor-widget elementor-widget-text-editor\" data-id=\"728d3aac\" data-element_type=\"widget\" data-widget_type=\"text-editor.default\">\n\t\t\t\t<div class=\"elementor-widget-container\">\n\t\t\t\t\t\t\t\t\t<p>CRIAN\u00c7A<\/p>\t\t\t\t\t\t\t\t<\/div>\n\t\t\t\t<\/div>\n\t\t\t\t<div class=\"elementor-element elementor-element-5399cb42 elementor-widget elementor-widget-text-editor\" data-id=\"5399cb42\" data-element_type=\"widget\" data-widget_type=\"text-editor.default\">\n\t\t\t\t<div class=\"elementor-widget-container\">\n\t\t\t\t\t\t\t\t\t<p>6 mesos<\/p>\t\t\t\t\t\t\t\t<\/div>\n\t\t\t\t<\/div>\n\t\t\t\t<div class=\"elementor-element elementor-element-5af4d328 elementor-widget elementor-widget-text-editor\" data-id=\"5af4d328\" data-element_type=\"widget\" data-widget_type=\"text-editor.default\">\n\t\t\t\t<div class=\"elementor-widget-container\">\n\t\t\t\t\t\t\t\t\t<p>DENOMINACI\u00d3 D'ORIGEN<\/p>\t\t\t\t\t\t\t\t<\/div>\n\t\t\t\t<\/div>\n\t\t\t\t<div class=\"elementor-element elementor-element-6a07e248 elementor-widget elementor-widget-image\" data-id=\"6a07e248\" data-element_type=\"widget\" data-widget_type=\"image.default\">\n\t\t\t\t<div class=\"elementor-widget-container\">\n\t\t\t\t\t\t\t\t\t\t\t\t\t\t\t<img decoding=\"async\" width=\"750\" height=\"750\" src=\"https:\/\/www.aribau.es\/wp-content\/uploads\/2021\/05\/do-utiel-requena.jpg\" class=\"attachment-full size-full wp-image-11193\" alt=\"\" srcset=\"https:\/\/www.aribau.es\/wp-content\/uploads\/2021\/05\/do-utiel-requena.jpg 750w, https:\/\/www.aribau.es\/wp-content\/uploads\/2021\/05\/do-utiel-requena-300x300.jpg 300w, https:\/\/www.aribau.es\/wp-content\/uploads\/2021\/05\/do-utiel-requena-150x150.jpg 150w\" sizes=\"(max-width: 750px) 100vw, 750px\" \/>\t\t\t\t\t\t\t\t\t\t\t\t\t\t\t<\/div>\n\t\t\t\t<\/div>\n\t\t\t\t<div class=\"elementor-element elementor-element-cbbd41f elementor-widget elementor-widget-text-editor\" data-id=\"cbbd41f\" data-element_type=\"widget\" data-widget_type=\"text-editor.default\">\n\t\t\t\t<div class=\"elementor-widget-container\">\n\t\t\t\t\t\t\t\t\t<p>DESCRIPCI\u00d3<\/p>\t\t\t\t\t\t\t\t<\/div>\n\t\t\t\t<\/div>\n\t\t\t\t<div class=\"elementor-element elementor-element-47590310 elementor-widget elementor-widget-text-editor\" data-id=\"47590310\" data-element_type=\"widget\" data-widget_type=\"text-editor.default\">\n\t\t\t\t<div class=\"elementor-widget-container\">\n\t\t\t\t\t\t\t\t\t<p class=\"MsoNormal\">Color vermell cirera, rivet vermell\u00f3s brillant, bona capa i gruixuda ll\u00e0grima suaument tintada. Bona intensitat, aromes de fruita vermella madura, marcats torrats de la b\u00f3ta, tocs de pebre vermell dol\u00e7 i pebre vermell, suaus sensacions de cirera confitada, mentolats, herbes de la muntanya.<o:p><\/o:p><\/p><p>\n\n<\/p><p class=\"MsoNormal\">Potent entrada en boca amb una suau astring\u00e8ncia, bon recorregut i fresca acidesa, fruita vermella saborosa, molt especiat, bals\u00e0mic, sensaci\u00f3 licorosa que banya els torrats.<o:p><\/o:p><\/p>\t\t\t\t\t\t\t\t<\/div>\n\t\t\t\t<\/div>\n\t\t\t\t\t<\/div>\n\t\t<\/div>\n\t\t\t\t\t<\/div>\n\t\t<\/section>\n\t\t\t\t<section class=\"elementor-section elementor-top-section elementor-element elementor-element-c8f8b61 elementor-section-boxed elementor-section-height-default elementor-section-height-default\" data-id=\"c8f8b61\" data-element_type=\"section\">\n\t\t\t\t\t\t<div class=\"elementor-container elementor-column-gap-default\">\n\t\t\t\t\t<div class=\"elementor-column elementor-col-100 elementor-top-column elementor-element elementor-element-3fc742e\" data-id=\"3fc742e\" data-element_type=\"column\">\n\t\t\t<div class=\"elementor-widget-wrap elementor-element-populated\">\n\t\t\t\t\t\t<div class=\"elementor-element elementor-element-d66ffc4 elementor-widget elementor-widget-spacer\" data-id=\"d66ffc4\" data-element_type=\"widget\" data-widget_type=\"spacer.default\">\n\t\t\t\t<div class=\"elementor-widget-container\">\n\t\t\t\t\t\t\t<div class=\"elementor-spacer\">\n\t\t\t<div class=\"elementor-spacer-inner\"><\/div>\n\t\t<\/div>\n\t\t\t\t\t\t<\/div>\n\t\t\t\t<\/div>\n\t\t\t\t\t<\/div>\n\t\t<\/div>\n\t\t\t\t\t<\/div>\n\t\t<\/section>\n\t\t\t\t<\/div>","protected":false},"excerpt":{"rendered":"<p>pasi\u00f3n de monastrell variedades de uva Monastrell Crianza 6 meses Denominaci\u00f3n de origen descripci\u00f3n Color rojo cereza, ribete rojizo brillante, buena capa y gruesa l\u00e1grima suavemente tintada. Buena intensidad, aromas de fruta roja madura, marcados tostados de la barrica, toques de piment\u00f3n dulce y pimienta roja, suaves sensaciones de cereza confitada, mentolados, hierbas del monte. &#8230; <a title=\"PASI\u00d3N DE MONASTRELL\" class=\"read-more\" href=\"https:\/\/www.aribau.es\/ca\/bodegas-2\/sierra-norte\/pasion-de-monastrell\/\" aria-label=\"M\u00e9s informaci\u00f3 sobre PASI\u00d3N DE MONASTRELL\">Llegiu m\u00e9s<\/a><\/p>","protected":false},"author":3,"featured_media":0,"parent":8205,"menu_order":0,"comment_status":"closed","ping_status":"closed","template":"elementor_header_footer","meta":{"footnotes":""},"class_list":["post-11222","page","type-page","status-publish"],"yoast_head":"<!-- This site is optimized with the Yoast SEO plugin v26.7 - https:\/\/yoast.com\/wordpress\/plugins\/seo\/ -->\n<title>PASI\u00d3N DE MONASTRELL - Aribau<\/title>\n<meta name=\"robots\" content=\"index, follow, max-snippet:-1, max-image-preview:large, max-video-preview:-1\" \/>\n<link rel=\"canonical\" href=\"https:\/\/www.aribau.es\/ca\/bodegas-2\/sierra-norte\/pasion-de-monastrell\/\" \/>\n<meta property=\"og:locale\" content=\"ca_ES\" \/>\n<meta property=\"og:type\" content=\"article\" \/>\n<meta property=\"og:title\" content=\"PASI\u00d3N DE MONASTRELL - Aribau\" \/>\n<meta property=\"og:description\" content=\"pasi\u00f3n de monastrell variedades de uva Monastrell Crianza 6 meses Denominaci\u00f3n de origen descripci\u00f3n Color rojo cereza, ribete rojizo brillante, buena capa y gruesa l\u00e1grima suavemente tintada. Buena intensidad, aromas de fruta roja madura, marcados tostados de la barrica, toques de piment\u00f3n dulce y pimienta roja, suaves sensaciones de cereza confitada, mentolados, hierbas del monte. ... Llegiu m\u00e9s\" \/>\n<meta property=\"og:url\" content=\"https:\/\/www.aribau.es\/ca\/bodegas-2\/sierra-norte\/pasion-de-monastrell\/\" \/>\n<meta property=\"og:site_name\" content=\"Aribau\" \/>\n<meta property=\"article:publisher\" content=\"https:\/\/www.facebook.com\/aribau1964\/\" \/>\n<meta property=\"article:modified_time\" content=\"2021-05-08T19:26:36+00:00\" \/>\n<meta property=\"og:image\" content=\"https:\/\/www.aribau.es\/wp-content\/uploads\/2021\/03\/PASION-DE-MONASTREL-min-1-1-682x1024.jpg\" \/>\n<meta name=\"twitter:card\" content=\"summary_large_image\" \/>\n<meta name=\"twitter:site\" content=\"@aribau1964\" \/>\n<script type=\"application\/ld+json\" class=\"yoast-schema-graph\">{\"@context\":\"https:\/\/schema.org\",\"@graph\":[{\"@type\":\"WebPage\",\"@id\":\"https:\/\/www.aribau.es\/bodegas-2\/sierra-norte\/pasion-de-monastrell\/\",\"url\":\"https:\/\/www.aribau.es\/bodegas-2\/sierra-norte\/pasion-de-monastrell\/\",\"name\":\"PASI\u00d3N DE MONASTRELL - Aribau\",\"isPartOf\":{\"@id\":\"https:\/\/www.aribau.es\/#website\"},\"primaryImageOfPage\":{\"@id\":\"https:\/\/www.aribau.es\/bodegas-2\/sierra-norte\/pasion-de-monastrell\/#primaryimage\"},\"image\":{\"@id\":\"https:\/\/www.aribau.es\/bodegas-2\/sierra-norte\/pasion-de-monastrell\/#primaryimage\"},\"thumbnailUrl\":\"https:\/\/www.aribau.es\/wp-content\/uploads\/2021\/03\/PASION-DE-MONASTREL-min-1-1-682x1024.jpg\",\"datePublished\":\"2021-05-08T19:24:32+00:00\",\"dateModified\":\"2021-05-08T19:26:36+00:00\",\"breadcrumb\":{\"@id\":\"https:\/\/www.aribau.es\/bodegas-2\/sierra-norte\/pasion-de-monastrell\/#breadcrumb\"},\"inLanguage\":\"ca\",\"potentialAction\":[{\"@type\":\"ReadAction\",\"target\":[\"https:\/\/www.aribau.es\/bodegas-2\/sierra-norte\/pasion-de-monastrell\/\"]}]},{\"@type\":\"ImageObject\",\"inLanguage\":\"ca\",\"@id\":\"https:\/\/www.aribau.es\/bodegas-2\/sierra-norte\/pasion-de-monastrell\/#primaryimage\",\"url\":\"https:\/\/www.aribau.es\/wp-content\/uploads\/2021\/03\/PASION-DE-MONASTREL-min-1-1-682x1024.jpg\",\"contentUrl\":\"https:\/\/www.aribau.es\/wp-content\/uploads\/2021\/03\/PASION-DE-MONASTREL-min-1-1-682x1024.jpg\"},{\"@type\":\"BreadcrumbList\",\"@id\":\"https:\/\/www.aribau.es\/bodegas-2\/sierra-norte\/pasion-de-monastrell\/#breadcrumb\",\"itemListElement\":[{\"@type\":\"ListItem\",\"position\":1,\"name\":\"Portada\",\"item\":\"https:\/\/www.aribau.es\/\"},{\"@type\":\"ListItem\",\"position\":2,\"name\":\"BODEGAS\",\"item\":\"https:\/\/www.aribau.es\/bodegas-2\/\"},{\"@type\":\"ListItem\",\"position\":3,\"name\":\"SIERRA NORTE\",\"item\":\"https:\/\/www.aribau.es\/bodegas-2\/sierra-norte\/\"},{\"@type\":\"ListItem\",\"position\":4,\"name\":\"PASI\u00d3N DE MONASTRELL\"}]},{\"@type\":\"WebSite\",\"@id\":\"https:\/\/www.aribau.es\/#website\",\"url\":\"https:\/\/www.aribau.es\/\",\"name\":\"Aribau\",\"description\":\"VINOS Y BODEGAS\",\"publisher\":{\"@id\":\"https:\/\/www.aribau.es\/#organization\"},\"potentialAction\":[{\"@type\":\"SearchAction\",\"target\":{\"@type\":\"EntryPoint\",\"urlTemplate\":\"https:\/\/www.aribau.es\/?s={search_term_string}\"},\"query-input\":{\"@type\":\"PropertyValueSpecification\",\"valueRequired\":true,\"valueName\":\"search_term_string\"}}],\"inLanguage\":\"ca\"},{\"@type\":\"Organization\",\"@id\":\"https:\/\/www.aribau.es\/#organization\",\"name\":\"Aribau\",\"url\":\"https:\/\/www.aribau.es\/\",\"logo\":{\"@type\":\"ImageObject\",\"inLanguage\":\"ca\",\"@id\":\"https:\/\/www.aribau.es\/#\/schema\/logo\/image\/\",\"url\":\"https:\/\/www.aribau.es\/wp-content\/uploads\/2022\/03\/logo.png\",\"contentUrl\":\"https:\/\/www.aribau.es\/wp-content\/uploads\/2022\/03\/logo.png\",\"width\":300,\"height\":300,\"caption\":\"Aribau\"},\"image\":{\"@id\":\"https:\/\/www.aribau.es\/#\/schema\/logo\/image\/\"},\"sameAs\":[\"https:\/\/www.facebook.com\/aribau1964\/\",\"https:\/\/x.com\/aribau1964\",\"https:\/\/www.instagram.com\/aribau1964\/\"]}]}<\/script>\n<!-- \/ Yoast SEO plugin. -->","yoast_head_json":{"title":"PASI\u00d3N DE MONASTRELL - Aribau","robots":{"index":"index","follow":"follow","max-snippet":"max-snippet:-1","max-image-preview":"max-image-preview:large","max-video-preview":"max-video-preview:-1"},"canonical":"https:\/\/www.aribau.es\/ca\/bodegas-2\/sierra-norte\/pasion-de-monastrell\/","og_locale":"ca_ES","og_type":"article","og_title":"PASI\u00d3N DE MONASTRELL - Aribau","og_description":"pasi\u00f3n de monastrell variedades de uva Monastrell Crianza 6 meses Denominaci\u00f3n de origen descripci\u00f3n Color rojo cereza, ribete rojizo brillante, buena capa y gruesa l\u00e1grima suavemente tintada. Buena intensidad, aromas de fruta roja madura, marcados tostados de la barrica, toques de piment\u00f3n dulce y pimienta roja, suaves sensaciones de cereza confitada, mentolados, hierbas del monte. ... Llegiu m\u00e9s","og_url":"https:\/\/www.aribau.es\/ca\/bodegas-2\/sierra-norte\/pasion-de-monastrell\/","og_site_name":"Aribau","article_publisher":"https:\/\/www.facebook.com\/aribau1964\/","article_modified_time":"2021-05-08T19:26:36+00:00","og_image":[{"url":"https:\/\/www.aribau.es\/wp-content\/uploads\/2021\/03\/PASION-DE-MONASTREL-min-1-1-682x1024.jpg","type":"","width":"","height":""}],"twitter_card":"summary_large_image","twitter_site":"@aribau1964","schema":{"@context":"https:\/\/schema.org","@graph":[{"@type":"WebPage","@id":"https:\/\/www.aribau.es\/bodegas-2\/sierra-norte\/pasion-de-monastrell\/","url":"https:\/\/www.aribau.es\/bodegas-2\/sierra-norte\/pasion-de-monastrell\/","name":"PASI\u00d3N DE MONASTRELL - Aribau","isPartOf":{"@id":"https:\/\/www.aribau.es\/#website"},"primaryImageOfPage":{"@id":"https:\/\/www.aribau.es\/bodegas-2\/sierra-norte\/pasion-de-monastrell\/#primaryimage"},"image":{"@id":"https:\/\/www.aribau.es\/bodegas-2\/sierra-norte\/pasion-de-monastrell\/#primaryimage"},"thumbnailUrl":"https:\/\/www.aribau.es\/wp-content\/uploads\/2021\/03\/PASION-DE-MONASTREL-min-1-1-682x1024.jpg","datePublished":"2021-05-08T19:24:32+00:00","dateModified":"2021-05-08T19:26:36+00:00","breadcrumb":{"@id":"https:\/\/www.aribau.es\/bodegas-2\/sierra-norte\/pasion-de-monastrell\/#breadcrumb"},"inLanguage":"ca","potentialAction":[{"@type":"ReadAction","target":["https:\/\/www.aribau.es\/bodegas-2\/sierra-norte\/pasion-de-monastrell\/"]}]},{"@type":"ImageObject","inLanguage":"ca","@id":"https:\/\/www.aribau.es\/bodegas-2\/sierra-norte\/pasion-de-monastrell\/#primaryimage","url":"https:\/\/www.aribau.es\/wp-content\/uploads\/2021\/03\/PASION-DE-MONASTREL-min-1-1-682x1024.jpg","contentUrl":"https:\/\/www.aribau.es\/wp-content\/uploads\/2021\/03\/PASION-DE-MONASTREL-min-1-1-682x1024.jpg"},{"@type":"BreadcrumbList","@id":"https:\/\/www.aribau.es\/bodegas-2\/sierra-norte\/pasion-de-monastrell\/#breadcrumb","itemListElement":[{"@type":"ListItem","position":1,"name":"Portada","item":"https:\/\/www.aribau.es\/"},{"@type":"ListItem","position":2,"name":"BODEGAS","item":"https:\/\/www.aribau.es\/bodegas-2\/"},{"@type":"ListItem","position":3,"name":"SIERRA NORTE","item":"https:\/\/www.aribau.es\/bodegas-2\/sierra-norte\/"},{"@type":"ListItem","position":4,"name":"PASI\u00d3N DE MONASTRELL"}]},{"@type":"WebSite","@id":"https:\/\/www.aribau.es\/#website","url":"https:\/\/www.aribau.es\/","name":"Aribau","description":"VINOS Y BODEGAS","publisher":{"@id":"https:\/\/www.aribau.es\/#organization"},"potentialAction":[{"@type":"SearchAction","target":{"@type":"EntryPoint","urlTemplate":"https:\/\/www.aribau.es\/?s={search_term_string}"},"query-input":{"@type":"PropertyValueSpecification","valueRequired":true,"valueName":"search_term_string"}}],"inLanguage":"ca"},{"@type":"Organization","@id":"https:\/\/www.aribau.es\/#organization","name":"Aribau","url":"https:\/\/www.aribau.es\/","logo":{"@type":"ImageObject","inLanguage":"ca","@id":"https:\/\/www.aribau.es\/#\/schema\/logo\/image\/","url":"https:\/\/www.aribau.es\/wp-content\/uploads\/2022\/03\/logo.png","contentUrl":"https:\/\/www.aribau.es\/wp-content\/uploads\/2022\/03\/logo.png","width":300,"height":300,"caption":"Aribau"},"image":{"@id":"https:\/\/www.aribau.es\/#\/schema\/logo\/image\/"},"sameAs":["https:\/\/www.facebook.com\/aribau1964\/","https:\/\/x.com\/aribau1964","https:\/\/www.instagram.com\/aribau1964\/"]}]}},"_links":{"self":[{"href":"https:\/\/www.aribau.es\/ca\/wp-json\/wp\/v2\/pages\/11222","targetHints":{"allow":["GET"]}}],"collection":[{"href":"https:\/\/www.aribau.es\/ca\/wp-json\/wp\/v2\/pages"}],"about":[{"href":"https:\/\/www.aribau.es\/ca\/wp-json\/wp\/v2\/types\/page"}],"author":[{"embeddable":true,"href":"https:\/\/www.aribau.es\/ca\/wp-json\/wp\/v2\/users\/3"}],"replies":[{"embeddable":true,"href":"https:\/\/www.aribau.es\/ca\/wp-json\/wp\/v2\/comments?post=11222"}],"version-history":[{"count":4,"href":"https:\/\/www.aribau.es\/ca\/wp-json\/wp\/v2\/pages\/11222\/revisions"}],"predecessor-version":[{"id":11226,"href":"https:\/\/www.aribau.es\/ca\/wp-json\/wp\/v2\/pages\/11222\/revisions\/11226"}],"up":[{"embeddable":true,"href":"https:\/\/www.aribau.es\/ca\/wp-json\/wp\/v2\/pages\/8205"}],"wp:attachment":[{"href":"https:\/\/www.aribau.es\/ca\/wp-json\/wp\/v2\/media?parent=11222"}],"curies":[{"name":"wp","href":"https:\/\/api.w.org\/{rel}","templated":true}]}}