{"id":11237,"date":"2021-05-08T20:32:07","date_gmt":"2021-05-08T19:32:07","guid":{"rendered":"https:\/\/www.aribau.es\/?page_id=11237"},"modified":"2021-05-08T20:33:59","modified_gmt":"2021-05-08T19:33:59","slug":"equilibrio-4-meses","status":"publish","type":"page","link":"https:\/\/www.aribau.es\/ca\/bodegas-2\/sierra-norte\/equilibrio-4-meses\/","title":{"rendered":"EQUILIBRIO 4 MESOS"},"content":{"rendered":"<div data-elementor-type=\"wp-page\" data-elementor-id=\"11237\" class=\"elementor elementor-11237\">\n\t\t\t\t\t\t<section class=\"elementor-section elementor-top-section elementor-element elementor-element-55ff2b7a elementor-section-boxed elementor-section-height-default elementor-section-height-default elementor-invisible\" data-id=\"55ff2b7a\" data-element_type=\"section\" data-settings=\"{&quot;animation&quot;:&quot;fadeInUp&quot;}\">\n\t\t\t\t\t\t<div class=\"elementor-container elementor-column-gap-default\">\n\t\t\t\t\t<div class=\"elementor-column elementor-col-100 elementor-top-column elementor-element elementor-element-1b2cbc81\" data-id=\"1b2cbc81\" data-element_type=\"column\">\n\t\t\t<div class=\"elementor-widget-wrap elementor-element-populated\">\n\t\t\t\t\t\t<div class=\"elementor-element elementor-element-4c54b5b2 elementor-widget elementor-widget-text-editor\" data-id=\"4c54b5b2\" data-element_type=\"widget\" data-widget_type=\"text-editor.default\">\n\t\t\t\t<div class=\"elementor-widget-container\">\n\t\t\t\t\t\t\t\t\t<p>EQUILIBRIO 4 MESOS<\/p>\t\t\t\t\t\t\t\t<\/div>\n\t\t\t\t<\/div>\n\t\t\t\t\t<\/div>\n\t\t<\/div>\n\t\t\t\t\t<\/div>\n\t\t<\/section>\n\t\t\t\t<section class=\"elementor-section elementor-top-section elementor-element elementor-element-7e22b064 elementor-section-boxed elementor-section-height-default elementor-section-height-default elementor-invisible\" data-id=\"7e22b064\" data-element_type=\"section\" data-settings=\"{&quot;animation&quot;:&quot;fadeInUp&quot;}\">\n\t\t\t\t\t\t<div class=\"elementor-container elementor-column-gap-default\">\n\t\t\t\t\t<div class=\"elementor-column elementor-col-50 elementor-top-column elementor-element elementor-element-5a2c2f37\" data-id=\"5a2c2f37\" data-element_type=\"column\">\n\t\t\t<div class=\"elementor-widget-wrap elementor-element-populated\">\n\t\t\t\t\t\t<div class=\"elementor-element elementor-element-3cd64bfe elementor-widget elementor-widget-image\" data-id=\"3cd64bfe\" data-element_type=\"widget\" data-widget_type=\"image.default\">\n\t\t\t\t<div class=\"elementor-widget-container\">\n\t\t\t\t\t\t\t\t\t\t\t\t\t\t\t<img fetchpriority=\"high\" decoding=\"async\" width=\"683\" height=\"1024\" src=\"https:\/\/www.aribau.es\/wp-content\/uploads\/2021\/03\/EQUILIBRIO-4-MESES-min-683x1024.jpg\" class=\"elementor-animation-grow attachment-large size-large wp-image-7950\" alt=\"\" srcset=\"https:\/\/www.aribau.es\/wp-content\/uploads\/2021\/03\/EQUILIBRIO-4-MESES-min-683x1024.jpg 683w, https:\/\/www.aribau.es\/wp-content\/uploads\/2021\/03\/EQUILIBRIO-4-MESES-min-200x300.jpg 200w, https:\/\/www.aribau.es\/wp-content\/uploads\/2021\/03\/EQUILIBRIO-4-MESES-min-768x1152.jpg 768w, https:\/\/www.aribau.es\/wp-content\/uploads\/2021\/03\/EQUILIBRIO-4-MESES-min-1024x1536.jpg 1024w, https:\/\/www.aribau.es\/wp-content\/uploads\/2021\/03\/EQUILIBRIO-4-MESES-min-1365x2048.jpg 1365w, https:\/\/www.aribau.es\/wp-content\/uploads\/2021\/03\/EQUILIBRIO-4-MESES-min-scaled.jpg 1706w\" sizes=\"(max-width: 683px) 100vw, 683px\" \/>\t\t\t\t\t\t\t\t\t\t\t\t\t\t\t<\/div>\n\t\t\t\t<\/div>\n\t\t\t\t\t<\/div>\n\t\t<\/div>\n\t\t\t\t<div class=\"elementor-column elementor-col-50 elementor-top-column elementor-element elementor-element-27b650b7\" data-id=\"27b650b7\" data-element_type=\"column\">\n\t\t\t<div class=\"elementor-widget-wrap elementor-element-populated\">\n\t\t\t\t\t\t<div class=\"elementor-element elementor-element-d16669a elementor-widget elementor-widget-text-editor\" data-id=\"d16669a\" data-element_type=\"widget\" data-widget_type=\"text-editor.default\">\n\t\t\t\t<div class=\"elementor-widget-container\">\n\t\t\t\t\t\t\t\t\t<p>VARIETATS DE RA\u00cfM<\/p>\t\t\t\t\t\t\t\t<\/div>\n\t\t\t\t<\/div>\n\t\t\t\t<div class=\"elementor-element elementor-element-f114cf9 elementor-widget elementor-widget-text-editor\" data-id=\"f114cf9\" data-element_type=\"widget\" data-widget_type=\"text-editor.default\">\n\t\t\t\t<div class=\"elementor-widget-container\">\n\t\t\t\t\t\t\t\t\t<p>Monastrell<\/p>\t\t\t\t\t\t\t\t<\/div>\n\t\t\t\t<\/div>\n\t\t\t\t<div class=\"elementor-element elementor-element-392c754a elementor-widget elementor-widget-text-editor\" data-id=\"392c754a\" data-element_type=\"widget\" data-widget_type=\"text-editor.default\">\n\t\t\t\t<div class=\"elementor-widget-container\">\n\t\t\t\t\t\t\t\t\t<p>CRIAN\u00c7A<\/p>\t\t\t\t\t\t\t\t<\/div>\n\t\t\t\t<\/div>\n\t\t\t\t<div class=\"elementor-element elementor-element-3bfd1b35 elementor-widget elementor-widget-text-editor\" data-id=\"3bfd1b35\" data-element_type=\"widget\" data-widget_type=\"text-editor.default\">\n\t\t\t\t<div class=\"elementor-widget-container\">\n\t\t\t\t\t\t\t\t\t<p>4 mesos<\/p>\t\t\t\t\t\t\t\t<\/div>\n\t\t\t\t<\/div>\n\t\t\t\t<div class=\"elementor-element elementor-element-786ec75e elementor-widget elementor-widget-text-editor\" data-id=\"786ec75e\" data-element_type=\"widget\" data-widget_type=\"text-editor.default\">\n\t\t\t\t<div class=\"elementor-widget-container\">\n\t\t\t\t\t\t\t\t\t<p>DENOMINACI\u00d3 D'ORIGEN<\/p>\t\t\t\t\t\t\t\t<\/div>\n\t\t\t\t<\/div>\n\t\t\t\t<div class=\"elementor-element elementor-element-bc5e708 elementor-widget elementor-widget-image\" data-id=\"bc5e708\" data-element_type=\"widget\" data-widget_type=\"image.default\">\n\t\t\t\t<div class=\"elementor-widget-container\">\n\t\t\t\t\t\t\t\t\t\t\t\t\t\t\t<img decoding=\"async\" width=\"750\" height=\"750\" src=\"https:\/\/www.aribau.es\/wp-content\/uploads\/2021\/05\/do-utiel-requena.jpg\" class=\"attachment-full size-full wp-image-11193\" alt=\"\" srcset=\"https:\/\/www.aribau.es\/wp-content\/uploads\/2021\/05\/do-utiel-requena.jpg 750w, https:\/\/www.aribau.es\/wp-content\/uploads\/2021\/05\/do-utiel-requena-300x300.jpg 300w, https:\/\/www.aribau.es\/wp-content\/uploads\/2021\/05\/do-utiel-requena-150x150.jpg 150w\" sizes=\"(max-width: 750px) 100vw, 750px\" \/>\t\t\t\t\t\t\t\t\t\t\t\t\t\t\t<\/div>\n\t\t\t\t<\/div>\n\t\t\t\t<div class=\"elementor-element elementor-element-176d53a1 elementor-widget elementor-widget-text-editor\" data-id=\"176d53a1\" data-element_type=\"widget\" data-widget_type=\"text-editor.default\">\n\t\t\t\t<div class=\"elementor-widget-container\">\n\t\t\t\t\t\t\t\t\t<p>DESCRIPCI\u00d3<\/p>\t\t\t\t\t\t\t\t<\/div>\n\t\t\t\t<\/div>\n\t\t\t\t<div class=\"elementor-element elementor-element-6be22252 elementor-widget elementor-widget-text-editor\" data-id=\"6be22252\" data-element_type=\"widget\" data-widget_type=\"text-editor.default\">\n\t\t\t\t<div class=\"elementor-widget-container\">\n\t\t\t\t\t\t\t\t\t<p class=\"MsoNormal\">Color vermell cirera amb ribet granat i reflexos rob\u00ed, genera ll\u00e0grima fina de caiguda lenta, net. Nas complexa, on es fon de forma equilibrada la fruita negra, les esp\u00e8cies dolces amb les notes de vainilla. A poc a poc van apareixent aromes de fruita vermella, sotabosc i aromes de terra mullada.<o:p><\/o:p><\/p><p>\n\n<\/p><p class=\"MsoNormal\">En boca \u00e9s sabor\u00f3s, fresc, lleugerament bals\u00e0mic, amb bon cos i tanins madurs ben marcats. Final especiat de bona persist\u00e8ncia.<o:p><\/o:p><\/p>\t\t\t\t\t\t\t\t<\/div>\n\t\t\t\t<\/div>\n\t\t\t\t\t<\/div>\n\t\t<\/div>\n\t\t\t\t\t<\/div>\n\t\t<\/section>\n\t\t\t\t<section class=\"elementor-section elementor-top-section elementor-element elementor-element-971ea58 elementor-section-boxed elementor-section-height-default elementor-section-height-default\" data-id=\"971ea58\" data-element_type=\"section\">\n\t\t\t\t\t\t<div class=\"elementor-container elementor-column-gap-default\">\n\t\t\t\t\t<div class=\"elementor-column elementor-col-100 elementor-top-column elementor-element elementor-element-4d8d1c6\" data-id=\"4d8d1c6\" data-element_type=\"column\">\n\t\t\t<div class=\"elementor-widget-wrap elementor-element-populated\">\n\t\t\t\t\t\t<div class=\"elementor-element elementor-element-a0d66af elementor-widget elementor-widget-spacer\" data-id=\"a0d66af\" data-element_type=\"widget\" data-widget_type=\"spacer.default\">\n\t\t\t\t<div class=\"elementor-widget-container\">\n\t\t\t\t\t\t\t<div class=\"elementor-spacer\">\n\t\t\t<div class=\"elementor-spacer-inner\"><\/div>\n\t\t<\/div>\n\t\t\t\t\t\t<\/div>\n\t\t\t\t<\/div>\n\t\t\t\t\t<\/div>\n\t\t<\/div>\n\t\t\t\t\t<\/div>\n\t\t<\/section>\n\t\t\t\t<\/div>","protected":false},"excerpt":{"rendered":"<p>EQUILIBRIO 4 MESES variedades de uva Monastrell Crianza 4 meses Denominaci\u00f3n de origen descripci\u00f3n Color rojo cereza con ribete granate y reflejos rub\u00ed, genera l\u00e1grima fina de ca\u00edda lenta, limpio. Nariz compleja, donde se funde de forma equilibrada la fruta negra, las especias dulces con las notas de vainilla. Poco a poco van apareciendo aromas &#8230; <a title=\"EQUILIBRIO 4 MESOS\" class=\"read-more\" href=\"https:\/\/www.aribau.es\/ca\/bodegas-2\/sierra-norte\/equilibrio-4-meses\/\" aria-label=\"M\u00e9s informaci\u00f3 sobre EQUILIBRIO 4 MESES\">Llegiu m\u00e9s<\/a><\/p>","protected":false},"author":3,"featured_media":0,"parent":8205,"menu_order":0,"comment_status":"closed","ping_status":"closed","template":"elementor_header_footer","meta":{"footnotes":""},"class_list":["post-11237","page","type-page","status-publish"],"yoast_head":"<!-- This site is optimized with the Yoast SEO plugin v26.7 - https:\/\/yoast.com\/wordpress\/plugins\/seo\/ -->\n<title>EQUILIBRIO 4 MESES - Aribau<\/title>\n<meta name=\"robots\" content=\"index, follow, max-snippet:-1, max-image-preview:large, max-video-preview:-1\" \/>\n<link rel=\"canonical\" href=\"https:\/\/www.aribau.es\/ca\/bodegas-2\/sierra-norte\/equilibrio-4-meses\/\" \/>\n<meta property=\"og:locale\" content=\"ca_ES\" \/>\n<meta property=\"og:type\" content=\"article\" \/>\n<meta property=\"og:title\" content=\"EQUILIBRIO 4 MESES - Aribau\" \/>\n<meta property=\"og:description\" content=\"EQUILIBRIO 4 MESES variedades de uva Monastrell Crianza 4 meses Denominaci\u00f3n de origen descripci\u00f3n Color rojo cereza con ribete granate y reflejos rub\u00ed, genera l\u00e1grima fina de ca\u00edda lenta, limpio. Nariz compleja, donde se funde de forma equilibrada la fruta negra, las especias dulces con las notas de vainilla. Poco a poco van apareciendo aromas ... Llegiu m\u00e9s\" \/>\n<meta property=\"og:url\" content=\"https:\/\/www.aribau.es\/ca\/bodegas-2\/sierra-norte\/equilibrio-4-meses\/\" \/>\n<meta property=\"og:site_name\" content=\"Aribau\" \/>\n<meta property=\"article:publisher\" content=\"https:\/\/www.facebook.com\/aribau1964\/\" \/>\n<meta property=\"article:modified_time\" content=\"2021-05-08T19:33:59+00:00\" \/>\n<meta property=\"og:image\" content=\"https:\/\/www.aribau.es\/wp-content\/uploads\/2021\/03\/EQUILIBRIO-4-MESES-min-683x1024.jpg\" \/>\n<meta name=\"twitter:card\" content=\"summary_large_image\" \/>\n<meta name=\"twitter:site\" content=\"@aribau1964\" \/>\n<script type=\"application\/ld+json\" class=\"yoast-schema-graph\">{\"@context\":\"https:\/\/schema.org\",\"@graph\":[{\"@type\":\"WebPage\",\"@id\":\"https:\/\/www.aribau.es\/bodegas-2\/sierra-norte\/equilibrio-4-meses\/\",\"url\":\"https:\/\/www.aribau.es\/bodegas-2\/sierra-norte\/equilibrio-4-meses\/\",\"name\":\"EQUILIBRIO 4 MESES - Aribau\",\"isPartOf\":{\"@id\":\"https:\/\/www.aribau.es\/#website\"},\"primaryImageOfPage\":{\"@id\":\"https:\/\/www.aribau.es\/bodegas-2\/sierra-norte\/equilibrio-4-meses\/#primaryimage\"},\"image\":{\"@id\":\"https:\/\/www.aribau.es\/bodegas-2\/sierra-norte\/equilibrio-4-meses\/#primaryimage\"},\"thumbnailUrl\":\"https:\/\/www.aribau.es\/wp-content\/uploads\/2021\/03\/EQUILIBRIO-4-MESES-min-683x1024.jpg\",\"datePublished\":\"2021-05-08T19:32:07+00:00\",\"dateModified\":\"2021-05-08T19:33:59+00:00\",\"breadcrumb\":{\"@id\":\"https:\/\/www.aribau.es\/bodegas-2\/sierra-norte\/equilibrio-4-meses\/#breadcrumb\"},\"inLanguage\":\"ca\",\"potentialAction\":[{\"@type\":\"ReadAction\",\"target\":[\"https:\/\/www.aribau.es\/bodegas-2\/sierra-norte\/equilibrio-4-meses\/\"]}]},{\"@type\":\"ImageObject\",\"inLanguage\":\"ca\",\"@id\":\"https:\/\/www.aribau.es\/bodegas-2\/sierra-norte\/equilibrio-4-meses\/#primaryimage\",\"url\":\"https:\/\/www.aribau.es\/wp-content\/uploads\/2021\/03\/EQUILIBRIO-4-MESES-min-683x1024.jpg\",\"contentUrl\":\"https:\/\/www.aribau.es\/wp-content\/uploads\/2021\/03\/EQUILIBRIO-4-MESES-min-683x1024.jpg\"},{\"@type\":\"BreadcrumbList\",\"@id\":\"https:\/\/www.aribau.es\/bodegas-2\/sierra-norte\/equilibrio-4-meses\/#breadcrumb\",\"itemListElement\":[{\"@type\":\"ListItem\",\"position\":1,\"name\":\"Portada\",\"item\":\"https:\/\/www.aribau.es\/\"},{\"@type\":\"ListItem\",\"position\":2,\"name\":\"BODEGAS\",\"item\":\"https:\/\/www.aribau.es\/bodegas-2\/\"},{\"@type\":\"ListItem\",\"position\":3,\"name\":\"SIERRA NORTE\",\"item\":\"https:\/\/www.aribau.es\/bodegas-2\/sierra-norte\/\"},{\"@type\":\"ListItem\",\"position\":4,\"name\":\"EQUILIBRIO 4 MESES\"}]},{\"@type\":\"WebSite\",\"@id\":\"https:\/\/www.aribau.es\/#website\",\"url\":\"https:\/\/www.aribau.es\/\",\"name\":\"Aribau\",\"description\":\"VINOS Y BODEGAS\",\"publisher\":{\"@id\":\"https:\/\/www.aribau.es\/#organization\"},\"potentialAction\":[{\"@type\":\"SearchAction\",\"target\":{\"@type\":\"EntryPoint\",\"urlTemplate\":\"https:\/\/www.aribau.es\/?s={search_term_string}\"},\"query-input\":{\"@type\":\"PropertyValueSpecification\",\"valueRequired\":true,\"valueName\":\"search_term_string\"}}],\"inLanguage\":\"ca\"},{\"@type\":\"Organization\",\"@id\":\"https:\/\/www.aribau.es\/#organization\",\"name\":\"Aribau\",\"url\":\"https:\/\/www.aribau.es\/\",\"logo\":{\"@type\":\"ImageObject\",\"inLanguage\":\"ca\",\"@id\":\"https:\/\/www.aribau.es\/#\/schema\/logo\/image\/\",\"url\":\"https:\/\/www.aribau.es\/wp-content\/uploads\/2022\/03\/logo.png\",\"contentUrl\":\"https:\/\/www.aribau.es\/wp-content\/uploads\/2022\/03\/logo.png\",\"width\":300,\"height\":300,\"caption\":\"Aribau\"},\"image\":{\"@id\":\"https:\/\/www.aribau.es\/#\/schema\/logo\/image\/\"},\"sameAs\":[\"https:\/\/www.facebook.com\/aribau1964\/\",\"https:\/\/x.com\/aribau1964\",\"https:\/\/www.instagram.com\/aribau1964\/\"]}]}<\/script>\n<!-- \/ Yoast SEO plugin. -->","yoast_head_json":{"title":"EQUILIBRIO 4 MESES - Aribau","robots":{"index":"index","follow":"follow","max-snippet":"max-snippet:-1","max-image-preview":"max-image-preview:large","max-video-preview":"max-video-preview:-1"},"canonical":"https:\/\/www.aribau.es\/ca\/bodegas-2\/sierra-norte\/equilibrio-4-meses\/","og_locale":"ca_ES","og_type":"article","og_title":"EQUILIBRIO 4 MESES - Aribau","og_description":"EQUILIBRIO 4 MESES variedades de uva Monastrell Crianza 4 meses Denominaci\u00f3n de origen descripci\u00f3n Color rojo cereza con ribete granate y reflejos rub\u00ed, genera l\u00e1grima fina de ca\u00edda lenta, limpio. Nariz compleja, donde se funde de forma equilibrada la fruta negra, las especias dulces con las notas de vainilla. Poco a poco van apareciendo aromas ... Llegiu m\u00e9s","og_url":"https:\/\/www.aribau.es\/ca\/bodegas-2\/sierra-norte\/equilibrio-4-meses\/","og_site_name":"Aribau","article_publisher":"https:\/\/www.facebook.com\/aribau1964\/","article_modified_time":"2021-05-08T19:33:59+00:00","og_image":[{"url":"https:\/\/www.aribau.es\/wp-content\/uploads\/2021\/03\/EQUILIBRIO-4-MESES-min-683x1024.jpg","type":"","width":"","height":""}],"twitter_card":"summary_large_image","twitter_site":"@aribau1964","schema":{"@context":"https:\/\/schema.org","@graph":[{"@type":"WebPage","@id":"https:\/\/www.aribau.es\/bodegas-2\/sierra-norte\/equilibrio-4-meses\/","url":"https:\/\/www.aribau.es\/bodegas-2\/sierra-norte\/equilibrio-4-meses\/","name":"EQUILIBRIO 4 MESES - Aribau","isPartOf":{"@id":"https:\/\/www.aribau.es\/#website"},"primaryImageOfPage":{"@id":"https:\/\/www.aribau.es\/bodegas-2\/sierra-norte\/equilibrio-4-meses\/#primaryimage"},"image":{"@id":"https:\/\/www.aribau.es\/bodegas-2\/sierra-norte\/equilibrio-4-meses\/#primaryimage"},"thumbnailUrl":"https:\/\/www.aribau.es\/wp-content\/uploads\/2021\/03\/EQUILIBRIO-4-MESES-min-683x1024.jpg","datePublished":"2021-05-08T19:32:07+00:00","dateModified":"2021-05-08T19:33:59+00:00","breadcrumb":{"@id":"https:\/\/www.aribau.es\/bodegas-2\/sierra-norte\/equilibrio-4-meses\/#breadcrumb"},"inLanguage":"ca","potentialAction":[{"@type":"ReadAction","target":["https:\/\/www.aribau.es\/bodegas-2\/sierra-norte\/equilibrio-4-meses\/"]}]},{"@type":"ImageObject","inLanguage":"ca","@id":"https:\/\/www.aribau.es\/bodegas-2\/sierra-norte\/equilibrio-4-meses\/#primaryimage","url":"https:\/\/www.aribau.es\/wp-content\/uploads\/2021\/03\/EQUILIBRIO-4-MESES-min-683x1024.jpg","contentUrl":"https:\/\/www.aribau.es\/wp-content\/uploads\/2021\/03\/EQUILIBRIO-4-MESES-min-683x1024.jpg"},{"@type":"BreadcrumbList","@id":"https:\/\/www.aribau.es\/bodegas-2\/sierra-norte\/equilibrio-4-meses\/#breadcrumb","itemListElement":[{"@type":"ListItem","position":1,"name":"Portada","item":"https:\/\/www.aribau.es\/"},{"@type":"ListItem","position":2,"name":"BODEGAS","item":"https:\/\/www.aribau.es\/bodegas-2\/"},{"@type":"ListItem","position":3,"name":"SIERRA NORTE","item":"https:\/\/www.aribau.es\/bodegas-2\/sierra-norte\/"},{"@type":"ListItem","position":4,"name":"EQUILIBRIO 4 MESES"}]},{"@type":"WebSite","@id":"https:\/\/www.aribau.es\/#website","url":"https:\/\/www.aribau.es\/","name":"Aribau","description":"VINOS Y BODEGAS","publisher":{"@id":"https:\/\/www.aribau.es\/#organization"},"potentialAction":[{"@type":"SearchAction","target":{"@type":"EntryPoint","urlTemplate":"https:\/\/www.aribau.es\/?s={search_term_string}"},"query-input":{"@type":"PropertyValueSpecification","valueRequired":true,"valueName":"search_term_string"}}],"inLanguage":"ca"},{"@type":"Organization","@id":"https:\/\/www.aribau.es\/#organization","name":"Aribau","url":"https:\/\/www.aribau.es\/","logo":{"@type":"ImageObject","inLanguage":"ca","@id":"https:\/\/www.aribau.es\/#\/schema\/logo\/image\/","url":"https:\/\/www.aribau.es\/wp-content\/uploads\/2022\/03\/logo.png","contentUrl":"https:\/\/www.aribau.es\/wp-content\/uploads\/2022\/03\/logo.png","width":300,"height":300,"caption":"Aribau"},"image":{"@id":"https:\/\/www.aribau.es\/#\/schema\/logo\/image\/"},"sameAs":["https:\/\/www.facebook.com\/aribau1964\/","https:\/\/x.com\/aribau1964","https:\/\/www.instagram.com\/aribau1964\/"]}]}},"_links":{"self":[{"href":"https:\/\/www.aribau.es\/ca\/wp-json\/wp\/v2\/pages\/11237","targetHints":{"allow":["GET"]}}],"collection":[{"href":"https:\/\/www.aribau.es\/ca\/wp-json\/wp\/v2\/pages"}],"about":[{"href":"https:\/\/www.aribau.es\/ca\/wp-json\/wp\/v2\/types\/page"}],"author":[{"embeddable":true,"href":"https:\/\/www.aribau.es\/ca\/wp-json\/wp\/v2\/users\/3"}],"replies":[{"embeddable":true,"href":"https:\/\/www.aribau.es\/ca\/wp-json\/wp\/v2\/comments?post=11237"}],"version-history":[{"count":4,"href":"https:\/\/www.aribau.es\/ca\/wp-json\/wp\/v2\/pages\/11237\/revisions"}],"predecessor-version":[{"id":11241,"href":"https:\/\/www.aribau.es\/ca\/wp-json\/wp\/v2\/pages\/11237\/revisions\/11241"}],"up":[{"embeddable":true,"href":"https:\/\/www.aribau.es\/ca\/wp-json\/wp\/v2\/pages\/8205"}],"wp:attachment":[{"href":"https:\/\/www.aribau.es\/ca\/wp-json\/wp\/v2\/media?parent=11237"}],"curies":[{"name":"wp","href":"https:\/\/api.w.org\/{rel}","templated":true}]}}