{"id":11407,"date":"2021-05-09T15:48:39","date_gmt":"2021-05-09T14:48:39","guid":{"rendered":"https:\/\/www.aribau.es\/?page_id=11407"},"modified":"2021-05-09T15:50:51","modified_gmt":"2021-05-09T14:50:51","slug":"ars-collecta-blanc-de-noirs-gran-reserva","status":"publish","type":"page","link":"https:\/\/www.aribau.es\/ca\/bodegas-2\/codorniu\/ars-collecta-blanc-de-noirs-gran-reserva\/","title":{"rendered":"ARS COLLECTA BLANC DE NOIRS GRAN RESERVA"},"content":{"rendered":"<div data-elementor-type=\"wp-page\" data-elementor-id=\"11407\" class=\"elementor elementor-11407\">\n\t\t\t\t\t\t<section class=\"elementor-section elementor-top-section elementor-element elementor-element-2aa519dd elementor-section-boxed elementor-section-height-default elementor-section-height-default elementor-invisible\" data-id=\"2aa519dd\" data-element_type=\"section\" data-settings=\"{&quot;animation&quot;:&quot;fadeInUp&quot;}\">\n\t\t\t\t\t\t<div class=\"elementor-container elementor-column-gap-default\">\n\t\t\t\t\t<div class=\"elementor-column elementor-col-100 elementor-top-column elementor-element elementor-element-5d01af21\" data-id=\"5d01af21\" data-element_type=\"column\">\n\t\t\t<div class=\"elementor-widget-wrap elementor-element-populated\">\n\t\t\t\t\t\t<div class=\"elementor-element elementor-element-7efe55b5 elementor-widget elementor-widget-text-editor\" data-id=\"7efe55b5\" data-element_type=\"widget\" data-widget_type=\"text-editor.default\">\n\t\t\t\t<div class=\"elementor-widget-container\">\n\t\t\t\t\t\t\t\t\t<p>ARS COLLECTA BLANC DE NOIRS GRAN RESERVA<\/p>\t\t\t\t\t\t\t\t<\/div>\n\t\t\t\t<\/div>\n\t\t\t\t\t<\/div>\n\t\t<\/div>\n\t\t\t\t\t<\/div>\n\t\t<\/section>\n\t\t\t\t<section class=\"elementor-section elementor-top-section elementor-element elementor-element-54c94716 elementor-section-boxed elementor-section-height-default elementor-section-height-default elementor-invisible\" data-id=\"54c94716\" data-element_type=\"section\" data-settings=\"{&quot;animation&quot;:&quot;fadeInUp&quot;}\">\n\t\t\t\t\t\t<div class=\"elementor-container elementor-column-gap-default\">\n\t\t\t\t\t<div class=\"elementor-column elementor-col-50 elementor-top-column elementor-element elementor-element-2827d781\" data-id=\"2827d781\" data-element_type=\"column\">\n\t\t\t<div class=\"elementor-widget-wrap elementor-element-populated\">\n\t\t\t\t\t\t<div class=\"elementor-element elementor-element-607ea284 elementor-widget elementor-widget-image\" data-id=\"607ea284\" data-element_type=\"widget\" data-widget_type=\"image.default\">\n\t\t\t\t<div class=\"elementor-widget-container\">\n\t\t\t\t\t\t\t\t\t\t\t\t\t\t\t<img fetchpriority=\"high\" decoding=\"async\" width=\"768\" height=\"1024\" src=\"https:\/\/www.aribau.es\/wp-content\/uploads\/2021\/03\/ARS-COLLECTA-BLANC-DE-NOIRS-GRAN-RESERVA-768x1024.png\" class=\"elementor-animation-grow attachment-large size-large wp-image-7778\" alt=\"\" srcset=\"https:\/\/www.aribau.es\/wp-content\/uploads\/2021\/03\/ARS-COLLECTA-BLANC-DE-NOIRS-GRAN-RESERVA-768x1023.png 768w, https:\/\/www.aribau.es\/wp-content\/uploads\/2021\/03\/ARS-COLLECTA-BLANC-DE-NOIRS-GRAN-RESERVA-225x300.png 225w, https:\/\/www.aribau.es\/wp-content\/uploads\/2021\/03\/ARS-COLLECTA-BLANC-DE-NOIRS-GRAN-RESERVA.png 938w\" sizes=\"(max-width: 768px) 100vw, 768px\" \/>\t\t\t\t\t\t\t\t\t\t\t\t\t\t\t<\/div>\n\t\t\t\t<\/div>\n\t\t\t\t\t<\/div>\n\t\t<\/div>\n\t\t\t\t<div class=\"elementor-column elementor-col-50 elementor-top-column elementor-element elementor-element-4e7ba39\" data-id=\"4e7ba39\" data-element_type=\"column\">\n\t\t\t<div class=\"elementor-widget-wrap elementor-element-populated\">\n\t\t\t\t\t\t<div class=\"elementor-element elementor-element-fa9a4a6 elementor-widget elementor-widget-text-editor\" data-id=\"fa9a4a6\" data-element_type=\"widget\" data-widget_type=\"text-editor.default\">\n\t\t\t\t<div class=\"elementor-widget-container\">\n\t\t\t\t\t\t\t\t\t<p>VARIETATS DE RA\u00cfM<\/p>\t\t\t\t\t\t\t\t<\/div>\n\t\t\t\t<\/div>\n\t\t\t\t<div class=\"elementor-element elementor-element-41e17ca5 elementor-widget elementor-widget-text-editor\" data-id=\"41e17ca5\" data-element_type=\"widget\" data-widget_type=\"text-editor.default\">\n\t\t\t\t<div class=\"elementor-widget-container\">\n\t\t\t\t\t\t\t\t\t<p>Pinot noir, xarel\u00b7lo, trepat<\/p>\t\t\t\t\t\t\t\t<\/div>\n\t\t\t\t<\/div>\n\t\t\t\t<div class=\"elementor-element elementor-element-7f74609 elementor-widget elementor-widget-text-editor\" data-id=\"7f74609\" data-element_type=\"widget\" data-widget_type=\"text-editor.default\">\n\t\t\t\t<div class=\"elementor-widget-container\">\n\t\t\t\t\t\t\t\t\t<p>CRIAN\u00c7A<\/p>\t\t\t\t\t\t\t\t<\/div>\n\t\t\t\t<\/div>\n\t\t\t\t<div class=\"elementor-element elementor-element-342f9676 elementor-widget elementor-widget-text-editor\" data-id=\"342f9676\" data-element_type=\"widget\" data-widget_type=\"text-editor.default\">\n\t\t\t\t<div class=\"elementor-widget-container\">\n\t\t\t\t\t\t\t\t\t<p>36 mesos<\/p>\t\t\t\t\t\t\t\t<\/div>\n\t\t\t\t<\/div>\n\t\t\t\t<div class=\"elementor-element elementor-element-6023d7de elementor-widget elementor-widget-text-editor\" data-id=\"6023d7de\" data-element_type=\"widget\" data-widget_type=\"text-editor.default\">\n\t\t\t\t<div class=\"elementor-widget-container\">\n\t\t\t\t\t\t\t\t\t<p>DENOMINACI\u00d3 D'ORIGEN<\/p>\t\t\t\t\t\t\t\t<\/div>\n\t\t\t\t<\/div>\n\t\t\t\t<div class=\"elementor-element elementor-element-d6664c3 elementor-widget elementor-widget-image\" data-id=\"d6664c3\" data-element_type=\"widget\" data-widget_type=\"image.default\">\n\t\t\t\t<div class=\"elementor-widget-container\">\n\t\t\t\t\t\t\t\t\t\t\t\t\t\t\t<img decoding=\"async\" width=\"500\" height=\"244\" src=\"https:\/\/www.aribau.es\/wp-content\/uploads\/2021\/03\/DO-CAVA.png\" class=\"attachment-full size-full wp-image-8570\" alt=\"\" srcset=\"https:\/\/www.aribau.es\/wp-content\/uploads\/2021\/03\/DO-CAVA.png 500w, https:\/\/www.aribau.es\/wp-content\/uploads\/2021\/03\/DO-CAVA-300x146.png 300w\" sizes=\"(max-width: 500px) 100vw, 500px\" \/>\t\t\t\t\t\t\t\t\t\t\t\t\t\t\t<\/div>\n\t\t\t\t<\/div>\n\t\t\t\t<div class=\"elementor-element elementor-element-8ee1ed5 elementor-widget elementor-widget-text-editor\" data-id=\"8ee1ed5\" data-element_type=\"widget\" data-widget_type=\"text-editor.default\">\n\t\t\t\t<div class=\"elementor-widget-container\">\n\t\t\t\t\t\t\t\t\t<p>DESCRIPCI\u00d3<\/p>\t\t\t\t\t\t\t\t<\/div>\n\t\t\t\t<\/div>\n\t\t\t\t<div class=\"elementor-element elementor-element-dd78982 elementor-widget elementor-widget-text-editor\" data-id=\"dd78982\" data-element_type=\"widget\" data-widget_type=\"text-editor.default\">\n\t\t\t\t<div class=\"elementor-widget-container\">\n\t\t\t\t\t\t\t\t\t<p class=\"MsoNormal\">Color groc palla intens amb reflexos daurats molt vius i matisos porpres, conseq\u00fc\u00e8ncia de la varietat pinot noir. De bombolla fina i delicada ben integrada que provoca un rosari perfecte de corona uniforme i duradora.<o:p><\/o:p><\/p><p>\n\n<\/p><p class=\"MsoNormal\">Trobem exquisits aromes de flors blanques i tamb\u00e9 fruits vermells, els matisos m\u00e9s genu\u00efns del ra\u00efm pinot noir. Les aromes es tornen a notar en boca, on mostren cos i notable frescor. \u00c9s crem\u00f3s, delicat i llarg.<o:p><\/o:p><\/p>\t\t\t\t\t\t\t\t<\/div>\n\t\t\t\t<\/div>\n\t\t\t\t\t<\/div>\n\t\t<\/div>\n\t\t\t\t\t<\/div>\n\t\t<\/section>\n\t\t\t\t<section class=\"elementor-section elementor-top-section elementor-element elementor-element-87e5744 elementor-section-boxed elementor-section-height-default elementor-section-height-default\" data-id=\"87e5744\" data-element_type=\"section\">\n\t\t\t\t\t\t<div class=\"elementor-container elementor-column-gap-default\">\n\t\t\t\t\t<div class=\"elementor-column elementor-col-100 elementor-top-column elementor-element elementor-element-a7bf3a8\" data-id=\"a7bf3a8\" data-element_type=\"column\">\n\t\t\t<div class=\"elementor-widget-wrap elementor-element-populated\">\n\t\t\t\t\t\t<div class=\"elementor-element elementor-element-f3f0cfa elementor-widget elementor-widget-spacer\" data-id=\"f3f0cfa\" data-element_type=\"widget\" data-widget_type=\"spacer.default\">\n\t\t\t\t<div class=\"elementor-widget-container\">\n\t\t\t\t\t\t\t<div class=\"elementor-spacer\">\n\t\t\t<div class=\"elementor-spacer-inner\"><\/div>\n\t\t<\/div>\n\t\t\t\t\t\t<\/div>\n\t\t\t\t<\/div>\n\t\t\t\t\t<\/div>\n\t\t<\/div>\n\t\t\t\t\t<\/div>\n\t\t<\/section>\n\t\t\t\t<\/div>","protected":false},"excerpt":{"rendered":"<p>ARS COLLECTA BLANC DE NOIRS GRAN RESERVA variedades de uva Pinot noir, Xarel\u00b7lo, Trepat Crianza 36 meses Denominaci\u00f3n de origen descripci\u00f3n Color amarillo pajizo intenso con reflejos dorados muy vivos y matices p\u00farpuras consecuencia de la variedad Pinot Noir. De burbuja fina y delicada bien integrada que provoca un rosario perfecto de corona uniforme y &#8230; <a title=\"ARS COLLECTA BLANC DE NOIRS GRAN RESERVA\" class=\"read-more\" href=\"https:\/\/www.aribau.es\/ca\/bodegas-2\/codorniu\/ars-collecta-blanc-de-noirs-gran-reserva\/\" aria-label=\"M\u00e9s informaci\u00f3 sobre ARS COLLECTA BLANC DE NOIRS GRAN RESERVA\">Llegiu m\u00e9s<\/a><\/p>","protected":false},"author":3,"featured_media":0,"parent":8124,"menu_order":0,"comment_status":"closed","ping_status":"closed","template":"elementor_header_footer","meta":{"footnotes":""},"class_list":["post-11407","page","type-page","status-publish"],"yoast_head":"<!-- This site is optimized with the Yoast SEO plugin v26.7 - https:\/\/yoast.com\/wordpress\/plugins\/seo\/ -->\n<title>ARS COLLECTA BLANC DE NOIRS GRAN RESERVA - Aribau<\/title>\n<meta name=\"robots\" content=\"index, follow, max-snippet:-1, max-image-preview:large, max-video-preview:-1\" \/>\n<link rel=\"canonical\" href=\"https:\/\/www.aribau.es\/ca\/bodegas-2\/codorniu\/ars-collecta-blanc-de-noirs-gran-reserva\/\" \/>\n<meta property=\"og:locale\" content=\"ca_ES\" \/>\n<meta property=\"og:type\" content=\"article\" \/>\n<meta property=\"og:title\" content=\"ARS COLLECTA BLANC DE NOIRS GRAN RESERVA - Aribau\" \/>\n<meta property=\"og:description\" content=\"ARS COLLECTA BLANC DE NOIRS GRAN RESERVA variedades de uva Pinot noir, Xarel\u00b7lo, Trepat Crianza 36 meses Denominaci\u00f3n de origen descripci\u00f3n Color amarillo pajizo intenso con reflejos dorados muy vivos y matices p\u00farpuras consecuencia de la variedad Pinot Noir. De burbuja fina y delicada bien integrada que provoca un rosario perfecto de corona uniforme y ... Llegiu m\u00e9s\" \/>\n<meta property=\"og:url\" content=\"https:\/\/www.aribau.es\/ca\/bodegas-2\/codorniu\/ars-collecta-blanc-de-noirs-gran-reserva\/\" \/>\n<meta property=\"og:site_name\" content=\"Aribau\" \/>\n<meta property=\"article:publisher\" content=\"https:\/\/www.facebook.com\/aribau1964\/\" \/>\n<meta property=\"article:modified_time\" content=\"2021-05-09T14:50:51+00:00\" \/>\n<meta property=\"og:image\" content=\"https:\/\/www.aribau.es\/wp-content\/uploads\/2021\/03\/ARS-COLLECTA-BLANC-DE-NOIRS-GRAN-RESERVA-768x1024.png\" \/>\n<meta name=\"twitter:card\" content=\"summary_large_image\" \/>\n<meta name=\"twitter:site\" content=\"@aribau1964\" \/>\n<script type=\"application\/ld+json\" class=\"yoast-schema-graph\">{\"@context\":\"https:\/\/schema.org\",\"@graph\":[{\"@type\":\"WebPage\",\"@id\":\"https:\/\/www.aribau.es\/bodegas-2\/codorniu\/ars-collecta-blanc-de-noirs-gran-reserva\/\",\"url\":\"https:\/\/www.aribau.es\/bodegas-2\/codorniu\/ars-collecta-blanc-de-noirs-gran-reserva\/\",\"name\":\"ARS COLLECTA BLANC DE NOIRS GRAN RESERVA - Aribau\",\"isPartOf\":{\"@id\":\"https:\/\/www.aribau.es\/#website\"},\"primaryImageOfPage\":{\"@id\":\"https:\/\/www.aribau.es\/bodegas-2\/codorniu\/ars-collecta-blanc-de-noirs-gran-reserva\/#primaryimage\"},\"image\":{\"@id\":\"https:\/\/www.aribau.es\/bodegas-2\/codorniu\/ars-collecta-blanc-de-noirs-gran-reserva\/#primaryimage\"},\"thumbnailUrl\":\"https:\/\/www.aribau.es\/wp-content\/uploads\/2021\/03\/ARS-COLLECTA-BLANC-DE-NOIRS-GRAN-RESERVA-768x1024.png\",\"datePublished\":\"2021-05-09T14:48:39+00:00\",\"dateModified\":\"2021-05-09T14:50:51+00:00\",\"breadcrumb\":{\"@id\":\"https:\/\/www.aribau.es\/bodegas-2\/codorniu\/ars-collecta-blanc-de-noirs-gran-reserva\/#breadcrumb\"},\"inLanguage\":\"ca\",\"potentialAction\":[{\"@type\":\"ReadAction\",\"target\":[\"https:\/\/www.aribau.es\/bodegas-2\/codorniu\/ars-collecta-blanc-de-noirs-gran-reserva\/\"]}]},{\"@type\":\"ImageObject\",\"inLanguage\":\"ca\",\"@id\":\"https:\/\/www.aribau.es\/bodegas-2\/codorniu\/ars-collecta-blanc-de-noirs-gran-reserva\/#primaryimage\",\"url\":\"https:\/\/www.aribau.es\/wp-content\/uploads\/2021\/03\/ARS-COLLECTA-BLANC-DE-NOIRS-GRAN-RESERVA-768x1024.png\",\"contentUrl\":\"https:\/\/www.aribau.es\/wp-content\/uploads\/2021\/03\/ARS-COLLECTA-BLANC-DE-NOIRS-GRAN-RESERVA-768x1024.png\"},{\"@type\":\"BreadcrumbList\",\"@id\":\"https:\/\/www.aribau.es\/bodegas-2\/codorniu\/ars-collecta-blanc-de-noirs-gran-reserva\/#breadcrumb\",\"itemListElement\":[{\"@type\":\"ListItem\",\"position\":1,\"name\":\"Portada\",\"item\":\"https:\/\/www.aribau.es\/\"},{\"@type\":\"ListItem\",\"position\":2,\"name\":\"BODEGAS\",\"item\":\"https:\/\/www.aribau.es\/bodegas-2\/\"},{\"@type\":\"ListItem\",\"position\":3,\"name\":\"CODORNIU\",\"item\":\"https:\/\/www.aribau.es\/bodegas-2\/codorniu\/\"},{\"@type\":\"ListItem\",\"position\":4,\"name\":\"ARS COLLECTA BLANC DE NOIRS GRAN RESERVA\"}]},{\"@type\":\"WebSite\",\"@id\":\"https:\/\/www.aribau.es\/#website\",\"url\":\"https:\/\/www.aribau.es\/\",\"name\":\"Aribau\",\"description\":\"VINOS Y BODEGAS\",\"publisher\":{\"@id\":\"https:\/\/www.aribau.es\/#organization\"},\"potentialAction\":[{\"@type\":\"SearchAction\",\"target\":{\"@type\":\"EntryPoint\",\"urlTemplate\":\"https:\/\/www.aribau.es\/?s={search_term_string}\"},\"query-input\":{\"@type\":\"PropertyValueSpecification\",\"valueRequired\":true,\"valueName\":\"search_term_string\"}}],\"inLanguage\":\"ca\"},{\"@type\":\"Organization\",\"@id\":\"https:\/\/www.aribau.es\/#organization\",\"name\":\"Aribau\",\"url\":\"https:\/\/www.aribau.es\/\",\"logo\":{\"@type\":\"ImageObject\",\"inLanguage\":\"ca\",\"@id\":\"https:\/\/www.aribau.es\/#\/schema\/logo\/image\/\",\"url\":\"https:\/\/www.aribau.es\/wp-content\/uploads\/2022\/03\/logo.png\",\"contentUrl\":\"https:\/\/www.aribau.es\/wp-content\/uploads\/2022\/03\/logo.png\",\"width\":300,\"height\":300,\"caption\":\"Aribau\"},\"image\":{\"@id\":\"https:\/\/www.aribau.es\/#\/schema\/logo\/image\/\"},\"sameAs\":[\"https:\/\/www.facebook.com\/aribau1964\/\",\"https:\/\/x.com\/aribau1964\",\"https:\/\/www.instagram.com\/aribau1964\/\"]}]}<\/script>\n<!-- \/ Yoast SEO plugin. -->","yoast_head_json":{"title":"ARS COLLECTA BLANC DE NOIRS GRAN RESERVA - Aribau","robots":{"index":"index","follow":"follow","max-snippet":"max-snippet:-1","max-image-preview":"max-image-preview:large","max-video-preview":"max-video-preview:-1"},"canonical":"https:\/\/www.aribau.es\/ca\/bodegas-2\/codorniu\/ars-collecta-blanc-de-noirs-gran-reserva\/","og_locale":"ca_ES","og_type":"article","og_title":"ARS COLLECTA BLANC DE NOIRS GRAN RESERVA - Aribau","og_description":"ARS COLLECTA BLANC DE NOIRS GRAN RESERVA variedades de uva Pinot noir, Xarel\u00b7lo, Trepat Crianza 36 meses Denominaci\u00f3n de origen descripci\u00f3n Color amarillo pajizo intenso con reflejos dorados muy vivos y matices p\u00farpuras consecuencia de la variedad Pinot Noir. De burbuja fina y delicada bien integrada que provoca un rosario perfecto de corona uniforme y ... Llegiu m\u00e9s","og_url":"https:\/\/www.aribau.es\/ca\/bodegas-2\/codorniu\/ars-collecta-blanc-de-noirs-gran-reserva\/","og_site_name":"Aribau","article_publisher":"https:\/\/www.facebook.com\/aribau1964\/","article_modified_time":"2021-05-09T14:50:51+00:00","og_image":[{"url":"https:\/\/www.aribau.es\/wp-content\/uploads\/2021\/03\/ARS-COLLECTA-BLANC-DE-NOIRS-GRAN-RESERVA-768x1024.png","type":"","width":"","height":""}],"twitter_card":"summary_large_image","twitter_site":"@aribau1964","schema":{"@context":"https:\/\/schema.org","@graph":[{"@type":"WebPage","@id":"https:\/\/www.aribau.es\/bodegas-2\/codorniu\/ars-collecta-blanc-de-noirs-gran-reserva\/","url":"https:\/\/www.aribau.es\/bodegas-2\/codorniu\/ars-collecta-blanc-de-noirs-gran-reserva\/","name":"ARS COLLECTA BLANC DE NOIRS GRAN RESERVA - Aribau","isPartOf":{"@id":"https:\/\/www.aribau.es\/#website"},"primaryImageOfPage":{"@id":"https:\/\/www.aribau.es\/bodegas-2\/codorniu\/ars-collecta-blanc-de-noirs-gran-reserva\/#primaryimage"},"image":{"@id":"https:\/\/www.aribau.es\/bodegas-2\/codorniu\/ars-collecta-blanc-de-noirs-gran-reserva\/#primaryimage"},"thumbnailUrl":"https:\/\/www.aribau.es\/wp-content\/uploads\/2021\/03\/ARS-COLLECTA-BLANC-DE-NOIRS-GRAN-RESERVA-768x1024.png","datePublished":"2021-05-09T14:48:39+00:00","dateModified":"2021-05-09T14:50:51+00:00","breadcrumb":{"@id":"https:\/\/www.aribau.es\/bodegas-2\/codorniu\/ars-collecta-blanc-de-noirs-gran-reserva\/#breadcrumb"},"inLanguage":"ca","potentialAction":[{"@type":"ReadAction","target":["https:\/\/www.aribau.es\/bodegas-2\/codorniu\/ars-collecta-blanc-de-noirs-gran-reserva\/"]}]},{"@type":"ImageObject","inLanguage":"ca","@id":"https:\/\/www.aribau.es\/bodegas-2\/codorniu\/ars-collecta-blanc-de-noirs-gran-reserva\/#primaryimage","url":"https:\/\/www.aribau.es\/wp-content\/uploads\/2021\/03\/ARS-COLLECTA-BLANC-DE-NOIRS-GRAN-RESERVA-768x1024.png","contentUrl":"https:\/\/www.aribau.es\/wp-content\/uploads\/2021\/03\/ARS-COLLECTA-BLANC-DE-NOIRS-GRAN-RESERVA-768x1024.png"},{"@type":"BreadcrumbList","@id":"https:\/\/www.aribau.es\/bodegas-2\/codorniu\/ars-collecta-blanc-de-noirs-gran-reserva\/#breadcrumb","itemListElement":[{"@type":"ListItem","position":1,"name":"Portada","item":"https:\/\/www.aribau.es\/"},{"@type":"ListItem","position":2,"name":"BODEGAS","item":"https:\/\/www.aribau.es\/bodegas-2\/"},{"@type":"ListItem","position":3,"name":"CODORNIU","item":"https:\/\/www.aribau.es\/bodegas-2\/codorniu\/"},{"@type":"ListItem","position":4,"name":"ARS COLLECTA BLANC DE NOIRS GRAN RESERVA"}]},{"@type":"WebSite","@id":"https:\/\/www.aribau.es\/#website","url":"https:\/\/www.aribau.es\/","name":"Aribau","description":"VINOS Y BODEGAS","publisher":{"@id":"https:\/\/www.aribau.es\/#organization"},"potentialAction":[{"@type":"SearchAction","target":{"@type":"EntryPoint","urlTemplate":"https:\/\/www.aribau.es\/?s={search_term_string}"},"query-input":{"@type":"PropertyValueSpecification","valueRequired":true,"valueName":"search_term_string"}}],"inLanguage":"ca"},{"@type":"Organization","@id":"https:\/\/www.aribau.es\/#organization","name":"Aribau","url":"https:\/\/www.aribau.es\/","logo":{"@type":"ImageObject","inLanguage":"ca","@id":"https:\/\/www.aribau.es\/#\/schema\/logo\/image\/","url":"https:\/\/www.aribau.es\/wp-content\/uploads\/2022\/03\/logo.png","contentUrl":"https:\/\/www.aribau.es\/wp-content\/uploads\/2022\/03\/logo.png","width":300,"height":300,"caption":"Aribau"},"image":{"@id":"https:\/\/www.aribau.es\/#\/schema\/logo\/image\/"},"sameAs":["https:\/\/www.facebook.com\/aribau1964\/","https:\/\/x.com\/aribau1964","https:\/\/www.instagram.com\/aribau1964\/"]}]}},"_links":{"self":[{"href":"https:\/\/www.aribau.es\/ca\/wp-json\/wp\/v2\/pages\/11407","targetHints":{"allow":["GET"]}}],"collection":[{"href":"https:\/\/www.aribau.es\/ca\/wp-json\/wp\/v2\/pages"}],"about":[{"href":"https:\/\/www.aribau.es\/ca\/wp-json\/wp\/v2\/types\/page"}],"author":[{"embeddable":true,"href":"https:\/\/www.aribau.es\/ca\/wp-json\/wp\/v2\/users\/3"}],"replies":[{"embeddable":true,"href":"https:\/\/www.aribau.es\/ca\/wp-json\/wp\/v2\/comments?post=11407"}],"version-history":[{"count":4,"href":"https:\/\/www.aribau.es\/ca\/wp-json\/wp\/v2\/pages\/11407\/revisions"}],"predecessor-version":[{"id":11411,"href":"https:\/\/www.aribau.es\/ca\/wp-json\/wp\/v2\/pages\/11407\/revisions\/11411"}],"up":[{"embeddable":true,"href":"https:\/\/www.aribau.es\/ca\/wp-json\/wp\/v2\/pages\/8124"}],"wp:attachment":[{"href":"https:\/\/www.aribau.es\/ca\/wp-json\/wp\/v2\/media?parent=11407"}],"curies":[{"name":"wp","href":"https:\/\/api.w.org\/{rel}","templated":true}]}}