{"id":11555,"date":"2021-05-09T17:15:54","date_gmt":"2021-05-09T16:15:54","guid":{"rendered":"https:\/\/www.aribau.es\/?page_id=11555"},"modified":"2021-05-09T17:18:44","modified_gmt":"2021-05-09T16:18:44","slug":"perlat-garnacha","status":"publish","type":"page","link":"https:\/\/www.aribau.es\/ca\/bodegas-2\/cellers-unio\/perlat-garnacha\/","title":{"rendered":"PERLAT GARNATXA"},"content":{"rendered":"<div data-elementor-type=\"wp-page\" data-elementor-id=\"11555\" class=\"elementor elementor-11555\">\n\t\t\t\t\t\t<section class=\"elementor-section elementor-top-section elementor-element elementor-element-80c85a0 elementor-section-boxed elementor-section-height-default elementor-section-height-default elementor-invisible\" data-id=\"80c85a0\" data-element_type=\"section\" data-settings=\"{&quot;animation&quot;:&quot;fadeInUp&quot;}\">\n\t\t\t\t\t\t<div class=\"elementor-container elementor-column-gap-default\">\n\t\t\t\t\t<div class=\"elementor-column elementor-col-100 elementor-top-column elementor-element elementor-element-58f933cd\" data-id=\"58f933cd\" data-element_type=\"column\">\n\t\t\t<div class=\"elementor-widget-wrap elementor-element-populated\">\n\t\t\t\t\t\t<div class=\"elementor-element elementor-element-7d4908cc elementor-widget elementor-widget-text-editor\" data-id=\"7d4908cc\" data-element_type=\"widget\" data-widget_type=\"text-editor.default\">\n\t\t\t\t<div class=\"elementor-widget-container\">\n\t\t\t\t\t\t\t\t\t<p>PERLAT GARNATXA<\/p>\t\t\t\t\t\t\t\t<\/div>\n\t\t\t\t<\/div>\n\t\t\t\t\t<\/div>\n\t\t<\/div>\n\t\t\t\t\t<\/div>\n\t\t<\/section>\n\t\t\t\t<section class=\"elementor-section elementor-top-section elementor-element elementor-element-5c88e348 elementor-section-boxed elementor-section-height-default elementor-section-height-default elementor-invisible\" data-id=\"5c88e348\" data-element_type=\"section\" data-settings=\"{&quot;animation&quot;:&quot;fadeInUp&quot;}\">\n\t\t\t\t\t\t<div class=\"elementor-container elementor-column-gap-default\">\n\t\t\t\t\t<div class=\"elementor-column elementor-col-50 elementor-top-column elementor-element elementor-element-18127b5\" data-id=\"18127b5\" data-element_type=\"column\">\n\t\t\t<div class=\"elementor-widget-wrap elementor-element-populated\">\n\t\t\t\t\t\t<div class=\"elementor-element elementor-element-5a2eab8a elementor-widget elementor-widget-image\" data-id=\"5a2eab8a\" data-element_type=\"widget\" data-widget_type=\"image.default\">\n\t\t\t\t<div class=\"elementor-widget-container\">\n\t\t\t\t\t\t\t\t\t\t\t\t\t\t\t<img fetchpriority=\"high\" decoding=\"async\" width=\"680\" height=\"1024\" src=\"https:\/\/www.aribau.es\/wp-content\/uploads\/2021\/05\/PERLAT-GARNACHA-680x1024.jpg\" class=\"elementor-animation-grow attachment-large size-large wp-image-11533\" alt=\"\" srcset=\"https:\/\/www.aribau.es\/wp-content\/uploads\/2021\/05\/PERLAT-GARNACHA-680x1024.jpg 680w, https:\/\/www.aribau.es\/wp-content\/uploads\/2021\/05\/PERLAT-GARNACHA-199x300.jpg 199w, https:\/\/www.aribau.es\/wp-content\/uploads\/2021\/05\/PERLAT-GARNACHA-768x1157.jpg 768w, https:\/\/www.aribau.es\/wp-content\/uploads\/2021\/05\/PERLAT-GARNACHA.jpg 900w\" sizes=\"(max-width: 680px) 100vw, 680px\" \/>\t\t\t\t\t\t\t\t\t\t\t\t\t\t\t<\/div>\n\t\t\t\t<\/div>\n\t\t\t\t\t<\/div>\n\t\t<\/div>\n\t\t\t\t<div class=\"elementor-column elementor-col-50 elementor-top-column elementor-element elementor-element-41b81e67\" data-id=\"41b81e67\" data-element_type=\"column\">\n\t\t\t<div class=\"elementor-widget-wrap elementor-element-populated\">\n\t\t\t\t\t\t<div class=\"elementor-element elementor-element-73b55178 elementor-widget elementor-widget-text-editor\" data-id=\"73b55178\" data-element_type=\"widget\" data-widget_type=\"text-editor.default\">\n\t\t\t\t<div class=\"elementor-widget-container\">\n\t\t\t\t\t\t\t\t\t<p>VARIETATS DE RA\u00cfM<\/p>\t\t\t\t\t\t\t\t<\/div>\n\t\t\t\t<\/div>\n\t\t\t\t<div class=\"elementor-element elementor-element-7c1294e1 elementor-widget elementor-widget-text-editor\" data-id=\"7c1294e1\" data-element_type=\"widget\" data-widget_type=\"text-editor.default\">\n\t\t\t\t<div class=\"elementor-widget-container\">\n\t\t\t\t\t\t\t\t\t<p>Garnatxa<\/p>\t\t\t\t\t\t\t\t<\/div>\n\t\t\t\t<\/div>\n\t\t\t\t<div class=\"elementor-element elementor-element-3f489434 elementor-widget elementor-widget-text-editor\" data-id=\"3f489434\" data-element_type=\"widget\" data-widget_type=\"text-editor.default\">\n\t\t\t\t<div class=\"elementor-widget-container\">\n\t\t\t\t\t\t\t\t\t<p>CRIAN\u00c7A<\/p>\t\t\t\t\t\t\t\t<\/div>\n\t\t\t\t<\/div>\n\t\t\t\t<div class=\"elementor-element elementor-element-713a7201 elementor-widget elementor-widget-text-editor\" data-id=\"713a7201\" data-element_type=\"widget\" data-widget_type=\"text-editor.default\">\n\t\t\t\t<div class=\"elementor-widget-container\">\n\t\t\t\t\t\t\t\t\t<p>10 mesos<\/p>\t\t\t\t\t\t\t\t<\/div>\n\t\t\t\t<\/div>\n\t\t\t\t<div class=\"elementor-element elementor-element-37a363ea elementor-widget elementor-widget-text-editor\" data-id=\"37a363ea\" data-element_type=\"widget\" data-widget_type=\"text-editor.default\">\n\t\t\t\t<div class=\"elementor-widget-container\">\n\t\t\t\t\t\t\t\t\t<p>DENOMINACI\u00d3 D'ORIGEN<\/p>\t\t\t\t\t\t\t\t<\/div>\n\t\t\t\t<\/div>\n\t\t\t\t<div class=\"elementor-element elementor-element-5d9691a8 elementor-widget elementor-widget-image\" data-id=\"5d9691a8\" data-element_type=\"widget\" data-widget_type=\"image.default\">\n\t\t\t\t<div class=\"elementor-widget-container\">\n\t\t\t\t\t\t\t\t\t\t\t\t\t\t\t<img decoding=\"async\" width=\"638\" height=\"244\" src=\"https:\/\/www.aribau.es\/wp-content\/uploads\/2021\/03\/DO-MONTSANT.jpg\" class=\"attachment-full size-full wp-image-9057\" alt=\"\" srcset=\"https:\/\/www.aribau.es\/wp-content\/uploads\/2021\/03\/DO-MONTSANT.jpg 638w, https:\/\/www.aribau.es\/wp-content\/uploads\/2021\/03\/DO-MONTSANT-300x115.jpg 300w\" sizes=\"(max-width: 638px) 100vw, 638px\" \/>\t\t\t\t\t\t\t\t\t\t\t\t\t\t\t<\/div>\n\t\t\t\t<\/div>\n\t\t\t\t<div class=\"elementor-element elementor-element-3ee3c9f8 elementor-widget elementor-widget-text-editor\" data-id=\"3ee3c9f8\" data-element_type=\"widget\" data-widget_type=\"text-editor.default\">\n\t\t\t\t<div class=\"elementor-widget-container\">\n\t\t\t\t\t\t\t\t\t<p>DESCRIPCI\u00d3<\/p>\t\t\t\t\t\t\t\t<\/div>\n\t\t\t\t<\/div>\n\t\t\t\t<div class=\"elementor-element elementor-element-3dc47446 elementor-widget elementor-widget-text-editor\" data-id=\"3dc47446\" data-element_type=\"widget\" data-widget_type=\"text-editor.default\">\n\t\t\t\t<div class=\"elementor-widget-container\">\n\t\t\t\t\t\t\t\t\t<p class=\"MsoNormal\">Color grana intens. <o:p><\/o:p><\/p><p class=\"MsoNormal\">Ens ofereix una elegant aroma de fruits vermells frescos (maduixes, gerds ...) i fruits negres (mores) amb tocs bals\u00e0mic d'herbes arom\u00e0tiques i aromes especiats, que culminen amb notes de compota de fruites.<o:p><\/o:p><\/p><p>\n\n\n\n<\/p><p class=\"MsoNormal\">En boca t\u00e9 una entrada lleugera i un pas llarg. \u00c9s untu\u00f3s, carn\u00f3s i rod\u00f3, amb tocs de regal\u00e8ssia, uns tanins delicats i un gust afruitat agradablement persistent.&nbsp;<o:p><\/o:p><\/p>\t\t\t\t\t\t\t\t<\/div>\n\t\t\t\t<\/div>\n\t\t\t\t\t<\/div>\n\t\t<\/div>\n\t\t\t\t\t<\/div>\n\t\t<\/section>\n\t\t\t\t<section class=\"elementor-section elementor-top-section elementor-element elementor-element-840f56c elementor-section-boxed elementor-section-height-default elementor-section-height-default\" data-id=\"840f56c\" data-element_type=\"section\">\n\t\t\t\t\t\t<div class=\"elementor-container elementor-column-gap-default\">\n\t\t\t\t\t<div class=\"elementor-column elementor-col-100 elementor-top-column elementor-element elementor-element-2d99e57\" data-id=\"2d99e57\" data-element_type=\"column\">\n\t\t\t<div class=\"elementor-widget-wrap elementor-element-populated\">\n\t\t\t\t\t\t<div class=\"elementor-element elementor-element-0a0e0d4 elementor-widget elementor-widget-spacer\" data-id=\"0a0e0d4\" data-element_type=\"widget\" data-widget_type=\"spacer.default\">\n\t\t\t\t<div class=\"elementor-widget-container\">\n\t\t\t\t\t\t\t<div class=\"elementor-spacer\">\n\t\t\t<div class=\"elementor-spacer-inner\"><\/div>\n\t\t<\/div>\n\t\t\t\t\t\t<\/div>\n\t\t\t\t<\/div>\n\t\t\t\t\t<\/div>\n\t\t<\/div>\n\t\t\t\t\t<\/div>\n\t\t<\/section>\n\t\t\t\t<\/div>","protected":false},"excerpt":{"rendered":"<p>PERLAT GARNACHA variedades de uva Garnacha Crianza 10 meses Denominaci\u00f3n de origen descripci\u00f3n Color grana intenso. Nos ofrece un elegante aroma de frutos rojos frescos (fresas, frambuesas\u2026) y frutos negros (moras) con toques bals\u00e1mico de hierbas arom\u00e1ticas y aromas especiados, que culminan con notas de compota de frutas. En boca tiene una entrada ligera y &#8230; <a title=\"PERLAT GARNATXA\" class=\"read-more\" href=\"https:\/\/www.aribau.es\/ca\/bodegas-2\/cellers-unio\/perlat-garnacha\/\" aria-label=\"M\u00e9s informaci\u00f3 sobre PERLAT GARNACHA\">Llegiu m\u00e9s<\/a><\/p>","protected":false},"author":3,"featured_media":0,"parent":11518,"menu_order":0,"comment_status":"closed","ping_status":"closed","template":"elementor_header_footer","meta":{"footnotes":""},"class_list":["post-11555","page","type-page","status-publish"],"yoast_head":"<!-- This site is optimized with the Yoast SEO plugin v26.7 - https:\/\/yoast.com\/wordpress\/plugins\/seo\/ -->\n<title>PERLAT GARNACHA - Aribau<\/title>\n<meta name=\"robots\" content=\"index, follow, max-snippet:-1, max-image-preview:large, max-video-preview:-1\" \/>\n<link rel=\"canonical\" href=\"https:\/\/www.aribau.es\/ca\/bodegas-2\/cellers-unio\/perlat-garnacha\/\" \/>\n<meta property=\"og:locale\" content=\"ca_ES\" \/>\n<meta property=\"og:type\" content=\"article\" \/>\n<meta property=\"og:title\" content=\"PERLAT GARNACHA - Aribau\" \/>\n<meta property=\"og:description\" content=\"PERLAT GARNACHA variedades de uva Garnacha Crianza 10 meses Denominaci\u00f3n de origen descripci\u00f3n Color grana intenso. Nos ofrece un elegante aroma de frutos rojos frescos (fresas, frambuesas\u2026) y frutos negros (moras) con toques bals\u00e1mico de hierbas arom\u00e1ticas y aromas especiados, que culminan con notas de compota de frutas. En boca tiene una entrada ligera y ... Llegiu m\u00e9s\" \/>\n<meta property=\"og:url\" content=\"https:\/\/www.aribau.es\/ca\/bodegas-2\/cellers-unio\/perlat-garnacha\/\" \/>\n<meta property=\"og:site_name\" content=\"Aribau\" \/>\n<meta property=\"article:publisher\" content=\"https:\/\/www.facebook.com\/aribau1964\/\" \/>\n<meta property=\"article:modified_time\" content=\"2021-05-09T16:18:44+00:00\" \/>\n<meta property=\"og:image\" content=\"https:\/\/www.aribau.es\/wp-content\/uploads\/2021\/05\/PERLAT-GARNACHA-680x1024.jpg\" \/>\n<meta name=\"twitter:card\" content=\"summary_large_image\" \/>\n<meta name=\"twitter:site\" content=\"@aribau1964\" \/>\n<script type=\"application\/ld+json\" class=\"yoast-schema-graph\">{\"@context\":\"https:\/\/schema.org\",\"@graph\":[{\"@type\":\"WebPage\",\"@id\":\"https:\/\/www.aribau.es\/bodegas-2\/cellers-unio\/perlat-garnacha\/\",\"url\":\"https:\/\/www.aribau.es\/bodegas-2\/cellers-unio\/perlat-garnacha\/\",\"name\":\"PERLAT GARNACHA - Aribau\",\"isPartOf\":{\"@id\":\"https:\/\/www.aribau.es\/#website\"},\"primaryImageOfPage\":{\"@id\":\"https:\/\/www.aribau.es\/bodegas-2\/cellers-unio\/perlat-garnacha\/#primaryimage\"},\"image\":{\"@id\":\"https:\/\/www.aribau.es\/bodegas-2\/cellers-unio\/perlat-garnacha\/#primaryimage\"},\"thumbnailUrl\":\"https:\/\/www.aribau.es\/wp-content\/uploads\/2021\/05\/PERLAT-GARNACHA-680x1024.jpg\",\"datePublished\":\"2021-05-09T16:15:54+00:00\",\"dateModified\":\"2021-05-09T16:18:44+00:00\",\"breadcrumb\":{\"@id\":\"https:\/\/www.aribau.es\/bodegas-2\/cellers-unio\/perlat-garnacha\/#breadcrumb\"},\"inLanguage\":\"ca\",\"potentialAction\":[{\"@type\":\"ReadAction\",\"target\":[\"https:\/\/www.aribau.es\/bodegas-2\/cellers-unio\/perlat-garnacha\/\"]}]},{\"@type\":\"ImageObject\",\"inLanguage\":\"ca\",\"@id\":\"https:\/\/www.aribau.es\/bodegas-2\/cellers-unio\/perlat-garnacha\/#primaryimage\",\"url\":\"https:\/\/www.aribau.es\/wp-content\/uploads\/2021\/05\/PERLAT-GARNACHA-680x1024.jpg\",\"contentUrl\":\"https:\/\/www.aribau.es\/wp-content\/uploads\/2021\/05\/PERLAT-GARNACHA-680x1024.jpg\"},{\"@type\":\"BreadcrumbList\",\"@id\":\"https:\/\/www.aribau.es\/bodegas-2\/cellers-unio\/perlat-garnacha\/#breadcrumb\",\"itemListElement\":[{\"@type\":\"ListItem\",\"position\":1,\"name\":\"Portada\",\"item\":\"https:\/\/www.aribau.es\/\"},{\"@type\":\"ListItem\",\"position\":2,\"name\":\"BODEGAS\",\"item\":\"https:\/\/www.aribau.es\/bodegas-2\/\"},{\"@type\":\"ListItem\",\"position\":3,\"name\":\"CELLERS UNI\u00d3\",\"item\":\"https:\/\/www.aribau.es\/bodegas-2\/cellers-unio\/\"},{\"@type\":\"ListItem\",\"position\":4,\"name\":\"PERLAT GARNACHA\"}]},{\"@type\":\"WebSite\",\"@id\":\"https:\/\/www.aribau.es\/#website\",\"url\":\"https:\/\/www.aribau.es\/\",\"name\":\"Aribau\",\"description\":\"VINOS Y BODEGAS\",\"publisher\":{\"@id\":\"https:\/\/www.aribau.es\/#organization\"},\"potentialAction\":[{\"@type\":\"SearchAction\",\"target\":{\"@type\":\"EntryPoint\",\"urlTemplate\":\"https:\/\/www.aribau.es\/?s={search_term_string}\"},\"query-input\":{\"@type\":\"PropertyValueSpecification\",\"valueRequired\":true,\"valueName\":\"search_term_string\"}}],\"inLanguage\":\"ca\"},{\"@type\":\"Organization\",\"@id\":\"https:\/\/www.aribau.es\/#organization\",\"name\":\"Aribau\",\"url\":\"https:\/\/www.aribau.es\/\",\"logo\":{\"@type\":\"ImageObject\",\"inLanguage\":\"ca\",\"@id\":\"https:\/\/www.aribau.es\/#\/schema\/logo\/image\/\",\"url\":\"https:\/\/www.aribau.es\/wp-content\/uploads\/2022\/03\/logo.png\",\"contentUrl\":\"https:\/\/www.aribau.es\/wp-content\/uploads\/2022\/03\/logo.png\",\"width\":300,\"height\":300,\"caption\":\"Aribau\"},\"image\":{\"@id\":\"https:\/\/www.aribau.es\/#\/schema\/logo\/image\/\"},\"sameAs\":[\"https:\/\/www.facebook.com\/aribau1964\/\",\"https:\/\/x.com\/aribau1964\",\"https:\/\/www.instagram.com\/aribau1964\/\"]}]}<\/script>\n<!-- \/ Yoast SEO plugin. -->","yoast_head_json":{"title":"PERLAT GARNACHA - Aribau","robots":{"index":"index","follow":"follow","max-snippet":"max-snippet:-1","max-image-preview":"max-image-preview:large","max-video-preview":"max-video-preview:-1"},"canonical":"https:\/\/www.aribau.es\/ca\/bodegas-2\/cellers-unio\/perlat-garnacha\/","og_locale":"ca_ES","og_type":"article","og_title":"PERLAT GARNACHA - Aribau","og_description":"PERLAT GARNACHA variedades de uva Garnacha Crianza 10 meses Denominaci\u00f3n de origen descripci\u00f3n Color grana intenso. Nos ofrece un elegante aroma de frutos rojos frescos (fresas, frambuesas\u2026) y frutos negros (moras) con toques bals\u00e1mico de hierbas arom\u00e1ticas y aromas especiados, que culminan con notas de compota de frutas. En boca tiene una entrada ligera y ... Llegiu m\u00e9s","og_url":"https:\/\/www.aribau.es\/ca\/bodegas-2\/cellers-unio\/perlat-garnacha\/","og_site_name":"Aribau","article_publisher":"https:\/\/www.facebook.com\/aribau1964\/","article_modified_time":"2021-05-09T16:18:44+00:00","og_image":[{"url":"https:\/\/www.aribau.es\/wp-content\/uploads\/2021\/05\/PERLAT-GARNACHA-680x1024.jpg","type":"","width":"","height":""}],"twitter_card":"summary_large_image","twitter_site":"@aribau1964","schema":{"@context":"https:\/\/schema.org","@graph":[{"@type":"WebPage","@id":"https:\/\/www.aribau.es\/bodegas-2\/cellers-unio\/perlat-garnacha\/","url":"https:\/\/www.aribau.es\/bodegas-2\/cellers-unio\/perlat-garnacha\/","name":"PERLAT GARNACHA - Aribau","isPartOf":{"@id":"https:\/\/www.aribau.es\/#website"},"primaryImageOfPage":{"@id":"https:\/\/www.aribau.es\/bodegas-2\/cellers-unio\/perlat-garnacha\/#primaryimage"},"image":{"@id":"https:\/\/www.aribau.es\/bodegas-2\/cellers-unio\/perlat-garnacha\/#primaryimage"},"thumbnailUrl":"https:\/\/www.aribau.es\/wp-content\/uploads\/2021\/05\/PERLAT-GARNACHA-680x1024.jpg","datePublished":"2021-05-09T16:15:54+00:00","dateModified":"2021-05-09T16:18:44+00:00","breadcrumb":{"@id":"https:\/\/www.aribau.es\/bodegas-2\/cellers-unio\/perlat-garnacha\/#breadcrumb"},"inLanguage":"ca","potentialAction":[{"@type":"ReadAction","target":["https:\/\/www.aribau.es\/bodegas-2\/cellers-unio\/perlat-garnacha\/"]}]},{"@type":"ImageObject","inLanguage":"ca","@id":"https:\/\/www.aribau.es\/bodegas-2\/cellers-unio\/perlat-garnacha\/#primaryimage","url":"https:\/\/www.aribau.es\/wp-content\/uploads\/2021\/05\/PERLAT-GARNACHA-680x1024.jpg","contentUrl":"https:\/\/www.aribau.es\/wp-content\/uploads\/2021\/05\/PERLAT-GARNACHA-680x1024.jpg"},{"@type":"BreadcrumbList","@id":"https:\/\/www.aribau.es\/bodegas-2\/cellers-unio\/perlat-garnacha\/#breadcrumb","itemListElement":[{"@type":"ListItem","position":1,"name":"Portada","item":"https:\/\/www.aribau.es\/"},{"@type":"ListItem","position":2,"name":"BODEGAS","item":"https:\/\/www.aribau.es\/bodegas-2\/"},{"@type":"ListItem","position":3,"name":"CELLERS UNI\u00d3","item":"https:\/\/www.aribau.es\/bodegas-2\/cellers-unio\/"},{"@type":"ListItem","position":4,"name":"PERLAT GARNACHA"}]},{"@type":"WebSite","@id":"https:\/\/www.aribau.es\/#website","url":"https:\/\/www.aribau.es\/","name":"Aribau","description":"VINOS Y BODEGAS","publisher":{"@id":"https:\/\/www.aribau.es\/#organization"},"potentialAction":[{"@type":"SearchAction","target":{"@type":"EntryPoint","urlTemplate":"https:\/\/www.aribau.es\/?s={search_term_string}"},"query-input":{"@type":"PropertyValueSpecification","valueRequired":true,"valueName":"search_term_string"}}],"inLanguage":"ca"},{"@type":"Organization","@id":"https:\/\/www.aribau.es\/#organization","name":"Aribau","url":"https:\/\/www.aribau.es\/","logo":{"@type":"ImageObject","inLanguage":"ca","@id":"https:\/\/www.aribau.es\/#\/schema\/logo\/image\/","url":"https:\/\/www.aribau.es\/wp-content\/uploads\/2022\/03\/logo.png","contentUrl":"https:\/\/www.aribau.es\/wp-content\/uploads\/2022\/03\/logo.png","width":300,"height":300,"caption":"Aribau"},"image":{"@id":"https:\/\/www.aribau.es\/#\/schema\/logo\/image\/"},"sameAs":["https:\/\/www.facebook.com\/aribau1964\/","https:\/\/x.com\/aribau1964","https:\/\/www.instagram.com\/aribau1964\/"]}]}},"_links":{"self":[{"href":"https:\/\/www.aribau.es\/ca\/wp-json\/wp\/v2\/pages\/11555","targetHints":{"allow":["GET"]}}],"collection":[{"href":"https:\/\/www.aribau.es\/ca\/wp-json\/wp\/v2\/pages"}],"about":[{"href":"https:\/\/www.aribau.es\/ca\/wp-json\/wp\/v2\/types\/page"}],"author":[{"embeddable":true,"href":"https:\/\/www.aribau.es\/ca\/wp-json\/wp\/v2\/users\/3"}],"replies":[{"embeddable":true,"href":"https:\/\/www.aribau.es\/ca\/wp-json\/wp\/v2\/comments?post=11555"}],"version-history":[{"count":4,"href":"https:\/\/www.aribau.es\/ca\/wp-json\/wp\/v2\/pages\/11555\/revisions"}],"predecessor-version":[{"id":11560,"href":"https:\/\/www.aribau.es\/ca\/wp-json\/wp\/v2\/pages\/11555\/revisions\/11560"}],"up":[{"embeddable":true,"href":"https:\/\/www.aribau.es\/ca\/wp-json\/wp\/v2\/pages\/11518"}],"wp:attachment":[{"href":"https:\/\/www.aribau.es\/ca\/wp-json\/wp\/v2\/media?parent=11555"}],"curies":[{"name":"wp","href":"https:\/\/api.w.org\/{rel}","templated":true}]}}