{"id":12959,"date":"2023-09-22T13:42:46","date_gmt":"2023-09-22T12:42:46","guid":{"rendered":"https:\/\/www.aribau.es\/?page_id=12959"},"modified":"2023-12-27T14:02:46","modified_gmt":"2023-12-27T13:02:46","slug":"freye-tempranillo_dopenedes","status":"publish","type":"page","link":"https:\/\/www.aribau.es\/ca\/bodegas-2\/vallformosa\/freye-tempranillo_dopenedes\/","title":{"rendered":"FREY\u00c9 TEMPRANILLO D.O. PENED\u00c9S"},"content":{"rendered":"<div data-elementor-type=\"wp-page\" data-elementor-id=\"12959\" class=\"elementor elementor-12959\">\n\t\t\t\t\t\t<section class=\"elementor-section elementor-top-section elementor-element elementor-element-5834d702 elementor-section-boxed elementor-section-height-default elementor-section-height-default elementor-invisible\" data-id=\"5834d702\" data-element_type=\"section\" data-settings=\"{&quot;animation&quot;:&quot;fadeInUp&quot;}\">\n\t\t\t\t\t\t<div class=\"elementor-container elementor-column-gap-default\">\n\t\t\t\t\t<div class=\"elementor-column elementor-col-100 elementor-top-column elementor-element elementor-element-771b1e23\" data-id=\"771b1e23\" data-element_type=\"column\">\n\t\t\t<div class=\"elementor-widget-wrap elementor-element-populated\">\n\t\t\t\t\t\t<div class=\"elementor-element elementor-element-44423626 elementor-widget elementor-widget-text-editor\" data-id=\"44423626\" data-element_type=\"widget\" data-widget_type=\"text-editor.default\">\n\t\t\t\t<div class=\"elementor-widget-container\">\n\t\t\t\t\t\t\t\t\t<p>frey\u00e9 tempranillo\u00a0<\/p><p><span style=\"font-weight: var( --e-global-typography-text-font-weight ); letter-spacing: 0px; word-spacing: 0.1em;\">d.o. pened\u00e9s<\/span><\/p>\t\t\t\t\t\t\t\t<\/div>\n\t\t\t\t<\/div>\n\t\t\t\t\t<\/div>\n\t\t<\/div>\n\t\t\t\t\t<\/div>\n\t\t<\/section>\n\t\t\t\t<section class=\"elementor-section elementor-top-section elementor-element elementor-element-2afb65f8 elementor-section-full_width elementor-section-height-default elementor-section-height-default elementor-invisible\" data-id=\"2afb65f8\" data-element_type=\"section\" data-settings=\"{&quot;animation&quot;:&quot;fadeInUp&quot;}\">\n\t\t\t\t\t\t<div class=\"elementor-container elementor-column-gap-default\">\n\t\t\t\t\t<div class=\"elementor-column elementor-col-50 elementor-top-column elementor-element elementor-element-eb523c9\" data-id=\"eb523c9\" data-element_type=\"column\">\n\t\t\t<div class=\"elementor-widget-wrap elementor-element-populated\">\n\t\t\t\t\t\t<div class=\"elementor-element elementor-element-48e3dcdf elementor-widget elementor-widget-image\" data-id=\"48e3dcdf\" data-element_type=\"widget\" data-widget_type=\"image.default\">\n\t\t\t\t<div class=\"elementor-widget-container\">\n\t\t\t\t\t\t\t\t\t\t\t\t\t\t\t<img fetchpriority=\"high\" decoding=\"async\" width=\"616\" height=\"1024\" src=\"https:\/\/www.aribau.es\/wp-content\/uploads\/2023\/09\/374044_FREYE-NEGRE-616x1024.png\" class=\"elementor-animation-grow attachment-large size-large wp-image-12922\" alt=\"\" srcset=\"https:\/\/www.aribau.es\/wp-content\/uploads\/2023\/09\/374044_FREYE-NEGRE-616x1024.png 616w, https:\/\/www.aribau.es\/wp-content\/uploads\/2023\/09\/374044_FREYE-NEGRE-180x300.png 180w, https:\/\/www.aribau.es\/wp-content\/uploads\/2023\/09\/374044_FREYE-NEGRE-768x1277.png 768w, https:\/\/www.aribau.es\/wp-content\/uploads\/2023\/09\/374044_FREYE-NEGRE-7x12.png 7w, https:\/\/www.aribau.es\/wp-content\/uploads\/2023\/09\/374044_FREYE-NEGRE.png 852w\" sizes=\"(max-width: 616px) 100vw, 616px\" \/>\t\t\t\t\t\t\t\t\t\t\t\t\t\t\t<\/div>\n\t\t\t\t<\/div>\n\t\t\t\t\t<\/div>\n\t\t<\/div>\n\t\t\t\t<div class=\"elementor-column elementor-col-50 elementor-top-column elementor-element elementor-element-4beaf5c3\" data-id=\"4beaf5c3\" data-element_type=\"column\">\n\t\t\t<div class=\"elementor-widget-wrap elementor-element-populated\">\n\t\t\t\t\t\t<div class=\"elementor-element elementor-element-3a0d9c45 elementor-widget elementor-widget-text-editor\" data-id=\"3a0d9c45\" data-element_type=\"widget\" data-widget_type=\"text-editor.default\">\n\t\t\t\t<div class=\"elementor-widget-container\">\n\t\t\t\t\t\t\t\t\t<p>VARIETATS DE RA\u00cfM<\/p>\t\t\t\t\t\t\t\t<\/div>\n\t\t\t\t<\/div>\n\t\t\t\t<div class=\"elementor-element elementor-element-5c0d34a elementor-widget elementor-widget-text-editor\" data-id=\"5c0d34a\" data-element_type=\"widget\" data-widget_type=\"text-editor.default\">\n\t\t\t\t<div class=\"elementor-widget-container\">\n\t\t\t\t\t\t\t\t\t<p>Syrah.<\/p>\t\t\t\t\t\t\t\t<\/div>\n\t\t\t\t<\/div>\n\t\t\t\t<div class=\"elementor-element elementor-element-244d3435 elementor-widget elementor-widget-text-editor\" data-id=\"244d3435\" data-element_type=\"widget\" data-widget_type=\"text-editor.default\">\n\t\t\t\t<div class=\"elementor-widget-container\">\n\t\t\t\t\t\t\t\t\t<p>ELABORACI\u00d3N<\/p>\t\t\t\t\t\t\t\t<\/div>\n\t\t\t\t<\/div>\n\t\t\t\t<div class=\"elementor-element elementor-element-4ef46152 elementor-widget elementor-widget-text-editor\" data-id=\"4ef46152\" data-element_type=\"widget\" data-widget_type=\"text-editor.default\">\n\t\t\t\t<div class=\"elementor-widget-container\">\n\t\t\t\t\t\t\t\t\t<p>VENDIMIA: Manual. Syrah, mediados de septiembre. Tempranillo, principios de septiembre.<\/p><p>FERMENTACI\u00d3N: Maceraci\u00f3n pre fermentativa en fr\u00edo con un encubado total de 14 d\u00edas a 25\u00baC en tanques de acero inoxidable para extraer color, taninos dulces y aromas.<\/p>\n<p>ENVEJECIMIENTO:&nbsp;5 meses en roble<\/p>\n<p>BOTELLA:&nbsp;Borgo\u00f1a Prestigio negra.<\/p>\t\t\t\t\t\t\t\t<\/div>\n\t\t\t\t<\/div>\n\t\t\t\t<div class=\"elementor-element elementor-element-5d387057 elementor-widget elementor-widget-text-editor\" data-id=\"5d387057\" data-element_type=\"widget\" data-widget_type=\"text-editor.default\">\n\t\t\t\t<div class=\"elementor-widget-container\">\n\t\t\t\t\t\t\t\t\t<p>DENOMINACI\u00d3 D'ORIGEN<\/p>\t\t\t\t\t\t\t\t<\/div>\n\t\t\t\t<\/div>\n\t\t\t\t<div class=\"elementor-element elementor-element-5bae1d0b elementor-widget elementor-widget-image\" data-id=\"5bae1d0b\" data-element_type=\"widget\" data-widget_type=\"image.default\">\n\t\t\t\t<div class=\"elementor-widget-container\">\n\t\t\t\t\t\t\t\t\t\t\t\t\t\t\t<img decoding=\"async\" width=\"200\" height=\"164\" src=\"https:\/\/www.aribau.es\/wp-content\/uploads\/2021\/03\/DO-PENEDES-PNG.png\" class=\"attachment-full size-full wp-image-9031\" alt=\"\" \/>\t\t\t\t\t\t\t\t\t\t\t\t\t\t\t<\/div>\n\t\t\t\t<\/div>\n\t\t\t\t<div class=\"elementor-element elementor-element-727feeb0 elementor-widget elementor-widget-text-editor\" data-id=\"727feeb0\" data-element_type=\"widget\" data-widget_type=\"text-editor.default\">\n\t\t\t\t<div class=\"elementor-widget-container\">\n\t\t\t\t\t\t\t\t\t<p>DESCRIPCI\u00d3<\/p>\t\t\t\t\t\t\t\t<\/div>\n\t\t\t\t<\/div>\n\t\t\t\t<div class=\"elementor-element elementor-element-3a014703 elementor-widget elementor-widget-text-editor\" data-id=\"3a014703\" data-element_type=\"widget\" data-widget_type=\"text-editor.default\">\n\t\t\t\t<div class=\"elementor-widget-container\">\n\t\t\t\t\t\t\t\t\t<p><b>VISTA:<\/b>\u00a0Color cereza picota y tonalidad p\u00farpura de capa media alta.<\/p><p><b>OLFATO:\u00a0<\/b>Entrada de gran complejidad de aromas. Se descubren lentamente notas frescas\u00a0de especias (clavo) y frutas (cereza y ciruela). El vino evoluciona destacando puntas\u00a0florales de violeta que provienen de la variedad del Syrah y que contrastan con matices de\u00a0fruta roja y regaliz del Tempranillo. Finalmente percibiremos de fondo notas tostadas de la\u00a0barrica.<\/p><p><b>PALADAR: <\/b>En boca es un vino compacto y maduro. Predominan sensaciones dulces de\u00a0taninos bien maduros. Al final queda un recuerdo vegetal.<\/p><p>Es un vino que marida muy bien con todo tipo de carnes desde el pollo al entrecot, los estofados y las carnes a la brasa. Combina perfectamente con pizzas que contengan carne y tambi\u00e9n con quesos cremosos. Servir entre 15 y 16\u00baC.<\/p><p>GRADO ALCOH\u00d3LICO: 14%<\/p><p>AZ\u00daCAR RESIDUAL: 1,5 g\/L<\/p><p>ACIDEZ TOTAL (H2SO4): 3,14 g\/L<\/p><p>pH: 3,65<\/p>\t\t\t\t\t\t\t\t<\/div>\n\t\t\t\t<\/div>\n\t\t\t\t<div class=\"elementor-element elementor-element-2e6a5def elementor-widget elementor-widget-spacer\" data-id=\"2e6a5def\" data-element_type=\"widget\" data-widget_type=\"spacer.default\">\n\t\t\t\t<div class=\"elementor-widget-container\">\n\t\t\t\t\t\t\t<div class=\"elementor-spacer\">\n\t\t\t<div class=\"elementor-spacer-inner\"><\/div>\n\t\t<\/div>\n\t\t\t\t\t\t<\/div>\n\t\t\t\t<\/div>\n\t\t\t\t\t<\/div>\n\t\t<\/div>\n\t\t\t\t\t<\/div>\n\t\t<\/section>\n\t\t\t\t<\/div>","protected":false},"excerpt":{"rendered":"<p>frey\u00e9 tempranillo\u00a0 d.o. pened\u00e9s variedades de uva Syrah. ELABORACI\u00d3N VENDIMIA: Manual. Syrah, mediados de septiembre. Tempranillo, principios de septiembre. FERMENTACI\u00d3N: Maceraci\u00f3n pre fermentativa en fr\u00edo con un encubado total de 14 d\u00edas a 25\u00baC en tanques de acero inoxidable para extraer color, taninos dulces y aromas. ENVEJECIMIENTO:&nbsp;5 meses en roble BOTELLA:&nbsp;Borgo\u00f1a Prestigio negra. Denominaci\u00f3n de &#8230; <a title=\"FREY\u00c9 TEMPRANILLO D.O. PENED\u00c9S\" class=\"read-more\" href=\"https:\/\/www.aribau.es\/ca\/bodegas-2\/vallformosa\/freye-tempranillo_dopenedes\/\" aria-label=\"M\u00e9s informaci\u00f3 sobre FREY\u00c9 TEMPRANILLO D.O. PENED\u00c9S\">Llegiu m\u00e9s<\/a><\/p>","protected":false},"author":3,"featured_media":0,"parent":12827,"menu_order":0,"comment_status":"closed","ping_status":"closed","template":"elementor_header_footer","meta":{"footnotes":""},"class_list":["post-12959","page","type-page","status-publish"],"yoast_head":"<!-- This site is optimized with the Yoast SEO plugin v26.7 - https:\/\/yoast.com\/wordpress\/plugins\/seo\/ -->\n<title>FREY\u00c9 TEMPRANILLO D.O. PENED\u00c9S - Aribau<\/title>\n<meta name=\"robots\" content=\"index, follow, max-snippet:-1, max-image-preview:large, max-video-preview:-1\" \/>\n<link rel=\"canonical\" href=\"https:\/\/www.aribau.es\/ca\/bodegas-2\/vallformosa\/freye-tempranillo_dopenedes\/\" \/>\n<meta property=\"og:locale\" content=\"ca_ES\" \/>\n<meta property=\"og:type\" content=\"article\" \/>\n<meta property=\"og:title\" content=\"FREY\u00c9 TEMPRANILLO D.O. PENED\u00c9S - Aribau\" \/>\n<meta property=\"og:description\" content=\"frey\u00e9 tempranillo\u00a0 d.o. pened\u00e9s variedades de uva Syrah. ELABORACI\u00d3N VENDIMIA: Manual. Syrah, mediados de septiembre. Tempranillo, principios de septiembre. FERMENTACI\u00d3N: Maceraci\u00f3n pre fermentativa en fr\u00edo con un encubado total de 14 d\u00edas a 25\u00baC en tanques de acero inoxidable para extraer color, taninos dulces y aromas. ENVEJECIMIENTO:&nbsp;5 meses en roble BOTELLA:&nbsp;Borgo\u00f1a Prestigio negra. Denominaci\u00f3n de ... Llegiu m\u00e9s\" \/>\n<meta property=\"og:url\" content=\"https:\/\/www.aribau.es\/ca\/bodegas-2\/vallformosa\/freye-tempranillo_dopenedes\/\" \/>\n<meta property=\"og:site_name\" content=\"Aribau\" \/>\n<meta property=\"article:publisher\" content=\"https:\/\/www.facebook.com\/aribau1964\/\" \/>\n<meta property=\"article:modified_time\" content=\"2023-12-27T13:02:46+00:00\" \/>\n<meta property=\"og:image\" content=\"https:\/\/www.aribau.es\/wp-content\/uploads\/2023\/09\/374044_FREYE-NEGRE-616x1024.png\" \/>\n<meta name=\"twitter:card\" content=\"summary_large_image\" \/>\n<meta name=\"twitter:site\" content=\"@aribau1964\" \/>\n<meta name=\"twitter:label1\" content=\"Temps estimat de lectura\" \/>\n\t<meta name=\"twitter:data1\" content=\"1 minut\" \/>\n<script type=\"application\/ld+json\" class=\"yoast-schema-graph\">{\"@context\":\"https:\/\/schema.org\",\"@graph\":[{\"@type\":\"WebPage\",\"@id\":\"https:\/\/www.aribau.es\/bodegas-2\/vallformosa\/freye-tempranillo_dopenedes\/\",\"url\":\"https:\/\/www.aribau.es\/bodegas-2\/vallformosa\/freye-tempranillo_dopenedes\/\",\"name\":\"FREY\u00c9 TEMPRANILLO D.O. PENED\u00c9S - Aribau\",\"isPartOf\":{\"@id\":\"https:\/\/www.aribau.es\/#website\"},\"primaryImageOfPage\":{\"@id\":\"https:\/\/www.aribau.es\/bodegas-2\/vallformosa\/freye-tempranillo_dopenedes\/#primaryimage\"},\"image\":{\"@id\":\"https:\/\/www.aribau.es\/bodegas-2\/vallformosa\/freye-tempranillo_dopenedes\/#primaryimage\"},\"thumbnailUrl\":\"https:\/\/www.aribau.es\/wp-content\/uploads\/2023\/09\/374044_FREYE-NEGRE-616x1024.png\",\"datePublished\":\"2023-09-22T12:42:46+00:00\",\"dateModified\":\"2023-12-27T13:02:46+00:00\",\"breadcrumb\":{\"@id\":\"https:\/\/www.aribau.es\/bodegas-2\/vallformosa\/freye-tempranillo_dopenedes\/#breadcrumb\"},\"inLanguage\":\"ca\",\"potentialAction\":[{\"@type\":\"ReadAction\",\"target\":[\"https:\/\/www.aribau.es\/bodegas-2\/vallformosa\/freye-tempranillo_dopenedes\/\"]}]},{\"@type\":\"ImageObject\",\"inLanguage\":\"ca\",\"@id\":\"https:\/\/www.aribau.es\/bodegas-2\/vallformosa\/freye-tempranillo_dopenedes\/#primaryimage\",\"url\":\"https:\/\/www.aribau.es\/wp-content\/uploads\/2023\/09\/374044_FREYE-NEGRE-616x1024.png\",\"contentUrl\":\"https:\/\/www.aribau.es\/wp-content\/uploads\/2023\/09\/374044_FREYE-NEGRE-616x1024.png\"},{\"@type\":\"BreadcrumbList\",\"@id\":\"https:\/\/www.aribau.es\/bodegas-2\/vallformosa\/freye-tempranillo_dopenedes\/#breadcrumb\",\"itemListElement\":[{\"@type\":\"ListItem\",\"position\":1,\"name\":\"Portada\",\"item\":\"https:\/\/www.aribau.es\/\"},{\"@type\":\"ListItem\",\"position\":2,\"name\":\"BODEGAS\",\"item\":\"https:\/\/www.aribau.es\/bodegas-2\/\"},{\"@type\":\"ListItem\",\"position\":3,\"name\":\"VALLFORMOSA\",\"item\":\"https:\/\/www.aribau.es\/bodegas-2\/vallformosa\/\"},{\"@type\":\"ListItem\",\"position\":4,\"name\":\"FREY\u00c9 TEMPRANILLO D.O. PENED\u00c9S\"}]},{\"@type\":\"WebSite\",\"@id\":\"https:\/\/www.aribau.es\/#website\",\"url\":\"https:\/\/www.aribau.es\/\",\"name\":\"Aribau\",\"description\":\"VINOS Y BODEGAS\",\"publisher\":{\"@id\":\"https:\/\/www.aribau.es\/#organization\"},\"potentialAction\":[{\"@type\":\"SearchAction\",\"target\":{\"@type\":\"EntryPoint\",\"urlTemplate\":\"https:\/\/www.aribau.es\/?s={search_term_string}\"},\"query-input\":{\"@type\":\"PropertyValueSpecification\",\"valueRequired\":true,\"valueName\":\"search_term_string\"}}],\"inLanguage\":\"ca\"},{\"@type\":\"Organization\",\"@id\":\"https:\/\/www.aribau.es\/#organization\",\"name\":\"Aribau\",\"url\":\"https:\/\/www.aribau.es\/\",\"logo\":{\"@type\":\"ImageObject\",\"inLanguage\":\"ca\",\"@id\":\"https:\/\/www.aribau.es\/#\/schema\/logo\/image\/\",\"url\":\"https:\/\/www.aribau.es\/wp-content\/uploads\/2022\/03\/logo.png\",\"contentUrl\":\"https:\/\/www.aribau.es\/wp-content\/uploads\/2022\/03\/logo.png\",\"width\":300,\"height\":300,\"caption\":\"Aribau\"},\"image\":{\"@id\":\"https:\/\/www.aribau.es\/#\/schema\/logo\/image\/\"},\"sameAs\":[\"https:\/\/www.facebook.com\/aribau1964\/\",\"https:\/\/x.com\/aribau1964\",\"https:\/\/www.instagram.com\/aribau1964\/\"]}]}<\/script>\n<!-- \/ Yoast SEO plugin. -->","yoast_head_json":{"title":"FREY\u00c9 TEMPRANILLO D.O. PENED\u00c9S - Aribau","robots":{"index":"index","follow":"follow","max-snippet":"max-snippet:-1","max-image-preview":"max-image-preview:large","max-video-preview":"max-video-preview:-1"},"canonical":"https:\/\/www.aribau.es\/ca\/bodegas-2\/vallformosa\/freye-tempranillo_dopenedes\/","og_locale":"ca_ES","og_type":"article","og_title":"FREY\u00c9 TEMPRANILLO D.O. PENED\u00c9S - Aribau","og_description":"frey\u00e9 tempranillo\u00a0 d.o. pened\u00e9s variedades de uva Syrah. ELABORACI\u00d3N VENDIMIA: Manual. Syrah, mediados de septiembre. Tempranillo, principios de septiembre. FERMENTACI\u00d3N: Maceraci\u00f3n pre fermentativa en fr\u00edo con un encubado total de 14 d\u00edas a 25\u00baC en tanques de acero inoxidable para extraer color, taninos dulces y aromas. ENVEJECIMIENTO:&nbsp;5 meses en roble BOTELLA:&nbsp;Borgo\u00f1a Prestigio negra. Denominaci\u00f3n de ... Llegiu m\u00e9s","og_url":"https:\/\/www.aribau.es\/ca\/bodegas-2\/vallformosa\/freye-tempranillo_dopenedes\/","og_site_name":"Aribau","article_publisher":"https:\/\/www.facebook.com\/aribau1964\/","article_modified_time":"2023-12-27T13:02:46+00:00","og_image":[{"url":"https:\/\/www.aribau.es\/wp-content\/uploads\/2023\/09\/374044_FREYE-NEGRE-616x1024.png","type":"","width":"","height":""}],"twitter_card":"summary_large_image","twitter_site":"@aribau1964","twitter_misc":{"Temps estimat de lectura":"1 minut"},"schema":{"@context":"https:\/\/schema.org","@graph":[{"@type":"WebPage","@id":"https:\/\/www.aribau.es\/bodegas-2\/vallformosa\/freye-tempranillo_dopenedes\/","url":"https:\/\/www.aribau.es\/bodegas-2\/vallformosa\/freye-tempranillo_dopenedes\/","name":"FREY\u00c9 TEMPRANILLO D.O. PENED\u00c9S - Aribau","isPartOf":{"@id":"https:\/\/www.aribau.es\/#website"},"primaryImageOfPage":{"@id":"https:\/\/www.aribau.es\/bodegas-2\/vallformosa\/freye-tempranillo_dopenedes\/#primaryimage"},"image":{"@id":"https:\/\/www.aribau.es\/bodegas-2\/vallformosa\/freye-tempranillo_dopenedes\/#primaryimage"},"thumbnailUrl":"https:\/\/www.aribau.es\/wp-content\/uploads\/2023\/09\/374044_FREYE-NEGRE-616x1024.png","datePublished":"2023-09-22T12:42:46+00:00","dateModified":"2023-12-27T13:02:46+00:00","breadcrumb":{"@id":"https:\/\/www.aribau.es\/bodegas-2\/vallformosa\/freye-tempranillo_dopenedes\/#breadcrumb"},"inLanguage":"ca","potentialAction":[{"@type":"ReadAction","target":["https:\/\/www.aribau.es\/bodegas-2\/vallformosa\/freye-tempranillo_dopenedes\/"]}]},{"@type":"ImageObject","inLanguage":"ca","@id":"https:\/\/www.aribau.es\/bodegas-2\/vallformosa\/freye-tempranillo_dopenedes\/#primaryimage","url":"https:\/\/www.aribau.es\/wp-content\/uploads\/2023\/09\/374044_FREYE-NEGRE-616x1024.png","contentUrl":"https:\/\/www.aribau.es\/wp-content\/uploads\/2023\/09\/374044_FREYE-NEGRE-616x1024.png"},{"@type":"BreadcrumbList","@id":"https:\/\/www.aribau.es\/bodegas-2\/vallformosa\/freye-tempranillo_dopenedes\/#breadcrumb","itemListElement":[{"@type":"ListItem","position":1,"name":"Portada","item":"https:\/\/www.aribau.es\/"},{"@type":"ListItem","position":2,"name":"BODEGAS","item":"https:\/\/www.aribau.es\/bodegas-2\/"},{"@type":"ListItem","position":3,"name":"VALLFORMOSA","item":"https:\/\/www.aribau.es\/bodegas-2\/vallformosa\/"},{"@type":"ListItem","position":4,"name":"FREY\u00c9 TEMPRANILLO D.O. PENED\u00c9S"}]},{"@type":"WebSite","@id":"https:\/\/www.aribau.es\/#website","url":"https:\/\/www.aribau.es\/","name":"Aribau","description":"VINOS Y BODEGAS","publisher":{"@id":"https:\/\/www.aribau.es\/#organization"},"potentialAction":[{"@type":"SearchAction","target":{"@type":"EntryPoint","urlTemplate":"https:\/\/www.aribau.es\/?s={search_term_string}"},"query-input":{"@type":"PropertyValueSpecification","valueRequired":true,"valueName":"search_term_string"}}],"inLanguage":"ca"},{"@type":"Organization","@id":"https:\/\/www.aribau.es\/#organization","name":"Aribau","url":"https:\/\/www.aribau.es\/","logo":{"@type":"ImageObject","inLanguage":"ca","@id":"https:\/\/www.aribau.es\/#\/schema\/logo\/image\/","url":"https:\/\/www.aribau.es\/wp-content\/uploads\/2022\/03\/logo.png","contentUrl":"https:\/\/www.aribau.es\/wp-content\/uploads\/2022\/03\/logo.png","width":300,"height":300,"caption":"Aribau"},"image":{"@id":"https:\/\/www.aribau.es\/#\/schema\/logo\/image\/"},"sameAs":["https:\/\/www.facebook.com\/aribau1964\/","https:\/\/x.com\/aribau1964","https:\/\/www.instagram.com\/aribau1964\/"]}]}},"_links":{"self":[{"href":"https:\/\/www.aribau.es\/ca\/wp-json\/wp\/v2\/pages\/12959","targetHints":{"allow":["GET"]}}],"collection":[{"href":"https:\/\/www.aribau.es\/ca\/wp-json\/wp\/v2\/pages"}],"about":[{"href":"https:\/\/www.aribau.es\/ca\/wp-json\/wp\/v2\/types\/page"}],"author":[{"embeddable":true,"href":"https:\/\/www.aribau.es\/ca\/wp-json\/wp\/v2\/users\/3"}],"replies":[{"embeddable":true,"href":"https:\/\/www.aribau.es\/ca\/wp-json\/wp\/v2\/comments?post=12959"}],"version-history":[{"count":9,"href":"https:\/\/www.aribau.es\/ca\/wp-json\/wp\/v2\/pages\/12959\/revisions"}],"predecessor-version":[{"id":13041,"href":"https:\/\/www.aribau.es\/ca\/wp-json\/wp\/v2\/pages\/12959\/revisions\/13041"}],"up":[{"embeddable":true,"href":"https:\/\/www.aribau.es\/ca\/wp-json\/wp\/v2\/pages\/12827"}],"wp:attachment":[{"href":"https:\/\/www.aribau.es\/ca\/wp-json\/wp\/v2\/media?parent=12959"}],"curies":[{"name":"wp","href":"https:\/\/api.w.org\/{rel}","templated":true}]}}