{"id":6475,"date":"2019-07-31T11:43:41","date_gmt":"2019-07-31T10:43:41","guid":{"rendered":"https:\/\/www.aribau.es\/?page_id=6475"},"modified":"2019-08-28T12:46:12","modified_gmt":"2019-08-28T11:46:12","slug":"cargol-treu-banya","status":"publish","type":"page","link":"https:\/\/www.aribau.es\/ca\/cargol-treu-banya\/","title":{"rendered":"CARGOL TREU BANYA"},"content":{"rendered":"<p>[:es][vc_row][vc_column width=\u00bb1\/4&#8243;][vc_single_image alignment=\u00bbcenter\u00bb css_animation=\u00bbappear\u00bb image=\u00bb6476&#8243; img_size=\u00bbfull\u00bb border_color=\u00bbgrey\u00bb img_link=\u00bb#\u00bb][\/vc_column][vc_column width=\u00bb3\/4&#8243;][vc_column_text css_animation=\u00bbappear\u00bb]<\/p>\n<h2>CARGOL TREU BANYA<\/h2>\n<h4>D.O.\u00a0COSTERS DEL SEGRE<\/h4>\n<p>&nbsp;<\/p>\n<p><strong>VARIEDADES<\/strong><\/p>\n<p>Tempranillo, Garnacha Tinta, Merlot y Syrah<\/p>\n<p><b>VI\u00d1EDOS<\/b><\/p>\n<p>Uvas procedentes de nuestras fincas de Verd\u00fa,\u00a0Men\u00e0rguens y Algerri.<\/p>\n<p><b>ELABORACI\u00d3N<\/b><\/p>\n<p>Las uvas se vinifican por separado en funci\u00f3n de su grado de maduraci\u00f3n fen\u00f3lica, maceraci\u00f3n prefermentativa en fr\u00edo durante 48h a 10\u00baC, fermentaci\u00f3n a temperatura controlada de 25\u00baC y maceraci\u00f3n durante 18-30 d\u00edas en funci\u00f3n de la variedad con remontajes diarios y <em>pigeage\u00a0<\/em>manual. Posterior crianza en barrica de roble franc\u00e9s (85%) y americano (15%) durante 6 meses.<\/p>\n<p><strong>NOTA DE CATA<\/strong><\/p>\n<p>Marcado en aromas, tras las notas de frutos rojos y negros maduros (mora, ciruela pasa, casis) con cierto recuerdo de confitura, aparecen notas terciarias derivadas de la crianza en barrica como tostados y ahumados, recuerdos de carb\u00f3n y bosque h\u00famedo, especies dulces y setas secas.[\/vc_column_text][vc_row_inner][vc_column_inner][vc_separator style=\u00bbdotted\u00bb el_width=\u00bb80&#8243;][\/vc_column_inner][\/vc_row_inner][vc_row_inner][vc_column_inner width=\u00bb1\/2&#8243;][vc_column_text css_animation=\u00bbappear\u00bb]<\/p>\n<h3>CARACTERISTICAS<\/h3>\n<p><a href=\"https:\/\/www.aribau.es\/wp-content\/uploads\/2014\/06\/catalu\u00f1a1.png\"><img fetchpriority=\"high\" decoding=\"async\" class=\"size-medium wp-image-3844 aligncenter\" src=\"https:\/\/www.aribau.es\/wp-content\/uploads\/2014\/06\/catalu\u00f1a1-300x216.png\" alt=\"catalu\u00f1a\" width=\"300\" height=\"216\" \/><\/a>[\/vc_column_text][\/vc_column_inner][vc_column_inner width=\u00bb1\/2&#8243;][vc_column_text css_animation=\u00bbappear\u00bb]<\/p>\n<table>\n<tbody>\n<tr>\n<td width=\"40\">\u00a0<img decoding=\"async\" class=\"alignnone size-full wp-image-3827\" src=\"https:\/\/www.aribau.es\/wp-content\/uploads\/2014\/06\/ico-uva.png\" alt=\"ico-uva\" width=\"30\" height=\"30\" \/><\/td>\n<td width=\"\">\n<h3>TEMPRANILLO, GARNACHA TINTA, MERLOT Y SYRAH<\/h3>\n<\/td>\n<\/tr>\n<tr>\n<td width=\"40\">\u00a0<img decoding=\"async\" class=\"alignnone size-full wp-image-3825\" src=\"https:\/\/www.aribau.es\/wp-content\/uploads\/2014\/06\/ico-cant.png\" alt=\"ico-cant\" width=\"30\" height=\"30\" \/><\/td>\n<td width=\"\">\n<h3>\u00a075 CL<\/h3>\n<\/td>\n<\/tr>\n<tr>\n<td width=\"40\">\u00a0<a href=\"https:\/\/www.aribau.es\/wp-content\/uploads\/2014\/06\/ico-cartagif.gif\"><img loading=\"lazy\" decoding=\"async\" class=\"alignnone wp-image-3939 size-full\" src=\"https:\/\/www.aribau.es\/wp-content\/uploads\/2014\/06\/ico-cartagif.gif\" alt=\"\" width=\"30\" height=\"30\" \/><\/a><\/td>\n<td width=\"\">\n<h3>TINTO<\/h3>\n<\/td>\n<\/tr>\n<tr>\n<td width=\"40\">\u00a0<a href=\"https:\/\/www.aribau.es\/wp-content\/uploads\/2014\/06\/ico-cat.gif\"><img loading=\"lazy\" decoding=\"async\" class=\"alignnone wp-image-3937 size-full\" src=\"https:\/\/www.aribau.es\/wp-content\/uploads\/2014\/06\/ico-cat.gif\" alt=\"\" width=\"30\" height=\"30\" \/><\/a><\/td>\n<td width=\"\">\n<h3>CRIAN\u00c7A<\/h3>\n<\/td>\n<\/tr>\n<tr>\n<td width=\"40\">\u00a0<a href=\"https:\/\/www.aribau.es\/wp-content\/uploads\/2014\/06\/glob.gif\"><img loading=\"lazy\" decoding=\"async\" class=\"alignnone wp-image-3940 size-full\" src=\"https:\/\/www.aribau.es\/wp-content\/uploads\/2014\/06\/glob.gif\" alt=\"\" width=\"30\" height=\"30\" \/><\/a><\/td>\n<td width=\"\">\n<h3>CATALU\u00d1A<\/h3>\n<\/td>\n<\/tr>\n<tr>\n<td width=\"40\">\u00a0<a href=\"https:\/\/www.aribau.es\/wp-content\/uploads\/2014\/06\/ico-eti.gif\"><img loading=\"lazy\" decoding=\"async\" class=\"alignnone wp-image-3938 size-full\" src=\"https:\/\/www.aribau.es\/wp-content\/uploads\/2014\/06\/ico-eti.gif\" alt=\"\" width=\"30\" height=\"30\" \/><\/a><\/td>\n<td width=\"\">\n<h3>D.O.\u00a0COSTERS DEL SEGRE<\/h3>\n<\/td>\n<\/tr>\n<\/tbody>\n<\/table>\n<p>[\/vc_column_text][\/vc_column_inner][\/vc_row_inner][\/vc_column][\/vc_row][vc_row][vc_column][vc_column_text]<br \/>\n[\/vc_column_text][\/vc_column][\/vc_row][:ca][vc_row][vc_column width=\u00bb1\/4&#8243;][vc_single_image alignment=\u00bbcenter\u00bb css_animation=\u00bbappear\u00bb image=\u00bb6476&#8243; img_size=\u00bbfull\u00bb border_color=\u00bbgrey\u00bb img_link=\u00bb#\u00bb][\/vc_column][vc_column width=\u00bb3\/4&#8243;][vc_column_text css_animation=\u00bbappear\u00bb]<\/p>\n<h2>CARGOL TREU BANYA<\/h2>\n<h4>D.O.\u00a0COSTERS DEL SEGRE<\/h4>\n<p>&nbsp;<\/p>\n<p><strong>VARIETATS<\/strong><\/p>\n<p>Ull de Llebre, Garnatxa Negra, Merlot i Syrah<\/p>\n<p><b>VINYA<\/b><\/p>\n<p>Ra\u00efms procedents de les nostres \ufb01nques de Verd\u00fa, Men\u00e0rguens i Algerri.<\/p>\n<p><b>ELABORACI\u00d3<\/b><\/p>\n<p>Els ra\u00efms es vini\ufb01quen per separat en funci\u00f3 del seu grau de maduraci\u00f3 fen\u00f2lica, maceraci\u00f3 prefermentativa en fred durant 48 h a 10oC, fermentaci\u00f3 a temperatura controlada de 25oC i maceraci\u00f3 durant 18-30 dies en funci\u00f3 de la varietat amb remuntatges diaris i <em>pigeage<\/em> manual. Posterior crian\u00e7a en b\u00f3ta de roure franc\u00e8s (85%) i americ\u00e0 (15%) durant 6 mesos.<\/p>\n<p><strong>NOTA DE TAST<\/strong><\/p>\n<p>Marcat en aromes, rere les notes de fruits vermells i negres madurs (m\u00f3ra, pruna seca, cass\u00eds) amb cert record de con\ufb01tura, apareixen notes terci\u00e0ries derivades de la crian\u00e7a en b\u00f3ta com torrats i fumats, record de carb\u00f3 i bosc humits, esp\u00e8cies dolces i bolet sec.[\/vc_column_text][vc_row_inner][vc_column_inner][vc_separator style=\u00bbdotted\u00bb el_width=\u00bb80&#8243;][\/vc_column_inner][\/vc_row_inner][vc_row_inner][vc_column_inner width=\u00bb1\/2&#8243;][vc_column_text css_animation=\u00bbappear\u00bb]<\/p>\n<p>CARACTERISTICAS<\/p>\n<p><a href=\"https:\/\/www.aribau.es\/wp-content\/uploads\/2014\/06\/catalu\u00f1a1.png\"><img fetchpriority=\"high\" decoding=\"async\" class=\"size-medium wp-image-3844 aligncenter\" src=\"https:\/\/www.aribau.es\/wp-content\/uploads\/2014\/06\/catalu\u00f1a1-300x216.png\" alt=\"catalu\u00f1a\" width=\"300\" height=\"216\" \/><\/a>[\/vc_column_text][\/vc_column_inner][vc_column_inner width=\u00bb1\/2&#8243;][vc_column_text css_animation=\u00bbappear\u00bb]<\/p>\n<table>\n<tbody>\n<tr>\n<td width=\"40\">\u00a0<img decoding=\"async\" class=\"alignnone size-full wp-image-3827\" src=\"https:\/\/www.aribau.es\/wp-content\/uploads\/2014\/06\/ico-uva.png\" alt=\"ico-uva\" width=\"30\" height=\"30\" \/><\/td>\n<td width=\"\">\n<h3>ULL DE LLEBRE, GARNATXA NEGRA, MERLOT I SYRAH<\/h3>\n<\/td>\n<\/tr>\n<tr>\n<td width=\"40\">\u00a0<img decoding=\"async\" class=\"alignnone size-full wp-image-3825\" src=\"https:\/\/www.aribau.es\/wp-content\/uploads\/2014\/06\/ico-cant.png\" alt=\"ico-cant\" width=\"30\" height=\"30\" \/><\/td>\n<td width=\"\">\n<h3>\u00a075 CL<\/h3>\n<\/td>\n<\/tr>\n<tr>\n<td width=\"40\">\u00a0<a href=\"https:\/\/www.aribau.es\/wp-content\/uploads\/2014\/06\/ico-cartagif.gif\"><img loading=\"lazy\" decoding=\"async\" class=\"alignnone wp-image-3939 size-full\" src=\"https:\/\/www.aribau.es\/wp-content\/uploads\/2014\/06\/ico-cartagif.gif\" alt=\"\" width=\"30\" height=\"30\" \/><\/a><\/td>\n<td width=\"\">\n<h3>NEGRE<\/h3>\n<\/td>\n<\/tr>\n<tr>\n<td width=\"40\">\u00a0<a href=\"https:\/\/www.aribau.es\/wp-content\/uploads\/2014\/06\/ico-cat.gif\"><img loading=\"lazy\" decoding=\"async\" class=\"alignnone wp-image-3937 size-full\" src=\"https:\/\/www.aribau.es\/wp-content\/uploads\/2014\/06\/ico-cat.gif\" alt=\"\" width=\"30\" height=\"30\" \/><\/a><\/td>\n<td width=\"\">\n<h3>CRIAN\u00c7A<\/h3>\n<\/td>\n<\/tr>\n<tr>\n<td width=\"40\">\u00a0<a href=\"https:\/\/www.aribau.es\/wp-content\/uploads\/2014\/06\/glob.gif\"><img loading=\"lazy\" decoding=\"async\" class=\"alignnone wp-image-3940 size-full\" src=\"https:\/\/www.aribau.es\/wp-content\/uploads\/2014\/06\/glob.gif\" alt=\"\" width=\"30\" height=\"30\" \/><\/a><\/td>\n<td width=\"\">\n<h3>CATALUNYA<\/h3>\n<\/td>\n<\/tr>\n<tr>\n<td width=\"40\">\u00a0<a href=\"https:\/\/www.aribau.es\/wp-content\/uploads\/2014\/06\/ico-eti.gif\"><img loading=\"lazy\" decoding=\"async\" class=\"alignnone wp-image-3938 size-full\" src=\"https:\/\/www.aribau.es\/wp-content\/uploads\/2014\/06\/ico-eti.gif\" alt=\"\" width=\"30\" height=\"30\" \/><\/a><\/td>\n<td width=\"\">\n<h3>D.O.\u00a0COSTERS DEL SEGRE<\/h3>\n<\/td>\n<\/tr>\n<\/tbody>\n<\/table>\n<p>[\/vc_column_text][\/vc_column_inner][\/vc_row_inner][\/vc_column][\/vc_row][vc_row][vc_column][vc_column_text]<br \/>\n[\/vc_column_text][\/vc_column][\/vc_row][:]<\/p>","protected":false},"excerpt":{"rendered":"<p>[:es][vc_row][vc_column width=\u00bb1\/4&#8243;][vc_single_image alignment=\u00bbcenter\u00bb css_animation=\u00bbappear\u00bb image=\u00bb6476&#8243; img_size=\u00bbfull\u00bb border_color=\u00bbgrey\u00bb img_link=\u00bb#\u00bb][\/vc_column][vc_column width=\u00bb3\/4&#8243;][vc_column_text css_animation=\u00bbappear\u00bb] CARGOL TREU BANYA D.O.\u00a0COSTERS DEL SEGRE &nbsp; VARIEDADES Tempranillo, Garnacha Tinta, Merlot y Syrah VI\u00d1EDOS Uvas procedentes de nuestras fincas de Verd\u00fa,\u00a0Men\u00e0rguens y Algerri. ELABORACI\u00d3N Las uvas se vinifican por separado en funci\u00f3n de su grado de maduraci\u00f3n fen\u00f3lica, maceraci\u00f3n prefermentativa en fr\u00edo durante 48h &#8230; <a title=\"CARGOL TREU BANYA\" class=\"read-more\" href=\"https:\/\/www.aribau.es\/ca\/cargol-treu-banya\/\" aria-label=\"M\u00e9s informaci\u00f3 sobre CARGOL TREU BANYA\">Llegiu m\u00e9s<\/a><\/p>","protected":false},"author":3,"featured_media":6477,"parent":0,"menu_order":0,"comment_status":"closed","ping_status":"closed","template":"","meta":{"footnotes":""},"class_list":["post-6475","page","type-page","status-publish","has-post-thumbnail"],"yoast_head":"<!-- This site is optimized with the Yoast SEO plugin v26.7 - https:\/\/yoast.com\/wordpress\/plugins\/seo\/ -->\n<title>CARGOL TREU BANYA - Aribau<\/title>\n<meta name=\"robots\" content=\"index, follow, max-snippet:-1, max-image-preview:large, max-video-preview:-1\" \/>\n<link rel=\"canonical\" href=\"https:\/\/www.aribau.es\/ca\/cargol-treu-banya\/\" \/>\n<meta property=\"og:locale\" content=\"ca_ES\" \/>\n<meta property=\"og:type\" content=\"article\" \/>\n<meta property=\"og:title\" content=\"CARGOL TREU BANYA - Aribau\" \/>\n<meta property=\"og:description\" content=\"[:es][vc_row][vc_column width=\u00bb1\/4&#8243;][vc_single_image alignment=\u00bbcenter\u00bb css_animation=\u00bbappear\u00bb image=\u00bb6476&#8243; img_size=\u00bbfull\u00bb border_color=\u00bbgrey\u00bb img_link=\u00bb#\u00bb][\/vc_column][vc_column width=\u00bb3\/4&#8243;][vc_column_text css_animation=\u00bbappear\u00bb] CARGOL TREU BANYA D.O.\u00a0COSTERS DEL SEGRE &nbsp; VARIEDADES Tempranillo, Garnacha Tinta, Merlot y Syrah VI\u00d1EDOS Uvas procedentes de nuestras fincas de Verd\u00fa,\u00a0Men\u00e0rguens y Algerri. ELABORACI\u00d3N Las uvas se vinifican por separado en funci\u00f3n de su grado de maduraci\u00f3n fen\u00f3lica, maceraci\u00f3n prefermentativa en fr\u00edo durante 48h ... Llegiu m\u00e9s\" \/>\n<meta property=\"og:url\" content=\"https:\/\/www.aribau.es\/ca\/cargol-treu-banya\/\" \/>\n<meta property=\"og:site_name\" content=\"Aribau\" \/>\n<meta property=\"article:publisher\" content=\"https:\/\/www.facebook.com\/aribau1964\/\" \/>\n<meta property=\"article:modified_time\" content=\"2019-08-28T11:46:12+00:00\" \/>\n<meta property=\"og:image\" content=\"https:\/\/www.aribau.es\/wp-content\/uploads\/2019\/07\/Cargol.jpg\" \/>\n\t<meta property=\"og:image:width\" content=\"1200\" \/>\n\t<meta property=\"og:image:height\" content=\"800\" \/>\n\t<meta property=\"og:image:type\" content=\"image\/jpeg\" \/>\n<meta name=\"twitter:card\" content=\"summary_large_image\" \/>\n<meta name=\"twitter:site\" content=\"@aribau1964\" \/>\n<meta name=\"twitter:label1\" content=\"Temps estimat de lectura\" \/>\n\t<meta name=\"twitter:data1\" content=\"3 minuts\" \/>\n<script type=\"application\/ld+json\" class=\"yoast-schema-graph\">{\"@context\":\"https:\/\/schema.org\",\"@graph\":[{\"@type\":\"WebPage\",\"@id\":\"https:\/\/www.aribau.es\/cargol-treu-banya\/\",\"url\":\"https:\/\/www.aribau.es\/cargol-treu-banya\/\",\"name\":\"CARGOL TREU BANYA - Aribau\",\"isPartOf\":{\"@id\":\"https:\/\/www.aribau.es\/#website\"},\"primaryImageOfPage\":{\"@id\":\"https:\/\/www.aribau.es\/cargol-treu-banya\/#primaryimage\"},\"image\":{\"@id\":\"https:\/\/www.aribau.es\/cargol-treu-banya\/#primaryimage\"},\"thumbnailUrl\":\"https:\/\/www.aribau.es\/wp-content\/uploads\/2019\/07\/Cargol.jpg\",\"datePublished\":\"2019-07-31T10:43:41+00:00\",\"dateModified\":\"2019-08-28T11:46:12+00:00\",\"breadcrumb\":{\"@id\":\"https:\/\/www.aribau.es\/cargol-treu-banya\/#breadcrumb\"},\"inLanguage\":\"ca\",\"potentialAction\":[{\"@type\":\"ReadAction\",\"target\":[\"https:\/\/www.aribau.es\/cargol-treu-banya\/\"]}]},{\"@type\":\"ImageObject\",\"inLanguage\":\"ca\",\"@id\":\"https:\/\/www.aribau.es\/cargol-treu-banya\/#primaryimage\",\"url\":\"https:\/\/www.aribau.es\/wp-content\/uploads\/2019\/07\/Cargol.jpg\",\"contentUrl\":\"https:\/\/www.aribau.es\/wp-content\/uploads\/2019\/07\/Cargol.jpg\",\"width\":1200,\"height\":800},{\"@type\":\"BreadcrumbList\",\"@id\":\"https:\/\/www.aribau.es\/cargol-treu-banya\/#breadcrumb\",\"itemListElement\":[{\"@type\":\"ListItem\",\"position\":1,\"name\":\"Portada\",\"item\":\"https:\/\/www.aribau.es\/\"},{\"@type\":\"ListItem\",\"position\":2,\"name\":\"CARGOL TREU BANYA\"}]},{\"@type\":\"WebSite\",\"@id\":\"https:\/\/www.aribau.es\/#website\",\"url\":\"https:\/\/www.aribau.es\/\",\"name\":\"Aribau\",\"description\":\"VINOS Y BODEGAS\",\"publisher\":{\"@id\":\"https:\/\/www.aribau.es\/#organization\"},\"potentialAction\":[{\"@type\":\"SearchAction\",\"target\":{\"@type\":\"EntryPoint\",\"urlTemplate\":\"https:\/\/www.aribau.es\/?s={search_term_string}\"},\"query-input\":{\"@type\":\"PropertyValueSpecification\",\"valueRequired\":true,\"valueName\":\"search_term_string\"}}],\"inLanguage\":\"ca\"},{\"@type\":\"Organization\",\"@id\":\"https:\/\/www.aribau.es\/#organization\",\"name\":\"Aribau\",\"url\":\"https:\/\/www.aribau.es\/\",\"logo\":{\"@type\":\"ImageObject\",\"inLanguage\":\"ca\",\"@id\":\"https:\/\/www.aribau.es\/#\/schema\/logo\/image\/\",\"url\":\"https:\/\/www.aribau.es\/wp-content\/uploads\/2022\/03\/logo.png\",\"contentUrl\":\"https:\/\/www.aribau.es\/wp-content\/uploads\/2022\/03\/logo.png\",\"width\":300,\"height\":300,\"caption\":\"Aribau\"},\"image\":{\"@id\":\"https:\/\/www.aribau.es\/#\/schema\/logo\/image\/\"},\"sameAs\":[\"https:\/\/www.facebook.com\/aribau1964\/\",\"https:\/\/x.com\/aribau1964\",\"https:\/\/www.instagram.com\/aribau1964\/\"]}]}<\/script>\n<!-- \/ Yoast SEO plugin. -->","yoast_head_json":{"title":"CARGOL TREU BANYA - Aribau","robots":{"index":"index","follow":"follow","max-snippet":"max-snippet:-1","max-image-preview":"max-image-preview:large","max-video-preview":"max-video-preview:-1"},"canonical":"https:\/\/www.aribau.es\/ca\/cargol-treu-banya\/","og_locale":"ca_ES","og_type":"article","og_title":"CARGOL TREU BANYA - Aribau","og_description":"[:es][vc_row][vc_column width=\u00bb1\/4&#8243;][vc_single_image alignment=\u00bbcenter\u00bb css_animation=\u00bbappear\u00bb image=\u00bb6476&#8243; img_size=\u00bbfull\u00bb border_color=\u00bbgrey\u00bb img_link=\u00bb#\u00bb][\/vc_column][vc_column width=\u00bb3\/4&#8243;][vc_column_text css_animation=\u00bbappear\u00bb] CARGOL TREU BANYA D.O.\u00a0COSTERS DEL SEGRE &nbsp; VARIEDADES Tempranillo, Garnacha Tinta, Merlot y Syrah VI\u00d1EDOS Uvas procedentes de nuestras fincas de Verd\u00fa,\u00a0Men\u00e0rguens y Algerri. ELABORACI\u00d3N Las uvas se vinifican por separado en funci\u00f3n de su grado de maduraci\u00f3n fen\u00f3lica, maceraci\u00f3n prefermentativa en fr\u00edo durante 48h ... Llegiu m\u00e9s","og_url":"https:\/\/www.aribau.es\/ca\/cargol-treu-banya\/","og_site_name":"Aribau","article_publisher":"https:\/\/www.facebook.com\/aribau1964\/","article_modified_time":"2019-08-28T11:46:12+00:00","og_image":[{"width":1200,"height":800,"url":"https:\/\/www.aribau.es\/wp-content\/uploads\/2019\/07\/Cargol.jpg","type":"image\/jpeg"}],"twitter_card":"summary_large_image","twitter_site":"@aribau1964","twitter_misc":{"Temps estimat de lectura":"3 minuts"},"schema":{"@context":"https:\/\/schema.org","@graph":[{"@type":"WebPage","@id":"https:\/\/www.aribau.es\/cargol-treu-banya\/","url":"https:\/\/www.aribau.es\/cargol-treu-banya\/","name":"CARGOL TREU BANYA - Aribau","isPartOf":{"@id":"https:\/\/www.aribau.es\/#website"},"primaryImageOfPage":{"@id":"https:\/\/www.aribau.es\/cargol-treu-banya\/#primaryimage"},"image":{"@id":"https:\/\/www.aribau.es\/cargol-treu-banya\/#primaryimage"},"thumbnailUrl":"https:\/\/www.aribau.es\/wp-content\/uploads\/2019\/07\/Cargol.jpg","datePublished":"2019-07-31T10:43:41+00:00","dateModified":"2019-08-28T11:46:12+00:00","breadcrumb":{"@id":"https:\/\/www.aribau.es\/cargol-treu-banya\/#breadcrumb"},"inLanguage":"ca","potentialAction":[{"@type":"ReadAction","target":["https:\/\/www.aribau.es\/cargol-treu-banya\/"]}]},{"@type":"ImageObject","inLanguage":"ca","@id":"https:\/\/www.aribau.es\/cargol-treu-banya\/#primaryimage","url":"https:\/\/www.aribau.es\/wp-content\/uploads\/2019\/07\/Cargol.jpg","contentUrl":"https:\/\/www.aribau.es\/wp-content\/uploads\/2019\/07\/Cargol.jpg","width":1200,"height":800},{"@type":"BreadcrumbList","@id":"https:\/\/www.aribau.es\/cargol-treu-banya\/#breadcrumb","itemListElement":[{"@type":"ListItem","position":1,"name":"Portada","item":"https:\/\/www.aribau.es\/"},{"@type":"ListItem","position":2,"name":"CARGOL TREU BANYA"}]},{"@type":"WebSite","@id":"https:\/\/www.aribau.es\/#website","url":"https:\/\/www.aribau.es\/","name":"Aribau","description":"VINOS Y BODEGAS","publisher":{"@id":"https:\/\/www.aribau.es\/#organization"},"potentialAction":[{"@type":"SearchAction","target":{"@type":"EntryPoint","urlTemplate":"https:\/\/www.aribau.es\/?s={search_term_string}"},"query-input":{"@type":"PropertyValueSpecification","valueRequired":true,"valueName":"search_term_string"}}],"inLanguage":"ca"},{"@type":"Organization","@id":"https:\/\/www.aribau.es\/#organization","name":"Aribau","url":"https:\/\/www.aribau.es\/","logo":{"@type":"ImageObject","inLanguage":"ca","@id":"https:\/\/www.aribau.es\/#\/schema\/logo\/image\/","url":"https:\/\/www.aribau.es\/wp-content\/uploads\/2022\/03\/logo.png","contentUrl":"https:\/\/www.aribau.es\/wp-content\/uploads\/2022\/03\/logo.png","width":300,"height":300,"caption":"Aribau"},"image":{"@id":"https:\/\/www.aribau.es\/#\/schema\/logo\/image\/"},"sameAs":["https:\/\/www.facebook.com\/aribau1964\/","https:\/\/x.com\/aribau1964","https:\/\/www.instagram.com\/aribau1964\/"]}]}},"_links":{"self":[{"href":"https:\/\/www.aribau.es\/ca\/wp-json\/wp\/v2\/pages\/6475","targetHints":{"allow":["GET"]}}],"collection":[{"href":"https:\/\/www.aribau.es\/ca\/wp-json\/wp\/v2\/pages"}],"about":[{"href":"https:\/\/www.aribau.es\/ca\/wp-json\/wp\/v2\/types\/page"}],"author":[{"embeddable":true,"href":"https:\/\/www.aribau.es\/ca\/wp-json\/wp\/v2\/users\/3"}],"replies":[{"embeddable":true,"href":"https:\/\/www.aribau.es\/ca\/wp-json\/wp\/v2\/comments?post=6475"}],"version-history":[{"count":6,"href":"https:\/\/www.aribau.es\/ca\/wp-json\/wp\/v2\/pages\/6475\/revisions"}],"predecessor-version":[{"id":6527,"href":"https:\/\/www.aribau.es\/ca\/wp-json\/wp\/v2\/pages\/6475\/revisions\/6527"}],"wp:featuredmedia":[{"embeddable":true,"href":"https:\/\/www.aribau.es\/ca\/wp-json\/wp\/v2\/media\/6477"}],"wp:attachment":[{"href":"https:\/\/www.aribau.es\/ca\/wp-json\/wp\/v2\/media?parent=6475"}],"curies":[{"name":"wp","href":"https:\/\/api.w.org\/{rel}","templated":true}]}}