{"id":7216,"date":"2021-02-15T14:33:00","date_gmt":"2021-02-15T13:33:00","guid":{"rendered":"https:\/\/www.aribau.es\/?page_id=7216"},"modified":"2026-01-16T14:46:16","modified_gmt":"2026-01-16T13:46:16","slug":"actualidad","status":"publish","type":"page","link":"https:\/\/www.aribau.es\/ca\/actualidad\/","title":{"rendered":"ACTUALITAT"},"content":{"rendered":"<div data-elementor-type=\"wp-page\" data-elementor-id=\"7216\" class=\"elementor elementor-7216\">\n\t\t\t\t\t\t<section class=\"elementor-section elementor-top-section elementor-element elementor-element-25518e62 elementor-section-boxed elementor-section-height-default elementor-section-height-default\" data-id=\"25518e62\" data-element_type=\"section\">\n\t\t\t\t\t\t<div class=\"elementor-container elementor-column-gap-default\">\n\t\t\t\t\t<div class=\"elementor-column elementor-col-25 elementor-top-column elementor-element elementor-element-62d7bc0f\" data-id=\"62d7bc0f\" data-element_type=\"column\">\n\t\t\t<div class=\"elementor-widget-wrap\">\n\t\t\t\t\t\t\t<\/div>\n\t\t<\/div>\n\t\t\t\t<div class=\"elementor-column elementor-col-25 elementor-top-column elementor-element elementor-element-1db6d804\" data-id=\"1db6d804\" data-element_type=\"column\">\n\t\t\t<div class=\"elementor-widget-wrap elementor-element-populated\">\n\t\t\t\t\t\t<div class=\"elementor-element elementor-element-2b00753 elementor-widget elementor-widget-shortcode\" data-id=\"2b00753\" data-element_type=\"widget\" data-widget_type=\"shortcode.default\">\n\t\t\t\t<div class=\"elementor-widget-container\">\n\t\t\t\t\t\t\t<div class=\"elementor-shortcode\"><div class=\"bdpp-wrap bdpp-lite bdpp-post-grid-wrap bdpp-post-data-wrap bdpp-design-2 bdpp-grid-1  bdpp-clearfix\" id=\"bdpp-post-grid-1\">\r\n\t<div class=\"bdpp-post-grid-inr-wrap bdpp-post-data-inr-wrap bdpp-clearfix\"><div class=\"bdpp-post-grid bdpp-col-1 bdpp-columns bdpp-post-13993 bdpp-post-standard bdpp-has-thumb\">\r\n\t<div class=\"bdpp-post-grid-content\">\r\n\t\t\t\t<div class=\"bdpp-post-img-bg\">\r\n\t\t\t<a href=\"https:\/\/www.aribau.es\/ca\/eleccion-carta-vinos\/\">\r\n\t\t\t\t<img decoding=\"async\" src=\"https:\/\/www.aribau.es\/wp-content\/uploads\/2026\/04\/CARTA-VINOS-ARIBAU-1024x683.webp\" class=\"bdpp-img bdpp-post-feat-img\" alt=\"Esa copa de vino que se convierte en un recuerdo inolvidable\" \/>\r\n\t\t\t<\/a>\r\n\t\t<\/div>\r\n\t\t\r\n\t\t<div class=\"bdpp-post-margin-content\">\r\n\t\t\t\t\t\t<div class=\"bdpp-post-cats\"><a class=\"bdpp-post-cat-link bdpp-post-cat-406 bdpp-post-cat-noticias\" href=\"https:\/\/www.aribau.es\/ca\/category\/noticias\/\">NOT\u00cdCIES<\/a><\/div>\r\n\t\t\t\r\n\t\t\t<h2 class=\"bdpp-post-title\">\r\n\t\t\t\t<a href=\"https:\/\/www.aribau.es\/ca\/eleccion-carta-vinos\/\">Esa copa de vino que se convierte en un recuerdo inolvidable<\/a>\r\n\t\t\t<\/h2>\r\n\r\n\t\t\t\t\t\t<div class=\"bdpp-post-meta bdpp-post-meta-up\">\r\n\t\t\t\t<span class=\"bdpp-post-meta-data bdpp-post-date\"><i class=\"fa fa-clock-o\"><\/i>29\/04\/2026<\/span>\t\t\t<\/div>\r\n\t\t\t\t\t\t<div class=\"bdpp-post-content\">\r\n\t\t\t\t<div class=\"bdpp-post-desc\">En un sector cada vez m\u00e1s competitivo, una carta de vinos bien pensada puede ser mucho m\u00e1s que una selecci\u00f3n de referencias: puede convertirse en una aut\u00e9ntica herramienta de diferenciaci\u00f3n. Pero el valor no est\u00e1 \u00fanicamente en la etiqueta, la bodega o el precio de una botella. Est\u00e1 en todo lo que ocurre...<\/div>\r\n\t\t\t\t\t\t\t\t\t<a href=\"https:\/\/www.aribau.es\/ca\/eleccion-carta-vinos\/\" class=\"bdpp-rdmr-btn\">Read More<\/a>\r\n\t\t\t\t\t\t\t<\/div>\r\n\t\t\t\t\t<\/div>\r\n\t<\/div>\r\n<\/div><div class=\"bdpp-post-grid bdpp-col-1 bdpp-columns bdpp-post-13989 bdpp-post-standard bdpp-has-thumb\">\r\n\t<div class=\"bdpp-post-grid-content\">\r\n\t\t\t\t<div class=\"bdpp-post-img-bg\">\r\n\t\t\t<a href=\"https:\/\/www.aribau.es\/ca\/vino-rosado-primavera\/\">\r\n\t\t\t\t<img decoding=\"async\" src=\"https:\/\/www.aribau.es\/wp-content\/uploads\/2026\/03\/vinos-rosados-1024x683.webp\" class=\"bdpp-img bdpp-post-feat-img\" alt=\"Vino rosado: el rey de la primavera\" \/>\r\n\t\t\t<\/a>\r\n\t\t<\/div>\r\n\t\t\r\n\t\t<div class=\"bdpp-post-margin-content\">\r\n\t\t\t\t\t\t<div class=\"bdpp-post-cats\"><a class=\"bdpp-post-cat-link bdpp-post-cat-406 bdpp-post-cat-noticias\" href=\"https:\/\/www.aribau.es\/ca\/category\/noticias\/\">NOT\u00cdCIES<\/a><\/div>\r\n\t\t\t\r\n\t\t\t<h2 class=\"bdpp-post-title\">\r\n\t\t\t\t<a href=\"https:\/\/www.aribau.es\/ca\/vino-rosado-primavera\/\">Vino rosado: el rey de la primavera<\/a>\r\n\t\t\t<\/h2>\r\n\r\n\t\t\t\t\t\t<div class=\"bdpp-post-meta bdpp-post-meta-up\">\r\n\t\t\t\t<span class=\"bdpp-post-meta-data bdpp-post-date\"><i class=\"fa fa-clock-o\"><\/i>24\/03\/2026<\/span>\t\t\t<\/div>\r\n\t\t\t\t\t\t<div class=\"bdpp-post-content\">\r\n\t\t\t\t<div class=\"bdpp-post-desc\">Estrenamos nueva estaci\u00f3n: \u00a1bienvenida primavera! Vuelven los d\u00edas largos, el sol, las terrazas y los planes al aire libre. Y con ellos, tambi\u00e9n cambian nuestros gustos: apetecen bebidas m\u00e1s frescas, ligeras y f\u00e1ciles de disfrutar. En este contexto, el vino rosado se convierte en el gran protagonista. Vers\u00e1til, refrescante y cada vez m\u00e1s...<\/div>\r\n\t\t\t\t\t\t\t\t\t<a href=\"https:\/\/www.aribau.es\/ca\/vino-rosado-primavera\/\" class=\"bdpp-rdmr-btn\">Read More<\/a>\r\n\t\t\t\t\t\t\t<\/div>\r\n\t\t\t\t\t<\/div>\r\n\t<\/div>\r\n<\/div><div class=\"bdpp-post-grid bdpp-col-1 bdpp-columns bdpp-post-13984 bdpp-post-standard bdpp-has-thumb\">\r\n\t<div class=\"bdpp-post-grid-content\">\r\n\t\t\t\t<div class=\"bdpp-post-img-bg\">\r\n\t\t\t<a href=\"https:\/\/www.aribau.es\/ca\/que-nos-ha-dejado-la-edicion-de-la-barcelona-wine-week-de-2026\/\">\r\n\t\t\t\t<img decoding=\"async\" src=\"https:\/\/www.aribau.es\/wp-content\/uploads\/2026\/02\/bww-2026-1024x683.webp\" class=\"bdpp-img bdpp-post-feat-img\" alt=\"\u00bfQu\u00e9 nos ha dejado la edici\u00f3n de la Barcelona Wine Week de 2026?\" \/>\r\n\t\t\t<\/a>\r\n\t\t<\/div>\r\n\t\t\r\n\t\t<div class=\"bdpp-post-margin-content\">\r\n\t\t\t\t\t\t<div class=\"bdpp-post-cats\"><a class=\"bdpp-post-cat-link bdpp-post-cat-406 bdpp-post-cat-noticias\" href=\"https:\/\/www.aribau.es\/ca\/category\/noticias\/\">NOT\u00cdCIES<\/a><\/div>\r\n\t\t\t\r\n\t\t\t<h2 class=\"bdpp-post-title\">\r\n\t\t\t\t<a href=\"https:\/\/www.aribau.es\/ca\/que-nos-ha-dejado-la-edicion-de-la-barcelona-wine-week-de-2026\/\">\u00bfQu\u00e9 nos ha dejado la edici\u00f3n de la Barcelona Wine Week de 2026?<\/a>\r\n\t\t\t<\/h2>\r\n\r\n\t\t\t\t\t\t<div class=\"bdpp-post-meta bdpp-post-meta-up\">\r\n\t\t\t\t<span class=\"bdpp-post-meta-data bdpp-post-date\"><i class=\"fa fa-clock-o\"><\/i>09\/02\/2026<\/span>\t\t\t<\/div>\r\n\t\t\t\t\t\t<div class=\"bdpp-post-content\">\r\n\t\t\t\t<div class=\"bdpp-post-desc\">La Barcelona Wine Week se ha convertido ya en un medidor de tendencias de presente y futuro dentro del sector del vino, los nuevos h\u00e1bitos de consumo que demanda el consumidor y, por supuesto, un espacio de encuentro entre bodegas y profesionales del sector.&nbsp; El equipo de Aribau no pod\u00eda fallar a la...<\/div>\r\n\t\t\t\t\t\t\t\t\t<a href=\"https:\/\/www.aribau.es\/ca\/que-nos-ha-dejado-la-edicion-de-la-barcelona-wine-week-de-2026\/\" class=\"bdpp-rdmr-btn\">Read More<\/a>\r\n\t\t\t\t\t\t\t<\/div>\r\n\t\t\t\t\t<\/div>\r\n\t<\/div>\r\n<\/div><div class=\"bdpp-post-grid bdpp-col-1 bdpp-columns bdpp-post-13976 bdpp-post-standard bdpp-has-thumb\">\r\n\t<div class=\"bdpp-post-grid-content\">\r\n\t\t\t\t<div class=\"bdpp-post-img-bg\">\r\n\t\t\t<a href=\"https:\/\/www.aribau.es\/ca\/tendencias-vino\/\">\r\n\t\t\t\t<img decoding=\"async\" src=\"https:\/\/www.aribau.es\/wp-content\/uploads\/2026\/01\/tendencias-vino-2026.webp\" class=\"bdpp-img bdpp-post-feat-img\" alt=\"Tendencias que llegan en el mundo del vino este 2026\" \/>\r\n\t\t\t<\/a>\r\n\t\t<\/div>\r\n\t\t\r\n\t\t<div class=\"bdpp-post-margin-content\">\r\n\t\t\t\t\t\t<div class=\"bdpp-post-cats\"><a class=\"bdpp-post-cat-link bdpp-post-cat-406 bdpp-post-cat-noticias\" href=\"https:\/\/www.aribau.es\/ca\/category\/noticias\/\">NOT\u00cdCIES<\/a><\/div>\r\n\t\t\t\r\n\t\t\t<h2 class=\"bdpp-post-title\">\r\n\t\t\t\t<a href=\"https:\/\/www.aribau.es\/ca\/tendencias-vino\/\">Tendencias que llegan en el mundo del vino este 2026<\/a>\r\n\t\t\t<\/h2>\r\n\r\n\t\t\t\t\t\t<div class=\"bdpp-post-meta bdpp-post-meta-up\">\r\n\t\t\t\t<span class=\"bdpp-post-meta-data bdpp-post-date\"><i class=\"fa fa-clock-o\"><\/i>08\/01\/2026<\/span>\t\t\t<\/div>\r\n\t\t\t\t\t\t<div class=\"bdpp-post-content\">\r\n\t\t\t\t<div class=\"bdpp-post-desc\">El mundo del vino est\u00e1 viviendo un proceso de transformaci\u00f3n constante. El nuevo a\u00f1o viene a marcar y afianzar algunas tendencias que se han ido intuyendo el pasado a\u00f1o. Cambios profundos que van unidos a la tecnolog\u00eda, al cambio clim\u00e1tico, a los h\u00e1bitos de consumo, el contexto pol\u00edtico\u2026&nbsp; Tendencia hacia una viticultura m\u00e1s...<\/div>\r\n\t\t\t\t\t\t\t\t\t<a href=\"https:\/\/www.aribau.es\/ca\/tendencias-vino\/\" class=\"bdpp-rdmr-btn\">Read More<\/a>\r\n\t\t\t\t\t\t\t<\/div>\r\n\t\t\t\t\t<\/div>\r\n\t<\/div>\r\n<\/div><div class=\"bdpp-post-grid bdpp-col-1 bdpp-columns bdpp-post-13981 bdpp-post-standard bdpp-has-thumb\">\r\n\t<div class=\"bdpp-post-grid-content\">\r\n\t\t\t\t<div class=\"bdpp-post-img-bg\">\r\n\t\t\t<a href=\"https:\/\/www.aribau.es\/ca\/maridajes-de-invierno\/\">\r\n\t\t\t\t<img decoding=\"async\" src=\"https:\/\/www.aribau.es\/wp-content\/uploads\/2026\/02\/maridatges-hivern-1024x683.jpg\" class=\"bdpp-img bdpp-post-feat-img\" alt=\"Maridajes de invierno\" \/>\r\n\t\t\t<\/a>\r\n\t\t<\/div>\r\n\t\t\r\n\t\t<div class=\"bdpp-post-margin-content\">\r\n\t\t\t\t\t\t<div class=\"bdpp-post-cats\"><a class=\"bdpp-post-cat-link bdpp-post-cat-406 bdpp-post-cat-noticias\" href=\"https:\/\/www.aribau.es\/ca\/category\/noticias\/\">NOT\u00cdCIES<\/a><\/div>\r\n\t\t\t\r\n\t\t\t<h2 class=\"bdpp-post-title\">\r\n\t\t\t\t<a href=\"https:\/\/www.aribau.es\/ca\/maridajes-de-invierno\/\">Maridajes de invierno<\/a>\r\n\t\t\t<\/h2>\r\n\r\n\t\t\t\t\t\t<div class=\"bdpp-post-meta bdpp-post-meta-up\">\r\n\t\t\t\t<span class=\"bdpp-post-meta-data bdpp-post-date\"><i class=\"fa fa-clock-o\"><\/i>22\/12\/2025<\/span>\t\t\t<\/div>\r\n\t\t\t\t\t\t<div class=\"bdpp-post-content\">\r\n\t\t\t\t<div class=\"bdpp-post-desc\">La cocina de invierno invita a disfrutar de platos reconfortantes, sencillos y c\u00e1lidos. En este contexto, \u00bfcu\u00e1les son los vinos con los que los podemos maridar? Hay que intentar que sean referencias vers\u00e1tiles, f\u00e1ciles de disfrutar y que encajen en nuestro d\u00eda a d\u00eda.&nbsp; El plato top del invierno: la crema Uno de...<\/div>\r\n\t\t\t\t\t\t\t\t\t<a href=\"https:\/\/www.aribau.es\/ca\/maridajes-de-invierno\/\" class=\"bdpp-rdmr-btn\">Read More<\/a>\r\n\t\t\t\t\t\t\t<\/div>\r\n\t\t\t\t\t<\/div>\r\n\t<\/div>\r\n<\/div><div class=\"bdpp-post-grid bdpp-col-1 bdpp-columns bdpp-post-13910 bdpp-post-standard bdpp-has-thumb\">\r\n\t<div class=\"bdpp-post-grid-content\">\r\n\t\t\t\t<div class=\"bdpp-post-img-bg\">\r\n\t\t\t<a href=\"https:\/\/www.aribau.es\/ca\/como-crear-tu-coleccion-de-vinos\/\">\r\n\t\t\t\t<img decoding=\"async\" src=\"https:\/\/www.aribau.es\/wp-content\/uploads\/2025\/11\/ARIBAU-BLOG-1-1024x683.webp\" class=\"bdpp-img bdpp-post-feat-img\" alt=\"C\u00f3mo empezar a crear tu colecci\u00f3n de vinos en casa\" \/>\r\n\t\t\t<\/a>\r\n\t\t<\/div>\r\n\t\t\r\n\t\t<div class=\"bdpp-post-margin-content\">\r\n\t\t\t\t\t\t<div class=\"bdpp-post-cats\"><a class=\"bdpp-post-cat-link bdpp-post-cat-406 bdpp-post-cat-noticias\" href=\"https:\/\/www.aribau.es\/ca\/category\/noticias\/\">NOT\u00cdCIES<\/a><\/div>\r\n\t\t\t\r\n\t\t\t<h2 class=\"bdpp-post-title\">\r\n\t\t\t\t<a href=\"https:\/\/www.aribau.es\/ca\/como-crear-tu-coleccion-de-vinos\/\">Com comen\u00e7ar a crear la teva col\u00b7lecci\u00f3 de vins a casa<\/a>\r\n\t\t\t<\/h2>\r\n\r\n\t\t\t\t\t\t<div class=\"bdpp-post-meta bdpp-post-meta-up\">\r\n\t\t\t\t<span class=\"bdpp-post-meta-data bdpp-post-date\"><i class=\"fa fa-clock-o\"><\/i>10\/11\/2025<\/span>\t\t\t<\/div>\r\n\t\t\t\t\t\t<div class=\"bdpp-post-content\">\r\n\t\t\t\t<div class=\"bdpp-post-desc\">Ets amant del vi i t'agradaria tenir el teu petit celler a casa, per\u00f2 no saps per on comen\u00e7ar? No t'espantis, no fa falta ser sommelier o tenir una cava professional per a poder gaudir i crear la teva petita col\u00b7lecci\u00f3 de vi a casa. Et revelem alguns consells per a tenir el teu rac\u00f3 vitivin\u00edcola...<\/div>\r\n\t\t\t\t\t\t\t\t\t<a href=\"https:\/\/www.aribau.es\/ca\/como-crear-tu-coleccion-de-vinos\/\" class=\"bdpp-rdmr-btn\">Read More<\/a>\r\n\t\t\t\t\t\t\t<\/div>\r\n\t\t\t\t\t<\/div>\r\n\t<\/div>\r\n<\/div><div class=\"bdpp-post-grid bdpp-col-1 bdpp-columns bdpp-post-13906 bdpp-post-standard bdpp-has-thumb\">\r\n\t<div class=\"bdpp-post-grid-content\">\r\n\t\t\t\t<div class=\"bdpp-post-img-bg\">\r\n\t\t\t<a href=\"https:\/\/www.aribau.es\/ca\/vinos-dulces-otono\/\">\r\n\t\t\t\t<img decoding=\"async\" src=\"https:\/\/www.aribau.es\/wp-content\/uploads\/2025\/10\/ARIBAU-BLOG-1024x683.png\" class=\"bdpp-img bdpp-post-feat-img\" alt=\"Vinos dulces para los postres y las sobremesas de oto\u00f1o\" \/>\r\n\t\t\t<\/a>\r\n\t\t<\/div>\r\n\t\t\r\n\t\t<div class=\"bdpp-post-margin-content\">\r\n\t\t\t\t\t\t<div class=\"bdpp-post-cats\"><a class=\"bdpp-post-cat-link bdpp-post-cat-406 bdpp-post-cat-noticias\" href=\"https:\/\/www.aribau.es\/ca\/category\/noticias\/\">NOT\u00cdCIES<\/a><\/div>\r\n\t\t\t\r\n\t\t\t<h2 class=\"bdpp-post-title\">\r\n\t\t\t\t<a href=\"https:\/\/www.aribau.es\/ca\/vinos-dulces-otono\/\">Vins dol\u00e7os per a les postres i les sobretaules de tardor<\/a>\r\n\t\t\t<\/h2>\r\n\r\n\t\t\t\t\t\t<div class=\"bdpp-post-meta bdpp-post-meta-up\">\r\n\t\t\t\t<span class=\"bdpp-post-meta-data bdpp-post-date\"><i class=\"fa fa-clock-o\"><\/i>16\/10\/2025<\/span>\t\t\t<\/div>\r\n\t\t\t\t\t\t<div class=\"bdpp-post-content\">\r\n\t\t\t\t<div class=\"bdpp-post-desc\">La temporada de tardor \u00e9s sin\u00f2nim de recolliment, espelmes, sabors c\u00e0lids i de moments de pausa casolans. \u00c9s temps de castanyes, moniatos, carabasses, codony, fruita seca\u2026 \u00c9s llavors quan entren en escena els vins dol\u00e7os, aquests grans vins, moltes vegades oblidats, que ens acompanyen en les sobretaules de tardor. Aquests mesos porten amb si...<\/div>\r\n\t\t\t\t\t\t\t\t\t<a href=\"https:\/\/www.aribau.es\/ca\/vinos-dulces-otono\/\" class=\"bdpp-rdmr-btn\">Read More<\/a>\r\n\t\t\t\t\t\t\t<\/div>\r\n\t\t\t\t\t<\/div>\r\n\t<\/div>\r\n<\/div><div class=\"bdpp-post-grid bdpp-col-1 bdpp-columns bdpp-post-13854 bdpp-post-standard bdpp-has-thumb\">\r\n\t<div class=\"bdpp-post-grid-content\">\r\n\t\t\t\t<div class=\"bdpp-post-img-bg\">\r\n\t\t\t<a href=\"https:\/\/www.aribau.es\/ca\/vendimia-2025\/\">\r\n\t\t\t\t<img decoding=\"async\" src=\"https:\/\/www.aribau.es\/wp-content\/uploads\/2025\/09\/26-1024x683.png\" class=\"bdpp-img bdpp-post-feat-img\" alt=\"Septiembre es \u00e9poca de vendimia: as\u00ed nace tu vino preferido\" \/>\r\n\t\t\t<\/a>\r\n\t\t<\/div>\r\n\t\t\r\n\t\t<div class=\"bdpp-post-margin-content\">\r\n\t\t\t\t\t\t<div class=\"bdpp-post-cats\"><a class=\"bdpp-post-cat-link bdpp-post-cat-406 bdpp-post-cat-noticias\" href=\"https:\/\/www.aribau.es\/ca\/category\/noticias\/\">NOT\u00cdCIES<\/a><\/div>\r\n\t\t\t\r\n\t\t\t<h2 class=\"bdpp-post-title\">\r\n\t\t\t\t<a href=\"https:\/\/www.aribau.es\/ca\/vendimia-2025\/\">Setembre \u00e9s \u00e8poca de verema: aix\u00ed neix el teu vi preferit<\/a>\r\n\t\t\t<\/h2>\r\n\r\n\t\t\t\t\t\t<div class=\"bdpp-post-meta bdpp-post-meta-up\">\r\n\t\t\t\t<span class=\"bdpp-post-meta-data bdpp-post-date\"><i class=\"fa fa-clock-o\"><\/i>10\/09\/2025<\/span>\t\t\t<\/div>\r\n\t\t\t\t\t\t<div class=\"bdpp-post-content\">\r\n\t\t\t\t<div class=\"bdpp-post-desc\">Setembre \u00e9s un mes que no nom\u00e9s marca la fi de l'estiu i el retorn a la rutina; tamb\u00e9 \u00e9s el mes en qu\u00e8 les vinyes s'omplen d'activitat, \u00e9s el moment clau de la verema. La collita del ra\u00efm marca l'inici del proc\u00e9s de m\u00e0gia del vi. La verema...<\/div>\r\n\t\t\t\t\t\t\t\t\t<a href=\"https:\/\/www.aribau.es\/ca\/vendimia-2025\/\" class=\"bdpp-rdmr-btn\">Read More<\/a>\r\n\t\t\t\t\t\t\t<\/div>\r\n\t\t\t\t\t<\/div>\r\n\t<\/div>\r\n<\/div><div class=\"bdpp-post-grid bdpp-col-1 bdpp-columns bdpp-post-13842 bdpp-post-standard bdpp-has-thumb\">\r\n\t<div class=\"bdpp-post-grid-content\">\r\n\t\t\t\t<div class=\"bdpp-post-img-bg\">\r\n\t\t\t<a href=\"https:\/\/www.aribau.es\/ca\/preservar-vinos-calor\/\">\r\n\t\t\t\t<img decoding=\"async\" src=\"https:\/\/www.aribau.es\/wp-content\/uploads\/2025\/08\/ARIBAU-BLOG_vinosverano-1024x683.png\" class=\"bdpp-img bdpp-post-feat-img\" alt=\"Que tus vinos no pierdan sabor. \u00bfC\u00f3mo preservarlos correctamente en los d\u00edas de calor?\" \/>\r\n\t\t\t<\/a>\r\n\t\t<\/div>\r\n\t\t\r\n\t\t<div class=\"bdpp-post-margin-content\">\r\n\t\t\t\t\t\t<div class=\"bdpp-post-cats\"><a class=\"bdpp-post-cat-link bdpp-post-cat-406 bdpp-post-cat-noticias\" href=\"https:\/\/www.aribau.es\/ca\/category\/noticias\/\">NOT\u00cdCIES<\/a><\/div>\r\n\t\t\t\r\n\t\t\t<h2 class=\"bdpp-post-title\">\r\n\t\t\t\t<a href=\"https:\/\/www.aribau.es\/ca\/preservar-vinos-calor\/\">Que els teus vins no perdin sabor. Com preservar-los correctament en els dies de calor?<\/a>\r\n\t\t\t<\/h2>\r\n\r\n\t\t\t\t\t\t<div class=\"bdpp-post-meta bdpp-post-meta-up\">\r\n\t\t\t\t<span class=\"bdpp-post-meta-data bdpp-post-date\"><i class=\"fa fa-clock-o\"><\/i>13\/08\/2025<\/span>\t\t\t<\/div>\r\n\t\t\t\t\t\t<div class=\"bdpp-post-content\">\r\n\t\t\t\t<div class=\"bdpp-post-desc\">Les altes temperatures de l'estiu s\u00f3n un factor molt important per a la preservaci\u00f3 dels nostres vins. La calor contribueix al fet que s'acceleri l'oxidaci\u00f3 i s'alterin els sabors. Per a poder preservar els vins de manera adequada, podem aplicar diferents trucs que ens ajudessin a mantenir la seva qualitat. Idees per a refredar els...<\/div>\r\n\t\t\t\t\t\t\t\t\t<a href=\"https:\/\/www.aribau.es\/ca\/preservar-vinos-calor\/\" class=\"bdpp-rdmr-btn\">Read More<\/a>\r\n\t\t\t\t\t\t\t<\/div>\r\n\t\t\t\t\t<\/div>\r\n\t<\/div>\r\n<\/div><div class=\"bdpp-post-grid bdpp-col-1 bdpp-columns bdpp-post-13837 bdpp-post-standard bdpp-has-thumb\">\r\n\t<div class=\"bdpp-post-grid-content\">\r\n\t\t\t\t<div class=\"bdpp-post-img-bg\">\r\n\t\t\t<a href=\"https:\/\/www.aribau.es\/ca\/maridajes-frescos-para-disfrutar-este-verano\/\">\r\n\t\t\t\t<img decoding=\"async\" src=\"https:\/\/www.aribau.es\/wp-content\/uploads\/2025\/07\/Maridajes-de-verano-witty-wines-1024x683.png\" class=\"bdpp-img bdpp-post-feat-img\" alt=\"Maridajes frescos para disfrutar este verano\" \/>\r\n\t\t\t<\/a>\r\n\t\t<\/div>\r\n\t\t\r\n\t\t<div class=\"bdpp-post-margin-content\">\r\n\t\t\t\t\t\t<div class=\"bdpp-post-cats\"><a class=\"bdpp-post-cat-link bdpp-post-cat-406 bdpp-post-cat-noticias\" href=\"https:\/\/www.aribau.es\/ca\/category\/noticias\/\">NOT\u00cdCIES<\/a><\/div>\r\n\t\t\t\r\n\t\t\t<h2 class=\"bdpp-post-title\">\r\n\t\t\t\t<a href=\"https:\/\/www.aribau.es\/ca\/maridajes-frescos-para-disfrutar-este-verano\/\">Maridatges frescos per a gaudir aquest estiu<\/a>\r\n\t\t\t<\/h2>\r\n\r\n\t\t\t\t\t\t<div class=\"bdpp-post-meta bdpp-post-meta-up\">\r\n\t\t\t\t<span class=\"bdpp-post-meta-data bdpp-post-date\"><i class=\"fa fa-clock-o\"><\/i>14\/07\/2025<\/span>\t\t\t<\/div>\r\n\t\t\t\t\t\t<div class=\"bdpp-post-content\">\r\n\t\t\t\t<div class=\"bdpp-post-desc\">La calor de l'estiu convida a gaudir de menjars lleugers i refrescants, com a amanides, mariscos, fruita\u2026 Per a tots aquests menjars, el vi \u00e9s l'acompanyant perfecte per a real\u00e7ar tots els matisos de sabor. A m\u00e9s, s\u00f3n opcions que podem gaudir en qualsevol lloc on ens trobem: platja, piscina, p\u00edcnic\u2026 Maridatges per a les amanides de...<\/div>\r\n\t\t\t\t\t\t\t\t\t<a href=\"https:\/\/www.aribau.es\/ca\/maridajes-frescos-para-disfrutar-este-verano\/\" class=\"bdpp-rdmr-btn\">Read More<\/a>\r\n\t\t\t\t\t\t\t<\/div>\r\n\t\t\t\t\t<\/div>\r\n\t<\/div>\r\n<\/div>\t<\/div>\r\n\t\t<div class=\"bdpp-paging bdpp-clearfix\">\r\n\t\t<span aria-current=\"page\" class=\"page-numbers current\">1<\/span>\n<a class=\"page-numbers\" href=\"https:\/\/www.aribau.es\/ca\/wp-json\/wp\/v2\/pages\/7216\/page\/2\/\">2<\/a>\n<a class=\"page-numbers\" href=\"https:\/\/www.aribau.es\/ca\/wp-json\/wp\/v2\/pages\/7216\/page\/3\/\">3<\/a>\n<span class=\"page-numbers dots\">&hellip;<\/span>\n<a class=\"page-numbers\" href=\"https:\/\/www.aribau.es\/ca\/wp-json\/wp\/v2\/pages\/7216\/page\/29\/\">29<\/a>\n<a class=\"next page-numbers\" href=\"https:\/\/www.aribau.es\/ca\/wp-json\/wp\/v2\/pages\/7216\/page\/2\/\">Next &raquo;<\/a>\t<\/div>\r\n<\/div><\/div>\n\t\t\t\t\t\t<\/div>\n\t\t\t\t<\/div>\n\t\t\t\t\t<\/div>\n\t\t<\/div>\n\t\t\t\t<div class=\"elementor-column elementor-col-50 elementor-top-column elementor-element elementor-element-7ae640a9\" data-id=\"7ae640a9\" data-element_type=\"column\">\n\t\t\t<div class=\"elementor-widget-wrap\">\n\t\t\t\t\t\t\t<\/div>\n\t\t<\/div>\n\t\t\t\t\t<\/div>\n\t\t<\/section>\n\t\t\t\t<section class=\"elementor-section elementor-top-section elementor-element elementor-element-01af8c8 elementor-section-boxed elementor-section-height-default elementor-section-height-default\" data-id=\"01af8c8\" data-element_type=\"section\">\n\t\t\t\t\t\t<div class=\"elementor-container elementor-column-gap-default\">\n\t\t\t\t\t<div class=\"elementor-column elementor-col-100 elementor-top-column elementor-element elementor-element-58e1877\" data-id=\"58e1877\" data-element_type=\"column\">\n\t\t\t<div class=\"elementor-widget-wrap\">\n\t\t\t\t\t\t\t<\/div>\n\t\t<\/div>\n\t\t\t\t\t<\/div>\n\t\t<\/section>\n\t\t\t\t<\/div>","protected":false},"excerpt":{"rendered":"","protected":false},"author":3,"featured_media":0,"parent":0,"menu_order":0,"comment_status":"closed","ping_status":"closed","template":"elementor_header_footer","meta":{"footnotes":""},"class_list":["post-7216","page","type-page","status-publish","hentry"],"yoast_head":"<!-- This site is optimized with the Yoast SEO plugin v26.7 - https:\/\/yoast.com\/wordpress\/plugins\/seo\/ -->\n<title>ACTUALIDAD - Aribau<\/title>\n<meta name=\"robots\" content=\"index, follow, max-snippet:-1, max-image-preview:large, max-video-preview:-1\" \/>\n<link rel=\"canonical\" href=\"https:\/\/www.aribau.es\/ca\/actualidad\/\" \/>\n<meta property=\"og:locale\" content=\"ca_ES\" \/>\n<meta property=\"og:type\" content=\"article\" \/>\n<meta property=\"og:title\" content=\"ACTUALIDAD - Aribau\" \/>\n<meta property=\"og:url\" content=\"https:\/\/www.aribau.es\/ca\/actualidad\/\" \/>\n<meta property=\"og:site_name\" content=\"Aribau\" \/>\n<meta property=\"article:publisher\" content=\"https:\/\/www.facebook.com\/aribau1964\/\" \/>\n<meta property=\"article:modified_time\" content=\"2026-01-16T13:46:16+00:00\" \/>\n<meta name=\"twitter:card\" content=\"summary_large_image\" \/>\n<meta name=\"twitter:site\" content=\"@aribau1964\" \/>\n<script type=\"application\/ld+json\" class=\"yoast-schema-graph\">{\"@context\":\"https:\/\/schema.org\",\"@graph\":[{\"@type\":\"WebPage\",\"@id\":\"https:\/\/www.aribau.es\/actualidad\/\",\"url\":\"https:\/\/www.aribau.es\/actualidad\/\",\"name\":\"ACTUALIDAD - Aribau\",\"isPartOf\":{\"@id\":\"https:\/\/www.aribau.es\/#website\"},\"datePublished\":\"2021-02-15T13:33:00+00:00\",\"dateModified\":\"2026-01-16T13:46:16+00:00\",\"breadcrumb\":{\"@id\":\"https:\/\/www.aribau.es\/actualidad\/#breadcrumb\"},\"inLanguage\":\"ca\",\"potentialAction\":[{\"@type\":\"ReadAction\",\"target\":[\"https:\/\/www.aribau.es\/actualidad\/\"]}]},{\"@type\":\"BreadcrumbList\",\"@id\":\"https:\/\/www.aribau.es\/actualidad\/#breadcrumb\",\"itemListElement\":[{\"@type\":\"ListItem\",\"position\":1,\"name\":\"Portada\",\"item\":\"https:\/\/www.aribau.es\/\"},{\"@type\":\"ListItem\",\"position\":2,\"name\":\"ACTUALIDAD\"}]},{\"@type\":\"WebSite\",\"@id\":\"https:\/\/www.aribau.es\/#website\",\"url\":\"https:\/\/www.aribau.es\/\",\"name\":\"Aribau\",\"description\":\"VINOS Y BODEGAS\",\"publisher\":{\"@id\":\"https:\/\/www.aribau.es\/#organization\"},\"potentialAction\":[{\"@type\":\"SearchAction\",\"target\":{\"@type\":\"EntryPoint\",\"urlTemplate\":\"https:\/\/www.aribau.es\/?s={search_term_string}\"},\"query-input\":{\"@type\":\"PropertyValueSpecification\",\"valueRequired\":true,\"valueName\":\"search_term_string\"}}],\"inLanguage\":\"ca\"},{\"@type\":\"Organization\",\"@id\":\"https:\/\/www.aribau.es\/#organization\",\"name\":\"Aribau\",\"url\":\"https:\/\/www.aribau.es\/\",\"logo\":{\"@type\":\"ImageObject\",\"inLanguage\":\"ca\",\"@id\":\"https:\/\/www.aribau.es\/#\/schema\/logo\/image\/\",\"url\":\"https:\/\/www.aribau.es\/wp-content\/uploads\/2022\/03\/logo.png\",\"contentUrl\":\"https:\/\/www.aribau.es\/wp-content\/uploads\/2022\/03\/logo.png\",\"width\":300,\"height\":300,\"caption\":\"Aribau\"},\"image\":{\"@id\":\"https:\/\/www.aribau.es\/#\/schema\/logo\/image\/\"},\"sameAs\":[\"https:\/\/www.facebook.com\/aribau1964\/\",\"https:\/\/x.com\/aribau1964\",\"https:\/\/www.instagram.com\/aribau1964\/\"]}]}<\/script>\n<!-- \/ Yoast SEO plugin. -->","yoast_head_json":{"title":"ACTUALIDAD - Aribau","robots":{"index":"index","follow":"follow","max-snippet":"max-snippet:-1","max-image-preview":"max-image-preview:large","max-video-preview":"max-video-preview:-1"},"canonical":"https:\/\/www.aribau.es\/ca\/actualidad\/","og_locale":"ca_ES","og_type":"article","og_title":"ACTUALIDAD - Aribau","og_url":"https:\/\/www.aribau.es\/ca\/actualidad\/","og_site_name":"Aribau","article_publisher":"https:\/\/www.facebook.com\/aribau1964\/","article_modified_time":"2026-01-16T13:46:16+00:00","twitter_card":"summary_large_image","twitter_site":"@aribau1964","schema":{"@context":"https:\/\/schema.org","@graph":[{"@type":"WebPage","@id":"https:\/\/www.aribau.es\/actualidad\/","url":"https:\/\/www.aribau.es\/actualidad\/","name":"ACTUALIDAD - Aribau","isPartOf":{"@id":"https:\/\/www.aribau.es\/#website"},"datePublished":"2021-02-15T13:33:00+00:00","dateModified":"2026-01-16T13:46:16+00:00","breadcrumb":{"@id":"https:\/\/www.aribau.es\/actualidad\/#breadcrumb"},"inLanguage":"ca","potentialAction":[{"@type":"ReadAction","target":["https:\/\/www.aribau.es\/actualidad\/"]}]},{"@type":"BreadcrumbList","@id":"https:\/\/www.aribau.es\/actualidad\/#breadcrumb","itemListElement":[{"@type":"ListItem","position":1,"name":"Portada","item":"https:\/\/www.aribau.es\/"},{"@type":"ListItem","position":2,"name":"ACTUALIDAD"}]},{"@type":"WebSite","@id":"https:\/\/www.aribau.es\/#website","url":"https:\/\/www.aribau.es\/","name":"Aribau","description":"VINOS Y BODEGAS","publisher":{"@id":"https:\/\/www.aribau.es\/#organization"},"potentialAction":[{"@type":"SearchAction","target":{"@type":"EntryPoint","urlTemplate":"https:\/\/www.aribau.es\/?s={search_term_string}"},"query-input":{"@type":"PropertyValueSpecification","valueRequired":true,"valueName":"search_term_string"}}],"inLanguage":"ca"},{"@type":"Organization","@id":"https:\/\/www.aribau.es\/#organization","name":"Aribau","url":"https:\/\/www.aribau.es\/","logo":{"@type":"ImageObject","inLanguage":"ca","@id":"https:\/\/www.aribau.es\/#\/schema\/logo\/image\/","url":"https:\/\/www.aribau.es\/wp-content\/uploads\/2022\/03\/logo.png","contentUrl":"https:\/\/www.aribau.es\/wp-content\/uploads\/2022\/03\/logo.png","width":300,"height":300,"caption":"Aribau"},"image":{"@id":"https:\/\/www.aribau.es\/#\/schema\/logo\/image\/"},"sameAs":["https:\/\/www.facebook.com\/aribau1964\/","https:\/\/x.com\/aribau1964","https:\/\/www.instagram.com\/aribau1964\/"]}]}},"_links":{"self":[{"href":"https:\/\/www.aribau.es\/ca\/wp-json\/wp\/v2\/pages\/7216","targetHints":{"allow":["GET"]}}],"collection":[{"href":"https:\/\/www.aribau.es\/ca\/wp-json\/wp\/v2\/pages"}],"about":[{"href":"https:\/\/www.aribau.es\/ca\/wp-json\/wp\/v2\/types\/page"}],"author":[{"embeddable":true,"href":"https:\/\/www.aribau.es\/ca\/wp-json\/wp\/v2\/users\/3"}],"replies":[{"embeddable":true,"href":"https:\/\/www.aribau.es\/ca\/wp-json\/wp\/v2\/comments?post=7216"}],"version-history":[{"count":7,"href":"https:\/\/www.aribau.es\/ca\/wp-json\/wp\/v2\/pages\/7216\/revisions"}],"predecessor-version":[{"id":13974,"href":"https:\/\/www.aribau.es\/ca\/wp-json\/wp\/v2\/pages\/7216\/revisions\/13974"}],"wp:attachment":[{"href":"https:\/\/www.aribau.es\/ca\/wp-json\/wp\/v2\/media?parent=7216"}],"curies":[{"name":"wp","href":"https:\/\/api.w.org\/{rel}","templated":true}]}}