{"id":7963,"date":"2021-03-29T13:51:16","date_gmt":"2021-03-29T12:51:16","guid":{"rendered":"https:\/\/www.aribau.es\/?page_id=7963"},"modified":"2021-06-30T07:52:54","modified_gmt":"2021-06-30T06:52:54","slug":"abadia-de-poblet","status":"publish","type":"page","link":"https:\/\/www.aribau.es\/ca\/bodegas-2\/abadia-de-poblet\/","title":{"rendered":"ABADIA DE POBLET"},"content":{"rendered":"<div data-elementor-type=\"wp-page\" data-elementor-id=\"7963\" class=\"elementor elementor-7963\">\n\t\t\t\t\t\t<section class=\"elementor-section elementor-top-section elementor-element elementor-element-58061fc0 elementor-section-content-middle elementor-section-stretched elementor-hidden-tablet elementor-hidden-phone elementor-section-boxed elementor-section-height-default elementor-section-height-default\" data-id=\"58061fc0\" data-element_type=\"section\" data-settings=\"{&quot;stretch_section&quot;:&quot;section-stretched&quot;,&quot;motion_fx_motion_fx_scrolling&quot;:&quot;yes&quot;,&quot;motion_fx_devices&quot;:[&quot;desktop&quot;,&quot;tablet&quot;,&quot;mobile&quot;]}\">\n\t\t\t\t\t\t<div class=\"elementor-container elementor-column-gap-no\">\n\t\t\t\t\t<div class=\"elementor-column elementor-col-50 elementor-top-column elementor-element elementor-element-23c7bceb\" data-id=\"23c7bceb\" data-element_type=\"column\" data-settings=\"{&quot;background_background&quot;:&quot;classic&quot;}\">\n\t\t\t<div class=\"elementor-widget-wrap elementor-element-populated\">\n\t\t\t\t\t\t<div class=\"elementor-element elementor-element-3814120f elementor-widget elementor-widget-spacer\" data-id=\"3814120f\" data-element_type=\"widget\" data-widget_type=\"spacer.default\">\n\t\t\t\t<div class=\"elementor-widget-container\">\n\t\t\t\t\t\t\t<div class=\"elementor-spacer\">\n\t\t\t<div class=\"elementor-spacer-inner\"><\/div>\n\t\t<\/div>\n\t\t\t\t\t\t<\/div>\n\t\t\t\t<\/div>\n\t\t\t\t<div class=\"elementor-element elementor-element-6bfaac7d elementor-widget elementor-widget-image\" data-id=\"6bfaac7d\" data-element_type=\"widget\" data-widget_type=\"image.default\">\n\t\t\t\t<div class=\"elementor-widget-container\">\n\t\t\t\t\t\t\t\t\t\t\t\t\t\t\t\t<a href=\"http:\/\/www.raventoscodorniu.com\/es\/bodegas\/abadia-de-poblet\" target=\"_blank\">\n\t\t\t\t\t\t\t<img decoding=\"async\" width=\"296\" height=\"164\" src=\"https:\/\/www.aribau.es\/wp-content\/uploads\/2021\/02\/vimsdepobletlogo.png\" class=\"attachment-large size-large wp-image-7324\" alt=\"\" \/>\t\t\t\t\t\t\t\t<\/a>\n\t\t\t\t\t\t\t\t\t\t\t\t\t\t\t<\/div>\n\t\t\t\t<\/div>\n\t\t\t\t\t<\/div>\n\t\t<\/div>\n\t\t\t\t<div class=\"elementor-column elementor-col-50 elementor-top-column elementor-element elementor-element-532accf9\" data-id=\"532accf9\" data-element_type=\"column\" data-settings=\"{&quot;background_background&quot;:&quot;classic&quot;}\">\n\t\t\t<div class=\"elementor-widget-wrap\">\n\t\t\t\t\t\t\t<\/div>\n\t\t<\/div>\n\t\t\t\t\t<\/div>\n\t\t<\/section>\n\t\t\t\t<section class=\"elementor-section elementor-top-section elementor-element elementor-element-c128e2a elementor-section-content-middle elementor-reverse-mobile elementor-section-stretched elementor-hidden-tablet elementor-hidden-phone elementor-section-boxed elementor-section-height-default elementor-section-height-default\" data-id=\"c128e2a\" data-element_type=\"section\" data-settings=\"{&quot;background_background&quot;:&quot;classic&quot;,&quot;stretch_section&quot;:&quot;section-stretched&quot;}\">\n\t\t\t\t\t\t<div class=\"elementor-container elementor-column-gap-no\">\n\t\t\t\t\t<div class=\"elementor-column elementor-col-50 elementor-top-column elementor-element elementor-element-61df9f42\" data-id=\"61df9f42\" data-element_type=\"column\" data-settings=\"{&quot;background_background&quot;:&quot;classic&quot;}\">\n\t\t\t<div class=\"elementor-widget-wrap\">\n\t\t\t\t\t\t\t<\/div>\n\t\t<\/div>\n\t\t\t\t<div class=\"elementor-column elementor-col-50 elementor-top-column elementor-element elementor-element-23db2caa\" data-id=\"23db2caa\" data-element_type=\"column\" data-settings=\"{&quot;background_background&quot;:&quot;classic&quot;}\">\n\t\t\t<div class=\"elementor-widget-wrap elementor-element-populated\">\n\t\t\t\t\t\t<div class=\"elementor-element elementor-element-6672e2f7 elementor-widget elementor-widget-heading\" data-id=\"6672e2f7\" data-element_type=\"widget\" data-widget_type=\"heading.default\">\n\t\t\t\t<div class=\"elementor-widget-container\">\n\t\t\t\t\t<h4 class=\"elementor-heading-title elementor-size-small\"><a href=\"http:\/\/www.raventoscodorniu.com\/es\/bodegas\/abadia-de-poblet\" target=\"_blank\">ABADIA DE POBLET<\/a><\/h4>\t\t\t\t<\/div>\n\t\t\t\t<\/div>\n\t\t\t\t<div class=\"elementor-element elementor-element-6b37423d elementor-widget elementor-widget-text-editor\" data-id=\"6b37423d\" data-element_type=\"widget\" data-widget_type=\"text-editor.default\">\n\t\t\t\t<div class=\"elementor-widget-container\">\n\t\t\t\t\t\t\t\t\t<p>Abadia de Poblet, l'\u00fanic celler de Catalunya ubicat dins d'un monument hist\u00f2ric uneix la tradici\u00f3 vitivin\u00edcola dels monjos de l'Ordre del C\u00edster, procedent de Borgonya, amb els coneixements de la Conca de Barber\u00e0, una zona \u00fanica que ha sabut mantenir el cultiu de varietals aut\u00f2ctons.<\/p>\t\t\t\t\t\t\t\t<\/div>\n\t\t\t\t<\/div>\n\t\t\t\t<div class=\"elementor-element elementor-element-ff188bf elementor-align-center elementor-widget elementor-widget-button\" data-id=\"ff188bf\" data-element_type=\"widget\" data-widget_type=\"button.default\">\n\t\t\t\t<div class=\"elementor-widget-container\">\n\t\t\t\t\t\t\t\t\t<div class=\"elementor-button-wrapper\">\n\t\t\t\t\t<a class=\"elementor-button elementor-button-link elementor-size-sm elementor-animation-grow\" href=\"https:\/\/www.aribau.es\/ca\/productos-abadia-de-poblet\/\">\n\t\t\t\t\t\t<span class=\"elementor-button-content-wrapper\">\n\t\t\t\t\t\t\t\t\t<span class=\"elementor-button-text\">PRODUCTES<\/span>\n\t\t\t\t\t<\/span>\n\t\t\t\t\t<\/a>\n\t\t\t\t<\/div>\n\t\t\t\t\t\t\t\t<\/div>\n\t\t\t\t<\/div>\n\t\t\t\t\t<\/div>\n\t\t<\/div>\n\t\t\t\t\t<\/div>\n\t\t<\/section>\n\t\t\t\t<section class=\"elementor-section elementor-top-section elementor-element elementor-element-5127b7e elementor-hidden-desktop elementor-section-boxed elementor-section-height-default elementor-section-height-default\" data-id=\"5127b7e\" data-element_type=\"section\">\n\t\t\t\t\t\t<div class=\"elementor-container elementor-column-gap-default\">\n\t\t\t\t\t<div class=\"elementor-column elementor-col-100 elementor-top-column elementor-element elementor-element-6da3805\" data-id=\"6da3805\" data-element_type=\"column\">\n\t\t\t<div class=\"elementor-widget-wrap elementor-element-populated\">\n\t\t\t\t\t\t<div class=\"elementor-element elementor-element-4101e0f elementor-widget elementor-widget-image\" data-id=\"4101e0f\" data-element_type=\"widget\" data-widget_type=\"image.default\">\n\t\t\t\t<div class=\"elementor-widget-container\">\n\t\t\t\t\t\t\t\t\t\t\t\t\t\t\t\t<a href=\"http:\/\/www.raventoscodorniu.com\/es\/bodegas\/abadia-de-poblet\">\n\t\t\t\t\t\t\t<img decoding=\"async\" width=\"296\" height=\"164\" src=\"https:\/\/www.aribau.es\/wp-content\/uploads\/2021\/02\/vimsdepobletlogo.png\" class=\"attachment-large size-large wp-image-7324\" alt=\"\" \/>\t\t\t\t\t\t\t\t<\/a>\n\t\t\t\t\t\t\t\t\t\t\t\t\t\t\t<\/div>\n\t\t\t\t<\/div>\n\t\t\t\t\t<\/div>\n\t\t<\/div>\n\t\t\t\t\t<\/div>\n\t\t<\/section>\n\t\t\t\t<section class=\"elementor-section elementor-top-section elementor-element elementor-element-cb27f50 elementor-hidden-desktop elementor-section-boxed elementor-section-height-default elementor-section-height-default\" data-id=\"cb27f50\" data-element_type=\"section\">\n\t\t\t\t\t\t<div class=\"elementor-container elementor-column-gap-default\">\n\t\t\t\t\t<div class=\"elementor-column elementor-col-100 elementor-top-column elementor-element elementor-element-eca4f28\" data-id=\"eca4f28\" data-element_type=\"column\">\n\t\t\t<div class=\"elementor-widget-wrap elementor-element-populated\">\n\t\t\t\t\t\t<div class=\"elementor-element elementor-element-7eb3d8b elementor-widget elementor-widget-image\" data-id=\"7eb3d8b\" data-element_type=\"widget\" data-widget_type=\"image.default\">\n\t\t\t\t<div class=\"elementor-widget-container\">\n\t\t\t\t\t\t\t\t\t\t\t\t\t\t\t<img fetchpriority=\"high\" decoding=\"async\" width=\"825\" height=\"441\" src=\"https:\/\/www.aribau.es\/wp-content\/uploads\/2021\/03\/abadia-de-poblet-2-1024x547.jpg\" class=\"attachment-large size-large wp-image-7969\" alt=\"\" srcset=\"https:\/\/www.aribau.es\/wp-content\/uploads\/2021\/03\/abadia-de-poblet-2-1024x547.jpg 1024w, https:\/\/www.aribau.es\/wp-content\/uploads\/2021\/03\/abadia-de-poblet-2-300x160.jpg 300w, https:\/\/www.aribau.es\/wp-content\/uploads\/2021\/03\/abadia-de-poblet-2-768x410.jpg 768w, https:\/\/www.aribau.es\/wp-content\/uploads\/2021\/03\/abadia-de-poblet-2.jpg 1427w\" sizes=\"(max-width: 825px) 100vw, 825px\" \/>\t\t\t\t\t\t\t\t\t\t\t\t\t\t\t<\/div>\n\t\t\t\t<\/div>\n\t\t\t\t\t<\/div>\n\t\t<\/div>\n\t\t\t\t\t<\/div>\n\t\t<\/section>\n\t\t\t\t<section class=\"elementor-section elementor-top-section elementor-element elementor-element-77a17f4 elementor-section-content-middle elementor-reverse-mobile elementor-section-stretched elementor-hidden-desktop elementor-section-boxed elementor-section-height-default elementor-section-height-default\" data-id=\"77a17f4\" data-element_type=\"section\" data-settings=\"{&quot;background_background&quot;:&quot;classic&quot;,&quot;stretch_section&quot;:&quot;section-stretched&quot;}\">\n\t\t\t\t\t\t<div class=\"elementor-container elementor-column-gap-no\">\n\t\t\t\t\t<div class=\"elementor-column elementor-col-33 elementor-top-column elementor-element elementor-element-49a17d6 elementor-hidden-tablet elementor-hidden-phone\" data-id=\"49a17d6\" data-element_type=\"column\" data-settings=\"{&quot;background_background&quot;:&quot;classic&quot;}\">\n\t\t\t<div class=\"elementor-widget-wrap\">\n\t\t\t\t\t\t\t<\/div>\n\t\t<\/div>\n\t\t\t\t<div class=\"elementor-column elementor-col-33 elementor-top-column elementor-element elementor-element-1174f1c elementor-hidden-phone\" data-id=\"1174f1c\" data-element_type=\"column\">\n\t\t\t<div class=\"elementor-widget-wrap\">\n\t\t\t\t\t\t\t<\/div>\n\t\t<\/div>\n\t\t\t\t<div class=\"elementor-column elementor-col-33 elementor-top-column elementor-element elementor-element-2094de3\" data-id=\"2094de3\" data-element_type=\"column\" data-settings=\"{&quot;background_background&quot;:&quot;classic&quot;}\">\n\t\t\t<div class=\"elementor-widget-wrap elementor-element-populated\">\n\t\t\t\t\t\t<div class=\"elementor-element elementor-element-a6e7986 elementor-widget elementor-widget-text-editor\" data-id=\"a6e7986\" data-element_type=\"widget\" data-widget_type=\"text-editor.default\">\n\t\t\t\t<div class=\"elementor-widget-container\">\n\t\t\t\t\t\t\t\t\t<p>Abadia de Poblet, l'\u00fanic celler de Catalunya ubicat dins d'un monument hist\u00f2ric uneix la tradici\u00f3 vitivin\u00edcola dels monjos de l'Ordre del C\u00edster, procedent de Borgonya, amb els coneixements de la Conca de Barber\u00e0, una zona \u00fanica que ha sabut mantenir el cultiu de varietals aut\u00f2ctons.<\/p>\t\t\t\t\t\t\t\t<\/div>\n\t\t\t\t<\/div>\n\t\t\t\t<div class=\"elementor-element elementor-element-9a5c6d1 elementor-align-center elementor-widget elementor-widget-button\" data-id=\"9a5c6d1\" data-element_type=\"widget\" data-widget_type=\"button.default\">\n\t\t\t\t<div class=\"elementor-widget-container\">\n\t\t\t\t\t\t\t\t\t<div class=\"elementor-button-wrapper\">\n\t\t\t\t\t<a class=\"elementor-button elementor-button-link elementor-size-sm elementor-animation-grow\" href=\"https:\/\/www.aribau.es\/ca\/productos-abadia-de-poblet\/\">\n\t\t\t\t\t\t<span class=\"elementor-button-content-wrapper\">\n\t\t\t\t\t\t\t\t\t<span class=\"elementor-button-text\">PRODUCTES<\/span>\n\t\t\t\t\t<\/span>\n\t\t\t\t\t<\/a>\n\t\t\t\t<\/div>\n\t\t\t\t\t\t\t\t<\/div>\n\t\t\t\t<\/div>\n\t\t\t\t\t<\/div>\n\t\t<\/div>\n\t\t\t\t\t<\/div>\n\t\t<\/section>\n\t\t\t\t<section class=\"elementor-section elementor-top-section elementor-element elementor-element-28f6e445 elementor-section-full_width elementor-section-height-default elementor-section-height-default\" data-id=\"28f6e445\" data-element_type=\"section\">\n\t\t\t\t\t\t<div class=\"elementor-container elementor-column-gap-default\">\n\t\t\t\t\t<div class=\"elementor-column elementor-col-100 elementor-top-column elementor-element elementor-element-743d4306\" data-id=\"743d4306\" data-element_type=\"column\">\n\t\t\t<div class=\"elementor-widget-wrap elementor-element-populated\">\n\t\t\t\t\t\t<div class=\"elementor-element elementor-element-518e9f97 elementor-widget elementor-widget-spacer\" data-id=\"518e9f97\" data-element_type=\"widget\" data-widget_type=\"spacer.default\">\n\t\t\t\t<div class=\"elementor-widget-container\">\n\t\t\t\t\t\t\t<div class=\"elementor-spacer\">\n\t\t\t<div class=\"elementor-spacer-inner\"><\/div>\n\t\t<\/div>\n\t\t\t\t\t\t<\/div>\n\t\t\t\t<\/div>\n\t\t\t\t\t<\/div>\n\t\t<\/div>\n\t\t\t\t\t<\/div>\n\t\t<\/section>\n\t\t\t\t<\/div>","protected":false},"excerpt":{"rendered":"<p>ABADIA DE POBLET Abadia de Poblet, la \u00fanica bodega de Catalu\u00f1a ubicada dentro de un monumento hist\u00f3rico, a\u00fana la tradici\u00f3n vitivin\u00edcola de los monjes de la Orden del C\u00edster, procedente de Borgo\u00f1a, con los conocimientos de la Conca de Barber\u00e0, una zona \u00fanica que ha sabido mantener el cultivo de varietales aut\u00f3ctonos. Productos Abadia de &#8230; <a title=\"ABADIA DE POBLET\" class=\"read-more\" href=\"https:\/\/www.aribau.es\/ca\/bodegas-2\/abadia-de-poblet\/\" aria-label=\"M\u00e9s informaci\u00f3 sobre ABADIA DE POBLET\">Llegiu m\u00e9s<\/a><\/p>","protected":false},"author":3,"featured_media":0,"parent":7319,"menu_order":0,"comment_status":"closed","ping_status":"closed","template":"elementor_header_footer","meta":{"footnotes":""},"class_list":["post-7963","page","type-page","status-publish"],"yoast_head":"<!-- This site is optimized with the Yoast SEO plugin v26.7 - https:\/\/yoast.com\/wordpress\/plugins\/seo\/ -->\n<title>ABADIA DE POBLET - Aribau<\/title>\n<meta name=\"robots\" content=\"index, follow, max-snippet:-1, max-image-preview:large, max-video-preview:-1\" \/>\n<link rel=\"canonical\" href=\"https:\/\/www.aribau.es\/ca\/bodegas-2\/abadia-de-poblet\/\" \/>\n<meta property=\"og:locale\" content=\"ca_ES\" \/>\n<meta property=\"og:type\" content=\"article\" \/>\n<meta property=\"og:title\" content=\"ABADIA DE POBLET - Aribau\" \/>\n<meta property=\"og:description\" content=\"ABADIA DE POBLET Abadia de Poblet, la \u00fanica bodega de Catalu\u00f1a ubicada dentro de un monumento hist\u00f3rico, a\u00fana la tradici\u00f3n vitivin\u00edcola de los monjes de la Orden del C\u00edster, procedente de Borgo\u00f1a, con los conocimientos de la Conca de Barber\u00e0, una zona \u00fanica que ha sabido mantener el cultivo de varietales aut\u00f3ctonos. Productos Abadia de ... Llegiu m\u00e9s\" \/>\n<meta property=\"og:url\" content=\"https:\/\/www.aribau.es\/ca\/bodegas-2\/abadia-de-poblet\/\" \/>\n<meta property=\"og:site_name\" content=\"Aribau\" \/>\n<meta property=\"article:publisher\" content=\"https:\/\/www.facebook.com\/aribau1964\/\" \/>\n<meta property=\"article:modified_time\" content=\"2021-06-30T06:52:54+00:00\" \/>\n<meta property=\"og:image\" content=\"https:\/\/www.aribau.es\/wp-content\/uploads\/2021\/02\/vimsdepobletlogo.png\" \/>\n<meta name=\"twitter:card\" content=\"summary_large_image\" \/>\n<meta name=\"twitter:site\" content=\"@aribau1964\" \/>\n<meta name=\"twitter:label1\" content=\"Temps estimat de lectura\" \/>\n\t<meta name=\"twitter:data1\" content=\"1 minut\" \/>\n<script type=\"application\/ld+json\" class=\"yoast-schema-graph\">{\"@context\":\"https:\/\/schema.org\",\"@graph\":[{\"@type\":\"WebPage\",\"@id\":\"https:\/\/www.aribau.es\/bodegas-2\/abadia-de-poblet\/\",\"url\":\"https:\/\/www.aribau.es\/bodegas-2\/abadia-de-poblet\/\",\"name\":\"ABADIA DE POBLET - Aribau\",\"isPartOf\":{\"@id\":\"https:\/\/www.aribau.es\/#website\"},\"primaryImageOfPage\":{\"@id\":\"https:\/\/www.aribau.es\/bodegas-2\/abadia-de-poblet\/#primaryimage\"},\"image\":{\"@id\":\"https:\/\/www.aribau.es\/bodegas-2\/abadia-de-poblet\/#primaryimage\"},\"thumbnailUrl\":\"https:\/\/www.aribau.es\/wp-content\/uploads\/2021\/02\/vimsdepobletlogo.png\",\"datePublished\":\"2021-03-29T12:51:16+00:00\",\"dateModified\":\"2021-06-30T06:52:54+00:00\",\"breadcrumb\":{\"@id\":\"https:\/\/www.aribau.es\/bodegas-2\/abadia-de-poblet\/#breadcrumb\"},\"inLanguage\":\"ca\",\"potentialAction\":[{\"@type\":\"ReadAction\",\"target\":[\"https:\/\/www.aribau.es\/bodegas-2\/abadia-de-poblet\/\"]}]},{\"@type\":\"ImageObject\",\"inLanguage\":\"ca\",\"@id\":\"https:\/\/www.aribau.es\/bodegas-2\/abadia-de-poblet\/#primaryimage\",\"url\":\"https:\/\/www.aribau.es\/wp-content\/uploads\/2021\/02\/vimsdepobletlogo.png\",\"contentUrl\":\"https:\/\/www.aribau.es\/wp-content\/uploads\/2021\/02\/vimsdepobletlogo.png\"},{\"@type\":\"BreadcrumbList\",\"@id\":\"https:\/\/www.aribau.es\/bodegas-2\/abadia-de-poblet\/#breadcrumb\",\"itemListElement\":[{\"@type\":\"ListItem\",\"position\":1,\"name\":\"Portada\",\"item\":\"https:\/\/www.aribau.es\/\"},{\"@type\":\"ListItem\",\"position\":2,\"name\":\"BODEGAS\",\"item\":\"https:\/\/www.aribau.es\/bodegas-2\/\"},{\"@type\":\"ListItem\",\"position\":3,\"name\":\"ABADIA DE POBLET\"}]},{\"@type\":\"WebSite\",\"@id\":\"https:\/\/www.aribau.es\/#website\",\"url\":\"https:\/\/www.aribau.es\/\",\"name\":\"Aribau\",\"description\":\"VINOS Y BODEGAS\",\"publisher\":{\"@id\":\"https:\/\/www.aribau.es\/#organization\"},\"potentialAction\":[{\"@type\":\"SearchAction\",\"target\":{\"@type\":\"EntryPoint\",\"urlTemplate\":\"https:\/\/www.aribau.es\/?s={search_term_string}\"},\"query-input\":{\"@type\":\"PropertyValueSpecification\",\"valueRequired\":true,\"valueName\":\"search_term_string\"}}],\"inLanguage\":\"ca\"},{\"@type\":\"Organization\",\"@id\":\"https:\/\/www.aribau.es\/#organization\",\"name\":\"Aribau\",\"url\":\"https:\/\/www.aribau.es\/\",\"logo\":{\"@type\":\"ImageObject\",\"inLanguage\":\"ca\",\"@id\":\"https:\/\/www.aribau.es\/#\/schema\/logo\/image\/\",\"url\":\"https:\/\/www.aribau.es\/wp-content\/uploads\/2022\/03\/logo.png\",\"contentUrl\":\"https:\/\/www.aribau.es\/wp-content\/uploads\/2022\/03\/logo.png\",\"width\":300,\"height\":300,\"caption\":\"Aribau\"},\"image\":{\"@id\":\"https:\/\/www.aribau.es\/#\/schema\/logo\/image\/\"},\"sameAs\":[\"https:\/\/www.facebook.com\/aribau1964\/\",\"https:\/\/x.com\/aribau1964\",\"https:\/\/www.instagram.com\/aribau1964\/\"]}]}<\/script>\n<!-- \/ Yoast SEO plugin. -->","yoast_head_json":{"title":"ABADIA DE POBLET - Aribau","robots":{"index":"index","follow":"follow","max-snippet":"max-snippet:-1","max-image-preview":"max-image-preview:large","max-video-preview":"max-video-preview:-1"},"canonical":"https:\/\/www.aribau.es\/ca\/bodegas-2\/abadia-de-poblet\/","og_locale":"ca_ES","og_type":"article","og_title":"ABADIA DE POBLET - Aribau","og_description":"ABADIA DE POBLET Abadia de Poblet, la \u00fanica bodega de Catalu\u00f1a ubicada dentro de un monumento hist\u00f3rico, a\u00fana la tradici\u00f3n vitivin\u00edcola de los monjes de la Orden del C\u00edster, procedente de Borgo\u00f1a, con los conocimientos de la Conca de Barber\u00e0, una zona \u00fanica que ha sabido mantener el cultivo de varietales aut\u00f3ctonos. Productos Abadia de ... Llegiu m\u00e9s","og_url":"https:\/\/www.aribau.es\/ca\/bodegas-2\/abadia-de-poblet\/","og_site_name":"Aribau","article_publisher":"https:\/\/www.facebook.com\/aribau1964\/","article_modified_time":"2021-06-30T06:52:54+00:00","og_image":[{"url":"https:\/\/www.aribau.es\/wp-content\/uploads\/2021\/02\/vimsdepobletlogo.png","type":"","width":"","height":""}],"twitter_card":"summary_large_image","twitter_site":"@aribau1964","twitter_misc":{"Temps estimat de lectura":"1 minut"},"schema":{"@context":"https:\/\/schema.org","@graph":[{"@type":"WebPage","@id":"https:\/\/www.aribau.es\/bodegas-2\/abadia-de-poblet\/","url":"https:\/\/www.aribau.es\/bodegas-2\/abadia-de-poblet\/","name":"ABADIA DE POBLET - Aribau","isPartOf":{"@id":"https:\/\/www.aribau.es\/#website"},"primaryImageOfPage":{"@id":"https:\/\/www.aribau.es\/bodegas-2\/abadia-de-poblet\/#primaryimage"},"image":{"@id":"https:\/\/www.aribau.es\/bodegas-2\/abadia-de-poblet\/#primaryimage"},"thumbnailUrl":"https:\/\/www.aribau.es\/wp-content\/uploads\/2021\/02\/vimsdepobletlogo.png","datePublished":"2021-03-29T12:51:16+00:00","dateModified":"2021-06-30T06:52:54+00:00","breadcrumb":{"@id":"https:\/\/www.aribau.es\/bodegas-2\/abadia-de-poblet\/#breadcrumb"},"inLanguage":"ca","potentialAction":[{"@type":"ReadAction","target":["https:\/\/www.aribau.es\/bodegas-2\/abadia-de-poblet\/"]}]},{"@type":"ImageObject","inLanguage":"ca","@id":"https:\/\/www.aribau.es\/bodegas-2\/abadia-de-poblet\/#primaryimage","url":"https:\/\/www.aribau.es\/wp-content\/uploads\/2021\/02\/vimsdepobletlogo.png","contentUrl":"https:\/\/www.aribau.es\/wp-content\/uploads\/2021\/02\/vimsdepobletlogo.png"},{"@type":"BreadcrumbList","@id":"https:\/\/www.aribau.es\/bodegas-2\/abadia-de-poblet\/#breadcrumb","itemListElement":[{"@type":"ListItem","position":1,"name":"Portada","item":"https:\/\/www.aribau.es\/"},{"@type":"ListItem","position":2,"name":"BODEGAS","item":"https:\/\/www.aribau.es\/bodegas-2\/"},{"@type":"ListItem","position":3,"name":"ABADIA DE POBLET"}]},{"@type":"WebSite","@id":"https:\/\/www.aribau.es\/#website","url":"https:\/\/www.aribau.es\/","name":"Aribau","description":"VINOS Y BODEGAS","publisher":{"@id":"https:\/\/www.aribau.es\/#organization"},"potentialAction":[{"@type":"SearchAction","target":{"@type":"EntryPoint","urlTemplate":"https:\/\/www.aribau.es\/?s={search_term_string}"},"query-input":{"@type":"PropertyValueSpecification","valueRequired":true,"valueName":"search_term_string"}}],"inLanguage":"ca"},{"@type":"Organization","@id":"https:\/\/www.aribau.es\/#organization","name":"Aribau","url":"https:\/\/www.aribau.es\/","logo":{"@type":"ImageObject","inLanguage":"ca","@id":"https:\/\/www.aribau.es\/#\/schema\/logo\/image\/","url":"https:\/\/www.aribau.es\/wp-content\/uploads\/2022\/03\/logo.png","contentUrl":"https:\/\/www.aribau.es\/wp-content\/uploads\/2022\/03\/logo.png","width":300,"height":300,"caption":"Aribau"},"image":{"@id":"https:\/\/www.aribau.es\/#\/schema\/logo\/image\/"},"sameAs":["https:\/\/www.facebook.com\/aribau1964\/","https:\/\/x.com\/aribau1964","https:\/\/www.instagram.com\/aribau1964\/"]}]}},"_links":{"self":[{"href":"https:\/\/www.aribau.es\/ca\/wp-json\/wp\/v2\/pages\/7963","targetHints":{"allow":["GET"]}}],"collection":[{"href":"https:\/\/www.aribau.es\/ca\/wp-json\/wp\/v2\/pages"}],"about":[{"href":"https:\/\/www.aribau.es\/ca\/wp-json\/wp\/v2\/types\/page"}],"author":[{"embeddable":true,"href":"https:\/\/www.aribau.es\/ca\/wp-json\/wp\/v2\/users\/3"}],"replies":[{"embeddable":true,"href":"https:\/\/www.aribau.es\/ca\/wp-json\/wp\/v2\/comments?post=7963"}],"version-history":[{"count":29,"href":"https:\/\/www.aribau.es\/ca\/wp-json\/wp\/v2\/pages\/7963\/revisions"}],"predecessor-version":[{"id":11819,"href":"https:\/\/www.aribau.es\/ca\/wp-json\/wp\/v2\/pages\/7963\/revisions\/11819"}],"up":[{"embeddable":true,"href":"https:\/\/www.aribau.es\/ca\/wp-json\/wp\/v2\/pages\/7319"}],"wp:attachment":[{"href":"https:\/\/www.aribau.es\/ca\/wp-json\/wp\/v2\/media?parent=7963"}],"curies":[{"name":"wp","href":"https:\/\/api.w.org\/{rel}","templated":true}]}}