{"id":8327,"date":"2021-03-29T19:13:03","date_gmt":"2021-03-29T18:13:03","guid":{"rendered":"https:\/\/www.aribau.es\/?page_id=8327"},"modified":"2024-05-13T16:04:51","modified_gmt":"2024-05-13T15:04:51","slug":"abadia-de-poblet-blanco","status":"publish","type":"page","link":"https:\/\/www.aribau.es\/ca\/bodegas-2\/abadia-de-poblet\/abadia-de-poblet-blanco\/","title":{"rendered":"ABADIA DE POBLET BLANC"},"content":{"rendered":"<div data-elementor-type=\"wp-page\" data-elementor-id=\"8327\" class=\"elementor elementor-8327\">\n\t\t\t\t\t\t<section class=\"elementor-section elementor-top-section elementor-element elementor-element-8970df5 elementor-section-boxed elementor-section-height-default elementor-section-height-default\" data-id=\"8970df5\" data-element_type=\"section\">\n\t\t\t\t\t\t<div class=\"elementor-container elementor-column-gap-default\">\n\t\t\t\t\t<div class=\"elementor-column elementor-col-100 elementor-top-column elementor-element elementor-element-93bb6c4\" data-id=\"93bb6c4\" data-element_type=\"column\">\n\t\t\t<div class=\"elementor-widget-wrap elementor-element-populated\">\n\t\t\t\t\t\t<div class=\"elementor-element elementor-element-2a5aec1 elementor-widget elementor-widget-heading\" data-id=\"2a5aec1\" data-element_type=\"widget\" data-widget_type=\"heading.default\">\n\t\t\t\t<div class=\"elementor-widget-container\">\n\t\t\t\t\t<h1 class=\"elementor-heading-title elementor-size-default\">ABADIA DE POBLET BLANC<\/h1>\t\t\t\t<\/div>\n\t\t\t\t<\/div>\n\t\t\t\t\t<\/div>\n\t\t<\/div>\n\t\t\t\t\t<\/div>\n\t\t<\/section>\n\t\t\t\t<section class=\"elementor-section elementor-top-section elementor-element elementor-element-2afb65f8 elementor-section-boxed elementor-section-height-default elementor-section-height-default elementor-invisible\" data-id=\"2afb65f8\" data-element_type=\"section\" data-settings=\"{&quot;animation&quot;:&quot;fadeInUp&quot;}\">\n\t\t\t\t\t\t<div class=\"elementor-container elementor-column-gap-default\">\n\t\t\t\t\t<div class=\"elementor-column elementor-col-50 elementor-top-column elementor-element elementor-element-eb523c9\" data-id=\"eb523c9\" data-element_type=\"column\">\n\t\t\t<div class=\"elementor-widget-wrap elementor-element-populated\">\n\t\t\t\t\t\t<div class=\"elementor-element elementor-element-48e3dcdf elementor-widget elementor-widget-image\" data-id=\"48e3dcdf\" data-element_type=\"widget\" data-widget_type=\"image.default\">\n\t\t\t\t<div class=\"elementor-widget-container\">\n\t\t\t\t\t\t\t\t\t\t\t\t\t\t\t<img fetchpriority=\"high\" decoding=\"async\" width=\"512\" height=\"1024\" src=\"https:\/\/www.aribau.es\/wp-content\/uploads\/2021\/02\/ABADIA-DE-POBLET-BLANCO-512x1024.png\" class=\"elementor-animation-grow attachment-large size-large wp-image-7391\" alt=\"\" srcset=\"https:\/\/www.aribau.es\/wp-content\/uploads\/2021\/02\/ABADIA-DE-POBLET-BLANCO-512x1024.png 512w, https:\/\/www.aribau.es\/wp-content\/uploads\/2021\/02\/ABADIA-DE-POBLET-BLANCO-150x300.png 150w, https:\/\/www.aribau.es\/wp-content\/uploads\/2021\/02\/ABADIA-DE-POBLET-BLANCO.png 625w\" sizes=\"(max-width: 512px) 100vw, 512px\" \/>\t\t\t\t\t\t\t\t\t\t\t\t\t\t\t<\/div>\n\t\t\t\t<\/div>\n\t\t\t\t\t<\/div>\n\t\t<\/div>\n\t\t\t\t<div class=\"elementor-column elementor-col-50 elementor-top-column elementor-element elementor-element-4beaf5c3\" data-id=\"4beaf5c3\" data-element_type=\"column\">\n\t\t\t<div class=\"elementor-widget-wrap elementor-element-populated\">\n\t\t\t\t\t\t<div class=\"elementor-element elementor-element-3a0d9c45 elementor-widget elementor-widget-text-editor\" data-id=\"3a0d9c45\" data-element_type=\"widget\" data-widget_type=\"text-editor.default\">\n\t\t\t\t<div class=\"elementor-widget-container\">\n\t\t\t\t\t\t\t\t\t<p>VARIETATS DE RA\u00cfM<\/p>\t\t\t\t\t\t\t\t<\/div>\n\t\t\t\t<\/div>\n\t\t\t\t<div class=\"elementor-element elementor-element-5c0d34a elementor-widget elementor-widget-text-editor\" data-id=\"5c0d34a\" data-element_type=\"widget\" data-widget_type=\"text-editor.default\">\n\t\t\t\t<div class=\"elementor-widget-container\">\n\t\t\t\t\t\t\t\t\t<p>Macabeu, parellada<\/p>\t\t\t\t\t\t\t\t<\/div>\n\t\t\t\t<\/div>\n\t\t\t\t<div class=\"elementor-element elementor-element-244d3435 elementor-widget elementor-widget-text-editor\" data-id=\"244d3435\" data-element_type=\"widget\" data-widget_type=\"text-editor.default\">\n\t\t\t\t<div class=\"elementor-widget-container\">\n\t\t\t\t\t\t\t\t\t<p>CRIAN\u00c7A<\/p>\t\t\t\t\t\t\t\t<\/div>\n\t\t\t\t<\/div>\n\t\t\t\t<div class=\"elementor-element elementor-element-4ef46152 elementor-widget elementor-widget-text-editor\" data-id=\"4ef46152\" data-element_type=\"widget\" data-widget_type=\"text-editor.default\">\n\t\t\t\t<div class=\"elementor-widget-container\">\n\t\t\t\t\t\t\t\t\t<p>12 mesos\u00a0<\/p>\t\t\t\t\t\t\t\t<\/div>\n\t\t\t\t<\/div>\n\t\t\t\t<div class=\"elementor-element elementor-element-5d387057 elementor-widget elementor-widget-text-editor\" data-id=\"5d387057\" data-element_type=\"widget\" data-widget_type=\"text-editor.default\">\n\t\t\t\t<div class=\"elementor-widget-container\">\n\t\t\t\t\t\t\t\t\t<p>DENOMINACI\u00d3 D'ORIGEN<\/p>\t\t\t\t\t\t\t\t<\/div>\n\t\t\t\t<\/div>\n\t\t\t\t<div class=\"elementor-element elementor-element-5bae1d0b elementor-widget elementor-widget-image\" data-id=\"5bae1d0b\" data-element_type=\"widget\" data-widget_type=\"image.default\">\n\t\t\t\t<div class=\"elementor-widget-container\">\n\t\t\t\t\t\t\t\t\t\t\t\t\t\t\t<img decoding=\"async\" width=\"378\" height=\"378\" src=\"https:\/\/www.aribau.es\/wp-content\/uploads\/2021\/03\/DO-CONCA-DE-BARBERA.jpg\" class=\"attachment-full size-full wp-image-8314\" alt=\"\" srcset=\"https:\/\/www.aribau.es\/wp-content\/uploads\/2021\/03\/DO-CONCA-DE-BARBERA.jpg 378w, https:\/\/www.aribau.es\/wp-content\/uploads\/2021\/03\/DO-CONCA-DE-BARBERA-300x300.jpg 300w, https:\/\/www.aribau.es\/wp-content\/uploads\/2021\/03\/DO-CONCA-DE-BARBERA-150x150.jpg 150w\" sizes=\"(max-width: 378px) 100vw, 378px\" \/>\t\t\t\t\t\t\t\t\t\t\t\t\t\t\t<\/div>\n\t\t\t\t<\/div>\n\t\t\t\t<div class=\"elementor-element elementor-element-727feeb0 elementor-widget elementor-widget-text-editor\" data-id=\"727feeb0\" data-element_type=\"widget\" data-widget_type=\"text-editor.default\">\n\t\t\t\t<div class=\"elementor-widget-container\">\n\t\t\t\t\t\t\t\t\t<p>DESCRIPCI\u00d3<\/p>\t\t\t\t\t\t\t\t<\/div>\n\t\t\t\t<\/div>\n\t\t\t\t<div class=\"elementor-element elementor-element-3a014703 elementor-widget elementor-widget-text-editor\" data-id=\"3a014703\" data-element_type=\"widget\" data-widget_type=\"text-editor.default\">\n\t\t\t\t<div class=\"elementor-widget-container\">\n\t\t\t\t\t\t\t\t\t<p>La pretensi\u00f3 d'aquest vi \u00e9s reflectir el terroir d'on procedeix, de manera que durant la seva elaboraci\u00f3 s'intenta ser el menys intervencionista possible. Els ceps centenaris escollits per a l'elaboraci\u00f3 d'Abadia de Poblet blanc situats entre 550 i 700 metres d'altura, en terrenys pobres i amb pr\u00e0ctiques ancestrals que han variat poc des de la seva plantaci\u00f3. Neix un vi amb cos i notes a fruita madura.<\/p>\t\t\t\t\t\t\t\t<\/div>\n\t\t\t\t<\/div>\n\t\t\t\t\t<\/div>\n\t\t<\/div>\n\t\t\t\t\t<\/div>\n\t\t<\/section>\n\t\t\t\t<\/div>","protected":false},"excerpt":{"rendered":"<p>ABADIA DE POBLET BLANCO variedades de uva Macabeo, Parellada Crianza 12 meses\u00a0 Denominaci\u00f3n de origen descripci\u00f3n La pretensi\u00f3n de este vino es reflejar el terroir de donde procede, por lo que durante su elaboraci\u00f3n se intenta ser lo menos intervencionista posible. Las cepas centenarias escogidas para la elaboraci\u00f3n de Abadia de Poblet blanco situadas entre &#8230; <a title=\"ABADIA DE POBLET BLANC\" class=\"read-more\" href=\"https:\/\/www.aribau.es\/ca\/bodegas-2\/abadia-de-poblet\/abadia-de-poblet-blanco\/\" aria-label=\"M\u00e9s informaci\u00f3 sobre ABADIA DE POBLET BLANCO\">Llegiu m\u00e9s<\/a><\/p>","protected":false},"author":3,"featured_media":0,"parent":7963,"menu_order":0,"comment_status":"closed","ping_status":"closed","template":"elementor_header_footer","meta":{"footnotes":""},"class_list":["post-8327","page","type-page","status-publish"],"yoast_head":"<!-- This site is optimized with the Yoast SEO plugin v26.7 - https:\/\/yoast.com\/wordpress\/plugins\/seo\/ -->\n<title>ABADIA DE POBLET BLANCO - Aribau<\/title>\n<meta name=\"robots\" content=\"index, follow, max-snippet:-1, max-image-preview:large, max-video-preview:-1\" \/>\n<link rel=\"canonical\" href=\"https:\/\/www.aribau.es\/ca\/bodegas-2\/abadia-de-poblet\/abadia-de-poblet-blanco\/\" \/>\n<meta property=\"og:locale\" content=\"ca_ES\" \/>\n<meta property=\"og:type\" content=\"article\" \/>\n<meta property=\"og:title\" content=\"ABADIA DE POBLET BLANCO - Aribau\" \/>\n<meta property=\"og:description\" content=\"ABADIA DE POBLET BLANCO variedades de uva Macabeo, Parellada Crianza 12 meses\u00a0 Denominaci\u00f3n de origen descripci\u00f3n La pretensi\u00f3n de este vino es reflejar el terroir de donde procede, por lo que durante su elaboraci\u00f3n se intenta ser lo menos intervencionista posible. Las cepas centenarias escogidas para la elaboraci\u00f3n de Abadia de Poblet blanco situadas entre ... Llegiu m\u00e9s\" \/>\n<meta property=\"og:url\" content=\"https:\/\/www.aribau.es\/ca\/bodegas-2\/abadia-de-poblet\/abadia-de-poblet-blanco\/\" \/>\n<meta property=\"og:site_name\" content=\"Aribau\" \/>\n<meta property=\"article:publisher\" content=\"https:\/\/www.facebook.com\/aribau1964\/\" \/>\n<meta property=\"article:modified_time\" content=\"2024-05-13T15:04:51+00:00\" \/>\n<meta property=\"og:image\" content=\"https:\/\/www.aribau.es\/wp-content\/uploads\/2021\/02\/ABADIA-DE-POBLET-BLANCO-512x1024.png\" \/>\n<meta name=\"twitter:card\" content=\"summary_large_image\" \/>\n<meta name=\"twitter:site\" content=\"@aribau1964\" \/>\n<script type=\"application\/ld+json\" class=\"yoast-schema-graph\">{\"@context\":\"https:\/\/schema.org\",\"@graph\":[{\"@type\":\"WebPage\",\"@id\":\"https:\/\/www.aribau.es\/bodegas-2\/abadia-de-poblet\/abadia-de-poblet-blanco\/\",\"url\":\"https:\/\/www.aribau.es\/bodegas-2\/abadia-de-poblet\/abadia-de-poblet-blanco\/\",\"name\":\"ABADIA DE POBLET BLANCO - Aribau\",\"isPartOf\":{\"@id\":\"https:\/\/www.aribau.es\/#website\"},\"primaryImageOfPage\":{\"@id\":\"https:\/\/www.aribau.es\/bodegas-2\/abadia-de-poblet\/abadia-de-poblet-blanco\/#primaryimage\"},\"image\":{\"@id\":\"https:\/\/www.aribau.es\/bodegas-2\/abadia-de-poblet\/abadia-de-poblet-blanco\/#primaryimage\"},\"thumbnailUrl\":\"https:\/\/www.aribau.es\/wp-content\/uploads\/2021\/02\/ABADIA-DE-POBLET-BLANCO-512x1024.png\",\"datePublished\":\"2021-03-29T18:13:03+00:00\",\"dateModified\":\"2024-05-13T15:04:51+00:00\",\"breadcrumb\":{\"@id\":\"https:\/\/www.aribau.es\/bodegas-2\/abadia-de-poblet\/abadia-de-poblet-blanco\/#breadcrumb\"},\"inLanguage\":\"ca\",\"potentialAction\":[{\"@type\":\"ReadAction\",\"target\":[\"https:\/\/www.aribau.es\/bodegas-2\/abadia-de-poblet\/abadia-de-poblet-blanco\/\"]}]},{\"@type\":\"ImageObject\",\"inLanguage\":\"ca\",\"@id\":\"https:\/\/www.aribau.es\/bodegas-2\/abadia-de-poblet\/abadia-de-poblet-blanco\/#primaryimage\",\"url\":\"https:\/\/www.aribau.es\/wp-content\/uploads\/2021\/02\/ABADIA-DE-POBLET-BLANCO-512x1024.png\",\"contentUrl\":\"https:\/\/www.aribau.es\/wp-content\/uploads\/2021\/02\/ABADIA-DE-POBLET-BLANCO-512x1024.png\"},{\"@type\":\"BreadcrumbList\",\"@id\":\"https:\/\/www.aribau.es\/bodegas-2\/abadia-de-poblet\/abadia-de-poblet-blanco\/#breadcrumb\",\"itemListElement\":[{\"@type\":\"ListItem\",\"position\":1,\"name\":\"Portada\",\"item\":\"https:\/\/www.aribau.es\/\"},{\"@type\":\"ListItem\",\"position\":2,\"name\":\"BODEGAS\",\"item\":\"https:\/\/www.aribau.es\/bodegas-2\/\"},{\"@type\":\"ListItem\",\"position\":3,\"name\":\"ABADIA DE POBLET\",\"item\":\"https:\/\/www.aribau.es\/bodegas-2\/abadia-de-poblet\/\"},{\"@type\":\"ListItem\",\"position\":4,\"name\":\"ABADIA DE POBLET BLANCO\"}]},{\"@type\":\"WebSite\",\"@id\":\"https:\/\/www.aribau.es\/#website\",\"url\":\"https:\/\/www.aribau.es\/\",\"name\":\"Aribau\",\"description\":\"VINOS Y BODEGAS\",\"publisher\":{\"@id\":\"https:\/\/www.aribau.es\/#organization\"},\"potentialAction\":[{\"@type\":\"SearchAction\",\"target\":{\"@type\":\"EntryPoint\",\"urlTemplate\":\"https:\/\/www.aribau.es\/?s={search_term_string}\"},\"query-input\":{\"@type\":\"PropertyValueSpecification\",\"valueRequired\":true,\"valueName\":\"search_term_string\"}}],\"inLanguage\":\"ca\"},{\"@type\":\"Organization\",\"@id\":\"https:\/\/www.aribau.es\/#organization\",\"name\":\"Aribau\",\"url\":\"https:\/\/www.aribau.es\/\",\"logo\":{\"@type\":\"ImageObject\",\"inLanguage\":\"ca\",\"@id\":\"https:\/\/www.aribau.es\/#\/schema\/logo\/image\/\",\"url\":\"https:\/\/www.aribau.es\/wp-content\/uploads\/2022\/03\/logo.png\",\"contentUrl\":\"https:\/\/www.aribau.es\/wp-content\/uploads\/2022\/03\/logo.png\",\"width\":300,\"height\":300,\"caption\":\"Aribau\"},\"image\":{\"@id\":\"https:\/\/www.aribau.es\/#\/schema\/logo\/image\/\"},\"sameAs\":[\"https:\/\/www.facebook.com\/aribau1964\/\",\"https:\/\/x.com\/aribau1964\",\"https:\/\/www.instagram.com\/aribau1964\/\"]}]}<\/script>\n<!-- \/ Yoast SEO plugin. -->","yoast_head_json":{"title":"ABADIA DE POBLET BLANCO - Aribau","robots":{"index":"index","follow":"follow","max-snippet":"max-snippet:-1","max-image-preview":"max-image-preview:large","max-video-preview":"max-video-preview:-1"},"canonical":"https:\/\/www.aribau.es\/ca\/bodegas-2\/abadia-de-poblet\/abadia-de-poblet-blanco\/","og_locale":"ca_ES","og_type":"article","og_title":"ABADIA DE POBLET BLANCO - Aribau","og_description":"ABADIA DE POBLET BLANCO variedades de uva Macabeo, Parellada Crianza 12 meses\u00a0 Denominaci\u00f3n de origen descripci\u00f3n La pretensi\u00f3n de este vino es reflejar el terroir de donde procede, por lo que durante su elaboraci\u00f3n se intenta ser lo menos intervencionista posible. Las cepas centenarias escogidas para la elaboraci\u00f3n de Abadia de Poblet blanco situadas entre ... Llegiu m\u00e9s","og_url":"https:\/\/www.aribau.es\/ca\/bodegas-2\/abadia-de-poblet\/abadia-de-poblet-blanco\/","og_site_name":"Aribau","article_publisher":"https:\/\/www.facebook.com\/aribau1964\/","article_modified_time":"2024-05-13T15:04:51+00:00","og_image":[{"url":"https:\/\/www.aribau.es\/wp-content\/uploads\/2021\/02\/ABADIA-DE-POBLET-BLANCO-512x1024.png","type":"","width":"","height":""}],"twitter_card":"summary_large_image","twitter_site":"@aribau1964","schema":{"@context":"https:\/\/schema.org","@graph":[{"@type":"WebPage","@id":"https:\/\/www.aribau.es\/bodegas-2\/abadia-de-poblet\/abadia-de-poblet-blanco\/","url":"https:\/\/www.aribau.es\/bodegas-2\/abadia-de-poblet\/abadia-de-poblet-blanco\/","name":"ABADIA DE POBLET BLANCO - Aribau","isPartOf":{"@id":"https:\/\/www.aribau.es\/#website"},"primaryImageOfPage":{"@id":"https:\/\/www.aribau.es\/bodegas-2\/abadia-de-poblet\/abadia-de-poblet-blanco\/#primaryimage"},"image":{"@id":"https:\/\/www.aribau.es\/bodegas-2\/abadia-de-poblet\/abadia-de-poblet-blanco\/#primaryimage"},"thumbnailUrl":"https:\/\/www.aribau.es\/wp-content\/uploads\/2021\/02\/ABADIA-DE-POBLET-BLANCO-512x1024.png","datePublished":"2021-03-29T18:13:03+00:00","dateModified":"2024-05-13T15:04:51+00:00","breadcrumb":{"@id":"https:\/\/www.aribau.es\/bodegas-2\/abadia-de-poblet\/abadia-de-poblet-blanco\/#breadcrumb"},"inLanguage":"ca","potentialAction":[{"@type":"ReadAction","target":["https:\/\/www.aribau.es\/bodegas-2\/abadia-de-poblet\/abadia-de-poblet-blanco\/"]}]},{"@type":"ImageObject","inLanguage":"ca","@id":"https:\/\/www.aribau.es\/bodegas-2\/abadia-de-poblet\/abadia-de-poblet-blanco\/#primaryimage","url":"https:\/\/www.aribau.es\/wp-content\/uploads\/2021\/02\/ABADIA-DE-POBLET-BLANCO-512x1024.png","contentUrl":"https:\/\/www.aribau.es\/wp-content\/uploads\/2021\/02\/ABADIA-DE-POBLET-BLANCO-512x1024.png"},{"@type":"BreadcrumbList","@id":"https:\/\/www.aribau.es\/bodegas-2\/abadia-de-poblet\/abadia-de-poblet-blanco\/#breadcrumb","itemListElement":[{"@type":"ListItem","position":1,"name":"Portada","item":"https:\/\/www.aribau.es\/"},{"@type":"ListItem","position":2,"name":"BODEGAS","item":"https:\/\/www.aribau.es\/bodegas-2\/"},{"@type":"ListItem","position":3,"name":"ABADIA DE POBLET","item":"https:\/\/www.aribau.es\/bodegas-2\/abadia-de-poblet\/"},{"@type":"ListItem","position":4,"name":"ABADIA DE POBLET BLANCO"}]},{"@type":"WebSite","@id":"https:\/\/www.aribau.es\/#website","url":"https:\/\/www.aribau.es\/","name":"Aribau","description":"VINOS Y BODEGAS","publisher":{"@id":"https:\/\/www.aribau.es\/#organization"},"potentialAction":[{"@type":"SearchAction","target":{"@type":"EntryPoint","urlTemplate":"https:\/\/www.aribau.es\/?s={search_term_string}"},"query-input":{"@type":"PropertyValueSpecification","valueRequired":true,"valueName":"search_term_string"}}],"inLanguage":"ca"},{"@type":"Organization","@id":"https:\/\/www.aribau.es\/#organization","name":"Aribau","url":"https:\/\/www.aribau.es\/","logo":{"@type":"ImageObject","inLanguage":"ca","@id":"https:\/\/www.aribau.es\/#\/schema\/logo\/image\/","url":"https:\/\/www.aribau.es\/wp-content\/uploads\/2022\/03\/logo.png","contentUrl":"https:\/\/www.aribau.es\/wp-content\/uploads\/2022\/03\/logo.png","width":300,"height":300,"caption":"Aribau"},"image":{"@id":"https:\/\/www.aribau.es\/#\/schema\/logo\/image\/"},"sameAs":["https:\/\/www.facebook.com\/aribau1964\/","https:\/\/x.com\/aribau1964","https:\/\/www.instagram.com\/aribau1964\/"]}]}},"_links":{"self":[{"href":"https:\/\/www.aribau.es\/ca\/wp-json\/wp\/v2\/pages\/8327","targetHints":{"allow":["GET"]}}],"collection":[{"href":"https:\/\/www.aribau.es\/ca\/wp-json\/wp\/v2\/pages"}],"about":[{"href":"https:\/\/www.aribau.es\/ca\/wp-json\/wp\/v2\/types\/page"}],"author":[{"embeddable":true,"href":"https:\/\/www.aribau.es\/ca\/wp-json\/wp\/v2\/users\/3"}],"replies":[{"embeddable":true,"href":"https:\/\/www.aribau.es\/ca\/wp-json\/wp\/v2\/comments?post=8327"}],"version-history":[{"count":13,"href":"https:\/\/www.aribau.es\/ca\/wp-json\/wp\/v2\/pages\/8327\/revisions"}],"predecessor-version":[{"id":13545,"href":"https:\/\/www.aribau.es\/ca\/wp-json\/wp\/v2\/pages\/8327\/revisions\/13545"}],"up":[{"embeddable":true,"href":"https:\/\/www.aribau.es\/ca\/wp-json\/wp\/v2\/pages\/7963"}],"wp:attachment":[{"href":"https:\/\/www.aribau.es\/ca\/wp-json\/wp\/v2\/media?parent=8327"}],"curies":[{"name":"wp","href":"https:\/\/api.w.org\/{rel}","templated":true}]}}