{"id":8363,"date":"2021-03-29T19:24:54","date_gmt":"2021-03-29T18:24:54","guid":{"rendered":"https:\/\/www.aribau.es\/?page_id=8363"},"modified":"2024-05-13T16:11:37","modified_gmt":"2024-05-13T15:11:37","slug":"el-tossal-de-la-salut","status":"publish","type":"page","link":"https:\/\/www.aribau.es\/ca\/bodegas-2\/abadia-de-poblet\/el-tossal-de-la-salut\/","title":{"rendered":"EL TOSSAL DE LA SALUT"},"content":{"rendered":"<div data-elementor-type=\"wp-page\" data-elementor-id=\"8363\" class=\"elementor elementor-8363\">\n\t\t\t\t\t\t<section class=\"elementor-section elementor-top-section elementor-element elementor-element-d08e763 elementor-section-boxed elementor-section-height-default elementor-section-height-default\" data-id=\"d08e763\" data-element_type=\"section\">\n\t\t\t\t\t\t<div class=\"elementor-container elementor-column-gap-default\">\n\t\t\t\t\t<div class=\"elementor-column elementor-col-100 elementor-top-column elementor-element elementor-element-8a4991f\" data-id=\"8a4991f\" data-element_type=\"column\">\n\t\t\t<div class=\"elementor-widget-wrap elementor-element-populated\">\n\t\t\t\t\t\t<div class=\"elementor-element elementor-element-e915f40 elementor-widget elementor-widget-heading\" data-id=\"e915f40\" data-element_type=\"widget\" data-widget_type=\"heading.default\">\n\t\t\t\t<div class=\"elementor-widget-container\">\n\t\t\t\t\t<h1 class=\"elementor-heading-title elementor-size-default\">EL TOSSAL DE LA SALUT<\/h1>\t\t\t\t<\/div>\n\t\t\t\t<\/div>\n\t\t\t\t\t<\/div>\n\t\t<\/div>\n\t\t\t\t\t<\/div>\n\t\t<\/section>\n\t\t\t\t<section class=\"elementor-section elementor-top-section elementor-element elementor-element-5cc16833 elementor-section-boxed elementor-section-height-default elementor-section-height-default elementor-invisible\" data-id=\"5cc16833\" data-element_type=\"section\" data-settings=\"{&quot;animation&quot;:&quot;fadeInUp&quot;}\">\n\t\t\t\t\t\t<div class=\"elementor-container elementor-column-gap-default\">\n\t\t\t\t\t<div class=\"elementor-column elementor-col-50 elementor-top-column elementor-element elementor-element-1648f59b\" data-id=\"1648f59b\" data-element_type=\"column\">\n\t\t\t<div class=\"elementor-widget-wrap elementor-element-populated\">\n\t\t\t\t\t\t<div class=\"elementor-element elementor-element-29487e2 elementor-widget elementor-widget-image\" data-id=\"29487e2\" data-element_type=\"widget\" data-widget_type=\"image.default\">\n\t\t\t\t<div class=\"elementor-widget-container\">\n\t\t\t\t\t\t\t\t\t\t\t\t\t\t\t<img fetchpriority=\"high\" decoding=\"async\" width=\"512\" height=\"1024\" src=\"https:\/\/www.aribau.es\/wp-content\/uploads\/2021\/02\/EL-TOSSAL-DE-LA-SALUT-512x1024.png\" class=\"elementor-animation-grow attachment-large size-large wp-image-7393\" alt=\"\" srcset=\"https:\/\/www.aribau.es\/wp-content\/uploads\/2021\/02\/EL-TOSSAL-DE-LA-SALUT-512x1024.png 512w, https:\/\/www.aribau.es\/wp-content\/uploads\/2021\/02\/EL-TOSSAL-DE-LA-SALUT-150x300.png 150w, https:\/\/www.aribau.es\/wp-content\/uploads\/2021\/02\/EL-TOSSAL-DE-LA-SALUT.png 625w\" sizes=\"(max-width: 512px) 100vw, 512px\" \/>\t\t\t\t\t\t\t\t\t\t\t\t\t\t\t<\/div>\n\t\t\t\t<\/div>\n\t\t\t\t\t<\/div>\n\t\t<\/div>\n\t\t\t\t<div class=\"elementor-column elementor-col-50 elementor-top-column elementor-element elementor-element-7f34a7a7\" data-id=\"7f34a7a7\" data-element_type=\"column\">\n\t\t\t<div class=\"elementor-widget-wrap elementor-element-populated\">\n\t\t\t\t\t\t<div class=\"elementor-element elementor-element-242653e5 elementor-widget elementor-widget-text-editor\" data-id=\"242653e5\" data-element_type=\"widget\" data-widget_type=\"text-editor.default\">\n\t\t\t\t<div class=\"elementor-widget-container\">\n\t\t\t\t\t\t\t\t\t<p>VARIETATS DE RA\u00cfM<\/p>\t\t\t\t\t\t\t\t<\/div>\n\t\t\t\t<\/div>\n\t\t\t\t<div class=\"elementor-element elementor-element-45ad4fc5 elementor-widget elementor-widget-text-editor\" data-id=\"45ad4fc5\" data-element_type=\"widget\" data-widget_type=\"text-editor.default\">\n\t\t\t\t<div class=\"elementor-widget-container\">\n\t\t\t\t\t\t\t\t\t<p>Garnatxa<\/p>\t\t\t\t\t\t\t\t<\/div>\n\t\t\t\t<\/div>\n\t\t\t\t<div class=\"elementor-element elementor-element-16b832f6 elementor-widget elementor-widget-text-editor\" data-id=\"16b832f6\" data-element_type=\"widget\" data-widget_type=\"text-editor.default\">\n\t\t\t\t<div class=\"elementor-widget-container\">\n\t\t\t\t\t\t\t\t\t<p>CRIAN\u00c7A<\/p>\t\t\t\t\t\t\t\t<\/div>\n\t\t\t\t<\/div>\n\t\t\t\t<div class=\"elementor-element elementor-element-529213cf elementor-widget elementor-widget-text-editor\" data-id=\"529213cf\" data-element_type=\"widget\" data-widget_type=\"text-editor.default\">\n\t\t\t\t<div class=\"elementor-widget-container\">\n\t\t\t\t\t\t\t\t\t<p>14 mesos<\/p>\t\t\t\t\t\t\t\t<\/div>\n\t\t\t\t<\/div>\n\t\t\t\t<div class=\"elementor-element elementor-element-301e7573 elementor-widget elementor-widget-text-editor\" data-id=\"301e7573\" data-element_type=\"widget\" data-widget_type=\"text-editor.default\">\n\t\t\t\t<div class=\"elementor-widget-container\">\n\t\t\t\t\t\t\t\t\t<p>DENOMINACI\u00d3 D'ORIGEN<\/p>\t\t\t\t\t\t\t\t<\/div>\n\t\t\t\t<\/div>\n\t\t\t\t<div class=\"elementor-element elementor-element-3dfe4dea elementor-widget elementor-widget-image\" data-id=\"3dfe4dea\" data-element_type=\"widget\" data-widget_type=\"image.default\">\n\t\t\t\t<div class=\"elementor-widget-container\">\n\t\t\t\t\t\t\t\t\t\t\t\t\t\t\t<img decoding=\"async\" width=\"378\" height=\"378\" src=\"https:\/\/www.aribau.es\/wp-content\/uploads\/2021\/03\/DO-CONCA-DE-BARBERA.jpg\" class=\"attachment-full size-full wp-image-8314\" alt=\"\" srcset=\"https:\/\/www.aribau.es\/wp-content\/uploads\/2021\/03\/DO-CONCA-DE-BARBERA.jpg 378w, https:\/\/www.aribau.es\/wp-content\/uploads\/2021\/03\/DO-CONCA-DE-BARBERA-300x300.jpg 300w, https:\/\/www.aribau.es\/wp-content\/uploads\/2021\/03\/DO-CONCA-DE-BARBERA-150x150.jpg 150w\" sizes=\"(max-width: 378px) 100vw, 378px\" \/>\t\t\t\t\t\t\t\t\t\t\t\t\t\t\t<\/div>\n\t\t\t\t<\/div>\n\t\t\t\t<div class=\"elementor-element elementor-element-5921acdd elementor-widget elementor-widget-text-editor\" data-id=\"5921acdd\" data-element_type=\"widget\" data-widget_type=\"text-editor.default\">\n\t\t\t\t<div class=\"elementor-widget-container\">\n\t\t\t\t\t\t\t\t\t<p>DESCRIPCI\u00d3<\/p>\t\t\t\t\t\t\t\t<\/div>\n\t\t\t\t<\/div>\n\t\t\t\t<div class=\"elementor-element elementor-element-58f67f5 elementor-widget elementor-widget-text-editor\" data-id=\"58f67f5\" data-element_type=\"widget\" data-widget_type=\"text-editor.default\">\n\t\t\t\t<div class=\"elementor-widget-container\">\n\t\t\t\t\t\t\t\t\t<p>Els ra\u00efms del Tossal de la Salut van ser veremades el 18 d'octubre de 2015, es van espr\u00e9mer i encubar en dip\u00f2sit de ciment, on va tenir lloc la fermentaci\u00f3 amb el 100% de la rapa al ser un lloc on pot madurar al mateix ritme que la pell i les llavors. Fermentat amb llevats naturals, o aut\u00f2ctones, aquest vi va estar 23 dies en contacte amb les pells, alternant \"pissage\" i remuntats segons tast diari.<\/p>\t\t\t\t\t\t\t\t<\/div>\n\t\t\t\t<\/div>\n\t\t\t\t\t<\/div>\n\t\t<\/div>\n\t\t\t\t\t<\/div>\n\t\t<\/section>\n\t\t\t\t<\/div>","protected":false},"excerpt":{"rendered":"<p>EL TOSSAL DE LA SALUT variedades de uva Garnacha Crianza 14 meses Denominaci\u00f3n de origen descripci\u00f3n Las uvas de El Tossal de la Salut fueron vendimiadas el 18 de octubre de 2015, se estrujaron y encubaron en dep\u00f3sito de cemento, donde tuvo lugar la fermentaci\u00f3n con el 100% del rasp\u00f3n al ser un lugar d\u00f3nde &#8230; <a title=\"EL TOSSAL DE LA SALUT\" class=\"read-more\" href=\"https:\/\/www.aribau.es\/ca\/bodegas-2\/abadia-de-poblet\/el-tossal-de-la-salut\/\" aria-label=\"M\u00e9s informaci\u00f3 sobre EL TOSSAL DE LA SALUT\">Llegiu m\u00e9s<\/a><\/p>","protected":false},"author":3,"featured_media":0,"parent":7963,"menu_order":0,"comment_status":"closed","ping_status":"closed","template":"elementor_header_footer","meta":{"footnotes":""},"class_list":["post-8363","page","type-page","status-publish"],"yoast_head":"<!-- This site is optimized with the Yoast SEO plugin v26.7 - https:\/\/yoast.com\/wordpress\/plugins\/seo\/ -->\n<title>EL TOSSAL DE LA SALUT - Aribau<\/title>\n<meta name=\"robots\" content=\"index, follow, max-snippet:-1, max-image-preview:large, max-video-preview:-1\" \/>\n<link rel=\"canonical\" href=\"https:\/\/www.aribau.es\/ca\/bodegas-2\/abadia-de-poblet\/el-tossal-de-la-salut\/\" \/>\n<meta property=\"og:locale\" content=\"ca_ES\" \/>\n<meta property=\"og:type\" content=\"article\" \/>\n<meta property=\"og:title\" content=\"EL TOSSAL DE LA SALUT - Aribau\" \/>\n<meta property=\"og:description\" content=\"EL TOSSAL DE LA SALUT variedades de uva Garnacha Crianza 14 meses Denominaci\u00f3n de origen descripci\u00f3n Las uvas de El Tossal de la Salut fueron vendimiadas el 18 de octubre de 2015, se estrujaron y encubaron en dep\u00f3sito de cemento, donde tuvo lugar la fermentaci\u00f3n con el 100% del rasp\u00f3n al ser un lugar d\u00f3nde ... Llegiu m\u00e9s\" \/>\n<meta property=\"og:url\" content=\"https:\/\/www.aribau.es\/ca\/bodegas-2\/abadia-de-poblet\/el-tossal-de-la-salut\/\" \/>\n<meta property=\"og:site_name\" content=\"Aribau\" \/>\n<meta property=\"article:publisher\" content=\"https:\/\/www.facebook.com\/aribau1964\/\" \/>\n<meta property=\"article:modified_time\" content=\"2024-05-13T15:11:37+00:00\" \/>\n<meta property=\"og:image\" content=\"https:\/\/www.aribau.es\/wp-content\/uploads\/2021\/02\/EL-TOSSAL-DE-LA-SALUT-512x1024.png\" \/>\n<meta name=\"twitter:card\" content=\"summary_large_image\" \/>\n<meta name=\"twitter:site\" content=\"@aribau1964\" \/>\n<script type=\"application\/ld+json\" class=\"yoast-schema-graph\">{\"@context\":\"https:\/\/schema.org\",\"@graph\":[{\"@type\":\"WebPage\",\"@id\":\"https:\/\/www.aribau.es\/bodegas-2\/abadia-de-poblet\/el-tossal-de-la-salut\/\",\"url\":\"https:\/\/www.aribau.es\/bodegas-2\/abadia-de-poblet\/el-tossal-de-la-salut\/\",\"name\":\"EL TOSSAL DE LA SALUT - Aribau\",\"isPartOf\":{\"@id\":\"https:\/\/www.aribau.es\/#website\"},\"primaryImageOfPage\":{\"@id\":\"https:\/\/www.aribau.es\/bodegas-2\/abadia-de-poblet\/el-tossal-de-la-salut\/#primaryimage\"},\"image\":{\"@id\":\"https:\/\/www.aribau.es\/bodegas-2\/abadia-de-poblet\/el-tossal-de-la-salut\/#primaryimage\"},\"thumbnailUrl\":\"https:\/\/www.aribau.es\/wp-content\/uploads\/2021\/02\/EL-TOSSAL-DE-LA-SALUT-512x1024.png\",\"datePublished\":\"2021-03-29T18:24:54+00:00\",\"dateModified\":\"2024-05-13T15:11:37+00:00\",\"breadcrumb\":{\"@id\":\"https:\/\/www.aribau.es\/bodegas-2\/abadia-de-poblet\/el-tossal-de-la-salut\/#breadcrumb\"},\"inLanguage\":\"ca\",\"potentialAction\":[{\"@type\":\"ReadAction\",\"target\":[\"https:\/\/www.aribau.es\/bodegas-2\/abadia-de-poblet\/el-tossal-de-la-salut\/\"]}]},{\"@type\":\"ImageObject\",\"inLanguage\":\"ca\",\"@id\":\"https:\/\/www.aribau.es\/bodegas-2\/abadia-de-poblet\/el-tossal-de-la-salut\/#primaryimage\",\"url\":\"https:\/\/www.aribau.es\/wp-content\/uploads\/2021\/02\/EL-TOSSAL-DE-LA-SALUT-512x1024.png\",\"contentUrl\":\"https:\/\/www.aribau.es\/wp-content\/uploads\/2021\/02\/EL-TOSSAL-DE-LA-SALUT-512x1024.png\"},{\"@type\":\"BreadcrumbList\",\"@id\":\"https:\/\/www.aribau.es\/bodegas-2\/abadia-de-poblet\/el-tossal-de-la-salut\/#breadcrumb\",\"itemListElement\":[{\"@type\":\"ListItem\",\"position\":1,\"name\":\"Portada\",\"item\":\"https:\/\/www.aribau.es\/\"},{\"@type\":\"ListItem\",\"position\":2,\"name\":\"BODEGAS\",\"item\":\"https:\/\/www.aribau.es\/bodegas-2\/\"},{\"@type\":\"ListItem\",\"position\":3,\"name\":\"ABADIA DE POBLET\",\"item\":\"https:\/\/www.aribau.es\/bodegas-2\/abadia-de-poblet\/\"},{\"@type\":\"ListItem\",\"position\":4,\"name\":\"EL TOSSAL DE LA SALUT\"}]},{\"@type\":\"WebSite\",\"@id\":\"https:\/\/www.aribau.es\/#website\",\"url\":\"https:\/\/www.aribau.es\/\",\"name\":\"Aribau\",\"description\":\"VINOS Y BODEGAS\",\"publisher\":{\"@id\":\"https:\/\/www.aribau.es\/#organization\"},\"potentialAction\":[{\"@type\":\"SearchAction\",\"target\":{\"@type\":\"EntryPoint\",\"urlTemplate\":\"https:\/\/www.aribau.es\/?s={search_term_string}\"},\"query-input\":{\"@type\":\"PropertyValueSpecification\",\"valueRequired\":true,\"valueName\":\"search_term_string\"}}],\"inLanguage\":\"ca\"},{\"@type\":\"Organization\",\"@id\":\"https:\/\/www.aribau.es\/#organization\",\"name\":\"Aribau\",\"url\":\"https:\/\/www.aribau.es\/\",\"logo\":{\"@type\":\"ImageObject\",\"inLanguage\":\"ca\",\"@id\":\"https:\/\/www.aribau.es\/#\/schema\/logo\/image\/\",\"url\":\"https:\/\/www.aribau.es\/wp-content\/uploads\/2022\/03\/logo.png\",\"contentUrl\":\"https:\/\/www.aribau.es\/wp-content\/uploads\/2022\/03\/logo.png\",\"width\":300,\"height\":300,\"caption\":\"Aribau\"},\"image\":{\"@id\":\"https:\/\/www.aribau.es\/#\/schema\/logo\/image\/\"},\"sameAs\":[\"https:\/\/www.facebook.com\/aribau1964\/\",\"https:\/\/x.com\/aribau1964\",\"https:\/\/www.instagram.com\/aribau1964\/\"]}]}<\/script>\n<!-- \/ Yoast SEO plugin. -->","yoast_head_json":{"title":"EL TOSSAL DE LA SALUT - Aribau","robots":{"index":"index","follow":"follow","max-snippet":"max-snippet:-1","max-image-preview":"max-image-preview:large","max-video-preview":"max-video-preview:-1"},"canonical":"https:\/\/www.aribau.es\/ca\/bodegas-2\/abadia-de-poblet\/el-tossal-de-la-salut\/","og_locale":"ca_ES","og_type":"article","og_title":"EL TOSSAL DE LA SALUT - Aribau","og_description":"EL TOSSAL DE LA SALUT variedades de uva Garnacha Crianza 14 meses Denominaci\u00f3n de origen descripci\u00f3n Las uvas de El Tossal de la Salut fueron vendimiadas el 18 de octubre de 2015, se estrujaron y encubaron en dep\u00f3sito de cemento, donde tuvo lugar la fermentaci\u00f3n con el 100% del rasp\u00f3n al ser un lugar d\u00f3nde ... Llegiu m\u00e9s","og_url":"https:\/\/www.aribau.es\/ca\/bodegas-2\/abadia-de-poblet\/el-tossal-de-la-salut\/","og_site_name":"Aribau","article_publisher":"https:\/\/www.facebook.com\/aribau1964\/","article_modified_time":"2024-05-13T15:11:37+00:00","og_image":[{"url":"https:\/\/www.aribau.es\/wp-content\/uploads\/2021\/02\/EL-TOSSAL-DE-LA-SALUT-512x1024.png","type":"","width":"","height":""}],"twitter_card":"summary_large_image","twitter_site":"@aribau1964","schema":{"@context":"https:\/\/schema.org","@graph":[{"@type":"WebPage","@id":"https:\/\/www.aribau.es\/bodegas-2\/abadia-de-poblet\/el-tossal-de-la-salut\/","url":"https:\/\/www.aribau.es\/bodegas-2\/abadia-de-poblet\/el-tossal-de-la-salut\/","name":"EL TOSSAL DE LA SALUT - Aribau","isPartOf":{"@id":"https:\/\/www.aribau.es\/#website"},"primaryImageOfPage":{"@id":"https:\/\/www.aribau.es\/bodegas-2\/abadia-de-poblet\/el-tossal-de-la-salut\/#primaryimage"},"image":{"@id":"https:\/\/www.aribau.es\/bodegas-2\/abadia-de-poblet\/el-tossal-de-la-salut\/#primaryimage"},"thumbnailUrl":"https:\/\/www.aribau.es\/wp-content\/uploads\/2021\/02\/EL-TOSSAL-DE-LA-SALUT-512x1024.png","datePublished":"2021-03-29T18:24:54+00:00","dateModified":"2024-05-13T15:11:37+00:00","breadcrumb":{"@id":"https:\/\/www.aribau.es\/bodegas-2\/abadia-de-poblet\/el-tossal-de-la-salut\/#breadcrumb"},"inLanguage":"ca","potentialAction":[{"@type":"ReadAction","target":["https:\/\/www.aribau.es\/bodegas-2\/abadia-de-poblet\/el-tossal-de-la-salut\/"]}]},{"@type":"ImageObject","inLanguage":"ca","@id":"https:\/\/www.aribau.es\/bodegas-2\/abadia-de-poblet\/el-tossal-de-la-salut\/#primaryimage","url":"https:\/\/www.aribau.es\/wp-content\/uploads\/2021\/02\/EL-TOSSAL-DE-LA-SALUT-512x1024.png","contentUrl":"https:\/\/www.aribau.es\/wp-content\/uploads\/2021\/02\/EL-TOSSAL-DE-LA-SALUT-512x1024.png"},{"@type":"BreadcrumbList","@id":"https:\/\/www.aribau.es\/bodegas-2\/abadia-de-poblet\/el-tossal-de-la-salut\/#breadcrumb","itemListElement":[{"@type":"ListItem","position":1,"name":"Portada","item":"https:\/\/www.aribau.es\/"},{"@type":"ListItem","position":2,"name":"BODEGAS","item":"https:\/\/www.aribau.es\/bodegas-2\/"},{"@type":"ListItem","position":3,"name":"ABADIA DE POBLET","item":"https:\/\/www.aribau.es\/bodegas-2\/abadia-de-poblet\/"},{"@type":"ListItem","position":4,"name":"EL TOSSAL DE LA SALUT"}]},{"@type":"WebSite","@id":"https:\/\/www.aribau.es\/#website","url":"https:\/\/www.aribau.es\/","name":"Aribau","description":"VINOS Y BODEGAS","publisher":{"@id":"https:\/\/www.aribau.es\/#organization"},"potentialAction":[{"@type":"SearchAction","target":{"@type":"EntryPoint","urlTemplate":"https:\/\/www.aribau.es\/?s={search_term_string}"},"query-input":{"@type":"PropertyValueSpecification","valueRequired":true,"valueName":"search_term_string"}}],"inLanguage":"ca"},{"@type":"Organization","@id":"https:\/\/www.aribau.es\/#organization","name":"Aribau","url":"https:\/\/www.aribau.es\/","logo":{"@type":"ImageObject","inLanguage":"ca","@id":"https:\/\/www.aribau.es\/#\/schema\/logo\/image\/","url":"https:\/\/www.aribau.es\/wp-content\/uploads\/2022\/03\/logo.png","contentUrl":"https:\/\/www.aribau.es\/wp-content\/uploads\/2022\/03\/logo.png","width":300,"height":300,"caption":"Aribau"},"image":{"@id":"https:\/\/www.aribau.es\/#\/schema\/logo\/image\/"},"sameAs":["https:\/\/www.facebook.com\/aribau1964\/","https:\/\/x.com\/aribau1964","https:\/\/www.instagram.com\/aribau1964\/"]}]}},"_links":{"self":[{"href":"https:\/\/www.aribau.es\/ca\/wp-json\/wp\/v2\/pages\/8363","targetHints":{"allow":["GET"]}}],"collection":[{"href":"https:\/\/www.aribau.es\/ca\/wp-json\/wp\/v2\/pages"}],"about":[{"href":"https:\/\/www.aribau.es\/ca\/wp-json\/wp\/v2\/types\/page"}],"author":[{"embeddable":true,"href":"https:\/\/www.aribau.es\/ca\/wp-json\/wp\/v2\/users\/3"}],"replies":[{"embeddable":true,"href":"https:\/\/www.aribau.es\/ca\/wp-json\/wp\/v2\/comments?post=8363"}],"version-history":[{"count":10,"href":"https:\/\/www.aribau.es\/ca\/wp-json\/wp\/v2\/pages\/8363\/revisions"}],"predecessor-version":[{"id":13557,"href":"https:\/\/www.aribau.es\/ca\/wp-json\/wp\/v2\/pages\/8363\/revisions\/13557"}],"up":[{"embeddable":true,"href":"https:\/\/www.aribau.es\/ca\/wp-json\/wp\/v2\/pages\/7963"}],"wp:attachment":[{"href":"https:\/\/www.aribau.es\/ca\/wp-json\/wp\/v2\/media?parent=8363"}],"curies":[{"name":"wp","href":"https:\/\/api.w.org\/{rel}","templated":true}]}}