{"id":8660,"date":"2021-03-29T22:15:09","date_gmt":"2021-03-29T21:15:09","guid":{"rendered":"https:\/\/www.aribau.es\/?page_id=8660"},"modified":"2021-03-29T22:16:32","modified_gmt":"2021-03-29T21:16:32","slug":"abadia-de-san-quirce-crianza","status":"publish","type":"page","link":"https:\/\/www.aribau.es\/ca\/bodegas-2\/bodegas-imperiales\/abadia-de-san-quirce-crianza\/","title":{"rendered":"ABADIA DE SAN QUIRCE CRIANZA"},"content":{"rendered":"<div data-elementor-type=\"wp-page\" data-elementor-id=\"8660\" class=\"elementor elementor-8660\">\n\t\t\t\t\t\t<section class=\"elementor-section elementor-top-section elementor-element elementor-element-6754e84 elementor-section-boxed elementor-section-height-default elementor-section-height-default elementor-invisible\" data-id=\"6754e84\" data-element_type=\"section\" data-settings=\"{&quot;animation&quot;:&quot;fadeInUp&quot;}\">\n\t\t\t\t\t\t<div class=\"elementor-container elementor-column-gap-default\">\n\t\t\t\t\t<div class=\"elementor-column elementor-col-100 elementor-top-column elementor-element elementor-element-1e769328\" data-id=\"1e769328\" data-element_type=\"column\">\n\t\t\t<div class=\"elementor-widget-wrap elementor-element-populated\">\n\t\t\t\t\t\t<div class=\"elementor-element elementor-element-62453120 elementor-widget elementor-widget-text-editor\" data-id=\"62453120\" data-element_type=\"widget\" data-widget_type=\"text-editor.default\">\n\t\t\t\t<div class=\"elementor-widget-container\">\n\t\t\t\t\t\t\t\t\t<p>ABADIA DE SANT QUIRCE CRIANZA<\/p>\t\t\t\t\t\t\t\t<\/div>\n\t\t\t\t<\/div>\n\t\t\t\t\t<\/div>\n\t\t<\/div>\n\t\t\t\t\t<\/div>\n\t\t<\/section>\n\t\t\t\t<section class=\"elementor-section elementor-top-section elementor-element elementor-element-667dfa63 elementor-section-full_width elementor-section-height-default elementor-section-height-default elementor-invisible\" data-id=\"667dfa63\" data-element_type=\"section\" data-settings=\"{&quot;animation&quot;:&quot;fadeInUp&quot;}\">\n\t\t\t\t\t\t<div class=\"elementor-container elementor-column-gap-default\">\n\t\t\t\t\t<div class=\"elementor-column elementor-col-50 elementor-top-column elementor-element elementor-element-557bda33\" data-id=\"557bda33\" data-element_type=\"column\">\n\t\t\t<div class=\"elementor-widget-wrap elementor-element-populated\">\n\t\t\t\t\t\t<div class=\"elementor-element elementor-element-1599b6ec elementor-widget elementor-widget-image\" data-id=\"1599b6ec\" data-element_type=\"widget\" data-widget_type=\"image.default\">\n\t\t\t\t<div class=\"elementor-widget-container\">\n\t\t\t\t\t\t\t\t\t\t\t\t\t\t\t<img fetchpriority=\"high\" decoding=\"async\" width=\"688\" height=\"1024\" src=\"https:\/\/www.aribau.es\/wp-content\/uploads\/2021\/02\/ABADIA-DE-SAN-QUIRCE-CRIANZA-688x1024.jpg\" class=\"elementor-animation-grow attachment-large size-large wp-image-7472\" alt=\"\" srcset=\"https:\/\/www.aribau.es\/wp-content\/uploads\/2021\/02\/ABADIA-DE-SAN-QUIRCE-CRIANZA-688x1024.jpg 688w, https:\/\/www.aribau.es\/wp-content\/uploads\/2021\/02\/ABADIA-DE-SAN-QUIRCE-CRIANZA-202x300.jpg 202w, https:\/\/www.aribau.es\/wp-content\/uploads\/2021\/02\/ABADIA-DE-SAN-QUIRCE-CRIANZA-768x1143.jpg 768w, https:\/\/www.aribau.es\/wp-content\/uploads\/2021\/02\/ABADIA-DE-SAN-QUIRCE-CRIANZA-1032x1536.jpg 1032w, https:\/\/www.aribau.es\/wp-content\/uploads\/2021\/02\/ABADIA-DE-SAN-QUIRCE-CRIANZA-1376x2048.jpg 1376w, https:\/\/www.aribau.es\/wp-content\/uploads\/2021\/02\/ABADIA-DE-SAN-QUIRCE-CRIANZA-scaled.jpg 1720w\" sizes=\"(max-width: 688px) 100vw, 688px\" \/>\t\t\t\t\t\t\t\t\t\t\t\t\t\t\t<\/div>\n\t\t\t\t<\/div>\n\t\t\t\t\t<\/div>\n\t\t<\/div>\n\t\t\t\t<div class=\"elementor-column elementor-col-50 elementor-top-column elementor-element elementor-element-5e92a2ca\" data-id=\"5e92a2ca\" data-element_type=\"column\">\n\t\t\t<div class=\"elementor-widget-wrap elementor-element-populated\">\n\t\t\t\t\t\t<div class=\"elementor-element elementor-element-57997bfe elementor-widget elementor-widget-text-editor\" data-id=\"57997bfe\" data-element_type=\"widget\" data-widget_type=\"text-editor.default\">\n\t\t\t\t<div class=\"elementor-widget-container\">\n\t\t\t\t\t\t\t\t\t<p>VARIETATS DE RA\u00cfM<\/p>\t\t\t\t\t\t\t\t<\/div>\n\t\t\t\t<\/div>\n\t\t\t\t<div class=\"elementor-element elementor-element-78d9a745 elementor-widget elementor-widget-text-editor\" data-id=\"78d9a745\" data-element_type=\"widget\" data-widget_type=\"text-editor.default\">\n\t\t\t\t<div class=\"elementor-widget-container\">\n\t\t\t\t\t\t\t\t\t<p>Tinta fina<\/p>\t\t\t\t\t\t\t\t<\/div>\n\t\t\t\t<\/div>\n\t\t\t\t<div class=\"elementor-element elementor-element-52e41d03 elementor-widget elementor-widget-text-editor\" data-id=\"52e41d03\" data-element_type=\"widget\" data-widget_type=\"text-editor.default\">\n\t\t\t\t<div class=\"elementor-widget-container\">\n\t\t\t\t\t\t\t\t\t<p>CRIAN\u00c7A<\/p>\t\t\t\t\t\t\t\t<\/div>\n\t\t\t\t<\/div>\n\t\t\t\t<div class=\"elementor-element elementor-element-731a6faa elementor-widget elementor-widget-text-editor\" data-id=\"731a6faa\" data-element_type=\"widget\" data-widget_type=\"text-editor.default\">\n\t\t\t\t<div class=\"elementor-widget-container\">\n\t\t\t\t\t\t\t\t\t<p>14 mesos<\/p>\t\t\t\t\t\t\t\t<\/div>\n\t\t\t\t<\/div>\n\t\t\t\t<div class=\"elementor-element elementor-element-1557e86 elementor-widget elementor-widget-text-editor\" data-id=\"1557e86\" data-element_type=\"widget\" data-widget_type=\"text-editor.default\">\n\t\t\t\t<div class=\"elementor-widget-container\">\n\t\t\t\t\t\t\t\t\t<p>DENOMINACI\u00d3 D'ORIGEN<\/p>\t\t\t\t\t\t\t\t<\/div>\n\t\t\t\t<\/div>\n\t\t\t\t<div class=\"elementor-element elementor-element-72a57642 elementor-widget elementor-widget-image\" data-id=\"72a57642\" data-element_type=\"widget\" data-widget_type=\"image.default\">\n\t\t\t\t<div class=\"elementor-widget-container\">\n\t\t\t\t\t\t\t\t\t\t\t\t\t\t\t<img decoding=\"async\" width=\"1704\" height=\"1704\" src=\"https:\/\/www.aribau.es\/wp-content\/uploads\/2021\/03\/DO-RIBERA-DEL-DUERO.jpg\" class=\"attachment-full size-full wp-image-8484\" alt=\"\" srcset=\"https:\/\/www.aribau.es\/wp-content\/uploads\/2021\/03\/DO-RIBERA-DEL-DUERO.jpg 1704w, https:\/\/www.aribau.es\/wp-content\/uploads\/2021\/03\/DO-RIBERA-DEL-DUERO-300x300.jpg 300w, https:\/\/www.aribau.es\/wp-content\/uploads\/2021\/03\/DO-RIBERA-DEL-DUERO-1024x1024.jpg 1024w, https:\/\/www.aribau.es\/wp-content\/uploads\/2021\/03\/DO-RIBERA-DEL-DUERO-150x150.jpg 150w, https:\/\/www.aribau.es\/wp-content\/uploads\/2021\/03\/DO-RIBERA-DEL-DUERO-768x768.jpg 768w, https:\/\/www.aribau.es\/wp-content\/uploads\/2021\/03\/DO-RIBERA-DEL-DUERO-1536x1536.jpg 1536w\" sizes=\"(max-width: 1704px) 100vw, 1704px\" \/>\t\t\t\t\t\t\t\t\t\t\t\t\t\t\t<\/div>\n\t\t\t\t<\/div>\n\t\t\t\t<div class=\"elementor-element elementor-element-16217968 elementor-widget elementor-widget-text-editor\" data-id=\"16217968\" data-element_type=\"widget\" data-widget_type=\"text-editor.default\">\n\t\t\t\t<div class=\"elementor-widget-container\">\n\t\t\t\t\t\t\t\t\t<p>DESCRIPCI\u00d3<\/p>\t\t\t\t\t\t\t\t<\/div>\n\t\t\t\t<\/div>\n\t\t\t\t<div class=\"elementor-element elementor-element-58ce5665 elementor-widget elementor-widget-text-editor\" data-id=\"58ce5665\" data-element_type=\"widget\" data-widget_type=\"text-editor.default\">\n\t\t\t\t<div class=\"elementor-widget-container\">\n\t\t\t\t\t\t\t\t\t<p class=\"MsoNormal\">Color vermell picota intens, net i brillant, de capa mitja alta.<o:p><\/o:p><\/p><p class=\"MsoNormal\">En nas \u00e9s potent, franc, amb notes de fruites negres i tocs especiats.<o:p><\/o:p><\/p><p>\n\n\n\n<\/p><p class=\"MsoNormal\">En boca \u00e9s ampli, gras, estructurat, amb un tan\u00ed rod\u00f3 i un final persistent i equilibrat. Predominen les notes torrefactes de cacau i minerals.<o:p><\/o:p><\/p>\t\t\t\t\t\t\t\t<\/div>\n\t\t\t\t<\/div>\n\t\t\t\t<div class=\"elementor-element elementor-element-1b9820f8 elementor-widget elementor-widget-spacer\" data-id=\"1b9820f8\" data-element_type=\"widget\" data-widget_type=\"spacer.default\">\n\t\t\t\t<div class=\"elementor-widget-container\">\n\t\t\t\t\t\t\t<div class=\"elementor-spacer\">\n\t\t\t<div class=\"elementor-spacer-inner\"><\/div>\n\t\t<\/div>\n\t\t\t\t\t\t<\/div>\n\t\t\t\t<\/div>\n\t\t\t\t\t<\/div>\n\t\t<\/div>\n\t\t\t\t\t<\/div>\n\t\t<\/section>\n\t\t\t\t<\/div>","protected":false},"excerpt":{"rendered":"<p>abadia de san quirce crianza variedades de uva Tinta fino Crianza 14 meses Denominaci\u00f3n de origen descripci\u00f3n Color rojo picota intenso, limpio y brillante, de capa media alta. En nariz es potente, franco, con notas de frutas negras y toques especiados. En boca es amplio, graso, estructurado, con un tanino redondo y un final persistente &#8230; <a title=\"ABADIA DE SAN QUIRCE CRIANZA\" class=\"read-more\" href=\"https:\/\/www.aribau.es\/ca\/bodegas-2\/bodegas-imperiales\/abadia-de-san-quirce-crianza\/\" aria-label=\"M\u00e9s informaci\u00f3 sobre ABADIA DE SAN QUIRCE CRIANZA\">Llegiu m\u00e9s<\/a><\/p>","protected":false},"author":3,"featured_media":0,"parent":8065,"menu_order":0,"comment_status":"closed","ping_status":"closed","template":"elementor_header_footer","meta":{"footnotes":""},"class_list":["post-8660","page","type-page","status-publish"],"yoast_head":"<!-- This site is optimized with the Yoast SEO plugin v26.7 - https:\/\/yoast.com\/wordpress\/plugins\/seo\/ -->\n<title>ABADIA DE SAN QUIRCE CRIANZA - Aribau<\/title>\n<meta name=\"robots\" content=\"index, follow, max-snippet:-1, max-image-preview:large, max-video-preview:-1\" \/>\n<link rel=\"canonical\" href=\"https:\/\/www.aribau.es\/ca\/bodegas-2\/bodegas-imperiales\/abadia-de-san-quirce-crianza\/\" \/>\n<meta property=\"og:locale\" content=\"ca_ES\" \/>\n<meta property=\"og:type\" content=\"article\" \/>\n<meta property=\"og:title\" content=\"ABADIA DE SAN QUIRCE CRIANZA - Aribau\" \/>\n<meta property=\"og:description\" content=\"abadia de san quirce crianza variedades de uva Tinta fino Crianza 14 meses Denominaci\u00f3n de origen descripci\u00f3n Color rojo picota intenso, limpio y brillante, de capa media alta. En nariz es potente, franco, con notas de frutas negras y toques especiados. En boca es amplio, graso, estructurado, con un tanino redondo y un final persistente ... Llegiu m\u00e9s\" \/>\n<meta property=\"og:url\" content=\"https:\/\/www.aribau.es\/ca\/bodegas-2\/bodegas-imperiales\/abadia-de-san-quirce-crianza\/\" \/>\n<meta property=\"og:site_name\" content=\"Aribau\" \/>\n<meta property=\"article:publisher\" content=\"https:\/\/www.facebook.com\/aribau1964\/\" \/>\n<meta property=\"article:modified_time\" content=\"2021-03-29T21:16:32+00:00\" \/>\n<meta property=\"og:image\" content=\"https:\/\/www.aribau.es\/wp-content\/uploads\/2021\/02\/ABADIA-DE-SAN-QUIRCE-CRIANZA-688x1024.jpg\" \/>\n<meta name=\"twitter:card\" content=\"summary_large_image\" \/>\n<meta name=\"twitter:site\" content=\"@aribau1964\" \/>\n<script type=\"application\/ld+json\" class=\"yoast-schema-graph\">{\"@context\":\"https:\/\/schema.org\",\"@graph\":[{\"@type\":\"WebPage\",\"@id\":\"https:\/\/www.aribau.es\/bodegas-2\/bodegas-imperiales\/abadia-de-san-quirce-crianza\/\",\"url\":\"https:\/\/www.aribau.es\/bodegas-2\/bodegas-imperiales\/abadia-de-san-quirce-crianza\/\",\"name\":\"ABADIA DE SAN QUIRCE CRIANZA - Aribau\",\"isPartOf\":{\"@id\":\"https:\/\/www.aribau.es\/#website\"},\"primaryImageOfPage\":{\"@id\":\"https:\/\/www.aribau.es\/bodegas-2\/bodegas-imperiales\/abadia-de-san-quirce-crianza\/#primaryimage\"},\"image\":{\"@id\":\"https:\/\/www.aribau.es\/bodegas-2\/bodegas-imperiales\/abadia-de-san-quirce-crianza\/#primaryimage\"},\"thumbnailUrl\":\"https:\/\/www.aribau.es\/wp-content\/uploads\/2021\/02\/ABADIA-DE-SAN-QUIRCE-CRIANZA-688x1024.jpg\",\"datePublished\":\"2021-03-29T21:15:09+00:00\",\"dateModified\":\"2021-03-29T21:16:32+00:00\",\"breadcrumb\":{\"@id\":\"https:\/\/www.aribau.es\/bodegas-2\/bodegas-imperiales\/abadia-de-san-quirce-crianza\/#breadcrumb\"},\"inLanguage\":\"ca\",\"potentialAction\":[{\"@type\":\"ReadAction\",\"target\":[\"https:\/\/www.aribau.es\/bodegas-2\/bodegas-imperiales\/abadia-de-san-quirce-crianza\/\"]}]},{\"@type\":\"ImageObject\",\"inLanguage\":\"ca\",\"@id\":\"https:\/\/www.aribau.es\/bodegas-2\/bodegas-imperiales\/abadia-de-san-quirce-crianza\/#primaryimage\",\"url\":\"https:\/\/www.aribau.es\/wp-content\/uploads\/2021\/02\/ABADIA-DE-SAN-QUIRCE-CRIANZA-688x1024.jpg\",\"contentUrl\":\"https:\/\/www.aribau.es\/wp-content\/uploads\/2021\/02\/ABADIA-DE-SAN-QUIRCE-CRIANZA-688x1024.jpg\"},{\"@type\":\"BreadcrumbList\",\"@id\":\"https:\/\/www.aribau.es\/bodegas-2\/bodegas-imperiales\/abadia-de-san-quirce-crianza\/#breadcrumb\",\"itemListElement\":[{\"@type\":\"ListItem\",\"position\":1,\"name\":\"Portada\",\"item\":\"https:\/\/www.aribau.es\/\"},{\"@type\":\"ListItem\",\"position\":2,\"name\":\"BODEGAS\",\"item\":\"https:\/\/www.aribau.es\/bodegas-2\/\"},{\"@type\":\"ListItem\",\"position\":3,\"name\":\"BODEGAS IMPERIALES\",\"item\":\"https:\/\/www.aribau.es\/bodegas-2\/bodegas-imperiales\/\"},{\"@type\":\"ListItem\",\"position\":4,\"name\":\"ABADIA DE SAN QUIRCE CRIANZA\"}]},{\"@type\":\"WebSite\",\"@id\":\"https:\/\/www.aribau.es\/#website\",\"url\":\"https:\/\/www.aribau.es\/\",\"name\":\"Aribau\",\"description\":\"VINOS Y BODEGAS\",\"publisher\":{\"@id\":\"https:\/\/www.aribau.es\/#organization\"},\"potentialAction\":[{\"@type\":\"SearchAction\",\"target\":{\"@type\":\"EntryPoint\",\"urlTemplate\":\"https:\/\/www.aribau.es\/?s={search_term_string}\"},\"query-input\":{\"@type\":\"PropertyValueSpecification\",\"valueRequired\":true,\"valueName\":\"search_term_string\"}}],\"inLanguage\":\"ca\"},{\"@type\":\"Organization\",\"@id\":\"https:\/\/www.aribau.es\/#organization\",\"name\":\"Aribau\",\"url\":\"https:\/\/www.aribau.es\/\",\"logo\":{\"@type\":\"ImageObject\",\"inLanguage\":\"ca\",\"@id\":\"https:\/\/www.aribau.es\/#\/schema\/logo\/image\/\",\"url\":\"https:\/\/www.aribau.es\/wp-content\/uploads\/2022\/03\/logo.png\",\"contentUrl\":\"https:\/\/www.aribau.es\/wp-content\/uploads\/2022\/03\/logo.png\",\"width\":300,\"height\":300,\"caption\":\"Aribau\"},\"image\":{\"@id\":\"https:\/\/www.aribau.es\/#\/schema\/logo\/image\/\"},\"sameAs\":[\"https:\/\/www.facebook.com\/aribau1964\/\",\"https:\/\/x.com\/aribau1964\",\"https:\/\/www.instagram.com\/aribau1964\/\"]}]}<\/script>\n<!-- \/ Yoast SEO plugin. -->","yoast_head_json":{"title":"ABADIA DE SAN QUIRCE CRIANZA - Aribau","robots":{"index":"index","follow":"follow","max-snippet":"max-snippet:-1","max-image-preview":"max-image-preview:large","max-video-preview":"max-video-preview:-1"},"canonical":"https:\/\/www.aribau.es\/ca\/bodegas-2\/bodegas-imperiales\/abadia-de-san-quirce-crianza\/","og_locale":"ca_ES","og_type":"article","og_title":"ABADIA DE SAN QUIRCE CRIANZA - Aribau","og_description":"abadia de san quirce crianza variedades de uva Tinta fino Crianza 14 meses Denominaci\u00f3n de origen descripci\u00f3n Color rojo picota intenso, limpio y brillante, de capa media alta. En nariz es potente, franco, con notas de frutas negras y toques especiados. En boca es amplio, graso, estructurado, con un tanino redondo y un final persistente ... Llegiu m\u00e9s","og_url":"https:\/\/www.aribau.es\/ca\/bodegas-2\/bodegas-imperiales\/abadia-de-san-quirce-crianza\/","og_site_name":"Aribau","article_publisher":"https:\/\/www.facebook.com\/aribau1964\/","article_modified_time":"2021-03-29T21:16:32+00:00","og_image":[{"url":"https:\/\/www.aribau.es\/wp-content\/uploads\/2021\/02\/ABADIA-DE-SAN-QUIRCE-CRIANZA-688x1024.jpg","type":"","width":"","height":""}],"twitter_card":"summary_large_image","twitter_site":"@aribau1964","schema":{"@context":"https:\/\/schema.org","@graph":[{"@type":"WebPage","@id":"https:\/\/www.aribau.es\/bodegas-2\/bodegas-imperiales\/abadia-de-san-quirce-crianza\/","url":"https:\/\/www.aribau.es\/bodegas-2\/bodegas-imperiales\/abadia-de-san-quirce-crianza\/","name":"ABADIA DE SAN QUIRCE CRIANZA - Aribau","isPartOf":{"@id":"https:\/\/www.aribau.es\/#website"},"primaryImageOfPage":{"@id":"https:\/\/www.aribau.es\/bodegas-2\/bodegas-imperiales\/abadia-de-san-quirce-crianza\/#primaryimage"},"image":{"@id":"https:\/\/www.aribau.es\/bodegas-2\/bodegas-imperiales\/abadia-de-san-quirce-crianza\/#primaryimage"},"thumbnailUrl":"https:\/\/www.aribau.es\/wp-content\/uploads\/2021\/02\/ABADIA-DE-SAN-QUIRCE-CRIANZA-688x1024.jpg","datePublished":"2021-03-29T21:15:09+00:00","dateModified":"2021-03-29T21:16:32+00:00","breadcrumb":{"@id":"https:\/\/www.aribau.es\/bodegas-2\/bodegas-imperiales\/abadia-de-san-quirce-crianza\/#breadcrumb"},"inLanguage":"ca","potentialAction":[{"@type":"ReadAction","target":["https:\/\/www.aribau.es\/bodegas-2\/bodegas-imperiales\/abadia-de-san-quirce-crianza\/"]}]},{"@type":"ImageObject","inLanguage":"ca","@id":"https:\/\/www.aribau.es\/bodegas-2\/bodegas-imperiales\/abadia-de-san-quirce-crianza\/#primaryimage","url":"https:\/\/www.aribau.es\/wp-content\/uploads\/2021\/02\/ABADIA-DE-SAN-QUIRCE-CRIANZA-688x1024.jpg","contentUrl":"https:\/\/www.aribau.es\/wp-content\/uploads\/2021\/02\/ABADIA-DE-SAN-QUIRCE-CRIANZA-688x1024.jpg"},{"@type":"BreadcrumbList","@id":"https:\/\/www.aribau.es\/bodegas-2\/bodegas-imperiales\/abadia-de-san-quirce-crianza\/#breadcrumb","itemListElement":[{"@type":"ListItem","position":1,"name":"Portada","item":"https:\/\/www.aribau.es\/"},{"@type":"ListItem","position":2,"name":"BODEGAS","item":"https:\/\/www.aribau.es\/bodegas-2\/"},{"@type":"ListItem","position":3,"name":"BODEGAS IMPERIALES","item":"https:\/\/www.aribau.es\/bodegas-2\/bodegas-imperiales\/"},{"@type":"ListItem","position":4,"name":"ABADIA DE SAN QUIRCE CRIANZA"}]},{"@type":"WebSite","@id":"https:\/\/www.aribau.es\/#website","url":"https:\/\/www.aribau.es\/","name":"Aribau","description":"VINOS Y BODEGAS","publisher":{"@id":"https:\/\/www.aribau.es\/#organization"},"potentialAction":[{"@type":"SearchAction","target":{"@type":"EntryPoint","urlTemplate":"https:\/\/www.aribau.es\/?s={search_term_string}"},"query-input":{"@type":"PropertyValueSpecification","valueRequired":true,"valueName":"search_term_string"}}],"inLanguage":"ca"},{"@type":"Organization","@id":"https:\/\/www.aribau.es\/#organization","name":"Aribau","url":"https:\/\/www.aribau.es\/","logo":{"@type":"ImageObject","inLanguage":"ca","@id":"https:\/\/www.aribau.es\/#\/schema\/logo\/image\/","url":"https:\/\/www.aribau.es\/wp-content\/uploads\/2022\/03\/logo.png","contentUrl":"https:\/\/www.aribau.es\/wp-content\/uploads\/2022\/03\/logo.png","width":300,"height":300,"caption":"Aribau"},"image":{"@id":"https:\/\/www.aribau.es\/#\/schema\/logo\/image\/"},"sameAs":["https:\/\/www.facebook.com\/aribau1964\/","https:\/\/x.com\/aribau1964","https:\/\/www.instagram.com\/aribau1964\/"]}]}},"_links":{"self":[{"href":"https:\/\/www.aribau.es\/ca\/wp-json\/wp\/v2\/pages\/8660","targetHints":{"allow":["GET"]}}],"collection":[{"href":"https:\/\/www.aribau.es\/ca\/wp-json\/wp\/v2\/pages"}],"about":[{"href":"https:\/\/www.aribau.es\/ca\/wp-json\/wp\/v2\/types\/page"}],"author":[{"embeddable":true,"href":"https:\/\/www.aribau.es\/ca\/wp-json\/wp\/v2\/users\/3"}],"replies":[{"embeddable":true,"href":"https:\/\/www.aribau.es\/ca\/wp-json\/wp\/v2\/comments?post=8660"}],"version-history":[{"count":4,"href":"https:\/\/www.aribau.es\/ca\/wp-json\/wp\/v2\/pages\/8660\/revisions"}],"predecessor-version":[{"id":8664,"href":"https:\/\/www.aribau.es\/ca\/wp-json\/wp\/v2\/pages\/8660\/revisions\/8664"}],"up":[{"embeddable":true,"href":"https:\/\/www.aribau.es\/ca\/wp-json\/wp\/v2\/pages\/8065"}],"wp:attachment":[{"href":"https:\/\/www.aribau.es\/ca\/wp-json\/wp\/v2\/media?parent=8660"}],"curies":[{"name":"wp","href":"https:\/\/api.w.org\/{rel}","templated":true}]}}