{"id":8670,"date":"2021-03-29T22:18:35","date_gmt":"2021-03-29T21:18:35","guid":{"rendered":"https:\/\/www.aribau.es\/?page_id=8670"},"modified":"2021-03-29T22:19:44","modified_gmt":"2021-03-29T21:19:44","slug":"finca-helena","status":"publish","type":"page","link":"https:\/\/www.aribau.es\/ca\/bodegas-2\/bodegas-imperiales\/finca-helena\/","title":{"rendered":"FINCA HELENA"},"content":{"rendered":"<div data-elementor-type=\"wp-page\" data-elementor-id=\"8670\" class=\"elementor elementor-8670\">\n\t\t\t\t\t\t<section class=\"elementor-section elementor-top-section elementor-element elementor-element-19a09fe elementor-section-boxed elementor-section-height-default elementor-section-height-default elementor-invisible\" data-id=\"19a09fe\" data-element_type=\"section\" data-settings=\"{&quot;animation&quot;:&quot;fadeInUp&quot;}\">\n\t\t\t\t\t\t<div class=\"elementor-container elementor-column-gap-default\">\n\t\t\t\t\t<div class=\"elementor-column elementor-col-100 elementor-top-column elementor-element elementor-element-14548043\" data-id=\"14548043\" data-element_type=\"column\">\n\t\t\t<div class=\"elementor-widget-wrap elementor-element-populated\">\n\t\t\t\t\t\t<div class=\"elementor-element elementor-element-440c61a elementor-widget elementor-widget-text-editor\" data-id=\"440c61a\" data-element_type=\"widget\" data-widget_type=\"text-editor.default\">\n\t\t\t\t<div class=\"elementor-widget-container\">\n\t\t\t\t\t\t\t\t\t<p>FINCA HELENA<\/p>\t\t\t\t\t\t\t\t<\/div>\n\t\t\t\t<\/div>\n\t\t\t\t\t<\/div>\n\t\t<\/div>\n\t\t\t\t\t<\/div>\n\t\t<\/section>\n\t\t\t\t<section class=\"elementor-section elementor-top-section elementor-element elementor-element-65c10edd elementor-section-full_width elementor-section-height-default elementor-section-height-default elementor-invisible\" data-id=\"65c10edd\" data-element_type=\"section\" data-settings=\"{&quot;animation&quot;:&quot;fadeInUp&quot;}\">\n\t\t\t\t\t\t<div class=\"elementor-container elementor-column-gap-default\">\n\t\t\t\t\t<div class=\"elementor-column elementor-col-50 elementor-top-column elementor-element elementor-element-3bfc659b\" data-id=\"3bfc659b\" data-element_type=\"column\">\n\t\t\t<div class=\"elementor-widget-wrap elementor-element-populated\">\n\t\t\t\t\t\t<div class=\"elementor-element elementor-element-5479ff60 elementor-widget elementor-widget-image\" data-id=\"5479ff60\" data-element_type=\"widget\" data-widget_type=\"image.default\">\n\t\t\t\t<div class=\"elementor-widget-container\">\n\t\t\t\t\t\t\t\t\t\t\t\t\t\t\t<img fetchpriority=\"high\" decoding=\"async\" width=\"683\" height=\"1024\" src=\"https:\/\/www.aribau.es\/wp-content\/uploads\/2021\/02\/FINCA-HELENA-683x1024.jpg\" class=\"elementor-animation-grow attachment-large size-large wp-image-7474\" alt=\"\" srcset=\"https:\/\/www.aribau.es\/wp-content\/uploads\/2021\/02\/FINCA-HELENA-683x1024.jpg 683w, https:\/\/www.aribau.es\/wp-content\/uploads\/2021\/02\/FINCA-HELENA-200x300.jpg 200w, https:\/\/www.aribau.es\/wp-content\/uploads\/2021\/02\/FINCA-HELENA-768x1152.jpg 768w, https:\/\/www.aribau.es\/wp-content\/uploads\/2021\/02\/FINCA-HELENA-1024x1536.jpg 1024w, https:\/\/www.aribau.es\/wp-content\/uploads\/2021\/02\/FINCA-HELENA.jpg 1365w\" sizes=\"(max-width: 683px) 100vw, 683px\" \/>\t\t\t\t\t\t\t\t\t\t\t\t\t\t\t<\/div>\n\t\t\t\t<\/div>\n\t\t\t\t\t<\/div>\n\t\t<\/div>\n\t\t\t\t<div class=\"elementor-column elementor-col-50 elementor-top-column elementor-element elementor-element-340737cf\" data-id=\"340737cf\" data-element_type=\"column\">\n\t\t\t<div class=\"elementor-widget-wrap elementor-element-populated\">\n\t\t\t\t\t\t<div class=\"elementor-element elementor-element-73a32d27 elementor-widget elementor-widget-text-editor\" data-id=\"73a32d27\" data-element_type=\"widget\" data-widget_type=\"text-editor.default\">\n\t\t\t\t<div class=\"elementor-widget-container\">\n\t\t\t\t\t\t\t\t\t<p>VARIETATS DE RA\u00cfM<\/p>\t\t\t\t\t\t\t\t<\/div>\n\t\t\t\t<\/div>\n\t\t\t\t<div class=\"elementor-element elementor-element-4d4e4b2f elementor-widget elementor-widget-text-editor\" data-id=\"4d4e4b2f\" data-element_type=\"widget\" data-widget_type=\"text-editor.default\">\n\t\t\t\t<div class=\"elementor-widget-container\">\n\t\t\t\t\t\t\t\t\t<p>Tinta fina<\/p>\t\t\t\t\t\t\t\t<\/div>\n\t\t\t\t<\/div>\n\t\t\t\t<div class=\"elementor-element elementor-element-1236f11e elementor-widget elementor-widget-text-editor\" data-id=\"1236f11e\" data-element_type=\"widget\" data-widget_type=\"text-editor.default\">\n\t\t\t\t<div class=\"elementor-widget-container\">\n\t\t\t\t\t\t\t\t\t<p>CRIAN\u00c7A<\/p>\t\t\t\t\t\t\t\t<\/div>\n\t\t\t\t<\/div>\n\t\t\t\t<div class=\"elementor-element elementor-element-10f61a8f elementor-widget elementor-widget-text-editor\" data-id=\"10f61a8f\" data-element_type=\"widget\" data-widget_type=\"text-editor.default\">\n\t\t\t\t<div class=\"elementor-widget-container\">\n\t\t\t\t\t\t\t\t\t<p>15 mesos<\/p>\t\t\t\t\t\t\t\t<\/div>\n\t\t\t\t<\/div>\n\t\t\t\t<div class=\"elementor-element elementor-element-4e52b0a4 elementor-widget elementor-widget-text-editor\" data-id=\"4e52b0a4\" data-element_type=\"widget\" data-widget_type=\"text-editor.default\">\n\t\t\t\t<div class=\"elementor-widget-container\">\n\t\t\t\t\t\t\t\t\t<p>DENOMINACI\u00d3 D'ORIGEN<\/p>\t\t\t\t\t\t\t\t<\/div>\n\t\t\t\t<\/div>\n\t\t\t\t<div class=\"elementor-element elementor-element-f387e7f elementor-widget elementor-widget-image\" data-id=\"f387e7f\" data-element_type=\"widget\" data-widget_type=\"image.default\">\n\t\t\t\t<div class=\"elementor-widget-container\">\n\t\t\t\t\t\t\t\t\t\t\t\t\t\t\t<img decoding=\"async\" width=\"1704\" height=\"1704\" src=\"https:\/\/www.aribau.es\/wp-content\/uploads\/2021\/03\/DO-RIBERA-DEL-DUERO.jpg\" class=\"attachment-full size-full wp-image-8484\" alt=\"\" srcset=\"https:\/\/www.aribau.es\/wp-content\/uploads\/2021\/03\/DO-RIBERA-DEL-DUERO.jpg 1704w, https:\/\/www.aribau.es\/wp-content\/uploads\/2021\/03\/DO-RIBERA-DEL-DUERO-300x300.jpg 300w, https:\/\/www.aribau.es\/wp-content\/uploads\/2021\/03\/DO-RIBERA-DEL-DUERO-1024x1024.jpg 1024w, https:\/\/www.aribau.es\/wp-content\/uploads\/2021\/03\/DO-RIBERA-DEL-DUERO-150x150.jpg 150w, https:\/\/www.aribau.es\/wp-content\/uploads\/2021\/03\/DO-RIBERA-DEL-DUERO-768x768.jpg 768w, https:\/\/www.aribau.es\/wp-content\/uploads\/2021\/03\/DO-RIBERA-DEL-DUERO-1536x1536.jpg 1536w\" sizes=\"(max-width: 1704px) 100vw, 1704px\" \/>\t\t\t\t\t\t\t\t\t\t\t\t\t\t\t<\/div>\n\t\t\t\t<\/div>\n\t\t\t\t<div class=\"elementor-element elementor-element-4fc2e1e6 elementor-widget elementor-widget-text-editor\" data-id=\"4fc2e1e6\" data-element_type=\"widget\" data-widget_type=\"text-editor.default\">\n\t\t\t\t<div class=\"elementor-widget-container\">\n\t\t\t\t\t\t\t\t\t<p>DESCRIPCI\u00d3<\/p>\t\t\t\t\t\t\t\t<\/div>\n\t\t\t\t<\/div>\n\t\t\t\t<div class=\"elementor-element elementor-element-1f9111b2 elementor-widget elementor-widget-text-editor\" data-id=\"1f9111b2\" data-element_type=\"widget\" data-widget_type=\"text-editor.default\">\n\t\t\t\t<div class=\"elementor-widget-container\">\n\t\t\t\t\t\t\t\t\t<p class=\"MsoNormal\">Color cirera intens amb ribet violaci.<o:p><\/o:p><\/p><p class=\"MsoNormal\">Aroma intens, amb tons de fruits negres madurs.<o:p><\/o:p><\/p><p>\n\n\n\n<\/p><p class=\"MsoNormal\">Notes bals\u00e0miques, especiades i de fustes fines. En boca \u00e9s elegant, estructurat i amb tanins de qualitat ben domats per la crian\u00e7a.<o:p><\/o:p><\/p>\t\t\t\t\t\t\t\t<\/div>\n\t\t\t\t<\/div>\n\t\t\t\t<div class=\"elementor-element elementor-element-649cf87 elementor-widget elementor-widget-spacer\" data-id=\"649cf87\" data-element_type=\"widget\" data-widget_type=\"spacer.default\">\n\t\t\t\t<div class=\"elementor-widget-container\">\n\t\t\t\t\t\t\t<div class=\"elementor-spacer\">\n\t\t\t<div class=\"elementor-spacer-inner\"><\/div>\n\t\t<\/div>\n\t\t\t\t\t\t<\/div>\n\t\t\t\t<\/div>\n\t\t\t\t\t<\/div>\n\t\t<\/div>\n\t\t\t\t\t<\/div>\n\t\t<\/section>\n\t\t\t\t<\/div>","protected":false},"excerpt":{"rendered":"<p>finca helena variedades de uva Tinta fino Crianza 15 meses Denominaci\u00f3n de origen descripci\u00f3n Color cereza intenso con ribete viol\u00e1ceo. Aroma intenso, con tonos de frutos negros maduros. Notas bals\u00e1micas, especiadas y de maderas finas. En boca es elegante, estructurado y con taninos de calidad bien domados por la crianza.<\/p>","protected":false},"author":3,"featured_media":0,"parent":8065,"menu_order":0,"comment_status":"closed","ping_status":"closed","template":"elementor_header_footer","meta":{"footnotes":""},"class_list":["post-8670","page","type-page","status-publish"],"yoast_head":"<!-- This site is optimized with the Yoast SEO plugin v26.7 - https:\/\/yoast.com\/wordpress\/plugins\/seo\/ -->\n<title>FINCA HELENA - Aribau<\/title>\n<meta name=\"robots\" content=\"index, follow, max-snippet:-1, max-image-preview:large, max-video-preview:-1\" \/>\n<link rel=\"canonical\" href=\"https:\/\/www.aribau.es\/ca\/bodegas-2\/bodegas-imperiales\/finca-helena\/\" \/>\n<meta property=\"og:locale\" content=\"ca_ES\" \/>\n<meta property=\"og:type\" content=\"article\" \/>\n<meta property=\"og:title\" content=\"FINCA HELENA - Aribau\" \/>\n<meta property=\"og:description\" content=\"finca helena variedades de uva Tinta fino Crianza 15 meses Denominaci\u00f3n de origen descripci\u00f3n Color cereza intenso con ribete viol\u00e1ceo. Aroma intenso, con tonos de frutos negros maduros. Notas bals\u00e1micas, especiadas y de maderas finas. En boca es elegante, estructurado y con taninos de calidad bien domados por la crianza.\" \/>\n<meta property=\"og:url\" content=\"https:\/\/www.aribau.es\/ca\/bodegas-2\/bodegas-imperiales\/finca-helena\/\" \/>\n<meta property=\"og:site_name\" content=\"Aribau\" \/>\n<meta property=\"article:publisher\" content=\"https:\/\/www.facebook.com\/aribau1964\/\" \/>\n<meta property=\"article:modified_time\" content=\"2021-03-29T21:19:44+00:00\" \/>\n<meta property=\"og:image\" content=\"https:\/\/www.aribau.es\/wp-content\/uploads\/2021\/02\/FINCA-HELENA-683x1024.jpg\" \/>\n<meta name=\"twitter:card\" content=\"summary_large_image\" \/>\n<meta name=\"twitter:site\" content=\"@aribau1964\" \/>\n<script type=\"application\/ld+json\" class=\"yoast-schema-graph\">{\"@context\":\"https:\/\/schema.org\",\"@graph\":[{\"@type\":\"WebPage\",\"@id\":\"https:\/\/www.aribau.es\/bodegas-2\/bodegas-imperiales\/finca-helena\/\",\"url\":\"https:\/\/www.aribau.es\/bodegas-2\/bodegas-imperiales\/finca-helena\/\",\"name\":\"FINCA HELENA - Aribau\",\"isPartOf\":{\"@id\":\"https:\/\/www.aribau.es\/#website\"},\"primaryImageOfPage\":{\"@id\":\"https:\/\/www.aribau.es\/bodegas-2\/bodegas-imperiales\/finca-helena\/#primaryimage\"},\"image\":{\"@id\":\"https:\/\/www.aribau.es\/bodegas-2\/bodegas-imperiales\/finca-helena\/#primaryimage\"},\"thumbnailUrl\":\"https:\/\/www.aribau.es\/wp-content\/uploads\/2021\/02\/FINCA-HELENA-683x1024.jpg\",\"datePublished\":\"2021-03-29T21:18:35+00:00\",\"dateModified\":\"2021-03-29T21:19:44+00:00\",\"breadcrumb\":{\"@id\":\"https:\/\/www.aribau.es\/bodegas-2\/bodegas-imperiales\/finca-helena\/#breadcrumb\"},\"inLanguage\":\"ca\",\"potentialAction\":[{\"@type\":\"ReadAction\",\"target\":[\"https:\/\/www.aribau.es\/bodegas-2\/bodegas-imperiales\/finca-helena\/\"]}]},{\"@type\":\"ImageObject\",\"inLanguage\":\"ca\",\"@id\":\"https:\/\/www.aribau.es\/bodegas-2\/bodegas-imperiales\/finca-helena\/#primaryimage\",\"url\":\"https:\/\/www.aribau.es\/wp-content\/uploads\/2021\/02\/FINCA-HELENA-683x1024.jpg\",\"contentUrl\":\"https:\/\/www.aribau.es\/wp-content\/uploads\/2021\/02\/FINCA-HELENA-683x1024.jpg\"},{\"@type\":\"BreadcrumbList\",\"@id\":\"https:\/\/www.aribau.es\/bodegas-2\/bodegas-imperiales\/finca-helena\/#breadcrumb\",\"itemListElement\":[{\"@type\":\"ListItem\",\"position\":1,\"name\":\"Portada\",\"item\":\"https:\/\/www.aribau.es\/\"},{\"@type\":\"ListItem\",\"position\":2,\"name\":\"BODEGAS\",\"item\":\"https:\/\/www.aribau.es\/bodegas-2\/\"},{\"@type\":\"ListItem\",\"position\":3,\"name\":\"BODEGAS IMPERIALES\",\"item\":\"https:\/\/www.aribau.es\/bodegas-2\/bodegas-imperiales\/\"},{\"@type\":\"ListItem\",\"position\":4,\"name\":\"FINCA HELENA\"}]},{\"@type\":\"WebSite\",\"@id\":\"https:\/\/www.aribau.es\/#website\",\"url\":\"https:\/\/www.aribau.es\/\",\"name\":\"Aribau\",\"description\":\"VINOS Y BODEGAS\",\"publisher\":{\"@id\":\"https:\/\/www.aribau.es\/#organization\"},\"potentialAction\":[{\"@type\":\"SearchAction\",\"target\":{\"@type\":\"EntryPoint\",\"urlTemplate\":\"https:\/\/www.aribau.es\/?s={search_term_string}\"},\"query-input\":{\"@type\":\"PropertyValueSpecification\",\"valueRequired\":true,\"valueName\":\"search_term_string\"}}],\"inLanguage\":\"ca\"},{\"@type\":\"Organization\",\"@id\":\"https:\/\/www.aribau.es\/#organization\",\"name\":\"Aribau\",\"url\":\"https:\/\/www.aribau.es\/\",\"logo\":{\"@type\":\"ImageObject\",\"inLanguage\":\"ca\",\"@id\":\"https:\/\/www.aribau.es\/#\/schema\/logo\/image\/\",\"url\":\"https:\/\/www.aribau.es\/wp-content\/uploads\/2022\/03\/logo.png\",\"contentUrl\":\"https:\/\/www.aribau.es\/wp-content\/uploads\/2022\/03\/logo.png\",\"width\":300,\"height\":300,\"caption\":\"Aribau\"},\"image\":{\"@id\":\"https:\/\/www.aribau.es\/#\/schema\/logo\/image\/\"},\"sameAs\":[\"https:\/\/www.facebook.com\/aribau1964\/\",\"https:\/\/x.com\/aribau1964\",\"https:\/\/www.instagram.com\/aribau1964\/\"]}]}<\/script>\n<!-- \/ Yoast SEO plugin. -->","yoast_head_json":{"title":"FINCA HELENA - Aribau","robots":{"index":"index","follow":"follow","max-snippet":"max-snippet:-1","max-image-preview":"max-image-preview:large","max-video-preview":"max-video-preview:-1"},"canonical":"https:\/\/www.aribau.es\/ca\/bodegas-2\/bodegas-imperiales\/finca-helena\/","og_locale":"ca_ES","og_type":"article","og_title":"FINCA HELENA - Aribau","og_description":"finca helena variedades de uva Tinta fino Crianza 15 meses Denominaci\u00f3n de origen descripci\u00f3n Color cereza intenso con ribete viol\u00e1ceo. Aroma intenso, con tonos de frutos negros maduros. Notas bals\u00e1micas, especiadas y de maderas finas. En boca es elegante, estructurado y con taninos de calidad bien domados por la crianza.","og_url":"https:\/\/www.aribau.es\/ca\/bodegas-2\/bodegas-imperiales\/finca-helena\/","og_site_name":"Aribau","article_publisher":"https:\/\/www.facebook.com\/aribau1964\/","article_modified_time":"2021-03-29T21:19:44+00:00","og_image":[{"url":"https:\/\/www.aribau.es\/wp-content\/uploads\/2021\/02\/FINCA-HELENA-683x1024.jpg","type":"","width":"","height":""}],"twitter_card":"summary_large_image","twitter_site":"@aribau1964","schema":{"@context":"https:\/\/schema.org","@graph":[{"@type":"WebPage","@id":"https:\/\/www.aribau.es\/bodegas-2\/bodegas-imperiales\/finca-helena\/","url":"https:\/\/www.aribau.es\/bodegas-2\/bodegas-imperiales\/finca-helena\/","name":"FINCA HELENA - Aribau","isPartOf":{"@id":"https:\/\/www.aribau.es\/#website"},"primaryImageOfPage":{"@id":"https:\/\/www.aribau.es\/bodegas-2\/bodegas-imperiales\/finca-helena\/#primaryimage"},"image":{"@id":"https:\/\/www.aribau.es\/bodegas-2\/bodegas-imperiales\/finca-helena\/#primaryimage"},"thumbnailUrl":"https:\/\/www.aribau.es\/wp-content\/uploads\/2021\/02\/FINCA-HELENA-683x1024.jpg","datePublished":"2021-03-29T21:18:35+00:00","dateModified":"2021-03-29T21:19:44+00:00","breadcrumb":{"@id":"https:\/\/www.aribau.es\/bodegas-2\/bodegas-imperiales\/finca-helena\/#breadcrumb"},"inLanguage":"ca","potentialAction":[{"@type":"ReadAction","target":["https:\/\/www.aribau.es\/bodegas-2\/bodegas-imperiales\/finca-helena\/"]}]},{"@type":"ImageObject","inLanguage":"ca","@id":"https:\/\/www.aribau.es\/bodegas-2\/bodegas-imperiales\/finca-helena\/#primaryimage","url":"https:\/\/www.aribau.es\/wp-content\/uploads\/2021\/02\/FINCA-HELENA-683x1024.jpg","contentUrl":"https:\/\/www.aribau.es\/wp-content\/uploads\/2021\/02\/FINCA-HELENA-683x1024.jpg"},{"@type":"BreadcrumbList","@id":"https:\/\/www.aribau.es\/bodegas-2\/bodegas-imperiales\/finca-helena\/#breadcrumb","itemListElement":[{"@type":"ListItem","position":1,"name":"Portada","item":"https:\/\/www.aribau.es\/"},{"@type":"ListItem","position":2,"name":"BODEGAS","item":"https:\/\/www.aribau.es\/bodegas-2\/"},{"@type":"ListItem","position":3,"name":"BODEGAS IMPERIALES","item":"https:\/\/www.aribau.es\/bodegas-2\/bodegas-imperiales\/"},{"@type":"ListItem","position":4,"name":"FINCA HELENA"}]},{"@type":"WebSite","@id":"https:\/\/www.aribau.es\/#website","url":"https:\/\/www.aribau.es\/","name":"Aribau","description":"VINOS Y BODEGAS","publisher":{"@id":"https:\/\/www.aribau.es\/#organization"},"potentialAction":[{"@type":"SearchAction","target":{"@type":"EntryPoint","urlTemplate":"https:\/\/www.aribau.es\/?s={search_term_string}"},"query-input":{"@type":"PropertyValueSpecification","valueRequired":true,"valueName":"search_term_string"}}],"inLanguage":"ca"},{"@type":"Organization","@id":"https:\/\/www.aribau.es\/#organization","name":"Aribau","url":"https:\/\/www.aribau.es\/","logo":{"@type":"ImageObject","inLanguage":"ca","@id":"https:\/\/www.aribau.es\/#\/schema\/logo\/image\/","url":"https:\/\/www.aribau.es\/wp-content\/uploads\/2022\/03\/logo.png","contentUrl":"https:\/\/www.aribau.es\/wp-content\/uploads\/2022\/03\/logo.png","width":300,"height":300,"caption":"Aribau"},"image":{"@id":"https:\/\/www.aribau.es\/#\/schema\/logo\/image\/"},"sameAs":["https:\/\/www.facebook.com\/aribau1964\/","https:\/\/x.com\/aribau1964","https:\/\/www.instagram.com\/aribau1964\/"]}]}},"_links":{"self":[{"href":"https:\/\/www.aribau.es\/ca\/wp-json\/wp\/v2\/pages\/8670","targetHints":{"allow":["GET"]}}],"collection":[{"href":"https:\/\/www.aribau.es\/ca\/wp-json\/wp\/v2\/pages"}],"about":[{"href":"https:\/\/www.aribau.es\/ca\/wp-json\/wp\/v2\/types\/page"}],"author":[{"embeddable":true,"href":"https:\/\/www.aribau.es\/ca\/wp-json\/wp\/v2\/users\/3"}],"replies":[{"embeddable":true,"href":"https:\/\/www.aribau.es\/ca\/wp-json\/wp\/v2\/comments?post=8670"}],"version-history":[{"count":4,"href":"https:\/\/www.aribau.es\/ca\/wp-json\/wp\/v2\/pages\/8670\/revisions"}],"predecessor-version":[{"id":8674,"href":"https:\/\/www.aribau.es\/ca\/wp-json\/wp\/v2\/pages\/8670\/revisions\/8674"}],"up":[{"embeddable":true,"href":"https:\/\/www.aribau.es\/ca\/wp-json\/wp\/v2\/pages\/8065"}],"wp:attachment":[{"href":"https:\/\/www.aribau.es\/ca\/wp-json\/wp\/v2\/media?parent=8670"}],"curies":[{"name":"wp","href":"https:\/\/api.w.org\/{rel}","templated":true}]}}