{"id":8746,"date":"2021-03-29T22:46:21","date_gmt":"2021-03-29T21:46:21","guid":{"rendered":"https:\/\/www.aribau.es\/?page_id=8746"},"modified":"2021-03-29T22:47:33","modified_gmt":"2021-03-29T21:47:33","slug":"legaris-paramos","status":"publish","type":"page","link":"https:\/\/www.aribau.es\/ca\/bodegas-2\/bodegas-legaris\/legaris-paramos\/","title":{"rendered":"LEGARIS P\u00c1RAMOS"},"content":{"rendered":"<div data-elementor-type=\"wp-page\" data-elementor-id=\"8746\" class=\"elementor elementor-8746\">\n\t\t\t\t\t\t<section class=\"elementor-section elementor-top-section elementor-element elementor-element-27b4b0c7 elementor-section-boxed elementor-section-height-default elementor-section-height-default elementor-invisible\" data-id=\"27b4b0c7\" data-element_type=\"section\" data-settings=\"{&quot;animation&quot;:&quot;fadeInUp&quot;}\">\n\t\t\t\t\t\t<div class=\"elementor-container elementor-column-gap-default\">\n\t\t\t\t\t<div class=\"elementor-column elementor-col-100 elementor-top-column elementor-element elementor-element-658eedfb\" data-id=\"658eedfb\" data-element_type=\"column\">\n\t\t\t<div class=\"elementor-widget-wrap elementor-element-populated\">\n\t\t\t\t\t\t<div class=\"elementor-element elementor-element-6463b4b4 elementor-widget elementor-widget-text-editor\" data-id=\"6463b4b4\" data-element_type=\"widget\" data-widget_type=\"text-editor.default\">\n\t\t\t\t<div class=\"elementor-widget-container\">\n\t\t\t\t\t\t\t\t\t<p>LEGARIS P\u00c1RAMOS<\/p>\t\t\t\t\t\t\t\t<\/div>\n\t\t\t\t<\/div>\n\t\t\t\t\t<\/div>\n\t\t<\/div>\n\t\t\t\t\t<\/div>\n\t\t<\/section>\n\t\t\t\t<section class=\"elementor-section elementor-top-section elementor-element elementor-element-57ae7ede elementor-section-full_width elementor-section-height-default elementor-section-height-default elementor-invisible\" data-id=\"57ae7ede\" data-element_type=\"section\" data-settings=\"{&quot;animation&quot;:&quot;fadeInUp&quot;}\">\n\t\t\t\t\t\t<div class=\"elementor-container elementor-column-gap-default\">\n\t\t\t\t\t<div class=\"elementor-column elementor-col-50 elementor-top-column elementor-element elementor-element-613ea4fe\" data-id=\"613ea4fe\" data-element_type=\"column\">\n\t\t\t<div class=\"elementor-widget-wrap elementor-element-populated\">\n\t\t\t\t\t\t<div class=\"elementor-element elementor-element-1052803e elementor-widget elementor-widget-image\" data-id=\"1052803e\" data-element_type=\"widget\" data-widget_type=\"image.default\">\n\t\t\t\t<div class=\"elementor-widget-container\">\n\t\t\t\t\t\t\t\t\t\t\t\t\t\t\t<img fetchpriority=\"high\" decoding=\"async\" width=\"504\" height=\"800\" src=\"https:\/\/www.aribau.es\/wp-content\/uploads\/2021\/02\/LEGARIS-PARAMOS.jpg\" class=\"elementor-animation-grow attachment-large size-large wp-image-7484\" alt=\"\" srcset=\"https:\/\/www.aribau.es\/wp-content\/uploads\/2021\/02\/LEGARIS-PARAMOS.jpg 504w, https:\/\/www.aribau.es\/wp-content\/uploads\/2021\/02\/LEGARIS-PARAMOS-189x300.jpg 189w\" sizes=\"(max-width: 504px) 100vw, 504px\" \/>\t\t\t\t\t\t\t\t\t\t\t\t\t\t\t<\/div>\n\t\t\t\t<\/div>\n\t\t\t\t\t<\/div>\n\t\t<\/div>\n\t\t\t\t<div class=\"elementor-column elementor-col-50 elementor-top-column elementor-element elementor-element-193dfcb5\" data-id=\"193dfcb5\" data-element_type=\"column\">\n\t\t\t<div class=\"elementor-widget-wrap elementor-element-populated\">\n\t\t\t\t\t\t<div class=\"elementor-element elementor-element-5ab304c8 elementor-widget elementor-widget-text-editor\" data-id=\"5ab304c8\" data-element_type=\"widget\" data-widget_type=\"text-editor.default\">\n\t\t\t\t<div class=\"elementor-widget-container\">\n\t\t\t\t\t\t\t\t\t<p>VARIETATS DE RA\u00cfM<\/p>\t\t\t\t\t\t\t\t<\/div>\n\t\t\t\t<\/div>\n\t\t\t\t<div class=\"elementor-element elementor-element-45a338cc elementor-widget elementor-widget-text-editor\" data-id=\"45a338cc\" data-element_type=\"widget\" data-widget_type=\"text-editor.default\">\n\t\t\t\t<div class=\"elementor-widget-container\">\n\t\t\t\t\t\t\t\t\t<p>Tinta fina<\/p>\t\t\t\t\t\t\t\t<\/div>\n\t\t\t\t<\/div>\n\t\t\t\t<div class=\"elementor-element elementor-element-1d1ee031 elementor-widget elementor-widget-text-editor\" data-id=\"1d1ee031\" data-element_type=\"widget\" data-widget_type=\"text-editor.default\">\n\t\t\t\t<div class=\"elementor-widget-container\">\n\t\t\t\t\t\t\t\t\t<p>CRIAN\u00c7A<\/p>\t\t\t\t\t\t\t\t<\/div>\n\t\t\t\t<\/div>\n\t\t\t\t<div class=\"elementor-element elementor-element-732acb8c elementor-widget elementor-widget-text-editor\" data-id=\"732acb8c\" data-element_type=\"widget\" data-widget_type=\"text-editor.default\">\n\t\t\t\t<div class=\"elementor-widget-container\">\n\t\t\t\t\t\t\t\t\t<p>9 mesos<\/p>\t\t\t\t\t\t\t\t<\/div>\n\t\t\t\t<\/div>\n\t\t\t\t<div class=\"elementor-element elementor-element-79ab9658 elementor-widget elementor-widget-text-editor\" data-id=\"79ab9658\" data-element_type=\"widget\" data-widget_type=\"text-editor.default\">\n\t\t\t\t<div class=\"elementor-widget-container\">\n\t\t\t\t\t\t\t\t\t<p>DENOMINACI\u00d3 D'ORIGEN<\/p>\t\t\t\t\t\t\t\t<\/div>\n\t\t\t\t<\/div>\n\t\t\t\t<div class=\"elementor-element elementor-element-23a36e57 elementor-widget elementor-widget-image\" data-id=\"23a36e57\" data-element_type=\"widget\" data-widget_type=\"image.default\">\n\t\t\t\t<div class=\"elementor-widget-container\">\n\t\t\t\t\t\t\t\t\t\t\t\t\t\t\t<img decoding=\"async\" width=\"1704\" height=\"1704\" src=\"https:\/\/www.aribau.es\/wp-content\/uploads\/2021\/03\/DO-RIBERA-DEL-DUERO.jpg\" class=\"attachment-full size-full wp-image-8484\" alt=\"\" srcset=\"https:\/\/www.aribau.es\/wp-content\/uploads\/2021\/03\/DO-RIBERA-DEL-DUERO.jpg 1704w, https:\/\/www.aribau.es\/wp-content\/uploads\/2021\/03\/DO-RIBERA-DEL-DUERO-300x300.jpg 300w, https:\/\/www.aribau.es\/wp-content\/uploads\/2021\/03\/DO-RIBERA-DEL-DUERO-1024x1024.jpg 1024w, https:\/\/www.aribau.es\/wp-content\/uploads\/2021\/03\/DO-RIBERA-DEL-DUERO-150x150.jpg 150w, https:\/\/www.aribau.es\/wp-content\/uploads\/2021\/03\/DO-RIBERA-DEL-DUERO-768x768.jpg 768w, https:\/\/www.aribau.es\/wp-content\/uploads\/2021\/03\/DO-RIBERA-DEL-DUERO-1536x1536.jpg 1536w\" sizes=\"(max-width: 1704px) 100vw, 1704px\" \/>\t\t\t\t\t\t\t\t\t\t\t\t\t\t\t<\/div>\n\t\t\t\t<\/div>\n\t\t\t\t<div class=\"elementor-element elementor-element-2700300e elementor-widget elementor-widget-text-editor\" data-id=\"2700300e\" data-element_type=\"widget\" data-widget_type=\"text-editor.default\">\n\t\t\t\t<div class=\"elementor-widget-container\">\n\t\t\t\t\t\t\t\t\t<p>DESCRIPCI\u00d3<\/p>\t\t\t\t\t\t\t\t<\/div>\n\t\t\t\t<\/div>\n\t\t\t\t<div class=\"elementor-element elementor-element-23b6f368 elementor-widget elementor-widget-text-editor\" data-id=\"23b6f368\" data-element_type=\"widget\" data-widget_type=\"text-editor.default\">\n\t\t\t\t<div class=\"elementor-widget-container\">\n\t\t\t\t\t\t\t\t\t<p class=\"MsoNormal\">Color vermell picota d'intensitat molt alta amb tons violacis.<o:p><\/o:p><\/p><p class=\"MsoNormal\">En nas presenta aromes intensos de fruita vermella, que predominen sobre els matisos torrats de la seva perman\u00e8ncia en b\u00f3ta.<o:p><\/o:p><\/p><p>\n\n\n\n<\/p><p class=\"MsoNormal\">En boca \u00e9s un vi fresc, sabor\u00f3s, amb tan\u00ed sed\u00f3s i rod\u00f3.<o:p><\/o:p><\/p>\t\t\t\t\t\t\t\t<\/div>\n\t\t\t\t<\/div>\n\t\t\t\t<div class=\"elementor-element elementor-element-5d457ef2 elementor-widget elementor-widget-spacer\" data-id=\"5d457ef2\" data-element_type=\"widget\" data-widget_type=\"spacer.default\">\n\t\t\t\t<div class=\"elementor-widget-container\">\n\t\t\t\t\t\t\t<div class=\"elementor-spacer\">\n\t\t\t<div class=\"elementor-spacer-inner\"><\/div>\n\t\t<\/div>\n\t\t\t\t\t\t<\/div>\n\t\t\t\t<\/div>\n\t\t\t\t\t<\/div>\n\t\t<\/div>\n\t\t\t\t\t<\/div>\n\t\t<\/section>\n\t\t\t\t<\/div>","protected":false},"excerpt":{"rendered":"<p>legaris p\u00e1ramos variedades de uva Tinto fino Crianza 9 meses Denominaci\u00f3n de origen descripci\u00f3n Color rojo picota de intensidad muy alta con tonos viol\u00e1ceos. En nariz presenta aromas intensos de fruta roja, que predominan sobre los matices tostados de su permanencia en barrica. En boca es un vino fresco, sabroso, con tanino sedoso y redondo.<\/p>","protected":false},"author":3,"featured_media":0,"parent":8080,"menu_order":0,"comment_status":"closed","ping_status":"closed","template":"elementor_header_footer","meta":{"footnotes":""},"class_list":["post-8746","page","type-page","status-publish"],"yoast_head":"<!-- This site is optimized with the Yoast SEO plugin v26.7 - https:\/\/yoast.com\/wordpress\/plugins\/seo\/ -->\n<title>LEGARIS P\u00c1RAMOS - Aribau<\/title>\n<meta name=\"robots\" content=\"index, follow, max-snippet:-1, max-image-preview:large, max-video-preview:-1\" \/>\n<link rel=\"canonical\" href=\"https:\/\/www.aribau.es\/ca\/bodegas-2\/bodegas-legaris\/legaris-paramos\/\" \/>\n<meta property=\"og:locale\" content=\"ca_ES\" \/>\n<meta property=\"og:type\" content=\"article\" \/>\n<meta property=\"og:title\" content=\"LEGARIS P\u00c1RAMOS - Aribau\" \/>\n<meta property=\"og:description\" content=\"legaris p\u00e1ramos variedades de uva Tinto fino Crianza 9 meses Denominaci\u00f3n de origen descripci\u00f3n Color rojo picota de intensidad muy alta con tonos viol\u00e1ceos. En nariz presenta aromas intensos de fruta roja, que predominan sobre los matices tostados de su permanencia en barrica. En boca es un vino fresco, sabroso, con tanino sedoso y redondo.\" \/>\n<meta property=\"og:url\" content=\"https:\/\/www.aribau.es\/ca\/bodegas-2\/bodegas-legaris\/legaris-paramos\/\" \/>\n<meta property=\"og:site_name\" content=\"Aribau\" \/>\n<meta property=\"article:publisher\" content=\"https:\/\/www.facebook.com\/aribau1964\/\" \/>\n<meta property=\"article:modified_time\" content=\"2021-03-29T21:47:33+00:00\" \/>\n<meta property=\"og:image\" content=\"https:\/\/www.aribau.es\/wp-content\/uploads\/2021\/02\/LEGARIS-PARAMOS.jpg\" \/>\n<meta name=\"twitter:card\" content=\"summary_large_image\" \/>\n<meta name=\"twitter:site\" content=\"@aribau1964\" \/>\n<script type=\"application\/ld+json\" class=\"yoast-schema-graph\">{\"@context\":\"https:\/\/schema.org\",\"@graph\":[{\"@type\":\"WebPage\",\"@id\":\"https:\/\/www.aribau.es\/bodegas-2\/bodegas-legaris\/legaris-paramos\/\",\"url\":\"https:\/\/www.aribau.es\/bodegas-2\/bodegas-legaris\/legaris-paramos\/\",\"name\":\"LEGARIS P\u00c1RAMOS - Aribau\",\"isPartOf\":{\"@id\":\"https:\/\/www.aribau.es\/#website\"},\"primaryImageOfPage\":{\"@id\":\"https:\/\/www.aribau.es\/bodegas-2\/bodegas-legaris\/legaris-paramos\/#primaryimage\"},\"image\":{\"@id\":\"https:\/\/www.aribau.es\/bodegas-2\/bodegas-legaris\/legaris-paramos\/#primaryimage\"},\"thumbnailUrl\":\"https:\/\/www.aribau.es\/wp-content\/uploads\/2021\/02\/LEGARIS-PARAMOS.jpg\",\"datePublished\":\"2021-03-29T21:46:21+00:00\",\"dateModified\":\"2021-03-29T21:47:33+00:00\",\"breadcrumb\":{\"@id\":\"https:\/\/www.aribau.es\/bodegas-2\/bodegas-legaris\/legaris-paramos\/#breadcrumb\"},\"inLanguage\":\"ca\",\"potentialAction\":[{\"@type\":\"ReadAction\",\"target\":[\"https:\/\/www.aribau.es\/bodegas-2\/bodegas-legaris\/legaris-paramos\/\"]}]},{\"@type\":\"ImageObject\",\"inLanguage\":\"ca\",\"@id\":\"https:\/\/www.aribau.es\/bodegas-2\/bodegas-legaris\/legaris-paramos\/#primaryimage\",\"url\":\"https:\/\/www.aribau.es\/wp-content\/uploads\/2021\/02\/LEGARIS-PARAMOS.jpg\",\"contentUrl\":\"https:\/\/www.aribau.es\/wp-content\/uploads\/2021\/02\/LEGARIS-PARAMOS.jpg\"},{\"@type\":\"BreadcrumbList\",\"@id\":\"https:\/\/www.aribau.es\/bodegas-2\/bodegas-legaris\/legaris-paramos\/#breadcrumb\",\"itemListElement\":[{\"@type\":\"ListItem\",\"position\":1,\"name\":\"Portada\",\"item\":\"https:\/\/www.aribau.es\/\"},{\"@type\":\"ListItem\",\"position\":2,\"name\":\"BODEGAS\",\"item\":\"https:\/\/www.aribau.es\/bodegas-2\/\"},{\"@type\":\"ListItem\",\"position\":3,\"name\":\"BODEGAS LEGARIS\",\"item\":\"https:\/\/www.aribau.es\/bodegas-2\/bodegas-legaris\/\"},{\"@type\":\"ListItem\",\"position\":4,\"name\":\"LEGARIS P\u00c1RAMOS\"}]},{\"@type\":\"WebSite\",\"@id\":\"https:\/\/www.aribau.es\/#website\",\"url\":\"https:\/\/www.aribau.es\/\",\"name\":\"Aribau\",\"description\":\"VINOS Y BODEGAS\",\"publisher\":{\"@id\":\"https:\/\/www.aribau.es\/#organization\"},\"potentialAction\":[{\"@type\":\"SearchAction\",\"target\":{\"@type\":\"EntryPoint\",\"urlTemplate\":\"https:\/\/www.aribau.es\/?s={search_term_string}\"},\"query-input\":{\"@type\":\"PropertyValueSpecification\",\"valueRequired\":true,\"valueName\":\"search_term_string\"}}],\"inLanguage\":\"ca\"},{\"@type\":\"Organization\",\"@id\":\"https:\/\/www.aribau.es\/#organization\",\"name\":\"Aribau\",\"url\":\"https:\/\/www.aribau.es\/\",\"logo\":{\"@type\":\"ImageObject\",\"inLanguage\":\"ca\",\"@id\":\"https:\/\/www.aribau.es\/#\/schema\/logo\/image\/\",\"url\":\"https:\/\/www.aribau.es\/wp-content\/uploads\/2022\/03\/logo.png\",\"contentUrl\":\"https:\/\/www.aribau.es\/wp-content\/uploads\/2022\/03\/logo.png\",\"width\":300,\"height\":300,\"caption\":\"Aribau\"},\"image\":{\"@id\":\"https:\/\/www.aribau.es\/#\/schema\/logo\/image\/\"},\"sameAs\":[\"https:\/\/www.facebook.com\/aribau1964\/\",\"https:\/\/x.com\/aribau1964\",\"https:\/\/www.instagram.com\/aribau1964\/\"]}]}<\/script>\n<!-- \/ Yoast SEO plugin. -->","yoast_head_json":{"title":"LEGARIS P\u00c1RAMOS - Aribau","robots":{"index":"index","follow":"follow","max-snippet":"max-snippet:-1","max-image-preview":"max-image-preview:large","max-video-preview":"max-video-preview:-1"},"canonical":"https:\/\/www.aribau.es\/ca\/bodegas-2\/bodegas-legaris\/legaris-paramos\/","og_locale":"ca_ES","og_type":"article","og_title":"LEGARIS P\u00c1RAMOS - Aribau","og_description":"legaris p\u00e1ramos variedades de uva Tinto fino Crianza 9 meses Denominaci\u00f3n de origen descripci\u00f3n Color rojo picota de intensidad muy alta con tonos viol\u00e1ceos. En nariz presenta aromas intensos de fruta roja, que predominan sobre los matices tostados de su permanencia en barrica. En boca es un vino fresco, sabroso, con tanino sedoso y redondo.","og_url":"https:\/\/www.aribau.es\/ca\/bodegas-2\/bodegas-legaris\/legaris-paramos\/","og_site_name":"Aribau","article_publisher":"https:\/\/www.facebook.com\/aribau1964\/","article_modified_time":"2021-03-29T21:47:33+00:00","og_image":[{"url":"https:\/\/www.aribau.es\/wp-content\/uploads\/2021\/02\/LEGARIS-PARAMOS.jpg","type":"","width":"","height":""}],"twitter_card":"summary_large_image","twitter_site":"@aribau1964","schema":{"@context":"https:\/\/schema.org","@graph":[{"@type":"WebPage","@id":"https:\/\/www.aribau.es\/bodegas-2\/bodegas-legaris\/legaris-paramos\/","url":"https:\/\/www.aribau.es\/bodegas-2\/bodegas-legaris\/legaris-paramos\/","name":"LEGARIS P\u00c1RAMOS - Aribau","isPartOf":{"@id":"https:\/\/www.aribau.es\/#website"},"primaryImageOfPage":{"@id":"https:\/\/www.aribau.es\/bodegas-2\/bodegas-legaris\/legaris-paramos\/#primaryimage"},"image":{"@id":"https:\/\/www.aribau.es\/bodegas-2\/bodegas-legaris\/legaris-paramos\/#primaryimage"},"thumbnailUrl":"https:\/\/www.aribau.es\/wp-content\/uploads\/2021\/02\/LEGARIS-PARAMOS.jpg","datePublished":"2021-03-29T21:46:21+00:00","dateModified":"2021-03-29T21:47:33+00:00","breadcrumb":{"@id":"https:\/\/www.aribau.es\/bodegas-2\/bodegas-legaris\/legaris-paramos\/#breadcrumb"},"inLanguage":"ca","potentialAction":[{"@type":"ReadAction","target":["https:\/\/www.aribau.es\/bodegas-2\/bodegas-legaris\/legaris-paramos\/"]}]},{"@type":"ImageObject","inLanguage":"ca","@id":"https:\/\/www.aribau.es\/bodegas-2\/bodegas-legaris\/legaris-paramos\/#primaryimage","url":"https:\/\/www.aribau.es\/wp-content\/uploads\/2021\/02\/LEGARIS-PARAMOS.jpg","contentUrl":"https:\/\/www.aribau.es\/wp-content\/uploads\/2021\/02\/LEGARIS-PARAMOS.jpg"},{"@type":"BreadcrumbList","@id":"https:\/\/www.aribau.es\/bodegas-2\/bodegas-legaris\/legaris-paramos\/#breadcrumb","itemListElement":[{"@type":"ListItem","position":1,"name":"Portada","item":"https:\/\/www.aribau.es\/"},{"@type":"ListItem","position":2,"name":"BODEGAS","item":"https:\/\/www.aribau.es\/bodegas-2\/"},{"@type":"ListItem","position":3,"name":"BODEGAS LEGARIS","item":"https:\/\/www.aribau.es\/bodegas-2\/bodegas-legaris\/"},{"@type":"ListItem","position":4,"name":"LEGARIS P\u00c1RAMOS"}]},{"@type":"WebSite","@id":"https:\/\/www.aribau.es\/#website","url":"https:\/\/www.aribau.es\/","name":"Aribau","description":"VINOS Y BODEGAS","publisher":{"@id":"https:\/\/www.aribau.es\/#organization"},"potentialAction":[{"@type":"SearchAction","target":{"@type":"EntryPoint","urlTemplate":"https:\/\/www.aribau.es\/?s={search_term_string}"},"query-input":{"@type":"PropertyValueSpecification","valueRequired":true,"valueName":"search_term_string"}}],"inLanguage":"ca"},{"@type":"Organization","@id":"https:\/\/www.aribau.es\/#organization","name":"Aribau","url":"https:\/\/www.aribau.es\/","logo":{"@type":"ImageObject","inLanguage":"ca","@id":"https:\/\/www.aribau.es\/#\/schema\/logo\/image\/","url":"https:\/\/www.aribau.es\/wp-content\/uploads\/2022\/03\/logo.png","contentUrl":"https:\/\/www.aribau.es\/wp-content\/uploads\/2022\/03\/logo.png","width":300,"height":300,"caption":"Aribau"},"image":{"@id":"https:\/\/www.aribau.es\/#\/schema\/logo\/image\/"},"sameAs":["https:\/\/www.facebook.com\/aribau1964\/","https:\/\/x.com\/aribau1964","https:\/\/www.instagram.com\/aribau1964\/"]}]}},"_links":{"self":[{"href":"https:\/\/www.aribau.es\/ca\/wp-json\/wp\/v2\/pages\/8746","targetHints":{"allow":["GET"]}}],"collection":[{"href":"https:\/\/www.aribau.es\/ca\/wp-json\/wp\/v2\/pages"}],"about":[{"href":"https:\/\/www.aribau.es\/ca\/wp-json\/wp\/v2\/types\/page"}],"author":[{"embeddable":true,"href":"https:\/\/www.aribau.es\/ca\/wp-json\/wp\/v2\/users\/3"}],"replies":[{"embeddable":true,"href":"https:\/\/www.aribau.es\/ca\/wp-json\/wp\/v2\/comments?post=8746"}],"version-history":[{"count":4,"href":"https:\/\/www.aribau.es\/ca\/wp-json\/wp\/v2\/pages\/8746\/revisions"}],"predecessor-version":[{"id":8750,"href":"https:\/\/www.aribau.es\/ca\/wp-json\/wp\/v2\/pages\/8746\/revisions\/8750"}],"up":[{"embeddable":true,"href":"https:\/\/www.aribau.es\/ca\/wp-json\/wp\/v2\/pages\/8080"}],"wp:attachment":[{"href":"https:\/\/www.aribau.es\/ca\/wp-json\/wp\/v2\/media?parent=8746"}],"curies":[{"name":"wp","href":"https:\/\/api.w.org\/{rel}","templated":true}]}}