{"id":9472,"date":"2021-03-30T11:28:09","date_gmt":"2021-03-30T10:28:09","guid":{"rendered":"https:\/\/www.aribau.es\/?page_id=9472"},"modified":"2021-03-30T11:29:59","modified_gmt":"2021-03-30T10:29:59","slug":"infinitus-cabernet-sauvignon-tempranillo","status":"publish","type":"page","link":"https:\/\/www.aribau.es\/ca\/bodegas-2\/cosecheros-y-criadores\/infinitus-cabernet-sauvignon-tempranillo\/","title":{"rendered":"INFINITUS CABERNET SAUVIGNON-TEMPRANILLO"},"content":{"rendered":"<div data-elementor-type=\"wp-page\" data-elementor-id=\"9472\" class=\"elementor elementor-9472\">\n\t\t\t\t\t\t<section class=\"elementor-section elementor-top-section elementor-element elementor-element-35933e36 elementor-section-boxed elementor-section-height-default elementor-section-height-default elementor-invisible\" data-id=\"35933e36\" data-element_type=\"section\" data-settings=\"{&quot;animation&quot;:&quot;fadeInUp&quot;}\">\n\t\t\t\t\t\t<div class=\"elementor-container elementor-column-gap-default\">\n\t\t\t\t\t<div class=\"elementor-column elementor-col-100 elementor-top-column elementor-element elementor-element-7bbc4af8\" data-id=\"7bbc4af8\" data-element_type=\"column\">\n\t\t\t<div class=\"elementor-widget-wrap elementor-element-populated\">\n\t\t\t\t\t\t<div class=\"elementor-element elementor-element-2cc43ffe elementor-widget elementor-widget-text-editor\" data-id=\"2cc43ffe\" data-element_type=\"widget\" data-widget_type=\"text-editor.default\">\n\t\t\t\t<div class=\"elementor-widget-container\">\n\t\t\t\t\t\t\t\t\t<p>INFINITUS CABERNET SAUVIGNON TEMPRANILLO<\/p>\t\t\t\t\t\t\t\t<\/div>\n\t\t\t\t<\/div>\n\t\t\t\t\t<\/div>\n\t\t<\/div>\n\t\t\t\t\t<\/div>\n\t\t<\/section>\n\t\t\t\t<section class=\"elementor-section elementor-top-section elementor-element elementor-element-4c22effd elementor-section-full_width elementor-section-height-default elementor-section-height-default elementor-invisible\" data-id=\"4c22effd\" data-element_type=\"section\" data-settings=\"{&quot;animation&quot;:&quot;fadeInUp&quot;}\">\n\t\t\t\t\t\t<div class=\"elementor-container elementor-column-gap-default\">\n\t\t\t\t\t<div class=\"elementor-column elementor-col-50 elementor-top-column elementor-element elementor-element-23246700\" data-id=\"23246700\" data-element_type=\"column\">\n\t\t\t<div class=\"elementor-widget-wrap elementor-element-populated\">\n\t\t\t\t\t\t<div class=\"elementor-element elementor-element-16ef2071 elementor-widget elementor-widget-image\" data-id=\"16ef2071\" data-element_type=\"widget\" data-widget_type=\"image.default\">\n\t\t\t\t<div class=\"elementor-widget-container\">\n\t\t\t\t\t\t\t\t\t\t\t\t\t\t\t<img fetchpriority=\"high\" decoding=\"async\" width=\"270\" height=\"1024\" src=\"https:\/\/www.aribau.es\/wp-content\/uploads\/2021\/02\/INFINITUS-CABERNET-SAUVIGNON-TEMPRANILLO-270x1024.jpg\" class=\"elementor-animation-grow attachment-large size-large wp-image-7546\" alt=\"\" srcset=\"https:\/\/www.aribau.es\/wp-content\/uploads\/2021\/02\/INFINITUS-CABERNET-SAUVIGNON-TEMPRANILLO-270x1024.jpg 270w, https:\/\/www.aribau.es\/wp-content\/uploads\/2021\/02\/INFINITUS-CABERNET-SAUVIGNON-TEMPRANILLO-79x300.jpg 79w\" sizes=\"(max-width: 270px) 100vw, 270px\" \/>\t\t\t\t\t\t\t\t\t\t\t\t\t\t\t<\/div>\n\t\t\t\t<\/div>\n\t\t\t\t\t<\/div>\n\t\t<\/div>\n\t\t\t\t<div class=\"elementor-column elementor-col-50 elementor-top-column elementor-element elementor-element-24f29982\" data-id=\"24f29982\" data-element_type=\"column\">\n\t\t\t<div class=\"elementor-widget-wrap elementor-element-populated\">\n\t\t\t\t\t\t<div class=\"elementor-element elementor-element-5e661c82 elementor-widget elementor-widget-text-editor\" data-id=\"5e661c82\" data-element_type=\"widget\" data-widget_type=\"text-editor.default\">\n\t\t\t\t<div class=\"elementor-widget-container\">\n\t\t\t\t\t\t\t\t\t<p>VARIETATS DE RA\u00cfM<\/p>\t\t\t\t\t\t\t\t<\/div>\n\t\t\t\t<\/div>\n\t\t\t\t<div class=\"elementor-element elementor-element-7cbc5a7e elementor-widget elementor-widget-text-editor\" data-id=\"7cbc5a7e\" data-element_type=\"widget\" data-widget_type=\"text-editor.default\">\n\t\t\t\t<div class=\"elementor-widget-container\">\n\t\t\t\t\t\t\t\t\t<p>Cabernet, ull de llebre<\/p>\t\t\t\t\t\t\t\t<\/div>\n\t\t\t\t<\/div>\n\t\t\t\t<div class=\"elementor-element elementor-element-7484a5e8 elementor-widget elementor-widget-text-editor\" data-id=\"7484a5e8\" data-element_type=\"widget\" data-widget_type=\"text-editor.default\">\n\t\t\t\t<div class=\"elementor-widget-container\">\n\t\t\t\t\t\t\t\t\t<p>CRIAN\u00c7A<\/p>\t\t\t\t\t\t\t\t<\/div>\n\t\t\t\t<\/div>\n\t\t\t\t<div class=\"elementor-element elementor-element-42e102f1 elementor-widget elementor-widget-text-editor\" data-id=\"42e102f1\" data-element_type=\"widget\" data-widget_type=\"text-editor.default\">\n\t\t\t\t<div class=\"elementor-widget-container\">\n\t\t\t\t\t\t\t\t\t<p>6 mesos<\/p>\t\t\t\t\t\t\t\t<\/div>\n\t\t\t\t<\/div>\n\t\t\t\t<div class=\"elementor-element elementor-element-4dabd6ce elementor-widget elementor-widget-text-editor\" data-id=\"4dabd6ce\" data-element_type=\"widget\" data-widget_type=\"text-editor.default\">\n\t\t\t\t<div class=\"elementor-widget-container\">\n\t\t\t\t\t\t\t\t\t<p>DENOMINACI\u00d3 D'ORIGEN<\/p>\t\t\t\t\t\t\t\t<\/div>\n\t\t\t\t<\/div>\n\t\t\t\t<div class=\"elementor-element elementor-element-4ccbb1ea elementor-widget elementor-widget-image\" data-id=\"4ccbb1ea\" data-element_type=\"widget\" data-widget_type=\"image.default\">\n\t\t\t\t<div class=\"elementor-widget-container\">\n\t\t\t\t\t\t\t\t\t\t\t\t\t\t\t<img decoding=\"async\" width=\"225\" height=\"225\" src=\"https:\/\/www.aribau.es\/wp-content\/uploads\/2021\/03\/TIERRA-DE-CASTILLA.png\" class=\"attachment-full size-full wp-image-9415\" alt=\"\" srcset=\"https:\/\/www.aribau.es\/wp-content\/uploads\/2021\/03\/TIERRA-DE-CASTILLA.png 225w, https:\/\/www.aribau.es\/wp-content\/uploads\/2021\/03\/TIERRA-DE-CASTILLA-150x150.png 150w\" sizes=\"(max-width: 225px) 100vw, 225px\" \/>\t\t\t\t\t\t\t\t\t\t\t\t\t\t\t<\/div>\n\t\t\t\t<\/div>\n\t\t\t\t<div class=\"elementor-element elementor-element-3dc51eae elementor-widget elementor-widget-text-editor\" data-id=\"3dc51eae\" data-element_type=\"widget\" data-widget_type=\"text-editor.default\">\n\t\t\t\t<div class=\"elementor-widget-container\">\n\t\t\t\t\t\t\t\t\t<p>DESCRIPCI\u00d3<\/p>\t\t\t\t\t\t\t\t<\/div>\n\t\t\t\t<\/div>\n\t\t\t\t<div class=\"elementor-element elementor-element-555cb1a9 elementor-widget elementor-widget-text-editor\" data-id=\"555cb1a9\" data-element_type=\"widget\" data-widget_type=\"text-editor.default\">\n\t\t\t\t<div class=\"elementor-widget-container\">\n\t\t\t\t\t\t\t\t\t<p class=\"MsoNormal\"><span lang=\"CA\">Intensitat mitjana alta amb tons granats i rivet blav\u00f3s, net i brillant. Ll\u00e0grima abundant i densa. Agradables aromes a sotabosc barrejats amb la vainilla del roure americ\u00e0 i els bals\u00e0mics del cabernet. Intens atac amb recorregut carn\u00f3s i gran estructura, per\u00f2 sense mostrar arestes desagradables, ben treballat amb la fusta de roure que li aporta un postgust torrat.<\/span><\/p>\t\t\t\t\t\t\t\t<\/div>\n\t\t\t\t<\/div>\n\t\t\t\t<div class=\"elementor-element elementor-element-ffe6133 elementor-widget elementor-widget-image\" data-id=\"ffe6133\" data-element_type=\"widget\" data-widget_type=\"image.default\">\n\t\t\t\t<div class=\"elementor-widget-container\">\n\t\t\t\t\t\t\t\t\t\t\t\t\t\t\t<img decoding=\"async\" width=\"300\" height=\"300\" src=\"https:\/\/www.aribau.es\/wp-content\/uploads\/2021\/03\/eco-png-2-300x300-1.png\" class=\"attachment-full size-full wp-image-9214\" alt=\"\" srcset=\"https:\/\/www.aribau.es\/wp-content\/uploads\/2021\/03\/eco-png-2-300x300-1.png 300w, https:\/\/www.aribau.es\/wp-content\/uploads\/2021\/03\/eco-png-2-300x300-1-150x150.png 150w\" sizes=\"(max-width: 300px) 100vw, 300px\" \/>\t\t\t\t\t\t\t\t\t\t\t\t\t\t\t<\/div>\n\t\t\t\t<\/div>\n\t\t\t\t<div class=\"elementor-element elementor-element-776e7ab8 elementor-widget elementor-widget-spacer\" data-id=\"776e7ab8\" data-element_type=\"widget\" data-widget_type=\"spacer.default\">\n\t\t\t\t<div class=\"elementor-widget-container\">\n\t\t\t\t\t\t\t<div class=\"elementor-spacer\">\n\t\t\t<div class=\"elementor-spacer-inner\"><\/div>\n\t\t<\/div>\n\t\t\t\t\t\t<\/div>\n\t\t\t\t<\/div>\n\t\t\t\t\t<\/div>\n\t\t<\/div>\n\t\t\t\t\t<\/div>\n\t\t<\/section>\n\t\t\t\t<\/div>","protected":false},"excerpt":{"rendered":"<p>Infinitus cabernet sauvignon-tempranillo variedades de uva Cabernet, Tempranillo Crianza 6 meses Denominaci\u00f3n de origen descripci\u00f3n Intensidad media alta con tonos granates y ribete azulado, limpio y brillante. L\u00e1grima abundante y densa. Agradables aromas a sotobosque mezclados con la vainilla del roble americano y los bals\u00e1micos del cabernet. Intenso ataque con recorrido carnoso y gran estructura &#8230; <a title=\"INFINITUS CABERNET SAUVIGNON-TEMPRANILLO\" class=\"read-more\" href=\"https:\/\/www.aribau.es\/ca\/bodegas-2\/cosecheros-y-criadores\/infinitus-cabernet-sauvignon-tempranillo\/\" aria-label=\"M\u00e9s informaci\u00f3 sobre INFINITUS CABERNET SAUVIGNON-TEMPRANILLO\">Llegiu m\u00e9s<\/a><\/p>","protected":false},"author":3,"featured_media":0,"parent":8143,"menu_order":0,"comment_status":"closed","ping_status":"closed","template":"elementor_header_footer","meta":{"footnotes":""},"class_list":["post-9472","page","type-page","status-publish"],"yoast_head":"<!-- This site is optimized with the Yoast SEO plugin v26.7 - https:\/\/yoast.com\/wordpress\/plugins\/seo\/ -->\n<title>INFINITUS CABERNET SAUVIGNON-TEMPRANILLO - Aribau<\/title>\n<meta name=\"robots\" content=\"index, follow, max-snippet:-1, max-image-preview:large, max-video-preview:-1\" \/>\n<link rel=\"canonical\" href=\"https:\/\/www.aribau.es\/ca\/bodegas-2\/cosecheros-y-criadores\/infinitus-cabernet-sauvignon-tempranillo\/\" \/>\n<meta property=\"og:locale\" content=\"ca_ES\" \/>\n<meta property=\"og:type\" content=\"article\" \/>\n<meta property=\"og:title\" content=\"INFINITUS CABERNET SAUVIGNON-TEMPRANILLO - Aribau\" \/>\n<meta property=\"og:description\" content=\"Infinitus cabernet sauvignon-tempranillo variedades de uva Cabernet, Tempranillo Crianza 6 meses Denominaci\u00f3n de origen descripci\u00f3n Intensidad media alta con tonos granates y ribete azulado, limpio y brillante. L\u00e1grima abundante y densa. Agradables aromas a sotobosque mezclados con la vainilla del roble americano y los bals\u00e1micos del cabernet. Intenso ataque con recorrido carnoso y gran estructura ... Llegiu m\u00e9s\" \/>\n<meta property=\"og:url\" content=\"https:\/\/www.aribau.es\/ca\/bodegas-2\/cosecheros-y-criadores\/infinitus-cabernet-sauvignon-tempranillo\/\" \/>\n<meta property=\"og:site_name\" content=\"Aribau\" \/>\n<meta property=\"article:publisher\" content=\"https:\/\/www.facebook.com\/aribau1964\/\" \/>\n<meta property=\"article:modified_time\" content=\"2021-03-30T10:29:59+00:00\" \/>\n<meta property=\"og:image\" content=\"https:\/\/www.aribau.es\/wp-content\/uploads\/2021\/02\/INFINITUS-CABERNET-SAUVIGNON-TEMPRANILLO-270x1024.jpg\" \/>\n<meta name=\"twitter:card\" content=\"summary_large_image\" \/>\n<meta name=\"twitter:site\" content=\"@aribau1964\" \/>\n<script type=\"application\/ld+json\" class=\"yoast-schema-graph\">{\"@context\":\"https:\/\/schema.org\",\"@graph\":[{\"@type\":\"WebPage\",\"@id\":\"https:\/\/www.aribau.es\/bodegas-2\/cosecheros-y-criadores\/infinitus-cabernet-sauvignon-tempranillo\/\",\"url\":\"https:\/\/www.aribau.es\/bodegas-2\/cosecheros-y-criadores\/infinitus-cabernet-sauvignon-tempranillo\/\",\"name\":\"INFINITUS CABERNET SAUVIGNON-TEMPRANILLO - Aribau\",\"isPartOf\":{\"@id\":\"https:\/\/www.aribau.es\/#website\"},\"primaryImageOfPage\":{\"@id\":\"https:\/\/www.aribau.es\/bodegas-2\/cosecheros-y-criadores\/infinitus-cabernet-sauvignon-tempranillo\/#primaryimage\"},\"image\":{\"@id\":\"https:\/\/www.aribau.es\/bodegas-2\/cosecheros-y-criadores\/infinitus-cabernet-sauvignon-tempranillo\/#primaryimage\"},\"thumbnailUrl\":\"https:\/\/www.aribau.es\/wp-content\/uploads\/2021\/02\/INFINITUS-CABERNET-SAUVIGNON-TEMPRANILLO-270x1024.jpg\",\"datePublished\":\"2021-03-30T10:28:09+00:00\",\"dateModified\":\"2021-03-30T10:29:59+00:00\",\"breadcrumb\":{\"@id\":\"https:\/\/www.aribau.es\/bodegas-2\/cosecheros-y-criadores\/infinitus-cabernet-sauvignon-tempranillo\/#breadcrumb\"},\"inLanguage\":\"ca\",\"potentialAction\":[{\"@type\":\"ReadAction\",\"target\":[\"https:\/\/www.aribau.es\/bodegas-2\/cosecheros-y-criadores\/infinitus-cabernet-sauvignon-tempranillo\/\"]}]},{\"@type\":\"ImageObject\",\"inLanguage\":\"ca\",\"@id\":\"https:\/\/www.aribau.es\/bodegas-2\/cosecheros-y-criadores\/infinitus-cabernet-sauvignon-tempranillo\/#primaryimage\",\"url\":\"https:\/\/www.aribau.es\/wp-content\/uploads\/2021\/02\/INFINITUS-CABERNET-SAUVIGNON-TEMPRANILLO-270x1024.jpg\",\"contentUrl\":\"https:\/\/www.aribau.es\/wp-content\/uploads\/2021\/02\/INFINITUS-CABERNET-SAUVIGNON-TEMPRANILLO-270x1024.jpg\"},{\"@type\":\"BreadcrumbList\",\"@id\":\"https:\/\/www.aribau.es\/bodegas-2\/cosecheros-y-criadores\/infinitus-cabernet-sauvignon-tempranillo\/#breadcrumb\",\"itemListElement\":[{\"@type\":\"ListItem\",\"position\":1,\"name\":\"Portada\",\"item\":\"https:\/\/www.aribau.es\/\"},{\"@type\":\"ListItem\",\"position\":2,\"name\":\"BODEGAS\",\"item\":\"https:\/\/www.aribau.es\/bodegas-2\/\"},{\"@type\":\"ListItem\",\"position\":3,\"name\":\"COSECHEROS Y CRIADORES\",\"item\":\"https:\/\/www.aribau.es\/bodegas-2\/cosecheros-y-criadores\/\"},{\"@type\":\"ListItem\",\"position\":4,\"name\":\"INFINITUS CABERNET SAUVIGNON-TEMPRANILLO\"}]},{\"@type\":\"WebSite\",\"@id\":\"https:\/\/www.aribau.es\/#website\",\"url\":\"https:\/\/www.aribau.es\/\",\"name\":\"Aribau\",\"description\":\"VINOS Y BODEGAS\",\"publisher\":{\"@id\":\"https:\/\/www.aribau.es\/#organization\"},\"potentialAction\":[{\"@type\":\"SearchAction\",\"target\":{\"@type\":\"EntryPoint\",\"urlTemplate\":\"https:\/\/www.aribau.es\/?s={search_term_string}\"},\"query-input\":{\"@type\":\"PropertyValueSpecification\",\"valueRequired\":true,\"valueName\":\"search_term_string\"}}],\"inLanguage\":\"ca\"},{\"@type\":\"Organization\",\"@id\":\"https:\/\/www.aribau.es\/#organization\",\"name\":\"Aribau\",\"url\":\"https:\/\/www.aribau.es\/\",\"logo\":{\"@type\":\"ImageObject\",\"inLanguage\":\"ca\",\"@id\":\"https:\/\/www.aribau.es\/#\/schema\/logo\/image\/\",\"url\":\"https:\/\/www.aribau.es\/wp-content\/uploads\/2022\/03\/logo.png\",\"contentUrl\":\"https:\/\/www.aribau.es\/wp-content\/uploads\/2022\/03\/logo.png\",\"width\":300,\"height\":300,\"caption\":\"Aribau\"},\"image\":{\"@id\":\"https:\/\/www.aribau.es\/#\/schema\/logo\/image\/\"},\"sameAs\":[\"https:\/\/www.facebook.com\/aribau1964\/\",\"https:\/\/x.com\/aribau1964\",\"https:\/\/www.instagram.com\/aribau1964\/\"]}]}<\/script>\n<!-- \/ Yoast SEO plugin. -->","yoast_head_json":{"title":"INFINITUS CABERNET SAUVIGNON-TEMPRANILLO - Aribau","robots":{"index":"index","follow":"follow","max-snippet":"max-snippet:-1","max-image-preview":"max-image-preview:large","max-video-preview":"max-video-preview:-1"},"canonical":"https:\/\/www.aribau.es\/ca\/bodegas-2\/cosecheros-y-criadores\/infinitus-cabernet-sauvignon-tempranillo\/","og_locale":"ca_ES","og_type":"article","og_title":"INFINITUS CABERNET SAUVIGNON-TEMPRANILLO - Aribau","og_description":"Infinitus cabernet sauvignon-tempranillo variedades de uva Cabernet, Tempranillo Crianza 6 meses Denominaci\u00f3n de origen descripci\u00f3n Intensidad media alta con tonos granates y ribete azulado, limpio y brillante. L\u00e1grima abundante y densa. Agradables aromas a sotobosque mezclados con la vainilla del roble americano y los bals\u00e1micos del cabernet. Intenso ataque con recorrido carnoso y gran estructura ... Llegiu m\u00e9s","og_url":"https:\/\/www.aribau.es\/ca\/bodegas-2\/cosecheros-y-criadores\/infinitus-cabernet-sauvignon-tempranillo\/","og_site_name":"Aribau","article_publisher":"https:\/\/www.facebook.com\/aribau1964\/","article_modified_time":"2021-03-30T10:29:59+00:00","og_image":[{"url":"https:\/\/www.aribau.es\/wp-content\/uploads\/2021\/02\/INFINITUS-CABERNET-SAUVIGNON-TEMPRANILLO-270x1024.jpg","type":"","width":"","height":""}],"twitter_card":"summary_large_image","twitter_site":"@aribau1964","schema":{"@context":"https:\/\/schema.org","@graph":[{"@type":"WebPage","@id":"https:\/\/www.aribau.es\/bodegas-2\/cosecheros-y-criadores\/infinitus-cabernet-sauvignon-tempranillo\/","url":"https:\/\/www.aribau.es\/bodegas-2\/cosecheros-y-criadores\/infinitus-cabernet-sauvignon-tempranillo\/","name":"INFINITUS CABERNET SAUVIGNON-TEMPRANILLO - Aribau","isPartOf":{"@id":"https:\/\/www.aribau.es\/#website"},"primaryImageOfPage":{"@id":"https:\/\/www.aribau.es\/bodegas-2\/cosecheros-y-criadores\/infinitus-cabernet-sauvignon-tempranillo\/#primaryimage"},"image":{"@id":"https:\/\/www.aribau.es\/bodegas-2\/cosecheros-y-criadores\/infinitus-cabernet-sauvignon-tempranillo\/#primaryimage"},"thumbnailUrl":"https:\/\/www.aribau.es\/wp-content\/uploads\/2021\/02\/INFINITUS-CABERNET-SAUVIGNON-TEMPRANILLO-270x1024.jpg","datePublished":"2021-03-30T10:28:09+00:00","dateModified":"2021-03-30T10:29:59+00:00","breadcrumb":{"@id":"https:\/\/www.aribau.es\/bodegas-2\/cosecheros-y-criadores\/infinitus-cabernet-sauvignon-tempranillo\/#breadcrumb"},"inLanguage":"ca","potentialAction":[{"@type":"ReadAction","target":["https:\/\/www.aribau.es\/bodegas-2\/cosecheros-y-criadores\/infinitus-cabernet-sauvignon-tempranillo\/"]}]},{"@type":"ImageObject","inLanguage":"ca","@id":"https:\/\/www.aribau.es\/bodegas-2\/cosecheros-y-criadores\/infinitus-cabernet-sauvignon-tempranillo\/#primaryimage","url":"https:\/\/www.aribau.es\/wp-content\/uploads\/2021\/02\/INFINITUS-CABERNET-SAUVIGNON-TEMPRANILLO-270x1024.jpg","contentUrl":"https:\/\/www.aribau.es\/wp-content\/uploads\/2021\/02\/INFINITUS-CABERNET-SAUVIGNON-TEMPRANILLO-270x1024.jpg"},{"@type":"BreadcrumbList","@id":"https:\/\/www.aribau.es\/bodegas-2\/cosecheros-y-criadores\/infinitus-cabernet-sauvignon-tempranillo\/#breadcrumb","itemListElement":[{"@type":"ListItem","position":1,"name":"Portada","item":"https:\/\/www.aribau.es\/"},{"@type":"ListItem","position":2,"name":"BODEGAS","item":"https:\/\/www.aribau.es\/bodegas-2\/"},{"@type":"ListItem","position":3,"name":"COSECHEROS Y CRIADORES","item":"https:\/\/www.aribau.es\/bodegas-2\/cosecheros-y-criadores\/"},{"@type":"ListItem","position":4,"name":"INFINITUS CABERNET SAUVIGNON-TEMPRANILLO"}]},{"@type":"WebSite","@id":"https:\/\/www.aribau.es\/#website","url":"https:\/\/www.aribau.es\/","name":"Aribau","description":"VINOS Y BODEGAS","publisher":{"@id":"https:\/\/www.aribau.es\/#organization"},"potentialAction":[{"@type":"SearchAction","target":{"@type":"EntryPoint","urlTemplate":"https:\/\/www.aribau.es\/?s={search_term_string}"},"query-input":{"@type":"PropertyValueSpecification","valueRequired":true,"valueName":"search_term_string"}}],"inLanguage":"ca"},{"@type":"Organization","@id":"https:\/\/www.aribau.es\/#organization","name":"Aribau","url":"https:\/\/www.aribau.es\/","logo":{"@type":"ImageObject","inLanguage":"ca","@id":"https:\/\/www.aribau.es\/#\/schema\/logo\/image\/","url":"https:\/\/www.aribau.es\/wp-content\/uploads\/2022\/03\/logo.png","contentUrl":"https:\/\/www.aribau.es\/wp-content\/uploads\/2022\/03\/logo.png","width":300,"height":300,"caption":"Aribau"},"image":{"@id":"https:\/\/www.aribau.es\/#\/schema\/logo\/image\/"},"sameAs":["https:\/\/www.facebook.com\/aribau1964\/","https:\/\/x.com\/aribau1964","https:\/\/www.instagram.com\/aribau1964\/"]}]}},"_links":{"self":[{"href":"https:\/\/www.aribau.es\/ca\/wp-json\/wp\/v2\/pages\/9472","targetHints":{"allow":["GET"]}}],"collection":[{"href":"https:\/\/www.aribau.es\/ca\/wp-json\/wp\/v2\/pages"}],"about":[{"href":"https:\/\/www.aribau.es\/ca\/wp-json\/wp\/v2\/types\/page"}],"author":[{"embeddable":true,"href":"https:\/\/www.aribau.es\/ca\/wp-json\/wp\/v2\/users\/3"}],"replies":[{"embeddable":true,"href":"https:\/\/www.aribau.es\/ca\/wp-json\/wp\/v2\/comments?post=9472"}],"version-history":[{"count":4,"href":"https:\/\/www.aribau.es\/ca\/wp-json\/wp\/v2\/pages\/9472\/revisions"}],"predecessor-version":[{"id":9476,"href":"https:\/\/www.aribau.es\/ca\/wp-json\/wp\/v2\/pages\/9472\/revisions\/9476"}],"up":[{"embeddable":true,"href":"https:\/\/www.aribau.es\/ca\/wp-json\/wp\/v2\/pages\/8143"}],"wp:attachment":[{"href":"https:\/\/www.aribau.es\/ca\/wp-json\/wp\/v2\/media?parent=9472"}],"curies":[{"name":"wp","href":"https:\/\/api.w.org\/{rel}","templated":true}]}}