{"id":9527,"date":"2021-03-30T12:03:10","date_gmt":"2021-03-30T11:03:10","guid":{"rendered":"https:\/\/www.aribau.es\/?page_id=9527"},"modified":"2021-03-30T12:04:35","modified_gmt":"2021-03-30T11:04:35","slug":"temps-blanco","status":"publish","type":"page","link":"https:\/\/www.aribau.es\/ca\/bodegas-2\/cosecheros-y-criadores\/temps-blanco\/","title":{"rendered":"TEMPS BLANC"},"content":{"rendered":"<div data-elementor-type=\"wp-page\" data-elementor-id=\"9527\" class=\"elementor elementor-9527\">\n\t\t\t\t\t\t<section class=\"elementor-section elementor-top-section elementor-element elementor-element-72dc8366 elementor-section-boxed elementor-section-height-default elementor-section-height-default elementor-invisible\" data-id=\"72dc8366\" data-element_type=\"section\" data-settings=\"{&quot;animation&quot;:&quot;fadeInUp&quot;}\">\n\t\t\t\t\t\t<div class=\"elementor-container elementor-column-gap-default\">\n\t\t\t\t\t<div class=\"elementor-column elementor-col-100 elementor-top-column elementor-element elementor-element-4153b016\" data-id=\"4153b016\" data-element_type=\"column\">\n\t\t\t<div class=\"elementor-widget-wrap elementor-element-populated\">\n\t\t\t\t\t\t<div class=\"elementor-element elementor-element-d78243e elementor-widget elementor-widget-text-editor\" data-id=\"d78243e\" data-element_type=\"widget\" data-widget_type=\"text-editor.default\">\n\t\t\t\t<div class=\"elementor-widget-container\">\n\t\t\t\t\t\t\t\t\t<p>TEMPS BLANC<\/p>\t\t\t\t\t\t\t\t<\/div>\n\t\t\t\t<\/div>\n\t\t\t\t\t<\/div>\n\t\t<\/div>\n\t\t\t\t\t<\/div>\n\t\t<\/section>\n\t\t\t\t<section class=\"elementor-section elementor-top-section elementor-element elementor-element-48363ac1 elementor-section-full_width elementor-section-height-default elementor-section-height-default elementor-invisible\" data-id=\"48363ac1\" data-element_type=\"section\" data-settings=\"{&quot;animation&quot;:&quot;fadeInUp&quot;}\">\n\t\t\t\t\t\t<div class=\"elementor-container elementor-column-gap-default\">\n\t\t\t\t\t<div class=\"elementor-column elementor-col-50 elementor-top-column elementor-element elementor-element-631f966\" data-id=\"631f966\" data-element_type=\"column\">\n\t\t\t<div class=\"elementor-widget-wrap elementor-element-populated\">\n\t\t\t\t\t\t<div class=\"elementor-element elementor-element-7416a093 elementor-widget elementor-widget-image\" data-id=\"7416a093\" data-element_type=\"widget\" data-widget_type=\"image.default\">\n\t\t\t\t<div class=\"elementor-widget-container\">\n\t\t\t\t\t\t\t\t\t\t\t\t\t\t\t<img fetchpriority=\"high\" decoding=\"async\" width=\"800\" height=\"800\" src=\"https:\/\/www.aribau.es\/wp-content\/uploads\/2021\/02\/TEMPS-BLANCO.png\" class=\"elementor-animation-grow attachment-large size-large wp-image-7558\" alt=\"\" srcset=\"https:\/\/www.aribau.es\/wp-content\/uploads\/2021\/02\/TEMPS-BLANCO.png 800w, https:\/\/www.aribau.es\/wp-content\/uploads\/2021\/02\/TEMPS-BLANCO-300x300.png 300w, https:\/\/www.aribau.es\/wp-content\/uploads\/2021\/02\/TEMPS-BLANCO-150x150.png 150w, https:\/\/www.aribau.es\/wp-content\/uploads\/2021\/02\/TEMPS-BLANCO-768x768.png 768w\" sizes=\"(max-width: 800px) 100vw, 800px\" \/>\t\t\t\t\t\t\t\t\t\t\t\t\t\t\t<\/div>\n\t\t\t\t<\/div>\n\t\t\t\t\t<\/div>\n\t\t<\/div>\n\t\t\t\t<div class=\"elementor-column elementor-col-50 elementor-top-column elementor-element elementor-element-7a84f585\" data-id=\"7a84f585\" data-element_type=\"column\">\n\t\t\t<div class=\"elementor-widget-wrap elementor-element-populated\">\n\t\t\t\t\t\t<div class=\"elementor-element elementor-element-4ade0631 elementor-widget elementor-widget-text-editor\" data-id=\"4ade0631\" data-element_type=\"widget\" data-widget_type=\"text-editor.default\">\n\t\t\t\t<div class=\"elementor-widget-container\">\n\t\t\t\t\t\t\t\t\t<p>VARIETATS DE RA\u00cfM<\/p>\t\t\t\t\t\t\t\t<\/div>\n\t\t\t\t<\/div>\n\t\t\t\t<div class=\"elementor-element elementor-element-5991820d elementor-widget elementor-widget-text-editor\" data-id=\"5991820d\" data-element_type=\"widget\" data-widget_type=\"text-editor.default\">\n\t\t\t\t<div class=\"elementor-widget-container\">\n\t\t\t\t\t\t\t\t\t<p>Viura, sauvignon blanc<\/p>\t\t\t\t\t\t\t\t<\/div>\n\t\t\t\t<\/div>\n\t\t\t\t<div class=\"elementor-element elementor-element-450a32f8 elementor-widget elementor-widget-text-editor\" data-id=\"450a32f8\" data-element_type=\"widget\" data-widget_type=\"text-editor.default\">\n\t\t\t\t<div class=\"elementor-widget-container\">\n\t\t\t\t\t\t\t\t\t<p>CRIAN\u00c7A<\/p>\t\t\t\t\t\t\t\t<\/div>\n\t\t\t\t<\/div>\n\t\t\t\t<div class=\"elementor-element elementor-element-9f4331b elementor-widget elementor-widget-text-editor\" data-id=\"9f4331b\" data-element_type=\"widget\" data-widget_type=\"text-editor.default\">\n\t\t\t\t<div class=\"elementor-widget-container\">\n\t\t\t\t\t\t\t\t\t<p>Sense crian\u00e7a<\/p>\t\t\t\t\t\t\t\t<\/div>\n\t\t\t\t<\/div>\n\t\t\t\t<div class=\"elementor-element elementor-element-4393d5e0 elementor-widget elementor-widget-text-editor\" data-id=\"4393d5e0\" data-element_type=\"widget\" data-widget_type=\"text-editor.default\">\n\t\t\t\t<div class=\"elementor-widget-container\">\n\t\t\t\t\t\t\t\t\t<p>DENOMINACI\u00d3 D'ORIGEN<\/p>\t\t\t\t\t\t\t\t<\/div>\n\t\t\t\t<\/div>\n\t\t\t\t<div class=\"elementor-element elementor-element-2b8f52b6 elementor-widget elementor-widget-image\" data-id=\"2b8f52b6\" data-element_type=\"widget\" data-widget_type=\"image.default\">\n\t\t\t\t<div class=\"elementor-widget-container\">\n\t\t\t\t\t\t\t\t\t\t\t\t\t\t\t<img decoding=\"async\" width=\"225\" height=\"225\" src=\"https:\/\/www.aribau.es\/wp-content\/uploads\/2021\/03\/TIERRA-DE-CASTILLA.png\" class=\"attachment-full size-full wp-image-9415\" alt=\"\" srcset=\"https:\/\/www.aribau.es\/wp-content\/uploads\/2021\/03\/TIERRA-DE-CASTILLA.png 225w, https:\/\/www.aribau.es\/wp-content\/uploads\/2021\/03\/TIERRA-DE-CASTILLA-150x150.png 150w\" sizes=\"(max-width: 225px) 100vw, 225px\" \/>\t\t\t\t\t\t\t\t\t\t\t\t\t\t\t<\/div>\n\t\t\t\t<\/div>\n\t\t\t\t<div class=\"elementor-element elementor-element-286e0446 elementor-widget elementor-widget-text-editor\" data-id=\"286e0446\" data-element_type=\"widget\" data-widget_type=\"text-editor.default\">\n\t\t\t\t<div class=\"elementor-widget-container\">\n\t\t\t\t\t\t\t\t\t<p>DESCRIPCI\u00d3<\/p>\t\t\t\t\t\t\t\t<\/div>\n\t\t\t\t<\/div>\n\t\t\t\t<div class=\"elementor-element elementor-element-5cde982f elementor-widget elementor-widget-text-editor\" data-id=\"5cde982f\" data-element_type=\"widget\" data-widget_type=\"text-editor.default\">\n\t\t\t\t<div class=\"elementor-widget-container\">\n\t\t\t\t\t\t\t\t\t<p class=\"MsoNormal\"><span lang=\"CA\">Color groc llimona amb reflexos verdosos, net, brillant i cristal\u00b7l\u00ed. Atractiu en la seva fase visual convida a beure. Intensitat arom\u00e0tica alta, elegant i subtil. Destaquen les aromes de fenc acabat de tallar, poma reineta i lleugeres notes c\u00edtriques. Complex i agradable. Fresc des del seu inici, amb greix, volum i estructura. Molt f\u00e0cil de beure, per\u00f2 amb arpa i personalitat. Potent retrogust amb records de poma.<\/span><\/p>\t\t\t\t\t\t\t\t<\/div>\n\t\t\t\t<\/div>\n\t\t\t\t<div class=\"elementor-element elementor-element-5d0c872f elementor-widget elementor-widget-spacer\" data-id=\"5d0c872f\" data-element_type=\"widget\" data-widget_type=\"spacer.default\">\n\t\t\t\t<div class=\"elementor-widget-container\">\n\t\t\t\t\t\t\t<div class=\"elementor-spacer\">\n\t\t\t<div class=\"elementor-spacer-inner\"><\/div>\n\t\t<\/div>\n\t\t\t\t\t\t<\/div>\n\t\t\t\t<\/div>\n\t\t\t\t\t<\/div>\n\t\t<\/div>\n\t\t\t\t\t<\/div>\n\t\t<\/section>\n\t\t\t\t<\/div>","protected":false},"excerpt":{"rendered":"<p>TEMPS BLANCO variedades de uva Viura, Sauvignon Blanc Crianza Sin crianza Denominaci\u00f3n de origen descripci\u00f3n Color amarillo lim\u00f3n con reflejos verdosos, limpio, brillante y cristalino. Atractivo en su fase visual invita a beberlo. Intensidad arom\u00e1tica alta, elegante y sutil. Destacan los aromas de heno reci\u00e9n cortado, manzana reineta y ligeras notas c\u00edtricas. Complejo y agradable. &#8230; <a title=\"TEMPS BLANC\" class=\"read-more\" href=\"https:\/\/www.aribau.es\/ca\/bodegas-2\/cosecheros-y-criadores\/temps-blanco\/\" aria-label=\"M\u00e9s informaci\u00f3 sobre TEMPS BLANCO\">Llegiu m\u00e9s<\/a><\/p>","protected":false},"author":3,"featured_media":0,"parent":8143,"menu_order":0,"comment_status":"closed","ping_status":"closed","template":"elementor_header_footer","meta":{"footnotes":""},"class_list":["post-9527","page","type-page","status-publish"],"yoast_head":"<!-- This site is optimized with the Yoast SEO plugin v26.7 - https:\/\/yoast.com\/wordpress\/plugins\/seo\/ -->\n<title>TEMPS BLANCO - Aribau<\/title>\n<meta name=\"robots\" content=\"index, follow, max-snippet:-1, max-image-preview:large, max-video-preview:-1\" \/>\n<link rel=\"canonical\" href=\"https:\/\/www.aribau.es\/ca\/bodegas-2\/cosecheros-y-criadores\/temps-blanco\/\" \/>\n<meta property=\"og:locale\" content=\"ca_ES\" \/>\n<meta property=\"og:type\" content=\"article\" \/>\n<meta property=\"og:title\" content=\"TEMPS BLANCO - Aribau\" \/>\n<meta property=\"og:description\" content=\"TEMPS BLANCO variedades de uva Viura, Sauvignon Blanc Crianza Sin crianza Denominaci\u00f3n de origen descripci\u00f3n Color amarillo lim\u00f3n con reflejos verdosos, limpio, brillante y cristalino. Atractivo en su fase visual invita a beberlo. Intensidad arom\u00e1tica alta, elegante y sutil. Destacan los aromas de heno reci\u00e9n cortado, manzana reineta y ligeras notas c\u00edtricas. Complejo y agradable. ... Llegiu m\u00e9s\" \/>\n<meta property=\"og:url\" content=\"https:\/\/www.aribau.es\/ca\/bodegas-2\/cosecheros-y-criadores\/temps-blanco\/\" \/>\n<meta property=\"og:site_name\" content=\"Aribau\" \/>\n<meta property=\"article:publisher\" content=\"https:\/\/www.facebook.com\/aribau1964\/\" \/>\n<meta property=\"article:modified_time\" content=\"2021-03-30T11:04:35+00:00\" \/>\n<meta property=\"og:image\" content=\"https:\/\/www.aribau.es\/wp-content\/uploads\/2021\/02\/TEMPS-BLANCO.png\" \/>\n<meta name=\"twitter:card\" content=\"summary_large_image\" \/>\n<meta name=\"twitter:site\" content=\"@aribau1964\" \/>\n<script type=\"application\/ld+json\" class=\"yoast-schema-graph\">{\"@context\":\"https:\/\/schema.org\",\"@graph\":[{\"@type\":\"WebPage\",\"@id\":\"https:\/\/www.aribau.es\/bodegas-2\/cosecheros-y-criadores\/temps-blanco\/\",\"url\":\"https:\/\/www.aribau.es\/bodegas-2\/cosecheros-y-criadores\/temps-blanco\/\",\"name\":\"TEMPS BLANCO - Aribau\",\"isPartOf\":{\"@id\":\"https:\/\/www.aribau.es\/#website\"},\"primaryImageOfPage\":{\"@id\":\"https:\/\/www.aribau.es\/bodegas-2\/cosecheros-y-criadores\/temps-blanco\/#primaryimage\"},\"image\":{\"@id\":\"https:\/\/www.aribau.es\/bodegas-2\/cosecheros-y-criadores\/temps-blanco\/#primaryimage\"},\"thumbnailUrl\":\"https:\/\/www.aribau.es\/wp-content\/uploads\/2021\/02\/TEMPS-BLANCO.png\",\"datePublished\":\"2021-03-30T11:03:10+00:00\",\"dateModified\":\"2021-03-30T11:04:35+00:00\",\"breadcrumb\":{\"@id\":\"https:\/\/www.aribau.es\/bodegas-2\/cosecheros-y-criadores\/temps-blanco\/#breadcrumb\"},\"inLanguage\":\"ca\",\"potentialAction\":[{\"@type\":\"ReadAction\",\"target\":[\"https:\/\/www.aribau.es\/bodegas-2\/cosecheros-y-criadores\/temps-blanco\/\"]}]},{\"@type\":\"ImageObject\",\"inLanguage\":\"ca\",\"@id\":\"https:\/\/www.aribau.es\/bodegas-2\/cosecheros-y-criadores\/temps-blanco\/#primaryimage\",\"url\":\"https:\/\/www.aribau.es\/wp-content\/uploads\/2021\/02\/TEMPS-BLANCO.png\",\"contentUrl\":\"https:\/\/www.aribau.es\/wp-content\/uploads\/2021\/02\/TEMPS-BLANCO.png\"},{\"@type\":\"BreadcrumbList\",\"@id\":\"https:\/\/www.aribau.es\/bodegas-2\/cosecheros-y-criadores\/temps-blanco\/#breadcrumb\",\"itemListElement\":[{\"@type\":\"ListItem\",\"position\":1,\"name\":\"Portada\",\"item\":\"https:\/\/www.aribau.es\/\"},{\"@type\":\"ListItem\",\"position\":2,\"name\":\"BODEGAS\",\"item\":\"https:\/\/www.aribau.es\/bodegas-2\/\"},{\"@type\":\"ListItem\",\"position\":3,\"name\":\"COSECHEROS Y CRIADORES\",\"item\":\"https:\/\/www.aribau.es\/bodegas-2\/cosecheros-y-criadores\/\"},{\"@type\":\"ListItem\",\"position\":4,\"name\":\"TEMPS BLANCO\"}]},{\"@type\":\"WebSite\",\"@id\":\"https:\/\/www.aribau.es\/#website\",\"url\":\"https:\/\/www.aribau.es\/\",\"name\":\"Aribau\",\"description\":\"VINOS Y BODEGAS\",\"publisher\":{\"@id\":\"https:\/\/www.aribau.es\/#organization\"},\"potentialAction\":[{\"@type\":\"SearchAction\",\"target\":{\"@type\":\"EntryPoint\",\"urlTemplate\":\"https:\/\/www.aribau.es\/?s={search_term_string}\"},\"query-input\":{\"@type\":\"PropertyValueSpecification\",\"valueRequired\":true,\"valueName\":\"search_term_string\"}}],\"inLanguage\":\"ca\"},{\"@type\":\"Organization\",\"@id\":\"https:\/\/www.aribau.es\/#organization\",\"name\":\"Aribau\",\"url\":\"https:\/\/www.aribau.es\/\",\"logo\":{\"@type\":\"ImageObject\",\"inLanguage\":\"ca\",\"@id\":\"https:\/\/www.aribau.es\/#\/schema\/logo\/image\/\",\"url\":\"https:\/\/www.aribau.es\/wp-content\/uploads\/2022\/03\/logo.png\",\"contentUrl\":\"https:\/\/www.aribau.es\/wp-content\/uploads\/2022\/03\/logo.png\",\"width\":300,\"height\":300,\"caption\":\"Aribau\"},\"image\":{\"@id\":\"https:\/\/www.aribau.es\/#\/schema\/logo\/image\/\"},\"sameAs\":[\"https:\/\/www.facebook.com\/aribau1964\/\",\"https:\/\/x.com\/aribau1964\",\"https:\/\/www.instagram.com\/aribau1964\/\"]}]}<\/script>\n<!-- \/ Yoast SEO plugin. -->","yoast_head_json":{"title":"TEMPS BLANCO - Aribau","robots":{"index":"index","follow":"follow","max-snippet":"max-snippet:-1","max-image-preview":"max-image-preview:large","max-video-preview":"max-video-preview:-1"},"canonical":"https:\/\/www.aribau.es\/ca\/bodegas-2\/cosecheros-y-criadores\/temps-blanco\/","og_locale":"ca_ES","og_type":"article","og_title":"TEMPS BLANCO - Aribau","og_description":"TEMPS BLANCO variedades de uva Viura, Sauvignon Blanc Crianza Sin crianza Denominaci\u00f3n de origen descripci\u00f3n Color amarillo lim\u00f3n con reflejos verdosos, limpio, brillante y cristalino. Atractivo en su fase visual invita a beberlo. Intensidad arom\u00e1tica alta, elegante y sutil. Destacan los aromas de heno reci\u00e9n cortado, manzana reineta y ligeras notas c\u00edtricas. Complejo y agradable. ... Llegiu m\u00e9s","og_url":"https:\/\/www.aribau.es\/ca\/bodegas-2\/cosecheros-y-criadores\/temps-blanco\/","og_site_name":"Aribau","article_publisher":"https:\/\/www.facebook.com\/aribau1964\/","article_modified_time":"2021-03-30T11:04:35+00:00","og_image":[{"url":"https:\/\/www.aribau.es\/wp-content\/uploads\/2021\/02\/TEMPS-BLANCO.png","type":"","width":"","height":""}],"twitter_card":"summary_large_image","twitter_site":"@aribau1964","schema":{"@context":"https:\/\/schema.org","@graph":[{"@type":"WebPage","@id":"https:\/\/www.aribau.es\/bodegas-2\/cosecheros-y-criadores\/temps-blanco\/","url":"https:\/\/www.aribau.es\/bodegas-2\/cosecheros-y-criadores\/temps-blanco\/","name":"TEMPS BLANCO - Aribau","isPartOf":{"@id":"https:\/\/www.aribau.es\/#website"},"primaryImageOfPage":{"@id":"https:\/\/www.aribau.es\/bodegas-2\/cosecheros-y-criadores\/temps-blanco\/#primaryimage"},"image":{"@id":"https:\/\/www.aribau.es\/bodegas-2\/cosecheros-y-criadores\/temps-blanco\/#primaryimage"},"thumbnailUrl":"https:\/\/www.aribau.es\/wp-content\/uploads\/2021\/02\/TEMPS-BLANCO.png","datePublished":"2021-03-30T11:03:10+00:00","dateModified":"2021-03-30T11:04:35+00:00","breadcrumb":{"@id":"https:\/\/www.aribau.es\/bodegas-2\/cosecheros-y-criadores\/temps-blanco\/#breadcrumb"},"inLanguage":"ca","potentialAction":[{"@type":"ReadAction","target":["https:\/\/www.aribau.es\/bodegas-2\/cosecheros-y-criadores\/temps-blanco\/"]}]},{"@type":"ImageObject","inLanguage":"ca","@id":"https:\/\/www.aribau.es\/bodegas-2\/cosecheros-y-criadores\/temps-blanco\/#primaryimage","url":"https:\/\/www.aribau.es\/wp-content\/uploads\/2021\/02\/TEMPS-BLANCO.png","contentUrl":"https:\/\/www.aribau.es\/wp-content\/uploads\/2021\/02\/TEMPS-BLANCO.png"},{"@type":"BreadcrumbList","@id":"https:\/\/www.aribau.es\/bodegas-2\/cosecheros-y-criadores\/temps-blanco\/#breadcrumb","itemListElement":[{"@type":"ListItem","position":1,"name":"Portada","item":"https:\/\/www.aribau.es\/"},{"@type":"ListItem","position":2,"name":"BODEGAS","item":"https:\/\/www.aribau.es\/bodegas-2\/"},{"@type":"ListItem","position":3,"name":"COSECHEROS Y CRIADORES","item":"https:\/\/www.aribau.es\/bodegas-2\/cosecheros-y-criadores\/"},{"@type":"ListItem","position":4,"name":"TEMPS BLANCO"}]},{"@type":"WebSite","@id":"https:\/\/www.aribau.es\/#website","url":"https:\/\/www.aribau.es\/","name":"Aribau","description":"VINOS Y BODEGAS","publisher":{"@id":"https:\/\/www.aribau.es\/#organization"},"potentialAction":[{"@type":"SearchAction","target":{"@type":"EntryPoint","urlTemplate":"https:\/\/www.aribau.es\/?s={search_term_string}"},"query-input":{"@type":"PropertyValueSpecification","valueRequired":true,"valueName":"search_term_string"}}],"inLanguage":"ca"},{"@type":"Organization","@id":"https:\/\/www.aribau.es\/#organization","name":"Aribau","url":"https:\/\/www.aribau.es\/","logo":{"@type":"ImageObject","inLanguage":"ca","@id":"https:\/\/www.aribau.es\/#\/schema\/logo\/image\/","url":"https:\/\/www.aribau.es\/wp-content\/uploads\/2022\/03\/logo.png","contentUrl":"https:\/\/www.aribau.es\/wp-content\/uploads\/2022\/03\/logo.png","width":300,"height":300,"caption":"Aribau"},"image":{"@id":"https:\/\/www.aribau.es\/#\/schema\/logo\/image\/"},"sameAs":["https:\/\/www.facebook.com\/aribau1964\/","https:\/\/x.com\/aribau1964","https:\/\/www.instagram.com\/aribau1964\/"]}]}},"_links":{"self":[{"href":"https:\/\/www.aribau.es\/ca\/wp-json\/wp\/v2\/pages\/9527","targetHints":{"allow":["GET"]}}],"collection":[{"href":"https:\/\/www.aribau.es\/ca\/wp-json\/wp\/v2\/pages"}],"about":[{"href":"https:\/\/www.aribau.es\/ca\/wp-json\/wp\/v2\/types\/page"}],"author":[{"embeddable":true,"href":"https:\/\/www.aribau.es\/ca\/wp-json\/wp\/v2\/users\/3"}],"replies":[{"embeddable":true,"href":"https:\/\/www.aribau.es\/ca\/wp-json\/wp\/v2\/comments?post=9527"}],"version-history":[{"count":4,"href":"https:\/\/www.aribau.es\/ca\/wp-json\/wp\/v2\/pages\/9527\/revisions"}],"predecessor-version":[{"id":9531,"href":"https:\/\/www.aribau.es\/ca\/wp-json\/wp\/v2\/pages\/9527\/revisions\/9531"}],"up":[{"embeddable":true,"href":"https:\/\/www.aribau.es\/ca\/wp-json\/wp\/v2\/pages\/8143"}],"wp:attachment":[{"href":"https:\/\/www.aribau.es\/ca\/wp-json\/wp\/v2\/media?parent=9527"}],"curies":[{"name":"wp","href":"https:\/\/api.w.org\/{rel}","templated":true}]}}